{"id":5895,"date":"2021-01-14T15:41:52","date_gmt":"2021-01-14T14:41:52","guid":{"rendered":"https:\/\/fraternite-politique.chemin-neuf.org\/?post_type=proposition&#038;p=5895"},"modified":"2022-05-05T22:21:08","modified_gmt":"2022-05-05T20:21:08","slug":"2022-rome","status":"publish","type":"proposition","link":"https:\/\/fraternite-politique.chemin-neuf.org\/it\/event\/2022-rome\/","title":{"rendered":"Europa &#038; Migrazione"},"content":{"rendered":"\n<h2 class=\"wp-block-heading\" id=\"program\"><i class=\"fas fa-list ccn-fa-icon\" aria-hidden=\"true\"> <\/i>PROGRAMMA<\/h2>\n\n\n\n<p>La Fraternit\u00e0 Politica ti invita a Roma per questo incontro internazionale nella primavera del 2022!<\/p>\n\n\n\n<p>Parleremo di <strong>migrazione<\/strong>, <strong>fraternit\u00e0 e amicizia sociale<\/strong>, <strong>frattura europea<\/strong> e <strong>tendenze politiche in Italia<\/strong>.<\/p>\n\n\n\n<ul class=\"wp-block-list\"><li>Chi sono quelli che bussano alle nostre porte?<\/li><li>In che modo lo straniero rimette in discussione le nostre identit\u00e0 nazionali?<\/li><li>Come pu\u00f2 questa crisi migratoria minare la solidariet\u00e0 all&#8217;interno dell&#8217;Unione Europea?<\/li><li>Come tocca la nostra visione cristiana dell&#8217;uomo e di una fratellanza comune e universale?<\/li><\/ul>\n\n\n\n<p>Se le questioni legate alla <strong>migrazione attraversano tutti i nostri paesi europei<\/strong>, l&#8217;Italia concentra le tensioni e la posta in gioco in modo molto particolare. Andiamo quindi al cuore di questo vero <strong>laboratorio di fraternit\u00e0<\/strong> per affrontare una realt\u00e0 che oggi spezza le nostre opinioni e interpella la nostra carit\u00e0.<\/p>\n\n\n\n<p>In programma: tavole rotonde, visite, laboratori, azioni sul campo, testimonianze, rinfresco, e &#8230; sorprese!<\/p>\n\n\n\n<h2 class=\"wp-block-heading\" id=\"dates\"><i class=\"fas fa-calendar-alt ccn-fa-icon\" aria-hidden=\"true\"> <\/i>DATE<\/h2>\n\n\n\n<p>Da venerd\u00ec 13 maggio 2022 alle 10:00 a luned\u00ec 16 maggio 2022 alle ore 15.00.<\/p>\n\n\n\n<p>La casa ci puo accogliere dalla sera di gioved\u00ec 12 maggio.<\/p>\n\n\n\n<h2 class=\"wp-block-heading\" id=\"transport\"><i class=\"fas fa-subway ccn-fa-icon\" aria-hidden=\"true\"> <\/i>TRANSPORT<\/h2>\n\n\n\n<p>Address of the guest house: VIA ANGELO POLIZIANO, 38 \u2013 00184 ROMA<\/p>\n\n\n\n<ul class=\"wp-block-list\"><li>In <strong>aereo<\/strong>, calcolate circa un&#8217;ora per arrivare alla casa di accoglienza.<br><\/li><li>In <strong>treno<\/strong>, La stazione Termini \u00e8 a 15 minuti a piedi dalla casa. Questo ti d\u00e0 quindi l&#8217;opportunit\u00e0 di fare una prima passeggiata a Roma!<br><\/li><li>In <strong>autobus<\/strong>, probabilmente arriverete alla stazione Tiburtina. \u00c8 a 20 minuti di metro dalla casa.<br><\/li><li>Con il <strong>car pooling<\/strong>, ci proponiamo di raccogliere informazioni su richieste e offerte per aiutarvi ad organizzare il vostro viaggio.<br>Si prega di notare che la casa comunitaria non ha un parcheggio privato, il che significa che si dovr\u00e0 pagare per un parcheggio (circa 25\u20ac al giorno, costo da dividere tra i partecipanti al car pooling).<\/li><\/ul>\n\n\n\n<h2 class=\"wp-block-heading\" id=\"finances\"><i class=\"fas fa-piggy-bank ccn-fa-icon\" aria-hidden=\"true\"> <\/i>FINANZE<\/h2>\n\n\n\n<p>Contributo ai costi richiesti :<\/p>\n\n\n\n<ul class=\"wp-block-list\"><li>da 100 a 140\u20ac per gli studenti,<\/li><li>da 120 a 160\u20ac per i giovani professionisti.<\/li><\/ul>\n\n\n\n<p>La casa chiede 30\u20ac per ogni notte supplementare.<\/p>\n\n\n\n<p><em>Il denaro non deve essere un ostacolo, contattateci se avete delle difficolt\u00e0.<\/em><\/p>\n\n\n\n<h2 class=\"wp-block-heading\" id=\"info\"><i class=\"fas fa-question ccn-fa-icon\"> <\/i>INFO<\/h2>\n\n\n\n<p><i class=\"fas fa-globe ccn-fa-icon\" aria-hidden=\"true\"> <\/i> La riunione sar\u00e0 tradotta in italiano, inglese, francese e ungherese secondo le necessit\u00e0.<\/p>\n","protected":false},"excerpt":{"rendered":"<p>L&#8217;Italia, un laboratorio di fraternit\u00e0?<\/p>\n","protected":false},"featured_media":5896,"menu_order":0,"template":"","meta":{"_acf_changed":false,"footnotes":""},"prop-category":[28,131],"prop-duration":[],"class_list":["post-5895","proposition","type-proposition","status-publish","has-post-thumbnail","hentry","prop-category-weekend","prop-category-weekend-it"],"acf":[],"yoast_head":"<!-- This site is optimized with the Yoast SEO plugin v27.5 - https:\/\/yoast.com\/product\/yoast-seo-wordpress\/ -->\n<title>Europa &amp; Migrazione - Politics Fraternity Chemin Neuf Community<\/title>\n<meta name=\"description\" content=\"L&#039;Italia, un laboratorio di fraternit\u00e0?\" \/>\n<meta name=\"robots\" content=\"index, follow, max-snippet:-1, max-image-preview:large, max-video-preview:-1\" \/>\n<link rel=\"canonical\" href=\"https:\/\/fraternite-politique.chemin-neuf.org\/it\/event\/2022-rome\/\" \/>\n<meta property=\"og:locale\" content=\"it_IT\" \/>\n<meta property=\"og:type\" content=\"article\" \/>\n<meta property=\"og:title\" content=\"Europa &amp; Migrazione - Politics Fraternity Chemin Neuf Community\" \/>\n<meta property=\"og:description\" content=\"L&#039;Italia, un laboratorio di fraternit\u00e0?\" \/>\n<meta property=\"og:url\" content=\"https:\/\/fraternite-politique.chemin-neuf.org\/it\/event\/2022-rome\/\" \/>\n<meta property=\"og:site_name\" content=\"Politics Fraternity Chemin Neuf Community\" \/>\n<meta property=\"article:publisher\" content=\"https:\/\/www.facebook.com\/fratpolitiqueccn\" \/>\n<meta property=\"article:modified_time\" content=\"2022-05-05T20:21:08+00:00\" \/>\n<meta property=\"og:image\" content=\"https:\/\/fraternite-politique.chemin-neuf.org\/wp-content\/uploads\/2021\/01\/WERome.jpeg\" \/>\n\t<meta property=\"og:image:width\" content=\"1280\" \/>\n\t<meta property=\"og:image:height\" content=\"619\" \/>\n\t<meta property=\"og:image:type\" content=\"image\/jpeg\" \/>\n<meta name=\"twitter:card\" content=\"summary_large_image\" \/>\n<meta name=\"twitter:label1\" content=\"Tempo di lettura stimato\" \/>\n\t<meta name=\"twitter:data1\" content=\"2 minuti\" \/>\n<script type=\"application\/ld+json\" class=\"yoast-schema-graph\">{\"@context\":\"https:\\\/\\\/schema.org\",\"@graph\":[{\"@type\":\"WebPage\",\"@id\":\"https:\\\/\\\/fraternite-politique.chemin-neuf.org\\\/it\\\/event\\\/2022-rome\\\/\",\"url\":\"https:\\\/\\\/fraternite-politique.chemin-neuf.org\\\/it\\\/event\\\/2022-rome\\\/\",\"name\":\"Europa & Migrazione - Politics Fraternity Chemin Neuf Community\",\"isPartOf\":{\"@id\":\"https:\\\/\\\/fraternite-politique.chemin-neuf.org\\\/it\\\/#website\"},\"primaryImageOfPage\":{\"@id\":\"https:\\\/\\\/fraternite-politique.chemin-neuf.org\\\/it\\\/event\\\/2022-rome\\\/#primaryimage\"},\"image\":{\"@id\":\"https:\\\/\\\/fraternite-politique.chemin-neuf.org\\\/it\\\/event\\\/2022-rome\\\/#primaryimage\"},\"thumbnailUrl\":\"https:\\\/\\\/fraternite-politique.chemin-neuf.org\\\/wp-content\\\/uploads\\\/2021\\\/01\\\/WERome.jpeg\",\"datePublished\":\"2021-01-14T14:41:52+00:00\",\"dateModified\":\"2022-05-05T20:21:08+00:00\",\"description\":\"L'Italia, un laboratorio di fraternit\u00e0?\",\"breadcrumb\":{\"@id\":\"https:\\\/\\\/fraternite-politique.chemin-neuf.org\\\/it\\\/event\\\/2022-rome\\\/#breadcrumb\"},\"inLanguage\":\"it-IT\",\"potentialAction\":[{\"@type\":\"ReadAction\",\"target\":[\"https:\\\/\\\/fraternite-politique.chemin-neuf.org\\\/it\\\/event\\\/2022-rome\\\/\"]}]},{\"@type\":\"ImageObject\",\"inLanguage\":\"it-IT\",\"@id\":\"https:\\\/\\\/fraternite-politique.chemin-neuf.org\\\/it\\\/event\\\/2022-rome\\\/#primaryimage\",\"url\":\"https:\\\/\\\/fraternite-politique.chemin-neuf.org\\\/wp-content\\\/uploads\\\/2021\\\/01\\\/WERome.jpeg\",\"contentUrl\":\"https:\\\/\\\/fraternite-politique.chemin-neuf.org\\\/wp-content\\\/uploads\\\/2021\\\/01\\\/WERome.jpeg\",\"width\":1280,\"height\":619},{\"@type\":\"BreadcrumbList\",\"@id\":\"https:\\\/\\\/fraternite-politique.chemin-neuf.org\\\/it\\\/event\\\/2022-rome\\\/#breadcrumb\",\"itemListElement\":[{\"@type\":\"ListItem\",\"position\":1,\"name\":\"Home\",\"item\":\"https:\\\/\\\/fraternite-politique.chemin-neuf.org\\\/it\\\/\"},{\"@type\":\"ListItem\",\"position\":2,\"name\":\"Proposte\",\"item\":\"https:\\\/\\\/fraternite-politique.chemin-neuf.org\\\/it\\\/event\\\/\"},{\"@type\":\"ListItem\",\"position\":3,\"name\":\"Europa &#038; Migrazione\"}]},{\"@type\":\"WebSite\",\"@id\":\"https:\\\/\\\/fraternite-politique.chemin-neuf.org\\\/it\\\/#website\",\"url\":\"https:\\\/\\\/fraternite-politique.chemin-neuf.org\\\/it\\\/\",\"name\":\"Politics Fraternity Chemin Neuf Community\",\"description\":\"Politics Fraternity of Chemin Neuf Community\",\"publisher\":{\"@id\":\"https:\\\/\\\/fraternite-politique.chemin-neuf.org\\\/it\\\/#organization\"},\"potentialAction\":[{\"@type\":\"SearchAction\",\"target\":{\"@type\":\"EntryPoint\",\"urlTemplate\":\"https:\\\/\\\/fraternite-politique.chemin-neuf.org\\\/it\\\/?s={search_term_string}\"},\"query-input\":{\"@type\":\"PropertyValueSpecification\",\"valueRequired\":true,\"valueName\":\"search_term_string\"}}],\"inLanguage\":\"it-IT\"},{\"@type\":\"Organization\",\"@id\":\"https:\\\/\\\/fraternite-politique.chemin-neuf.org\\\/it\\\/#organization\",\"name\":\"Fraternit\u00e9 Politique Communaut\u00e9 du Chemin Neuf\",\"url\":\"https:\\\/\\\/fraternite-politique.chemin-neuf.org\\\/it\\\/\",\"logo\":{\"@type\":\"ImageObject\",\"inLanguage\":\"it-IT\",\"@id\":\"https:\\\/\\\/fraternite-politique.chemin-neuf.org\\\/it\\\/#\\\/schema\\\/logo\\\/image\\\/\",\"url\":\"https:\\\/\\\/fraternite-politique.chemin-neuf.org\\\/wp-content\\\/uploads\\\/2021\\\/02\\\/cropped-ccn-png-onglet-site-v3-large.png\",\"contentUrl\":\"https:\\\/\\\/fraternite-politique.chemin-neuf.org\\\/wp-content\\\/uploads\\\/2021\\\/02\\\/cropped-ccn-png-onglet-site-v3-large.png\",\"width\":512,\"height\":512,\"caption\":\"Fraternit\u00e9 Politique Communaut\u00e9 du Chemin Neuf\"},\"image\":{\"@id\":\"https:\\\/\\\/fraternite-politique.chemin-neuf.org\\\/it\\\/#\\\/schema\\\/logo\\\/image\\\/\"},\"sameAs\":[\"https:\\\/\\\/www.facebook.com\\\/fratpolitiqueccn\",\"https:\\\/\\\/instagram.com\\\/fratpo\",\"https:\\\/\\\/www.youtube.com\\\/channel\\\/UC6YodqkqOIniLyqOfjMLojw\"]}]}<\/script>\n<!-- \/ Yoast SEO plugin. -->","yoast_head_json":{"title":"Europa & Migrazione - Politics Fraternity Chemin Neuf Community","description":"L'Italia, un laboratorio di fraternit\u00e0?","robots":{"index":"index","follow":"follow","max-snippet":"max-snippet:-1","max-image-preview":"max-image-preview:large","max-video-preview":"max-video-preview:-1"},"canonical":"https:\/\/fraternite-politique.chemin-neuf.org\/it\/event\/2022-rome\/","og_locale":"it_IT","og_type":"article","og_title":"Europa & Migrazione - Politics Fraternity Chemin Neuf Community","og_description":"L'Italia, un laboratorio di fraternit\u00e0?","og_url":"https:\/\/fraternite-politique.chemin-neuf.org\/it\/event\/2022-rome\/","og_site_name":"Politics Fraternity Chemin Neuf Community","article_publisher":"https:\/\/www.facebook.com\/fratpolitiqueccn","article_modified_time":"2022-05-05T20:21:08+00:00","og_image":[{"width":1280,"height":619,"url":"https:\/\/fraternite-politique.chemin-neuf.org\/wp-content\/uploads\/2021\/01\/WERome.jpeg","type":"image\/jpeg"}],"twitter_card":"summary_large_image","twitter_misc":{"Tempo di lettura stimato":"2 minuti"},"schema":{"@context":"https:\/\/schema.org","@graph":[{"@type":"WebPage","@id":"https:\/\/fraternite-politique.chemin-neuf.org\/it\/event\/2022-rome\/","url":"https:\/\/fraternite-politique.chemin-neuf.org\/it\/event\/2022-rome\/","name":"Europa & Migrazione - Politics Fraternity Chemin Neuf Community","isPartOf":{"@id":"https:\/\/fraternite-politique.chemin-neuf.org\/it\/#website"},"primaryImageOfPage":{"@id":"https:\/\/fraternite-politique.chemin-neuf.org\/it\/event\/2022-rome\/#primaryimage"},"image":{"@id":"https:\/\/fraternite-politique.chemin-neuf.org\/it\/event\/2022-rome\/#primaryimage"},"thumbnailUrl":"https:\/\/fraternite-politique.chemin-neuf.org\/wp-content\/uploads\/2021\/01\/WERome.jpeg","datePublished":"2021-01-14T14:41:52+00:00","dateModified":"2022-05-05T20:21:08+00:00","description":"L'Italia, un laboratorio di fraternit\u00e0?","breadcrumb":{"@id":"https:\/\/fraternite-politique.chemin-neuf.org\/it\/event\/2022-rome\/#breadcrumb"},"inLanguage":"it-IT","potentialAction":[{"@type":"ReadAction","target":["https:\/\/fraternite-politique.chemin-neuf.org\/it\/event\/2022-rome\/"]}]},{"@type":"ImageObject","inLanguage":"it-IT","@id":"https:\/\/fraternite-politique.chemin-neuf.org\/it\/event\/2022-rome\/#primaryimage","url":"https:\/\/fraternite-politique.chemin-neuf.org\/wp-content\/uploads\/2021\/01\/WERome.jpeg","contentUrl":"https:\/\/fraternite-politique.chemin-neuf.org\/wp-content\/uploads\/2021\/01\/WERome.jpeg","width":1280,"height":619},{"@type":"BreadcrumbList","@id":"https:\/\/fraternite-politique.chemin-neuf.org\/it\/event\/2022-rome\/#breadcrumb","itemListElement":[{"@type":"ListItem","position":1,"name":"Home","item":"https:\/\/fraternite-politique.chemin-neuf.org\/it\/"},{"@type":"ListItem","position":2,"name":"Proposte","item":"https:\/\/fraternite-politique.chemin-neuf.org\/it\/event\/"},{"@type":"ListItem","position":3,"name":"Europa &#038; Migrazione"}]},{"@type":"WebSite","@id":"https:\/\/fraternite-politique.chemin-neuf.org\/it\/#website","url":"https:\/\/fraternite-politique.chemin-neuf.org\/it\/","name":"Politics Fraternity Chemin Neuf Community","description":"Politics Fraternity of Chemin Neuf Community","publisher":{"@id":"https:\/\/fraternite-politique.chemin-neuf.org\/it\/#organization"},"potentialAction":[{"@type":"SearchAction","target":{"@type":"EntryPoint","urlTemplate":"https:\/\/fraternite-politique.chemin-neuf.org\/it\/?s={search_term_string}"},"query-input":{"@type":"PropertyValueSpecification","valueRequired":true,"valueName":"search_term_string"}}],"inLanguage":"it-IT"},{"@type":"Organization","@id":"https:\/\/fraternite-politique.chemin-neuf.org\/it\/#organization","name":"Fraternit\u00e9 Politique Communaut\u00e9 du Chemin Neuf","url":"https:\/\/fraternite-politique.chemin-neuf.org\/it\/","logo":{"@type":"ImageObject","inLanguage":"it-IT","@id":"https:\/\/fraternite-politique.chemin-neuf.org\/it\/#\/schema\/logo\/image\/","url":"https:\/\/fraternite-politique.chemin-neuf.org\/wp-content\/uploads\/2021\/02\/cropped-ccn-png-onglet-site-v3-large.png","contentUrl":"https:\/\/fraternite-politique.chemin-neuf.org\/wp-content\/uploads\/2021\/02\/cropped-ccn-png-onglet-site-v3-large.png","width":512,"height":512,"caption":"Fraternit\u00e9 Politique Communaut\u00e9 du Chemin Neuf"},"image":{"@id":"https:\/\/fraternite-politique.chemin-neuf.org\/it\/#\/schema\/logo\/image\/"},"sameAs":["https:\/\/www.facebook.com\/fratpolitiqueccn","https:\/\/instagram.com\/fratpo","https:\/\/www.youtube.com\/channel\/UC6YodqkqOIniLyqOfjMLojw"]}]}},"_links":{"self":[{"href":"https:\/\/fraternite-politique.chemin-neuf.org\/it\/wp-json\/wp\/v2\/proposition\/5895","targetHints":{"allow":["GET"]}}],"collection":[{"href":"https:\/\/fraternite-politique.chemin-neuf.org\/it\/wp-json\/wp\/v2\/proposition"}],"about":[{"href":"https:\/\/fraternite-politique.chemin-neuf.org\/it\/wp-json\/wp\/v2\/types\/proposition"}],"version-history":[{"count":6,"href":"https:\/\/fraternite-politique.chemin-neuf.org\/it\/wp-json\/wp\/v2\/proposition\/5895\/revisions"}],"predecessor-version":[{"id":6885,"href":"https:\/\/fraternite-politique.chemin-neuf.org\/it\/wp-json\/wp\/v2\/proposition\/5895\/revisions\/6885"}],"wp:featuredmedia":[{"embeddable":true,"href":"https:\/\/fraternite-politique.chemin-neuf.org\/it\/wp-json\/wp\/v2\/media\/5896"}],"wp:attachment":[{"href":"https:\/\/fraternite-politique.chemin-neuf.org\/it\/wp-json\/wp\/v2\/media?parent=5895"}],"wp:term":[{"taxonomy":"prop-category","embeddable":true,"href":"https:\/\/fraternite-politique.chemin-neuf.org\/it\/wp-json\/wp\/v2\/prop-category?post=5895"},{"taxonomy":"prop-duration","embeddable":true,"href":"https:\/\/fraternite-politique.chemin-neuf.org\/it\/wp-json\/wp\/v2\/prop-duration?post=5895"}],"curies":[{"name":"wp","href":"https:\/\/api.w.org\/{rel}","templated":true}]}}