{"id":5914,"date":"2021-02-06T14:45:59","date_gmt":"2021-02-06T13:45:59","guid":{"rendered":"https:\/\/fraternite-politique.chemin-neuf.org\/?page_id=5914"},"modified":"2022-03-09T22:18:05","modified_gmt":"2022-03-09T21:18:05","slug":"manifesto","status":"publish","type":"page","link":"https:\/\/fraternite-politique.chemin-neuf.org\/it\/chi-siamo\/manifesto\/","title":{"rendered":"Manifesto della Fraternit\u00e0 Politica"},"content":{"rendered":"\n<p class=\"has-normal-font-size\">Perch\u00e8 la politica \u00ab \u00e8 la forma pi\u00f9 alta della carit\u00e0 \u00bb,<br>Perch\u00e8 l\u2019ingiustizia ci indigna e l\u2019indifferenza ci rattrista,<br>Perch\u00e8 sentiamo una stessa \u00ab passione politica \u00bb,<br><strong><mark style=\"background-color:rgba(0, 0, 0, 0)\" class=\"has-inline-color has-orange-color\">Doniamo le nostre vite per la giustizia e la pace, attraverso un cammino di impegno politico.<\/mark><\/strong><\/p>\n\n\n\n<p class=\"has-normal-font-size\">Perch\u00e8 le grandi idee generose guadagnano ad essere verificate da realizzazioni concrete,<br>Perch\u00e8 non abbiamo paura di confrontarci alla realt\u00e0 e di sbagliarci,<br><strong><mark style=\"background-color:rgba(0, 0, 0, 0)\" class=\"has-inline-color has-orange-color\">Da oggi impegnamo il nostro tempo, la nostra energia ed i nostri talenti a servizio degli altri.<\/mark><\/strong><\/p>\n\n\n\n<p class=\"has-normal-font-size\">Perch\u00e8 abbiamo bisogno di \u00ab uomini politici che abbiano veramente a cuore <br>la societ\u00e0, il popolo, la vita dei poveri \u00bb (Evangelii Gaudium 205),<br>Perch\u00e8 la famiglia \u00e8 la miglior rete della societ\u00e0<br><strong><mark style=\"background-color:rgba(0, 0, 0, 0)\" class=\"has-inline-color has-orange-color\">Ci mettiamo, in priorit\u00e0, a servizio dei pi\u00f9 poveri e delle famiglie.<\/mark><\/strong><\/p>\n\n\n\n<div class=\"wp-block-cover alignfull is-light has-parallax has-background-dim\" style=\"background-image:url(https:\/\/fraternite-politique.chemin-neuf.org\/wp-content\/uploads\/2021\/02\/57c54b91245640c3018d1340photo-1434296356255-2e4fbb81e1f1.jpg);min-height:249px;aspect-ratio:unset;\"><span aria-hidden=\"true\" class=\"has-background-dim-0 wp-block-cover__gradient-background has-background-dim\"><\/span><div class=\"wp-block-cover__inner-container is-layout-flow wp-block-cover-is-layout-flow\">\n<p class=\"has-text-align-center has-normal-font-size\">Perch\u00e8 la salvaguardia della nostra casa comune \u00e8 una questione di vita o di morte oggi,<br>Perch\u00e8 consumare meno e vivere sanamente \u00e8 diventato rivoluzionario,<br>Perch\u00e8 siamo degli essere limitati e, felici di esserlo,<br><strong>Senza pi\u00f9 aspettare, scegliamo un modo di vita sobrio e gioioso.<\/strong><\/p>\n<\/div><\/div>\n\n\n\n<p class=\"has-normal-font-size\">Perch\u00e8 il vuoto spirituale di una societ\u00e0 apre la via al peggio,<br>Perch\u00e8 ci vuole del tempo per fare un Uomo,<br>Perch\u00e8 vogliamo appoggiarci sulle nostre eredit\u00e0 culturali per essere creativi oggi,<br><strong><mark style=\"background-color:rgba(0, 0, 0, 0)\" class=\"has-inline-color has-orange-color\">Ci formiamo e lavoriamo alla formazione degli altri.<\/mark><\/strong><\/p>\n\n\n\n<p class=\"has-normal-font-size\">Perch\u00e8 non siamo al riparo dalle tentazioni dei soldi, della seduzione, del potere,<br>Perch\u00e8 il male che combattiamo ha anche in noi le sue radici,<br><strong><mark style=\"background-color:rgba(0, 0, 0, 0)\" class=\"has-inline-color has-orange-color\">Ci lasciamo noi stessi riconciliare profondamente.<\/mark><\/strong><\/p>\n\n\n\n<div class=\"wp-block-cover alignfull is-light has-parallax has-background-dim\" style=\"background-image:url(https:\/\/fraternite-politique.chemin-neuf.org\/wp-content\/uploads\/2021\/02\/57c54b92245640c3018d134a57aa038845bceb7f9c00009f.jpg);min-height:235px;aspect-ratio:unset;\"><span aria-hidden=\"true\" class=\"has-background-dim-0 wp-block-cover__gradient-background has-background-dim\"><\/span><div class=\"wp-block-cover__inner-container is-layout-flow wp-block-cover-is-layout-flow\">\n<p class=\"has-text-align-center has-normal-font-size\">Perch\u00e8 la violenza genera la violenza,<br>Perch\u00e8 vogliamo costruire dei ponti piuttosto che dei muri,<br><strong>Impariamo a perdonare i nostri nemici.<\/strong><\/p>\n<\/div><\/div>\n\n\n\n<p class=\"has-normal-font-size\">Perch\u00e8 l\u2019immediato ed il virtuale ci isolano,<br>Perch\u00e8 abbiamo bisogno di un luogo per essere veri e fare fiducia,<br>Perch\u00e8 soli si va veloce, ma insieme si va lontano,<br><strong><mark style=\"background-color:rgba(0, 0, 0, 0)\" class=\"has-inline-color has-orange-color\">Viviamo la fraternit\u00e0.<\/mark><\/strong><\/p>\n\n\n\n<p class=\"has-normal-font-size\">Perch\u00e8 le nostre culture, le nostre opinioni e correnti politiche non sono degli assoluti,<br>Perch\u00e8 \u00e8 possibile vivere pacificamente i nostri disaccordi,<br>Perch\u00e8 l\u2019incontro con l\u2019altro diverso ci rende pi\u00f9 intelligenti,<br><strong><mark style=\"background-color:rgba(0, 0, 0, 0)\" class=\"has-inline-color has-orange-color\">Facciamo della nostra diversit\u00e0 un fondamento della nostra fraternit\u00e0.<\/mark><\/strong><\/p>\n\n\n\n<blockquote class=\"wp-block-quote has-text-align-center is-style-large is-layout-flow wp-block-quote-is-layout-flow\"><p>INSIEME VOGLIAMO RESTAURARE IL MONDO<\/p><\/blockquote>\n\n\n\n<p class=\"has-text-align-right has-normal-font-size\"><em>Questo manifesto, scritto dai membri della Fraternit\u00e0 Politica,<\/em><br><em>\u00e8 stato proclamato domenica 24 luglio 2016 all&#8217;Atlas Arena di L\u00f3dz (Polonia),<\/em><br><em>davanti a 8.000 giovani di 79 paesi,<\/em><br><em>partecipando alla Giornata Mondiale della Giovent\u00f9.<\/em><\/p>\n","protected":false},"excerpt":{"rendered":"<p>Perch\u00e8 la politica \u00ab \u00e8 la forma pi\u00f9 alta della carit\u00e0 \u00bb,Perch\u00e8 l\u2019ingiustizia ci indigna e l\u2019indifferenza ci rattrista,Perch\u00e8 sentiamo una stessa \u00ab passione politica \u00bb,Doniamo le nostre vite per la giustizia e la pace, attraverso un cammino di impegno politico. Perch\u00e8 le grandi idee generose guadagnano ad essere verificate da realizzazioni concrete,Perch\u00e8 non abbiamo [&hellip;]<\/p>\n","protected":false},"author":6,"featured_media":5261,"parent":5935,"menu_order":0,"comment_status":"closed","ping_status":"closed","template":"","meta":{"_acf_changed":false,"footnotes":""},"class_list":["post-5914","page","type-page","status-publish","has-post-thumbnail","hentry"],"acf":[],"yoast_head":"<!-- This site is optimized with the Yoast SEO plugin v27.5 - https:\/\/yoast.com\/product\/yoast-seo-wordpress\/ -->\n<title>Manifesto della Fraternit\u00e0 Politica - Politics Fraternity Chemin Neuf Community<\/title>\n<meta name=\"description\" content=\"Perch\u00e8 la politica \u00ab \u00e8 la forma pi\u00f9 alta della carit\u00e0 \u00bb,Perch\u00e8 l\u2019ingiustizia ci indigna e l\u2019indifferenza ci rattrista,Perch\u00e8 sentiamo una stessa \u00ab\" \/>\n<meta name=\"robots\" content=\"index, follow, max-snippet:-1, max-image-preview:large, max-video-preview:-1\" \/>\n<link rel=\"canonical\" href=\"https:\/\/fraternite-politique.chemin-neuf.org\/it\/chi-siamo\/manifesto\/\" \/>\n<meta property=\"og:locale\" content=\"it_IT\" \/>\n<meta property=\"og:type\" content=\"article\" \/>\n<meta property=\"og:title\" content=\"Manifesto della Fraternit\u00e0 Politica - Politics Fraternity Chemin Neuf Community\" \/>\n<meta property=\"og:description\" content=\"Perch\u00e8 la politica \u00ab \u00e8 la forma pi\u00f9 alta della carit\u00e0 \u00bb,Perch\u00e8 l\u2019ingiustizia ci indigna e l\u2019indifferenza ci rattrista,Perch\u00e8 sentiamo una stessa \u00ab\" \/>\n<meta property=\"og:url\" content=\"https:\/\/fraternite-politique.chemin-neuf.org\/it\/chi-siamo\/manifesto\/\" \/>\n<meta property=\"og:site_name\" content=\"Politics Fraternity Chemin Neuf Community\" \/>\n<meta property=\"article:publisher\" content=\"https:\/\/www.facebook.com\/fratpolitiqueccn\" \/>\n<meta property=\"article:modified_time\" content=\"2022-03-09T21:18:05+00:00\" \/>\n<meta property=\"og:image\" content=\"https:\/\/fraternite-politique.chemin-neuf.org\/wp-content\/uploads\/2022\/02\/57c54b90245640c3018d1337open-book-1428428_1920.jpg\" \/>\n\t<meta property=\"og:image:width\" content=\"1800\" \/>\n\t<meta property=\"og:image:height\" content=\"1350\" \/>\n\t<meta property=\"og:image:type\" content=\"image\/jpeg\" \/>\n<meta name=\"twitter:card\" content=\"summary_large_image\" \/>\n<meta name=\"twitter:label1\" content=\"Tempo di lettura stimato\" \/>\n\t<meta name=\"twitter:data1\" content=\"2 minuti\" \/>\n<script type=\"application\/ld+json\" class=\"yoast-schema-graph\">{\"@context\":\"https:\\\/\\\/schema.org\",\"@graph\":[{\"@type\":\"WebPage\",\"@id\":\"https:\\\/\\\/fraternite-politique.chemin-neuf.org\\\/it\\\/chi-siamo\\\/manifesto\\\/\",\"url\":\"https:\\\/\\\/fraternite-politique.chemin-neuf.org\\\/it\\\/chi-siamo\\\/manifesto\\\/\",\"name\":\"Manifesto della Fraternit\u00e0 Politica - Politics Fraternity Chemin Neuf Community\",\"isPartOf\":{\"@id\":\"https:\\\/\\\/fraternite-politique.chemin-neuf.org\\\/it\\\/#website\"},\"primaryImageOfPage\":{\"@id\":\"https:\\\/\\\/fraternite-politique.chemin-neuf.org\\\/it\\\/chi-siamo\\\/manifesto\\\/#primaryimage\"},\"image\":{\"@id\":\"https:\\\/\\\/fraternite-politique.chemin-neuf.org\\\/it\\\/chi-siamo\\\/manifesto\\\/#primaryimage\"},\"thumbnailUrl\":\"https:\\\/\\\/fraternite-politique.chemin-neuf.org\\\/wp-content\\\/uploads\\\/2022\\\/02\\\/57c54b90245640c3018d1337open-book-1428428_1920.jpg\",\"datePublished\":\"2021-02-06T13:45:59+00:00\",\"dateModified\":\"2022-03-09T21:18:05+00:00\",\"description\":\"Perch\u00e8 la politica \u00ab \u00e8 la forma pi\u00f9 alta della carit\u00e0 \u00bb,Perch\u00e8 l\u2019ingiustizia ci indigna e l\u2019indifferenza ci rattrista,Perch\u00e8 sentiamo una stessa \u00ab\",\"breadcrumb\":{\"@id\":\"https:\\\/\\\/fraternite-politique.chemin-neuf.org\\\/it\\\/chi-siamo\\\/manifesto\\\/#breadcrumb\"},\"inLanguage\":\"it-IT\",\"potentialAction\":[{\"@type\":\"ReadAction\",\"target\":[\"https:\\\/\\\/fraternite-politique.chemin-neuf.org\\\/it\\\/chi-siamo\\\/manifesto\\\/\"]}]},{\"@type\":\"ImageObject\",\"inLanguage\":\"it-IT\",\"@id\":\"https:\\\/\\\/fraternite-politique.chemin-neuf.org\\\/it\\\/chi-siamo\\\/manifesto\\\/#primaryimage\",\"url\":\"https:\\\/\\\/fraternite-politique.chemin-neuf.org\\\/wp-content\\\/uploads\\\/2022\\\/02\\\/57c54b90245640c3018d1337open-book-1428428_1920.jpg\",\"contentUrl\":\"https:\\\/\\\/fraternite-politique.chemin-neuf.org\\\/wp-content\\\/uploads\\\/2022\\\/02\\\/57c54b90245640c3018d1337open-book-1428428_1920.jpg\",\"width\":1800,\"height\":1350},{\"@type\":\"BreadcrumbList\",\"@id\":\"https:\\\/\\\/fraternite-politique.chemin-neuf.org\\\/it\\\/chi-siamo\\\/manifesto\\\/#breadcrumb\",\"itemListElement\":[{\"@type\":\"ListItem\",\"position\":1,\"name\":\"Home\",\"item\":\"https:\\\/\\\/fraternite-politique.chemin-neuf.org\\\/it\\\/\"},{\"@type\":\"ListItem\",\"position\":2,\"name\":\"CHI SIAMO?\",\"item\":\"https:\\\/\\\/fraternite-politique.chemin-neuf.org\\\/it\\\/chi-siamo\\\/\"},{\"@type\":\"ListItem\",\"position\":3,\"name\":\"Manifesto della Fraternit\u00e0 Politica\"}]},{\"@type\":\"WebSite\",\"@id\":\"https:\\\/\\\/fraternite-politique.chemin-neuf.org\\\/it\\\/#website\",\"url\":\"https:\\\/\\\/fraternite-politique.chemin-neuf.org\\\/it\\\/\",\"name\":\"Politics Fraternity Chemin Neuf Community\",\"description\":\"Politics Fraternity of Chemin Neuf Community\",\"publisher\":{\"@id\":\"https:\\\/\\\/fraternite-politique.chemin-neuf.org\\\/it\\\/#organization\"},\"potentialAction\":[{\"@type\":\"SearchAction\",\"target\":{\"@type\":\"EntryPoint\",\"urlTemplate\":\"https:\\\/\\\/fraternite-politique.chemin-neuf.org\\\/it\\\/?s={search_term_string}\"},\"query-input\":{\"@type\":\"PropertyValueSpecification\",\"valueRequired\":true,\"valueName\":\"search_term_string\"}}],\"inLanguage\":\"it-IT\"},{\"@type\":\"Organization\",\"@id\":\"https:\\\/\\\/fraternite-politique.chemin-neuf.org\\\/it\\\/#organization\",\"name\":\"Fraternit\u00e9 Politique Communaut\u00e9 du Chemin Neuf\",\"url\":\"https:\\\/\\\/fraternite-politique.chemin-neuf.org\\\/it\\\/\",\"logo\":{\"@type\":\"ImageObject\",\"inLanguage\":\"it-IT\",\"@id\":\"https:\\\/\\\/fraternite-politique.chemin-neuf.org\\\/it\\\/#\\\/schema\\\/logo\\\/image\\\/\",\"url\":\"https:\\\/\\\/fraternite-politique.chemin-neuf.org\\\/wp-content\\\/uploads\\\/2021\\\/02\\\/cropped-ccn-png-onglet-site-v3-large.png\",\"contentUrl\":\"https:\\\/\\\/fraternite-politique.chemin-neuf.org\\\/wp-content\\\/uploads\\\/2021\\\/02\\\/cropped-ccn-png-onglet-site-v3-large.png\",\"width\":512,\"height\":512,\"caption\":\"Fraternit\u00e9 Politique Communaut\u00e9 du Chemin Neuf\"},\"image\":{\"@id\":\"https:\\\/\\\/fraternite-politique.chemin-neuf.org\\\/it\\\/#\\\/schema\\\/logo\\\/image\\\/\"},\"sameAs\":[\"https:\\\/\\\/www.facebook.com\\\/fratpolitiqueccn\",\"https:\\\/\\\/instagram.com\\\/fratpo\",\"https:\\\/\\\/www.youtube.com\\\/channel\\\/UC6YodqkqOIniLyqOfjMLojw\"]}]}<\/script>\n<!-- \/ Yoast SEO plugin. -->","yoast_head_json":{"title":"Manifesto della Fraternit\u00e0 Politica - Politics Fraternity Chemin Neuf Community","description":"Perch\u00e8 la politica \u00ab \u00e8 la forma pi\u00f9 alta della carit\u00e0 \u00bb,Perch\u00e8 l\u2019ingiustizia ci indigna e l\u2019indifferenza ci rattrista,Perch\u00e8 sentiamo una stessa \u00ab","robots":{"index":"index","follow":"follow","max-snippet":"max-snippet:-1","max-image-preview":"max-image-preview:large","max-video-preview":"max-video-preview:-1"},"canonical":"https:\/\/fraternite-politique.chemin-neuf.org\/it\/chi-siamo\/manifesto\/","og_locale":"it_IT","og_type":"article","og_title":"Manifesto della Fraternit\u00e0 Politica - Politics Fraternity Chemin Neuf Community","og_description":"Perch\u00e8 la politica \u00ab \u00e8 la forma pi\u00f9 alta della carit\u00e0 \u00bb,Perch\u00e8 l\u2019ingiustizia ci indigna e l\u2019indifferenza ci rattrista,Perch\u00e8 sentiamo una stessa \u00ab","og_url":"https:\/\/fraternite-politique.chemin-neuf.org\/it\/chi-siamo\/manifesto\/","og_site_name":"Politics Fraternity Chemin Neuf Community","article_publisher":"https:\/\/www.facebook.com\/fratpolitiqueccn","article_modified_time":"2022-03-09T21:18:05+00:00","og_image":[{"width":1800,"height":1350,"url":"https:\/\/fraternite-politique.chemin-neuf.org\/wp-content\/uploads\/2022\/02\/57c54b90245640c3018d1337open-book-1428428_1920.jpg","type":"image\/jpeg"}],"twitter_card":"summary_large_image","twitter_misc":{"Tempo di lettura stimato":"2 minuti"},"schema":{"@context":"https:\/\/schema.org","@graph":[{"@type":"WebPage","@id":"https:\/\/fraternite-politique.chemin-neuf.org\/it\/chi-siamo\/manifesto\/","url":"https:\/\/fraternite-politique.chemin-neuf.org\/it\/chi-siamo\/manifesto\/","name":"Manifesto della Fraternit\u00e0 Politica - Politics Fraternity Chemin Neuf Community","isPartOf":{"@id":"https:\/\/fraternite-politique.chemin-neuf.org\/it\/#website"},"primaryImageOfPage":{"@id":"https:\/\/fraternite-politique.chemin-neuf.org\/it\/chi-siamo\/manifesto\/#primaryimage"},"image":{"@id":"https:\/\/fraternite-politique.chemin-neuf.org\/it\/chi-siamo\/manifesto\/#primaryimage"},"thumbnailUrl":"https:\/\/fraternite-politique.chemin-neuf.org\/wp-content\/uploads\/2022\/02\/57c54b90245640c3018d1337open-book-1428428_1920.jpg","datePublished":"2021-02-06T13:45:59+00:00","dateModified":"2022-03-09T21:18:05+00:00","description":"Perch\u00e8 la politica \u00ab \u00e8 la forma pi\u00f9 alta della carit\u00e0 \u00bb,Perch\u00e8 l\u2019ingiustizia ci indigna e l\u2019indifferenza ci rattrista,Perch\u00e8 sentiamo una stessa \u00ab","breadcrumb":{"@id":"https:\/\/fraternite-politique.chemin-neuf.org\/it\/chi-siamo\/manifesto\/#breadcrumb"},"inLanguage":"it-IT","potentialAction":[{"@type":"ReadAction","target":["https:\/\/fraternite-politique.chemin-neuf.org\/it\/chi-siamo\/manifesto\/"]}]},{"@type":"ImageObject","inLanguage":"it-IT","@id":"https:\/\/fraternite-politique.chemin-neuf.org\/it\/chi-siamo\/manifesto\/#primaryimage","url":"https:\/\/fraternite-politique.chemin-neuf.org\/wp-content\/uploads\/2022\/02\/57c54b90245640c3018d1337open-book-1428428_1920.jpg","contentUrl":"https:\/\/fraternite-politique.chemin-neuf.org\/wp-content\/uploads\/2022\/02\/57c54b90245640c3018d1337open-book-1428428_1920.jpg","width":1800,"height":1350},{"@type":"BreadcrumbList","@id":"https:\/\/fraternite-politique.chemin-neuf.org\/it\/chi-siamo\/manifesto\/#breadcrumb","itemListElement":[{"@type":"ListItem","position":1,"name":"Home","item":"https:\/\/fraternite-politique.chemin-neuf.org\/it\/"},{"@type":"ListItem","position":2,"name":"CHI SIAMO?","item":"https:\/\/fraternite-politique.chemin-neuf.org\/it\/chi-siamo\/"},{"@type":"ListItem","position":3,"name":"Manifesto della Fraternit\u00e0 Politica"}]},{"@type":"WebSite","@id":"https:\/\/fraternite-politique.chemin-neuf.org\/it\/#website","url":"https:\/\/fraternite-politique.chemin-neuf.org\/it\/","name":"Politics Fraternity Chemin Neuf Community","description":"Politics Fraternity of Chemin Neuf Community","publisher":{"@id":"https:\/\/fraternite-politique.chemin-neuf.org\/it\/#organization"},"potentialAction":[{"@type":"SearchAction","target":{"@type":"EntryPoint","urlTemplate":"https:\/\/fraternite-politique.chemin-neuf.org\/it\/?s={search_term_string}"},"query-input":{"@type":"PropertyValueSpecification","valueRequired":true,"valueName":"search_term_string"}}],"inLanguage":"it-IT"},{"@type":"Organization","@id":"https:\/\/fraternite-politique.chemin-neuf.org\/it\/#organization","name":"Fraternit\u00e9 Politique Communaut\u00e9 du Chemin Neuf","url":"https:\/\/fraternite-politique.chemin-neuf.org\/it\/","logo":{"@type":"ImageObject","inLanguage":"it-IT","@id":"https:\/\/fraternite-politique.chemin-neuf.org\/it\/#\/schema\/logo\/image\/","url":"https:\/\/fraternite-politique.chemin-neuf.org\/wp-content\/uploads\/2021\/02\/cropped-ccn-png-onglet-site-v3-large.png","contentUrl":"https:\/\/fraternite-politique.chemin-neuf.org\/wp-content\/uploads\/2021\/02\/cropped-ccn-png-onglet-site-v3-large.png","width":512,"height":512,"caption":"Fraternit\u00e9 Politique Communaut\u00e9 du Chemin Neuf"},"image":{"@id":"https:\/\/fraternite-politique.chemin-neuf.org\/it\/#\/schema\/logo\/image\/"},"sameAs":["https:\/\/www.facebook.com\/fratpolitiqueccn","https:\/\/instagram.com\/fratpo","https:\/\/www.youtube.com\/channel\/UC6YodqkqOIniLyqOfjMLojw"]}]}},"_links":{"self":[{"href":"https:\/\/fraternite-politique.chemin-neuf.org\/it\/wp-json\/wp\/v2\/pages\/5914","targetHints":{"allow":["GET"]}}],"collection":[{"href":"https:\/\/fraternite-politique.chemin-neuf.org\/it\/wp-json\/wp\/v2\/pages"}],"about":[{"href":"https:\/\/fraternite-politique.chemin-neuf.org\/it\/wp-json\/wp\/v2\/types\/page"}],"author":[{"embeddable":true,"href":"https:\/\/fraternite-politique.chemin-neuf.org\/it\/wp-json\/wp\/v2\/users\/6"}],"replies":[{"embeddable":true,"href":"https:\/\/fraternite-politique.chemin-neuf.org\/it\/wp-json\/wp\/v2\/comments?post=5914"}],"version-history":[{"count":2,"href":"https:\/\/fraternite-politique.chemin-neuf.org\/it\/wp-json\/wp\/v2\/pages\/5914\/revisions"}],"predecessor-version":[{"id":5917,"href":"https:\/\/fraternite-politique.chemin-neuf.org\/it\/wp-json\/wp\/v2\/pages\/5914\/revisions\/5917"}],"up":[{"embeddable":true,"href":"https:\/\/fraternite-politique.chemin-neuf.org\/it\/wp-json\/wp\/v2\/pages\/5935"}],"wp:featuredmedia":[{"embeddable":true,"href":"https:\/\/fraternite-politique.chemin-neuf.org\/it\/wp-json\/wp\/v2\/media\/5261"}],"wp:attachment":[{"href":"https:\/\/fraternite-politique.chemin-neuf.org\/it\/wp-json\/wp\/v2\/media?parent=5914"}],"curies":[{"name":"wp","href":"https:\/\/api.w.org\/{rel}","templated":true}]}}