{"id":7281,"date":"2022-04-07T12:42:47","date_gmt":"2022-04-07T10:42:47","guid":{"rendered":"https:\/\/fraternite-politique.chemin-neuf.org\/?post_type=proposition&#038;p=7281"},"modified":"2022-06-20T21:15:26","modified_gmt":"2022-06-20T19:15:26","slug":"shane-claiborne","status":"publish","type":"proposition","link":"https:\/\/fraternite-politique.chemin-neuf.org\/hu\/esem\u00e9ny\/shane-claiborne\/","title":{"rendered":"Shane Claiborne"},"content":{"rendered":"\n<h2 class=\"wp-block-heading\"><i class=\"fas fa-list ccn-fa-icon\" aria-hidden=\"true\"> <\/i>PROGRAM<\/h2>\n\n\n\n<p>Shane Clairborne megpr\u00f3b\u00e1l \u00fagy \u00e9lni hogy nagyon konkr\u00e9t m\u00f3don veszi komolyan J\u00e9zus \u00fczenet\u00e9t.<br>\u0150 egy \u201ch\u00e9tk\u00f6znapi radik\u00e1lis\u201d akit m\u00e9ly hite \u00e9s ebb\u0151l fakad\u00f3 \u00f6r\u00f6me arra sarkall, hogy akt\u00edvan elk\u00f6telez\u0151dj\u00f6n t\u00e1rsadalmi \u00fcgyekben. \u00cdgy ezt a szabadkereszty\u00e9n h\u00e1tter\u0171 amerikait egy\u00e1r\u00e1nt megtal\u00e1ljuk Ter\u00e9z any\u00e1val Kalkutta utc\u00e1in \u00e9s a feld\u00e9l n\u00e9lk\u00fcliek \u00e9s n\u00e9lk\u00fcl\u00f6z\u0151k oldal\u00e1n Philadelphi\u00e1ban.<\/p>\n\n\n\n<p>Ugyanazzal a hiteles\u00e9ggel, amit a szavai \u00e9s tettei k\u00f6z\u00f6tti egys\u00e9g jellemez, Shane jelenleg a fegyveres er\u0151szak, a hal\u00e1lb\u00fcntet\u00e9s \u00e9s a szoci\u00e1lis igazs\u00e1gtalans\u00e1gok ellen k\u00fczd az Egyes\u00fclt \u00c1llamokban. Ugyankkor hat\u00e1rokon \u00e1t\u00edvelve keresi, hogy hogyan szolg\u00e1lhatja a b\u00e9ke \u00fcgy\u00e9t Irakban \u00e9s Afganiszt\u00e1nban. Mindezek t\u00fckr\u00e9ben benn\u00fcnket is cselekv\u00e9sre h\u00edv majd, a rem\u00e9ny \u00fczenet\u00e9t er\u0151s\u00edtve benn\u00fcnk az ukrajnai kr\u00edzis k\u00f6zepedte.<\/p>\n\n\n\n<p>Ezen az egy\u00f3r\u00e1s webin\u00e0riumon el\u0151sz\u00f6r Shane szem\u00e9lyes bizonys\u00e0gt\u00e9tel\u00e9t hallgatjuk meg, majd lehet\u0151s\u00e9getek lesz feltenni k\u00e9rd\u00e9seiteket \u00e9s megosztani gondolataitokat.<\/p>\n\n\n\n<p>Csatalkozz hozz\u00e1nk, regisztr\u00e1lj \u00e9s hagyd, hogy Shane inspir\u00e0ljon!<\/p>\n\n\n\n<h2 class=\"wp-block-heading\"><i class=\"fas fa-question ccn-fa-icon\" aria-hidden=\"true\"> <\/i>R\u00c9SZLETEK<\/h2>\n\n\n\n<p><i class=\"fas fa-calendar-alt ccn-fa-icon\" aria-hidden=\"true\"> <\/i>J\u00fanius 22.-\u00e9n szerd\u00e1n, 19:00-kor (budapesti id\u0151 szerint)<\/p>\n\n\n\n<p><i class=\"fas fa-link ccn-fa-icon\" aria-hidden=\"true\"> <\/i>A Zoom linket elk\u00fcldj\u00fck az \u00f6sszes jelentkez\u0151nek egy p\u00e1r nappal a webinar el\u0151tt.<br>A Zoom k\u00f6z\u00f6ns\u00e9gnek lehet\u0151s\u00e9ge lesz k\u00e9rdezni \u00e9s megosztani a megh\u00edvottal \u00e9s ig\u00e9nybe veheti a szinkrontolm\u00e1csol\u00e1st.<\/p>\n\n\n\n<p><i class=\"fas fa-globe ccn-fa-icon\" aria-hidden=\"true\"> <\/i>A webinar angolul \ud83c\uddec\ud83c\udde7 folyik \u00e9s szinkrontolm\u00e1csol\u00e1s el\u00e9rhet\u0151 lesz francia \ud83c\udde8\ud83c\uddf5, n\u00e9met \ud83c\udde9\ud83c\uddea, magyar \ud83c\udded\ud83c\uddfa \u00e9s spanyol \ud83c\uddea\ud83c\uddf8 nyelven.<\/p>\n\n\n\n<p><i class=\"fas fa-piggy-bank ccn-fa-icon\" aria-hidden=\"true\"> <\/i>R\u00e9szv\u00e9tel ingyenes, de b\u00e1rmilyen <a href=\"https:\/\/fraternite-politique.chemin-neuf.org\/hu\/payment\/?prop_id=7281\">anyagi t\u00e1mogat\u00e1st<\/a> sz\u00edvesen fogadunk, amely t\u00e1mogatja a misszi\u00f3nkat.<\/p>\n","protected":false},"excerpt":{"rendered":"<p>Ezen az egy\u00f3r\u00e1s webin\u00e1riumon el\u0151sz\u00f6r Shane szem\u00e9lyes vallom\u00e1s\u00e1t hallgatjuk meg.<\/p>\n","protected":false},"featured_media":6523,"menu_order":0,"template":"","meta":{"_acf_changed":false,"footnotes":""},"prop-category":[116],"prop-duration":[],"class_list":["post-7281","proposition","type-proposition","status-publish","has-post-thumbnail","hentry","prop-category-webinarium"],"acf":[],"yoast_head":"<!-- This site is optimized with the Yoast SEO plugin v27.5 - https:\/\/yoast.com\/product\/yoast-seo-wordpress\/ -->\n<title>Shane Claiborne - Politics Fraternity Chemin Neuf Community<\/title>\n<meta name=\"description\" content=\"Ezen az egy\u00f3r\u00e1s webin\u00e1riumon el\u0151sz\u00f6r Shane szem\u00e9lyes vallom\u00e1s\u00e1t hallgatjuk meg.\" \/>\n<meta name=\"robots\" content=\"index, follow, max-snippet:-1, max-image-preview:large, max-video-preview:-1\" \/>\n<link rel=\"canonical\" href=\"https:\/\/fraternite-politique.chemin-neuf.org\/hu\/esem\u00e9ny\/shane-claiborne\/\" \/>\n<meta property=\"og:locale\" content=\"hu_HU\" \/>\n<meta property=\"og:type\" content=\"article\" \/>\n<meta property=\"og:title\" content=\"Shane Claiborne - Politics Fraternity Chemin Neuf Community\" \/>\n<meta property=\"og:description\" content=\"Ezen az egy\u00f3r\u00e1s webin\u00e1riumon el\u0151sz\u00f6r Shane szem\u00e9lyes vallom\u00e1s\u00e1t hallgatjuk meg.\" \/>\n<meta property=\"og:url\" content=\"https:\/\/fraternite-politique.chemin-neuf.org\/hu\/esem\u00e9ny\/shane-claiborne\/\" \/>\n<meta property=\"og:site_name\" content=\"Politics Fraternity Chemin Neuf Community\" \/>\n<meta property=\"article:publisher\" content=\"https:\/\/www.facebook.com\/fratpolitiqueccn\" \/>\n<meta property=\"article:modified_time\" content=\"2022-06-20T19:15:26+00:00\" \/>\n<meta property=\"og:image\" content=\"https:\/\/fraternite-politique.chemin-neuf.org\/wp-content\/uploads\/2022\/04\/shane-claiborne-2-scaled.jpg\" \/>\n\t<meta property=\"og:image:width\" content=\"2560\" \/>\n\t<meta property=\"og:image:height\" content=\"1714\" \/>\n\t<meta property=\"og:image:type\" content=\"image\/jpeg\" \/>\n<meta name=\"twitter:card\" content=\"summary_large_image\" \/>\n<meta name=\"twitter:label1\" content=\"Becs\u00fclt olvas\u00e1si id\u0151\" \/>\n\t<meta name=\"twitter:data1\" content=\"1 perc\" \/>\n<script type=\"application\/ld+json\" class=\"yoast-schema-graph\">{\"@context\":\"https:\\\/\\\/schema.org\",\"@graph\":[{\"@type\":\"WebPage\",\"@id\":\"https:\\\/\\\/fraternite-politique.chemin-neuf.org\\\/hu\\\/esem\u00e9ny\\\/shane-claiborne\\\/\",\"url\":\"https:\\\/\\\/fraternite-politique.chemin-neuf.org\\\/hu\\\/esem\u00e9ny\\\/shane-claiborne\\\/\",\"name\":\"Shane Claiborne - Politics Fraternity Chemin Neuf Community\",\"isPartOf\":{\"@id\":\"https:\\\/\\\/fraternite-politique.chemin-neuf.org\\\/hu\\\/#website\"},\"primaryImageOfPage\":{\"@id\":\"https:\\\/\\\/fraternite-politique.chemin-neuf.org\\\/hu\\\/esem\u00e9ny\\\/shane-claiborne\\\/#primaryimage\"},\"image\":{\"@id\":\"https:\\\/\\\/fraternite-politique.chemin-neuf.org\\\/hu\\\/esem\u00e9ny\\\/shane-claiborne\\\/#primaryimage\"},\"thumbnailUrl\":\"https:\\\/\\\/fraternite-politique.chemin-neuf.org\\\/wp-content\\\/uploads\\\/2022\\\/04\\\/shane-claiborne-2-scaled.jpg\",\"datePublished\":\"2022-04-07T10:42:47+00:00\",\"dateModified\":\"2022-06-20T19:15:26+00:00\",\"description\":\"Ezen az egy\u00f3r\u00e1s webin\u00e1riumon el\u0151sz\u00f6r Shane szem\u00e9lyes vallom\u00e1s\u00e1t hallgatjuk meg.\",\"breadcrumb\":{\"@id\":\"https:\\\/\\\/fraternite-politique.chemin-neuf.org\\\/hu\\\/esem\u00e9ny\\\/shane-claiborne\\\/#breadcrumb\"},\"inLanguage\":\"hu\",\"potentialAction\":[{\"@type\":\"ReadAction\",\"target\":[\"https:\\\/\\\/fraternite-politique.chemin-neuf.org\\\/hu\\\/esem\u00e9ny\\\/shane-claiborne\\\/\"]}]},{\"@type\":\"ImageObject\",\"inLanguage\":\"hu\",\"@id\":\"https:\\\/\\\/fraternite-politique.chemin-neuf.org\\\/hu\\\/esem\u00e9ny\\\/shane-claiborne\\\/#primaryimage\",\"url\":\"https:\\\/\\\/fraternite-politique.chemin-neuf.org\\\/wp-content\\\/uploads\\\/2022\\\/04\\\/shane-claiborne-2-scaled.jpg\",\"contentUrl\":\"https:\\\/\\\/fraternite-politique.chemin-neuf.org\\\/wp-content\\\/uploads\\\/2022\\\/04\\\/shane-claiborne-2-scaled.jpg\",\"width\":2560,\"height\":1714},{\"@type\":\"BreadcrumbList\",\"@id\":\"https:\\\/\\\/fraternite-politique.chemin-neuf.org\\\/hu\\\/esem\u00e9ny\\\/shane-claiborne\\\/#breadcrumb\",\"itemListElement\":[{\"@type\":\"ListItem\",\"position\":1,\"name\":\"Home\",\"item\":\"https:\\\/\\\/fraternite-politique.chemin-neuf.org\\\/hu\\\/\"},{\"@type\":\"ListItem\",\"position\":2,\"name\":\"Propositions\",\"item\":\"https:\\\/\\\/fraternite-politique.chemin-neuf.org\\\/hu\\\/esem\u00e9ny\\\/\"},{\"@type\":\"ListItem\",\"position\":3,\"name\":\"Shane Claiborne\"}]},{\"@type\":\"WebSite\",\"@id\":\"https:\\\/\\\/fraternite-politique.chemin-neuf.org\\\/hu\\\/#website\",\"url\":\"https:\\\/\\\/fraternite-politique.chemin-neuf.org\\\/hu\\\/\",\"name\":\"Politics Fraternity Chemin Neuf Community\",\"description\":\"Politics Fraternity of Chemin Neuf Community\",\"publisher\":{\"@id\":\"https:\\\/\\\/fraternite-politique.chemin-neuf.org\\\/hu\\\/#organization\"},\"potentialAction\":[{\"@type\":\"SearchAction\",\"target\":{\"@type\":\"EntryPoint\",\"urlTemplate\":\"https:\\\/\\\/fraternite-politique.chemin-neuf.org\\\/hu\\\/?s={search_term_string}\"},\"query-input\":{\"@type\":\"PropertyValueSpecification\",\"valueRequired\":true,\"valueName\":\"search_term_string\"}}],\"inLanguage\":\"hu\"},{\"@type\":\"Organization\",\"@id\":\"https:\\\/\\\/fraternite-politique.chemin-neuf.org\\\/hu\\\/#organization\",\"name\":\"Fraternit\u00e9 Politique Communaut\u00e9 du Chemin Neuf\",\"url\":\"https:\\\/\\\/fraternite-politique.chemin-neuf.org\\\/hu\\\/\",\"logo\":{\"@type\":\"ImageObject\",\"inLanguage\":\"hu\",\"@id\":\"https:\\\/\\\/fraternite-politique.chemin-neuf.org\\\/hu\\\/#\\\/schema\\\/logo\\\/image\\\/\",\"url\":\"https:\\\/\\\/fraternite-politique.chemin-neuf.org\\\/wp-content\\\/uploads\\\/2021\\\/02\\\/cropped-ccn-png-onglet-site-v3-large.png\",\"contentUrl\":\"https:\\\/\\\/fraternite-politique.chemin-neuf.org\\\/wp-content\\\/uploads\\\/2021\\\/02\\\/cropped-ccn-png-onglet-site-v3-large.png\",\"width\":512,\"height\":512,\"caption\":\"Fraternit\u00e9 Politique Communaut\u00e9 du Chemin Neuf\"},\"image\":{\"@id\":\"https:\\\/\\\/fraternite-politique.chemin-neuf.org\\\/hu\\\/#\\\/schema\\\/logo\\\/image\\\/\"},\"sameAs\":[\"https:\\\/\\\/www.facebook.com\\\/fratpolitiqueccn\",\"https:\\\/\\\/instagram.com\\\/fratpo\",\"https:\\\/\\\/www.youtube.com\\\/channel\\\/UC6YodqkqOIniLyqOfjMLojw\"]}]}<\/script>\n<!-- \/ Yoast SEO plugin. -->","yoast_head_json":{"title":"Shane Claiborne - Politics Fraternity Chemin Neuf Community","description":"Ezen az egy\u00f3r\u00e1s webin\u00e1riumon el\u0151sz\u00f6r Shane szem\u00e9lyes vallom\u00e1s\u00e1t hallgatjuk meg.","robots":{"index":"index","follow":"follow","max-snippet":"max-snippet:-1","max-image-preview":"max-image-preview:large","max-video-preview":"max-video-preview:-1"},"canonical":"https:\/\/fraternite-politique.chemin-neuf.org\/hu\/esem\u00e9ny\/shane-claiborne\/","og_locale":"hu_HU","og_type":"article","og_title":"Shane Claiborne - Politics Fraternity Chemin Neuf Community","og_description":"Ezen az egy\u00f3r\u00e1s webin\u00e1riumon el\u0151sz\u00f6r Shane szem\u00e9lyes vallom\u00e1s\u00e1t hallgatjuk meg.","og_url":"https:\/\/fraternite-politique.chemin-neuf.org\/hu\/esem\u00e9ny\/shane-claiborne\/","og_site_name":"Politics Fraternity Chemin Neuf Community","article_publisher":"https:\/\/www.facebook.com\/fratpolitiqueccn","article_modified_time":"2022-06-20T19:15:26+00:00","og_image":[{"width":2560,"height":1714,"url":"https:\/\/fraternite-politique.chemin-neuf.org\/wp-content\/uploads\/2022\/04\/shane-claiborne-2-scaled.jpg","type":"image\/jpeg"}],"twitter_card":"summary_large_image","twitter_misc":{"Becs\u00fclt olvas\u00e1si id\u0151":"1 perc"},"schema":{"@context":"https:\/\/schema.org","@graph":[{"@type":"WebPage","@id":"https:\/\/fraternite-politique.chemin-neuf.org\/hu\/esem\u00e9ny\/shane-claiborne\/","url":"https:\/\/fraternite-politique.chemin-neuf.org\/hu\/esem\u00e9ny\/shane-claiborne\/","name":"Shane Claiborne - Politics Fraternity Chemin Neuf Community","isPartOf":{"@id":"https:\/\/fraternite-politique.chemin-neuf.org\/hu\/#website"},"primaryImageOfPage":{"@id":"https:\/\/fraternite-politique.chemin-neuf.org\/hu\/esem\u00e9ny\/shane-claiborne\/#primaryimage"},"image":{"@id":"https:\/\/fraternite-politique.chemin-neuf.org\/hu\/esem\u00e9ny\/shane-claiborne\/#primaryimage"},"thumbnailUrl":"https:\/\/fraternite-politique.chemin-neuf.org\/wp-content\/uploads\/2022\/04\/shane-claiborne-2-scaled.jpg","datePublished":"2022-04-07T10:42:47+00:00","dateModified":"2022-06-20T19:15:26+00:00","description":"Ezen az egy\u00f3r\u00e1s webin\u00e1riumon el\u0151sz\u00f6r Shane szem\u00e9lyes vallom\u00e1s\u00e1t hallgatjuk meg.","breadcrumb":{"@id":"https:\/\/fraternite-politique.chemin-neuf.org\/hu\/esem\u00e9ny\/shane-claiborne\/#breadcrumb"},"inLanguage":"hu","potentialAction":[{"@type":"ReadAction","target":["https:\/\/fraternite-politique.chemin-neuf.org\/hu\/esem\u00e9ny\/shane-claiborne\/"]}]},{"@type":"ImageObject","inLanguage":"hu","@id":"https:\/\/fraternite-politique.chemin-neuf.org\/hu\/esem\u00e9ny\/shane-claiborne\/#primaryimage","url":"https:\/\/fraternite-politique.chemin-neuf.org\/wp-content\/uploads\/2022\/04\/shane-claiborne-2-scaled.jpg","contentUrl":"https:\/\/fraternite-politique.chemin-neuf.org\/wp-content\/uploads\/2022\/04\/shane-claiborne-2-scaled.jpg","width":2560,"height":1714},{"@type":"BreadcrumbList","@id":"https:\/\/fraternite-politique.chemin-neuf.org\/hu\/esem\u00e9ny\/shane-claiborne\/#breadcrumb","itemListElement":[{"@type":"ListItem","position":1,"name":"Home","item":"https:\/\/fraternite-politique.chemin-neuf.org\/hu\/"},{"@type":"ListItem","position":2,"name":"Propositions","item":"https:\/\/fraternite-politique.chemin-neuf.org\/hu\/esem\u00e9ny\/"},{"@type":"ListItem","position":3,"name":"Shane Claiborne"}]},{"@type":"WebSite","@id":"https:\/\/fraternite-politique.chemin-neuf.org\/hu\/#website","url":"https:\/\/fraternite-politique.chemin-neuf.org\/hu\/","name":"Politics Fraternity Chemin Neuf Community","description":"Politics Fraternity of Chemin Neuf Community","publisher":{"@id":"https:\/\/fraternite-politique.chemin-neuf.org\/hu\/#organization"},"potentialAction":[{"@type":"SearchAction","target":{"@type":"EntryPoint","urlTemplate":"https:\/\/fraternite-politique.chemin-neuf.org\/hu\/?s={search_term_string}"},"query-input":{"@type":"PropertyValueSpecification","valueRequired":true,"valueName":"search_term_string"}}],"inLanguage":"hu"},{"@type":"Organization","@id":"https:\/\/fraternite-politique.chemin-neuf.org\/hu\/#organization","name":"Fraternit\u00e9 Politique Communaut\u00e9 du Chemin Neuf","url":"https:\/\/fraternite-politique.chemin-neuf.org\/hu\/","logo":{"@type":"ImageObject","inLanguage":"hu","@id":"https:\/\/fraternite-politique.chemin-neuf.org\/hu\/#\/schema\/logo\/image\/","url":"https:\/\/fraternite-politique.chemin-neuf.org\/wp-content\/uploads\/2021\/02\/cropped-ccn-png-onglet-site-v3-large.png","contentUrl":"https:\/\/fraternite-politique.chemin-neuf.org\/wp-content\/uploads\/2021\/02\/cropped-ccn-png-onglet-site-v3-large.png","width":512,"height":512,"caption":"Fraternit\u00e9 Politique Communaut\u00e9 du Chemin Neuf"},"image":{"@id":"https:\/\/fraternite-politique.chemin-neuf.org\/hu\/#\/schema\/logo\/image\/"},"sameAs":["https:\/\/www.facebook.com\/fratpolitiqueccn","https:\/\/instagram.com\/fratpo","https:\/\/www.youtube.com\/channel\/UC6YodqkqOIniLyqOfjMLojw"]}]}},"_links":{"self":[{"href":"https:\/\/fraternite-politique.chemin-neuf.org\/hu\/wp-json\/wp\/v2\/proposition\/7281","targetHints":{"allow":["GET"]}}],"collection":[{"href":"https:\/\/fraternite-politique.chemin-neuf.org\/hu\/wp-json\/wp\/v2\/proposition"}],"about":[{"href":"https:\/\/fraternite-politique.chemin-neuf.org\/hu\/wp-json\/wp\/v2\/types\/proposition"}],"version-history":[{"count":5,"href":"https:\/\/fraternite-politique.chemin-neuf.org\/hu\/wp-json\/wp\/v2\/proposition\/7281\/revisions"}],"predecessor-version":[{"id":7384,"href":"https:\/\/fraternite-politique.chemin-neuf.org\/hu\/wp-json\/wp\/v2\/proposition\/7281\/revisions\/7384"}],"wp:featuredmedia":[{"embeddable":true,"href":"https:\/\/fraternite-politique.chemin-neuf.org\/hu\/wp-json\/wp\/v2\/media\/6523"}],"wp:attachment":[{"href":"https:\/\/fraternite-politique.chemin-neuf.org\/hu\/wp-json\/wp\/v2\/media?parent=7281"}],"wp:term":[{"taxonomy":"prop-category","embeddable":true,"href":"https:\/\/fraternite-politique.chemin-neuf.org\/hu\/wp-json\/wp\/v2\/prop-category?post=7281"},{"taxonomy":"prop-duration","embeddable":true,"href":"https:\/\/fraternite-politique.chemin-neuf.org\/hu\/wp-json\/wp\/v2\/prop-duration?post=7281"}],"curies":[{"name":"wp","href":"https:\/\/api.w.org\/{rel}","templated":true}]}}