{"id":5532,"date":"2021-01-14T15:41:52","date_gmt":"2021-01-14T14:41:52","guid":{"rendered":"https:\/\/fraternite-politique.chemin-neuf.org\/?post_type=proposition&#038;p=5532"},"modified":"2022-05-05T22:23:08","modified_gmt":"2022-05-05T20:23:08","slug":"2022-rome","status":"publish","type":"proposition","link":"https:\/\/fraternite-politique.chemin-neuf.org\/hu\/esem\u00e9ny\/2022-rome\/","title":{"rendered":"Eur\u00f3pa \u00e9s a migr\u00e1ci\u00f3"},"content":{"rendered":"\n<h2 class=\"wp-block-heading\" id=\"programme\"><i class=\"fas fa-list ccn-fa-icon\" aria-hidden=\"true\"> <\/i>PROGRAM<\/h2>\n\n\n\n<p class=\"has-dark-gray-color has-text-color\">A Politikai Testv\u00e9ris\u00e9g szeretne megh\u00edvni egy nemzetk\u00f6zi tal\u00e1lkoz\u00f3ra R\u00f3m\u00e1ba 2022 tavasz\u00e1n!<\/p>\n\n\n\n<p>A migr\u00e1ci\u00f3r\u00f3l, a testv\u00e9ris\u00e9gr\u0151l, a szoci\u00e1lis testv\u00e9ris\u00e9gr\u0151l \u00e9s bar\u00e1ts\u00e1gr\u00f3l, az eur\u00f3pai megosztotts\u00e1gr\u00f3l \u00e9s az olaszorsz\u00e1gi politikai trendekr\u0151l fogunk besz\u00e9lgetni.<\/p>\n\n\n\n<ul class=\"has-dark-gray-color has-text-color wp-block-list\"><li><mark style=\"background-color:rgba(0, 0, 0, 0)\" class=\"has-inline-color has-dark-gray-color\">Kik kopogtatnak az ajt\u00f3nkon?<\/mark><\/li><li><mark style=\"background-color:rgba(0, 0, 0, 0)\" class=\"has-inline-color has-dark-gray-color\">Hogyan r\u00e1zz\u00e1k fel nemzeti identit\u00e1sunkat az idegenek?<\/mark><\/li><li><mark style=\"background-color:rgba(0, 0, 0, 0)\" class=\"has-inline-color has-dark-gray-color\">Hogyan \u00e1ssa al\u00e1 a migr\u00e1ci\u00f3s v\u00e1ls\u00e1g az Eur\u00f3pai Uni\u00f3n bel\u00fcli szolidarit\u00e1st?<\/mark><\/li><li><mark style=\"background-color:rgba(0, 0, 0, 0)\" class=\"has-inline-color has-dark-gray-color\">Mit \u00e1rul el mindez az emberr\u0151l, valamint egy k\u00f6z\u00f6s \u00e9s egyetemes testv\u00e9ris\u00e9gr\u0151l alkotott kereszt\u00e9ny v\u00edzi\u00f3nkr\u00f3l?<\/mark><\/li><\/ul>\n\n\n\n<p>Ugyan a migr\u00e1ci\u00f3val kapcsolatos k\u00e9rd\u00e9sek valamennyi eur\u00f3pai orsz\u00e1got \u00e9rintik, Olaszorsz\u00e1gban m\u00e9gis saj\u00e1tos m\u00f3don \u00f6sszpontosulnak a fesz\u00fclts\u00e9gek \u00e9s a kih\u00edv\u00e1sok. Ez\u00e9rt a testv\u00e9ris\u00e9gnek ebbe az igazi laborat\u00f3rium\u00e1ba megy\u00fcnk, hogy szembes\u00fclj\u00fcnk azzal a val\u00f3s\u00e1ggal, amely ma megosztja v\u00e9lem\u00e9ny\u00fcnket \u00e9s kih\u00edv\u00e1st jelent szeretet\u00fcnknek.<\/p>\n\n\n\n<p>A programban kerekasztal besz\u00e9lget\u00e9sek, tal\u00e1lkoz\u00e1sok, workshopok, terepmunka, tan\u00fas\u00e1gt\u00e9telek, lelki felt\u00f6lt\u0151d\u00e9s \u00e9s&#8230; meglepet\u00e9sek!<\/p>\n\n\n\n<h2 class=\"wp-block-heading\" id=\"dates\"><i class=\"fas fa-calendar-alt ccn-fa-icon\"> <\/i>ID\u0150PONTOK<\/h2>\n\n\n\n<p>2022. m\u00e1jus 13.p\u00e9ntek 10 \u00f3r\u00e1t\u00f3l 2022. m\u00e1jus 16.h\u00e9tf\u0151 15 \u00f3r\u00e1ig<\/p>\n\n\n\n<p>A vend\u00e9gh\u00e1z m\u00e1jus 12 cs\u00fct\u00f6rt\u00f6kt\u0151l lesz nyitva sz\u00e1munkra.<\/p>\n\n\n\n<h2 class=\"wp-block-heading\" id=\"transport\"><i class=\"fas fa-subway ccn-fa-icon\" aria-hidden=\"true\"> <\/i>K\u00d6ZLEKED\u00c9S<\/h2>\n\n\n\n<p>A vend\u00e9gh\u00e1z c\u00edme: VIA ANGELO POLIZIANO, 38 &#8211; 00184 ROMA<\/p>\n\n\n\n<ul class=\"wp-block-list\"><li><mark style=\"background-color:rgba(0, 0, 0, 0)\" class=\"has-inline-color has-dark-gray-color\"><strong>Rep\u00fcl\u0151vel<\/strong>, kb. egy \u00f3ra a vend\u00e9gh\u00e1zt\u00f3l. A t\u00f6megk\u00f6zleked\u00e9si lehet\u0151s\u00e9gek r\u00e9szleteit a regisztr\u00e1ci\u00f3t k\u00f6vet\u0151en elk\u00fcldj\u00fck.<\/mark><br><\/li><li><mark style=\"background-color:rgba(0, 0, 0, 0)\" class=\"has-inline-color has-dark-gray-color\"><strong>Vonattal<\/strong>, a Termini p\u00e1lyaudvar 15 perces s\u00e9t\u00e1ra van a h\u00e1zt\u00f3l. <br>Ami ehet\u0151s\u00e9get ad egy els\u0151 r\u00f3mai s\u00e9t\u00e1ra!<\/mark><br><\/li><li><strong>Busszal<\/strong>, val\u00f3sz\u00edn\u0171leg a Tiburtina p\u00e1lyaudvarra \u00e9rkezel. Metr\u00f3val 20 percre van a h\u00e1zt\u00f3l.<br><\/li><li><mark style=\"background-color:rgba(0, 0, 0, 0)\" class=\"has-inline-color has-dark-gray-color\"><strong>Telekocsival<\/strong>, javasoljuk, hogy gy\u0171jts inform\u00e1ci\u00f3kat a k\u00e9r\u00e9sekr\u0151l \u00e9s az aj\u00e1nlatokr\u00f3l, ami seg\u00edt megszervezni az utat.<br>Fontos, hogy a k\u00f6z\u00f6ss\u00e9gi h\u00e1z nem rendelkezik saj\u00e1t parkol\u00f3val, ami azt jelenti, hogy a parkol\u00e1s\u00e9rt fizetni kell (kb. 25 \u20ac naponta, a k\u00f6lts\u00e9geket el kell osztani a telekocsiban utaz\u00f3k k\u00f6z\u00f6tt).<\/mark><\/li><\/ul>\n\n\n\n<h2 class=\"wp-block-heading\" id=\"finances\"><i class=\"fas fa-piggy-bank ccn-fa-icon\"> <\/i>P\u00c9NZ\u00dcGYEK<\/h2>\n\n\n\n<p>Szem\u00e9lyes k\u00f6r\u00fclm\u00e9nyekt\u0151l f\u00fcgg\u0151en a r\u00e9sztvev\u0151knek a k\u00f6vetkez\u0151 keretek k\u00f6z\u00f6tt kell hozz\u00e1j\u00e1rulniuk a k\u00f6lts\u00e9gekhez:<\/p>\n\n\n\n<ul class=\"wp-block-list\"><li>100-140 EUR di\u00e1knak<\/li><li>120-160 EUR fiatal dolgoz\u00f3knak<\/li><\/ul>\n\n\n\n<p>A vend\u00e9gh\u00e1zh\u00e1z 30 \u20ac-t sz\u00e1m\u00edt fel minden tov\u00e1bbi \u00e9jszak\u00e1\u00e9rt.<\/p>\n\n\n\n<p><em>A p\u00e9nz ne legyen akad\u00e1ly &#8211; forduljon hozz\u00e1nk, ha az \u00e1r neh\u00e9zs\u00e9get jelent!<\/em><\/p>\n\n\n\n<h2 class=\"wp-block-heading\" id=\"infos\"><i class=\"fas fa-question ccn-fa-icon\" aria-hidden=\"true\"> <\/i>INFO<\/h2>\n\n\n\n<p><\/p>\n\n\n\n<p><i class=\"fas fa-globe ccn-fa-icon\" aria-hidden=\"true\"> <\/i>A tal\u00e1lkoz\u00f3t olasz, angol \u00e9s francia nyelvre ford\u00edtjuk.<\/p>\n\n\n\n<p><\/p>\n","protected":false},"excerpt":{"rendered":"<p>Olaszorsz\u00e1g, a testv\u00e9ris\u00e9g laborat\u00f3riuma?<\/p>\n","protected":false},"featured_media":5535,"menu_order":0,"template":"","meta":{"_acf_changed":false,"footnotes":""},"prop-category":[117,28],"prop-duration":[],"class_list":["post-5532","proposition","type-proposition","status-publish","has-post-thumbnail","hentry","prop-category-hetvege","prop-category-weekend"],"acf":[],"yoast_head":"<!-- This site is optimized with the Yoast SEO plugin v27.5 - https:\/\/yoast.com\/product\/yoast-seo-wordpress\/ -->\n<title>Eur\u00f3pa \u00e9s a migr\u00e1ci\u00f3 - Politics Fraternity Chemin Neuf Community<\/title>\n<meta name=\"description\" content=\"Olaszorsz\u00e1g, a testv\u00e9ris\u00e9g laborat\u00f3riuma?\" \/>\n<meta name=\"robots\" content=\"index, follow, max-snippet:-1, max-image-preview:large, max-video-preview:-1\" \/>\n<link rel=\"canonical\" href=\"https:\/\/fraternite-politique.chemin-neuf.org\/hu\/esem\u00e9ny\/2022-rome\/\" \/>\n<meta property=\"og:locale\" content=\"hu_HU\" \/>\n<meta property=\"og:type\" content=\"article\" \/>\n<meta property=\"og:title\" content=\"Eur\u00f3pa \u00e9s a migr\u00e1ci\u00f3 - Politics Fraternity Chemin Neuf Community\" \/>\n<meta property=\"og:description\" content=\"Olaszorsz\u00e1g, a testv\u00e9ris\u00e9g laborat\u00f3riuma?\" \/>\n<meta property=\"og:url\" content=\"https:\/\/fraternite-politique.chemin-neuf.org\/hu\/esem\u00e9ny\/2022-rome\/\" \/>\n<meta property=\"og:site_name\" content=\"Politics Fraternity Chemin Neuf Community\" \/>\n<meta property=\"article:publisher\" content=\"https:\/\/www.facebook.com\/fratpolitiqueccn\" \/>\n<meta property=\"article:modified_time\" content=\"2022-05-05T20:23:08+00:00\" \/>\n<meta property=\"og:image\" content=\"https:\/\/fraternite-politique.chemin-neuf.org\/wp-content\/uploads\/2021\/01\/WERome.jpeg\" \/>\n\t<meta property=\"og:image:width\" content=\"1280\" \/>\n\t<meta property=\"og:image:height\" content=\"619\" \/>\n\t<meta property=\"og:image:type\" content=\"image\/jpeg\" \/>\n<meta name=\"twitter:card\" content=\"summary_large_image\" \/>\n<meta name=\"twitter:label1\" content=\"Becs\u00fclt olvas\u00e1si id\u0151\" \/>\n\t<meta name=\"twitter:data1\" content=\"2 perc\" \/>\n<script type=\"application\/ld+json\" class=\"yoast-schema-graph\">{\"@context\":\"https:\\\/\\\/schema.org\",\"@graph\":[{\"@type\":\"WebPage\",\"@id\":\"https:\\\/\\\/fraternite-politique.chemin-neuf.org\\\/hu\\\/esem\u00e9ny\\\/2022-rome\\\/\",\"url\":\"https:\\\/\\\/fraternite-politique.chemin-neuf.org\\\/hu\\\/esem\u00e9ny\\\/2022-rome\\\/\",\"name\":\"Eur\u00f3pa \u00e9s a migr\u00e1ci\u00f3 - Politics Fraternity Chemin Neuf Community\",\"isPartOf\":{\"@id\":\"https:\\\/\\\/fraternite-politique.chemin-neuf.org\\\/hu\\\/#website\"},\"primaryImageOfPage\":{\"@id\":\"https:\\\/\\\/fraternite-politique.chemin-neuf.org\\\/hu\\\/esem\u00e9ny\\\/2022-rome\\\/#primaryimage\"},\"image\":{\"@id\":\"https:\\\/\\\/fraternite-politique.chemin-neuf.org\\\/hu\\\/esem\u00e9ny\\\/2022-rome\\\/#primaryimage\"},\"thumbnailUrl\":\"https:\\\/\\\/fraternite-politique.chemin-neuf.org\\\/wp-content\\\/uploads\\\/2021\\\/01\\\/WERome.jpeg\",\"datePublished\":\"2021-01-14T14:41:52+00:00\",\"dateModified\":\"2022-05-05T20:23:08+00:00\",\"description\":\"Olaszorsz\u00e1g, a testv\u00e9ris\u00e9g laborat\u00f3riuma?\",\"breadcrumb\":{\"@id\":\"https:\\\/\\\/fraternite-politique.chemin-neuf.org\\\/hu\\\/esem\u00e9ny\\\/2022-rome\\\/#breadcrumb\"},\"inLanguage\":\"hu\",\"potentialAction\":[{\"@type\":\"ReadAction\",\"target\":[\"https:\\\/\\\/fraternite-politique.chemin-neuf.org\\\/hu\\\/esem\u00e9ny\\\/2022-rome\\\/\"]}]},{\"@type\":\"ImageObject\",\"inLanguage\":\"hu\",\"@id\":\"https:\\\/\\\/fraternite-politique.chemin-neuf.org\\\/hu\\\/esem\u00e9ny\\\/2022-rome\\\/#primaryimage\",\"url\":\"https:\\\/\\\/fraternite-politique.chemin-neuf.org\\\/wp-content\\\/uploads\\\/2021\\\/01\\\/WERome.jpeg\",\"contentUrl\":\"https:\\\/\\\/fraternite-politique.chemin-neuf.org\\\/wp-content\\\/uploads\\\/2021\\\/01\\\/WERome.jpeg\",\"width\":1280,\"height\":619},{\"@type\":\"BreadcrumbList\",\"@id\":\"https:\\\/\\\/fraternite-politique.chemin-neuf.org\\\/hu\\\/esem\u00e9ny\\\/2022-rome\\\/#breadcrumb\",\"itemListElement\":[{\"@type\":\"ListItem\",\"position\":1,\"name\":\"Home\",\"item\":\"https:\\\/\\\/fraternite-politique.chemin-neuf.org\\\/hu\\\/\"},{\"@type\":\"ListItem\",\"position\":2,\"name\":\"Propositions\",\"item\":\"https:\\\/\\\/fraternite-politique.chemin-neuf.org\\\/hu\\\/esem\u00e9ny\\\/\"},{\"@type\":\"ListItem\",\"position\":3,\"name\":\"Eur\u00f3pa \u00e9s a migr\u00e1ci\u00f3\"}]},{\"@type\":\"WebSite\",\"@id\":\"https:\\\/\\\/fraternite-politique.chemin-neuf.org\\\/hu\\\/#website\",\"url\":\"https:\\\/\\\/fraternite-politique.chemin-neuf.org\\\/hu\\\/\",\"name\":\"Politics Fraternity Chemin Neuf Community\",\"description\":\"Politics Fraternity of Chemin Neuf Community\",\"publisher\":{\"@id\":\"https:\\\/\\\/fraternite-politique.chemin-neuf.org\\\/hu\\\/#organization\"},\"potentialAction\":[{\"@type\":\"SearchAction\",\"target\":{\"@type\":\"EntryPoint\",\"urlTemplate\":\"https:\\\/\\\/fraternite-politique.chemin-neuf.org\\\/hu\\\/?s={search_term_string}\"},\"query-input\":{\"@type\":\"PropertyValueSpecification\",\"valueRequired\":true,\"valueName\":\"search_term_string\"}}],\"inLanguage\":\"hu\"},{\"@type\":\"Organization\",\"@id\":\"https:\\\/\\\/fraternite-politique.chemin-neuf.org\\\/hu\\\/#organization\",\"name\":\"Fraternit\u00e9 Politique Communaut\u00e9 du Chemin Neuf\",\"url\":\"https:\\\/\\\/fraternite-politique.chemin-neuf.org\\\/hu\\\/\",\"logo\":{\"@type\":\"ImageObject\",\"inLanguage\":\"hu\",\"@id\":\"https:\\\/\\\/fraternite-politique.chemin-neuf.org\\\/hu\\\/#\\\/schema\\\/logo\\\/image\\\/\",\"url\":\"https:\\\/\\\/fraternite-politique.chemin-neuf.org\\\/wp-content\\\/uploads\\\/2021\\\/02\\\/cropped-ccn-png-onglet-site-v3-large.png\",\"contentUrl\":\"https:\\\/\\\/fraternite-politique.chemin-neuf.org\\\/wp-content\\\/uploads\\\/2021\\\/02\\\/cropped-ccn-png-onglet-site-v3-large.png\",\"width\":512,\"height\":512,\"caption\":\"Fraternit\u00e9 Politique Communaut\u00e9 du Chemin Neuf\"},\"image\":{\"@id\":\"https:\\\/\\\/fraternite-politique.chemin-neuf.org\\\/hu\\\/#\\\/schema\\\/logo\\\/image\\\/\"},\"sameAs\":[\"https:\\\/\\\/www.facebook.com\\\/fratpolitiqueccn\",\"https:\\\/\\\/instagram.com\\\/fratpo\",\"https:\\\/\\\/www.youtube.com\\\/channel\\\/UC6YodqkqOIniLyqOfjMLojw\"]}]}<\/script>\n<!-- \/ Yoast SEO plugin. -->","yoast_head_json":{"title":"Eur\u00f3pa \u00e9s a migr\u00e1ci\u00f3 - Politics Fraternity Chemin Neuf Community","description":"Olaszorsz\u00e1g, a testv\u00e9ris\u00e9g laborat\u00f3riuma?","robots":{"index":"index","follow":"follow","max-snippet":"max-snippet:-1","max-image-preview":"max-image-preview:large","max-video-preview":"max-video-preview:-1"},"canonical":"https:\/\/fraternite-politique.chemin-neuf.org\/hu\/esem\u00e9ny\/2022-rome\/","og_locale":"hu_HU","og_type":"article","og_title":"Eur\u00f3pa \u00e9s a migr\u00e1ci\u00f3 - Politics Fraternity Chemin Neuf Community","og_description":"Olaszorsz\u00e1g, a testv\u00e9ris\u00e9g laborat\u00f3riuma?","og_url":"https:\/\/fraternite-politique.chemin-neuf.org\/hu\/esem\u00e9ny\/2022-rome\/","og_site_name":"Politics Fraternity Chemin Neuf Community","article_publisher":"https:\/\/www.facebook.com\/fratpolitiqueccn","article_modified_time":"2022-05-05T20:23:08+00:00","og_image":[{"width":1280,"height":619,"url":"https:\/\/fraternite-politique.chemin-neuf.org\/wp-content\/uploads\/2021\/01\/WERome.jpeg","type":"image\/jpeg"}],"twitter_card":"summary_large_image","twitter_misc":{"Becs\u00fclt olvas\u00e1si id\u0151":"2 perc"},"schema":{"@context":"https:\/\/schema.org","@graph":[{"@type":"WebPage","@id":"https:\/\/fraternite-politique.chemin-neuf.org\/hu\/esem\u00e9ny\/2022-rome\/","url":"https:\/\/fraternite-politique.chemin-neuf.org\/hu\/esem\u00e9ny\/2022-rome\/","name":"Eur\u00f3pa \u00e9s a migr\u00e1ci\u00f3 - Politics Fraternity Chemin Neuf Community","isPartOf":{"@id":"https:\/\/fraternite-politique.chemin-neuf.org\/hu\/#website"},"primaryImageOfPage":{"@id":"https:\/\/fraternite-politique.chemin-neuf.org\/hu\/esem\u00e9ny\/2022-rome\/#primaryimage"},"image":{"@id":"https:\/\/fraternite-politique.chemin-neuf.org\/hu\/esem\u00e9ny\/2022-rome\/#primaryimage"},"thumbnailUrl":"https:\/\/fraternite-politique.chemin-neuf.org\/wp-content\/uploads\/2021\/01\/WERome.jpeg","datePublished":"2021-01-14T14:41:52+00:00","dateModified":"2022-05-05T20:23:08+00:00","description":"Olaszorsz\u00e1g, a testv\u00e9ris\u00e9g laborat\u00f3riuma?","breadcrumb":{"@id":"https:\/\/fraternite-politique.chemin-neuf.org\/hu\/esem\u00e9ny\/2022-rome\/#breadcrumb"},"inLanguage":"hu","potentialAction":[{"@type":"ReadAction","target":["https:\/\/fraternite-politique.chemin-neuf.org\/hu\/esem\u00e9ny\/2022-rome\/"]}]},{"@type":"ImageObject","inLanguage":"hu","@id":"https:\/\/fraternite-politique.chemin-neuf.org\/hu\/esem\u00e9ny\/2022-rome\/#primaryimage","url":"https:\/\/fraternite-politique.chemin-neuf.org\/wp-content\/uploads\/2021\/01\/WERome.jpeg","contentUrl":"https:\/\/fraternite-politique.chemin-neuf.org\/wp-content\/uploads\/2021\/01\/WERome.jpeg","width":1280,"height":619},{"@type":"BreadcrumbList","@id":"https:\/\/fraternite-politique.chemin-neuf.org\/hu\/esem\u00e9ny\/2022-rome\/#breadcrumb","itemListElement":[{"@type":"ListItem","position":1,"name":"Home","item":"https:\/\/fraternite-politique.chemin-neuf.org\/hu\/"},{"@type":"ListItem","position":2,"name":"Propositions","item":"https:\/\/fraternite-politique.chemin-neuf.org\/hu\/esem\u00e9ny\/"},{"@type":"ListItem","position":3,"name":"Eur\u00f3pa \u00e9s a migr\u00e1ci\u00f3"}]},{"@type":"WebSite","@id":"https:\/\/fraternite-politique.chemin-neuf.org\/hu\/#website","url":"https:\/\/fraternite-politique.chemin-neuf.org\/hu\/","name":"Politics Fraternity Chemin Neuf Community","description":"Politics Fraternity of Chemin Neuf Community","publisher":{"@id":"https:\/\/fraternite-politique.chemin-neuf.org\/hu\/#organization"},"potentialAction":[{"@type":"SearchAction","target":{"@type":"EntryPoint","urlTemplate":"https:\/\/fraternite-politique.chemin-neuf.org\/hu\/?s={search_term_string}"},"query-input":{"@type":"PropertyValueSpecification","valueRequired":true,"valueName":"search_term_string"}}],"inLanguage":"hu"},{"@type":"Organization","@id":"https:\/\/fraternite-politique.chemin-neuf.org\/hu\/#organization","name":"Fraternit\u00e9 Politique Communaut\u00e9 du Chemin Neuf","url":"https:\/\/fraternite-politique.chemin-neuf.org\/hu\/","logo":{"@type":"ImageObject","inLanguage":"hu","@id":"https:\/\/fraternite-politique.chemin-neuf.org\/hu\/#\/schema\/logo\/image\/","url":"https:\/\/fraternite-politique.chemin-neuf.org\/wp-content\/uploads\/2021\/02\/cropped-ccn-png-onglet-site-v3-large.png","contentUrl":"https:\/\/fraternite-politique.chemin-neuf.org\/wp-content\/uploads\/2021\/02\/cropped-ccn-png-onglet-site-v3-large.png","width":512,"height":512,"caption":"Fraternit\u00e9 Politique Communaut\u00e9 du Chemin Neuf"},"image":{"@id":"https:\/\/fraternite-politique.chemin-neuf.org\/hu\/#\/schema\/logo\/image\/"},"sameAs":["https:\/\/www.facebook.com\/fratpolitiqueccn","https:\/\/instagram.com\/fratpo","https:\/\/www.youtube.com\/channel\/UC6YodqkqOIniLyqOfjMLojw"]}]}},"_links":{"self":[{"href":"https:\/\/fraternite-politique.chemin-neuf.org\/hu\/wp-json\/wp\/v2\/proposition\/5532","targetHints":{"allow":["GET"]}}],"collection":[{"href":"https:\/\/fraternite-politique.chemin-neuf.org\/hu\/wp-json\/wp\/v2\/proposition"}],"about":[{"href":"https:\/\/fraternite-politique.chemin-neuf.org\/hu\/wp-json\/wp\/v2\/types\/proposition"}],"version-history":[{"count":8,"href":"https:\/\/fraternite-politique.chemin-neuf.org\/hu\/wp-json\/wp\/v2\/proposition\/5532\/revisions"}],"predecessor-version":[{"id":6889,"href":"https:\/\/fraternite-politique.chemin-neuf.org\/hu\/wp-json\/wp\/v2\/proposition\/5532\/revisions\/6889"}],"wp:featuredmedia":[{"embeddable":true,"href":"https:\/\/fraternite-politique.chemin-neuf.org\/hu\/wp-json\/wp\/v2\/media\/5535"}],"wp:attachment":[{"href":"https:\/\/fraternite-politique.chemin-neuf.org\/hu\/wp-json\/wp\/v2\/media?parent=5532"}],"wp:term":[{"taxonomy":"prop-category","embeddable":true,"href":"https:\/\/fraternite-politique.chemin-neuf.org\/hu\/wp-json\/wp\/v2\/prop-category?post=5532"},{"taxonomy":"prop-duration","embeddable":true,"href":"https:\/\/fraternite-politique.chemin-neuf.org\/hu\/wp-json\/wp\/v2\/prop-duration?post=5532"}],"curies":[{"name":"wp","href":"https:\/\/api.w.org\/{rel}","templated":true}]}}