{"id":5662,"date":"2021-02-07T15:00:15","date_gmt":"2021-02-07T14:00:15","guid":{"rendered":"https:\/\/fraternite-politique.chemin-neuf.org\/?page_id=5662"},"modified":"2022-03-02T17:15:53","modified_gmt":"2022-03-02T16:15:53","slug":"elkotelezodes","status":"publish","type":"page","link":"https:\/\/fraternite-politique.chemin-neuf.org\/hu\/csatlakozz-hozzank\/elkotelezodes\/","title":{"rendered":"Elk\u00f6telez\u0151d\u00e9s a Politikai Testv\u00e9ris\u00e9gben"},"content":{"rendered":"\n<p>Ha csatlakozol a Politikai Testv\u00e9ris\u00e9ghez, az\u00e9rt tedd, mert Krisztust akarod a K\u00f6zj\u00f3 ir\u00e1nti szolg\u00e1latod k\u00f6z\u00e9ppontj\u00e1ba helyezni, \u00e9s hogy m\u00e1sokkal egy\u00fctt meg\u00e9ld azt a testv\u00e9ris\u00e9get, amelyet a vil\u00e1g sz\u00e1m\u00e1ra meg\u00e1lmodt\u00e1l.<\/p>\n\n\n\n<p>Azoknak, akik szeretn\u00e9k, egy \u00e9ves elk\u00f6telezetts\u00e9get aj\u00e1nlunk, hogy t\u00e1mogassuk \u00e9s b\u00e1tor\u00edtsuk politikai \u00fajtukat, amelyet m\u00e1r bej\u00e1rtak. Ezek azok az elk\u00f6telezett tagok, akik egy\u00fctt alkotj\u00e1k a Politikai Testv\u00e9ris\u00e9get.<\/p>\n\n\n\n<h2 class=\"wp-block-heading\">Az 5 alappill\u00e9r<\/h2>\n\n\n\n<p>Az elk\u00f6telez\u0151d\u00e9s a Politikai Testv\u00e9ris\u00e9gben a k\u00f6vetkez\u0151 5 ter\u00fcletre oszlik.<\/p>\n\n\n\n<h3 class=\"wp-block-heading\">Testv\u00e9ris\u00e9g<\/h3>\n\n\n\n<p>5-10 fiatalb\u00f3l \u00e1ll\u00f3 testv\u00e9ri megoszt\u00f3 csoportokat hozunkk l\u00e9tre, lehet\u0151s\u00e9g szerint a saj\u00e1t v\u00e1rosunkban vagy r\u00e9gi\u00f3nkban, vagy saj\u00e1t nyelv\u00fcnk\u00f6n, videokonferenci\u00e1n kereszt\u00fcl.<br>Ezekkel a helyi testv\u00e9ri csoportokkal havonta egyszer tal\u00e1lkozunk, hogy sz\u00e1mot vess\u00fcnk mindennapi \u00e9let\u00fcnkkel, hogy \u00fajraolvassuk \u00e9s meghallgassuk, hogyan vezeti a Szentl\u00e9lek elk\u00f6telezetts\u00e9g\u00fcnket \u00e9s \u00e9let\u00fcnket, \u00e9s hogy im\u00e1dkozzunk egym\u00e1s\u00e9rt.<\/p>\n\n\n\n<p>Tapasztalataink, meggy\u0151z\u0151d\u00e9seink \u00e9s nemzeti vagy egyh\u00e1zi kult\u00far\u00e1ink sokf\u00e9les\u00e9g\u00e9ben \u00edgy konkr\u00e9tan megtapasztaljuk azt az egys\u00e9get, amelyet egyed\u00fcl Krisztus tud megval\u00f3s\u00edtani k\u00f6z\u00f6tt\u00fcnk.<\/p>\n\n\n\n<div class=\"wp-block-buttons is-horizontal is-content-justification-center is-layout-flex wp-container-core-buttons-is-layout-499968f5 wp-block-buttons-is-layout-flex\">\n<div class=\"wp-block-button\"><a class=\"wp-block-button__link has-white-color has-orange-background-color has-text-color has-background\" href=\"https:\/\/fraternite-politique.chemin-neuf.org\/hu\/kapcsolat\/\">Keress egy kiscsoportot<\/a><\/div>\n<\/div>\n\n\n\n<h3 class=\"wp-block-heading\">K\u00f6zbenj\u00e1r\u00e1s<\/h3>\n\n\n\n<p><em>\u201eHa ketten k\u00f6z\u00fcletek valamiben egyet\u00e9rtenek a f\u00f6ld\u00f6n, \u00e9s \u00fagy k\u00e9rik, megkapj\u00e1k mennyei Aty\u00e1mt\u00f3l. Ahol ugyanis ketten vagy h\u00e1rman \u00f6sszegy\u0171lnek a nevemben, ott vagyok k\u00f6z\u00f6tt\u00fck.\u201d<\/em> (M\u00e1t\u00e9 18, 19-20)<\/p>\n\n\n\n<p>Mi hisz\u00fcnk Krisztusnak ebben az Ig\u00e9j\u00e9ben! <br>\u00c9s tudjuk, hogy ha \u0150 h\u00edv minket szolg\u00e1latra, akkor \u0150 egyed\u00fcl meg tud menteni \u00e9s csod\u00e1kat tenni.<\/p>\n\n\n\n<p>A Politikai Testv\u00e9ris\u00e9g minden elk\u00f6telezett tagja minden vas\u00e1rnap este egy WhatsApp-k\u00e1poln\u00e1n tal\u00e1lkozik egy tizen\u00f6t perces ima\u00f3r\u00e1ra. Mindannyian felv\u00e1ltva j\u00e1runk k\u00f6zben h\u00e9tr\u0151l h\u00e9tre orsz\u00e1gunk politikai szerepl\u0151i\u00e9rt, vil\u00e1gunk szeg\u00e9nyei\u00e9rt vagy az aktu\u00e1lis esem\u00e9nyek f\u0151szerepl\u0151i\u00e9rt.<\/p>\n\n\n\n<h3 class=\"wp-block-heading\">K\u00e9pz\u00e9s<\/h3>\n\n\n\n<p>Mivel sz\u00fcks\u00e9ges, hogy meg\u00e9rts\u00fck a vil\u00e1got, ahol Isten h\u00edv minket, a Politikai Testv\u00e9ris\u00e9g tagjai elk\u00f6telezettek a k\u00e9pz\u00e9s ir\u00e1nt. Sz\u00e1munkra, fiatal kereszt\u00e9nyek sz\u00e1m\u00e1ra a k\u00e9pz\u00e9s azt is jelenti, hogy az evang\u00e9lium forr\u00e1saib\u00f3l \u00e9s egyh\u00e1zaink t\u00e1rsadalmi tan\u00edt\u00e1s\u00e1b\u00f3l mer\u00edt\u00fcnk: ez k\u00e9ts\u00e9gtelen\u00fcl az a kincs, amelyet embertestv\u00e9reinknek kell vinn\u00fcnk; j\u00f3, ha magunk is megkapjuk!<\/p>\n\n\n\n<p>Ez az intellektu\u00e1lis k\u00e9pz\u00e9s \u00e9rtelmetlen lenne szil\u00e1rd lelki k\u00e9pz\u00e9s n\u00e9lk\u00fcl: &#8222;legyenek gy\u00f6kerei az \u00e1gaitoknak&#8221;! Minden egyes tal\u00e1lkoz\u00f3nk megny\u00edlik erre a gy\u00f6kerez\u00e9sre, a Chemin Neuf K\u00f6z\u00f6ss\u00e9g lelkis\u00e9g\u00e9nek megoszt\u00e1s\u00e1val.<\/p>\n\n\n\n<p>Az \u00e9v sor\u00e1n 3 tematikus k\u00e9pz\u00e9si h\u00e9tv\u00e9g\u00e9t szerveznek k\u00fcl\u00f6nb\u00f6z\u0151 orsz\u00e1gokban. Ezek a nemzetk\u00f6zi tal\u00e1lkoz\u00f3k lehet\u0151s\u00e9get adnak arra is, hogy a helyi testv\u00e9ris\u00e9gekn\u00e9l sz\u00e9lesebb k\u00f6rben tal\u00e1lkozzunk!<\/p>\n\n\n\n<h3 class=\"wp-block-heading\">Szolg\u00e1lat<\/h3>\n\n\n\n<p>A Politikai Testv\u00e9ris\u00e9g ir\u00e1nti elk\u00f6telezetts\u00e9g nem csak politikai elk\u00f6telezetts\u00e9g!<\/p>\n\n\n\n<p>N\u00e9h\u00e1nyan \u00fagy tal\u00e1lj\u00e1k, hogy ez egy m\u00f3dja annak, hogy k\u00eds\u00e9rj\u00e9k \u00e9s t\u00e1mogass\u00e1k azt az elk\u00f6telezetts\u00e9get, amellyel m\u00e1r rendelkeznek a vil\u00e1gban. Ezek a fiatalok term\u00e9szetesen er\u0151s tan\u00fas\u00e1got tesznek azok sz\u00e1m\u00e1ra, akik csatlakoznak hozz\u00e1nk \u00fagy, hogy m\u00e9g nem rendelkeznek konkr\u00e9t elk\u00f6telez\u0151d\u00e9ssel.<\/p>\n\n\n\n<p>Azoknak, akik azzal a c\u00e9llal csatlakoznak hozz\u00e1nk, hogy eld\u00f6nts\u00e9k, hol adj\u00e1k oda magukat, azt k\u00e9rj\u00fck, hogy v\u00e1lasszanak egy olyan helyet, ahol konkr\u00e9tan elk\u00f6telezik magukat egy \u00e9vre. Ez\u00e1ltal val\u00f3ban k\u00e9pesek lesznek felismerni, hogy m\u00e1r megtett\u00e9k az els\u0151 l\u00e9p\u00e9st.. azaz elindultak! Ez a szolg\u00e1lat b\u00e1rmilyen form\u00e1t \u00f6lthet: aktivizmus, t\u00e1rsadalmi munka, \u00e9rdek\u00e9tv\u00e9nyes\u00edt\u00e9s, &#8230;<\/p>\n\n\n\n<h3 class=\"wp-block-heading\">Tan\u00fas\u00e1gt\u00e9tel<\/h3>\n\n\n\n<p>A politikai \u00e9let gyakran nem teszi lehet\u0151v\u00e9, hogy ny\u00edltan megmutassuk hitbeli meggy\u0151z\u0151d\u00e9s\u00fcnket, m\u00e9g akkor sem, ha az l\u00e9nyeg\u00e9ben t\u00e1mogatn\u00e1 cselekedeteinket.Tan\u00fai vagyunk azonban olyan f\u00e9rfiaknak \u00e9s n\u0151knek, akik szeretetet \u00e9s igazs\u00e1goss\u00e1got sug\u00e1roznak Isten akarat\u00e1nak \u00e1lland\u00f3 keres\u00e9s\u00e9ben.<\/p>\n\n\n\n<p>Ez\u00e9rt szeretn\u00e9nk egyre ink\u00e1bb meg\u00e9lni a cselekedeteink \u00e9s az evang\u00e9lium \u00fczenete k\u00f6z\u00f6tti \u00f6sszhangot. Ez a szem\u00e9lyes megt\u00e9r\u00e9s mag\u00e1ban foglalhatja a Krisztushoz val\u00f3 mindennapi k\u00f6t\u0151d\u00e9st, a rendszeres lelki vezet\u00e9s t\u00e1mogat\u00e1s\u00e1t, vagy id\u0151nk \u00e9s tehets\u00e9g\u00fcnk \u00f6nzetlen felaj\u00e1nl\u00e1s\u00e1t.<\/p>\n","protected":false},"excerpt":{"rendered":"<p>Ha csatlakozol a Politikai Testv\u00e9ris\u00e9ghez, az\u00e9rt tedd, mert Krisztust akarod a K\u00f6zj\u00f3 ir\u00e1nti szolg\u00e1latod k\u00f6z\u00e9ppontj\u00e1ba helyezni, \u00e9s hogy m\u00e1sokkal egy\u00fctt meg\u00e9ld azt a testv\u00e9ris\u00e9get, amelyet a vil\u00e1g sz\u00e1m\u00e1ra meg\u00e1lmodt\u00e1l. Azoknak, akik szeretn\u00e9k, egy \u00e9ves elk\u00f6telezetts\u00e9get aj\u00e1nlunk, hogy t\u00e1mogassuk \u00e9s b\u00e1tor\u00edtsuk politikai \u00fajtukat, amelyet m\u00e1r bej\u00e1rtak. Ezek azok az elk\u00f6telezett tagok, akik egy\u00fctt alkotj\u00e1k a Politikai [&hellip;]<\/p>\n","protected":false},"author":6,"featured_media":5431,"parent":5635,"menu_order":0,"comment_status":"closed","ping_status":"closed","template":"","meta":{"_acf_changed":false,"footnotes":""},"class_list":["post-5662","page","type-page","status-publish","has-post-thumbnail","hentry"],"acf":[],"yoast_head":"<!-- This site is optimized with the Yoast SEO plugin v27.5 - https:\/\/yoast.com\/product\/yoast-seo-wordpress\/ -->\n<title>Elk\u00f6telez\u0151d\u00e9s a Politikai Testv\u00e9ris\u00e9gben - Politics Fraternity Chemin Neuf Community<\/title>\n<meta name=\"description\" content=\"Ha csatlakozol a Politikai Testv\u00e9ris\u00e9ghez, az\u00e9rt tedd, mert Krisztust akarod a K\u00f6zj\u00f3 ir\u00e1nti szolg\u00e1latod k\u00f6z\u00e9ppontj\u00e1ba helyezni, \u00e9s hogy m\u00e1sokkal egy\u00fctt\" \/>\n<meta name=\"robots\" content=\"index, follow, max-snippet:-1, max-image-preview:large, max-video-preview:-1\" \/>\n<link rel=\"canonical\" href=\"https:\/\/fraternite-politique.chemin-neuf.org\/hu\/csatlakozz-hozzank\/elkotelezodes\/\" \/>\n<meta property=\"og:locale\" content=\"hu_HU\" \/>\n<meta property=\"og:type\" content=\"article\" \/>\n<meta property=\"og:title\" content=\"Elk\u00f6telez\u0151d\u00e9s a Politikai Testv\u00e9ris\u00e9gben - Politics Fraternity Chemin Neuf Community\" \/>\n<meta property=\"og:description\" content=\"Ha csatlakozol a Politikai Testv\u00e9ris\u00e9ghez, az\u00e9rt tedd, mert Krisztust akarod a K\u00f6zj\u00f3 ir\u00e1nti szolg\u00e1latod k\u00f6z\u00e9ppontj\u00e1ba helyezni, \u00e9s hogy m\u00e1sokkal egy\u00fctt\" \/>\n<meta property=\"og:url\" content=\"https:\/\/fraternite-politique.chemin-neuf.org\/hu\/csatlakozz-hozzank\/elkotelezodes\/\" \/>\n<meta property=\"og:site_name\" content=\"Politics Fraternity Chemin Neuf Community\" \/>\n<meta property=\"article:publisher\" content=\"https:\/\/www.facebook.com\/fratpolitiqueccn\" \/>\n<meta property=\"article:modified_time\" content=\"2022-03-02T16:15:53+00:00\" \/>\n<meta property=\"og:image\" content=\"https:\/\/fraternite-politique.chemin-neuf.org\/wp-content\/uploads\/2021\/02\/57c54ba0245640c3018d13ceFraternite-politique.jpg\" \/>\n\t<meta property=\"og:image:width\" content=\"1800\" \/>\n\t<meta property=\"og:image:height\" content=\"1043\" \/>\n\t<meta property=\"og:image:type\" content=\"image\/jpeg\" \/>\n<meta name=\"twitter:card\" content=\"summary_large_image\" \/>\n<meta name=\"twitter:label1\" content=\"Becs\u00fclt olvas\u00e1si id\u0151\" \/>\n\t<meta name=\"twitter:data1\" content=\"3 perc\" \/>\n<script type=\"application\/ld+json\" class=\"yoast-schema-graph\">{\"@context\":\"https:\\\/\\\/schema.org\",\"@graph\":[{\"@type\":\"WebPage\",\"@id\":\"https:\\\/\\\/fraternite-politique.chemin-neuf.org\\\/hu\\\/csatlakozz-hozzank\\\/elkotelezodes\\\/\",\"url\":\"https:\\\/\\\/fraternite-politique.chemin-neuf.org\\\/hu\\\/csatlakozz-hozzank\\\/elkotelezodes\\\/\",\"name\":\"Elk\u00f6telez\u0151d\u00e9s a Politikai Testv\u00e9ris\u00e9gben - Politics Fraternity Chemin Neuf Community\",\"isPartOf\":{\"@id\":\"https:\\\/\\\/fraternite-politique.chemin-neuf.org\\\/hu\\\/#website\"},\"primaryImageOfPage\":{\"@id\":\"https:\\\/\\\/fraternite-politique.chemin-neuf.org\\\/hu\\\/csatlakozz-hozzank\\\/elkotelezodes\\\/#primaryimage\"},\"image\":{\"@id\":\"https:\\\/\\\/fraternite-politique.chemin-neuf.org\\\/hu\\\/csatlakozz-hozzank\\\/elkotelezodes\\\/#primaryimage\"},\"thumbnailUrl\":\"https:\\\/\\\/fraternite-politique.chemin-neuf.org\\\/wp-content\\\/uploads\\\/2021\\\/02\\\/57c54ba0245640c3018d13ceFraternite-politique.jpg\",\"datePublished\":\"2021-02-07T14:00:15+00:00\",\"dateModified\":\"2022-03-02T16:15:53+00:00\",\"description\":\"Ha csatlakozol a Politikai Testv\u00e9ris\u00e9ghez, az\u00e9rt tedd, mert Krisztust akarod a K\u00f6zj\u00f3 ir\u00e1nti szolg\u00e1latod k\u00f6z\u00e9ppontj\u00e1ba helyezni, \u00e9s hogy m\u00e1sokkal egy\u00fctt\",\"breadcrumb\":{\"@id\":\"https:\\\/\\\/fraternite-politique.chemin-neuf.org\\\/hu\\\/csatlakozz-hozzank\\\/elkotelezodes\\\/#breadcrumb\"},\"inLanguage\":\"hu\",\"potentialAction\":[{\"@type\":\"ReadAction\",\"target\":[\"https:\\\/\\\/fraternite-politique.chemin-neuf.org\\\/hu\\\/csatlakozz-hozzank\\\/elkotelezodes\\\/\"]}]},{\"@type\":\"ImageObject\",\"inLanguage\":\"hu\",\"@id\":\"https:\\\/\\\/fraternite-politique.chemin-neuf.org\\\/hu\\\/csatlakozz-hozzank\\\/elkotelezodes\\\/#primaryimage\",\"url\":\"https:\\\/\\\/fraternite-politique.chemin-neuf.org\\\/wp-content\\\/uploads\\\/2021\\\/02\\\/57c54ba0245640c3018d13ceFraternite-politique.jpg\",\"contentUrl\":\"https:\\\/\\\/fraternite-politique.chemin-neuf.org\\\/wp-content\\\/uploads\\\/2021\\\/02\\\/57c54ba0245640c3018d13ceFraternite-politique.jpg\",\"width\":1800,\"height\":1043},{\"@type\":\"BreadcrumbList\",\"@id\":\"https:\\\/\\\/fraternite-politique.chemin-neuf.org\\\/hu\\\/csatlakozz-hozzank\\\/elkotelezodes\\\/#breadcrumb\",\"itemListElement\":[{\"@type\":\"ListItem\",\"position\":1,\"name\":\"Home\",\"item\":\"https:\\\/\\\/fraternite-politique.chemin-neuf.org\\\/hu\\\/\"},{\"@type\":\"ListItem\",\"position\":2,\"name\":\"CSATLAKOZZ HOZZ\u00c1NK\",\"item\":\"https:\\\/\\\/fraternite-politique.chemin-neuf.org\\\/hu\\\/csatlakozz-hozzank\\\/\"},{\"@type\":\"ListItem\",\"position\":3,\"name\":\"Elk\u00f6telez\u0151d\u00e9s a Politikai Testv\u00e9ris\u00e9gben\"}]},{\"@type\":\"WebSite\",\"@id\":\"https:\\\/\\\/fraternite-politique.chemin-neuf.org\\\/hu\\\/#website\",\"url\":\"https:\\\/\\\/fraternite-politique.chemin-neuf.org\\\/hu\\\/\",\"name\":\"Politics Fraternity Chemin Neuf Community\",\"description\":\"Politics Fraternity of Chemin Neuf Community\",\"publisher\":{\"@id\":\"https:\\\/\\\/fraternite-politique.chemin-neuf.org\\\/hu\\\/#organization\"},\"potentialAction\":[{\"@type\":\"SearchAction\",\"target\":{\"@type\":\"EntryPoint\",\"urlTemplate\":\"https:\\\/\\\/fraternite-politique.chemin-neuf.org\\\/hu\\\/?s={search_term_string}\"},\"query-input\":{\"@type\":\"PropertyValueSpecification\",\"valueRequired\":true,\"valueName\":\"search_term_string\"}}],\"inLanguage\":\"hu\"},{\"@type\":\"Organization\",\"@id\":\"https:\\\/\\\/fraternite-politique.chemin-neuf.org\\\/hu\\\/#organization\",\"name\":\"Fraternit\u00e9 Politique Communaut\u00e9 du Chemin Neuf\",\"url\":\"https:\\\/\\\/fraternite-politique.chemin-neuf.org\\\/hu\\\/\",\"logo\":{\"@type\":\"ImageObject\",\"inLanguage\":\"hu\",\"@id\":\"https:\\\/\\\/fraternite-politique.chemin-neuf.org\\\/hu\\\/#\\\/schema\\\/logo\\\/image\\\/\",\"url\":\"https:\\\/\\\/fraternite-politique.chemin-neuf.org\\\/wp-content\\\/uploads\\\/2021\\\/02\\\/cropped-ccn-png-onglet-site-v3-large.png\",\"contentUrl\":\"https:\\\/\\\/fraternite-politique.chemin-neuf.org\\\/wp-content\\\/uploads\\\/2021\\\/02\\\/cropped-ccn-png-onglet-site-v3-large.png\",\"width\":512,\"height\":512,\"caption\":\"Fraternit\u00e9 Politique Communaut\u00e9 du Chemin Neuf\"},\"image\":{\"@id\":\"https:\\\/\\\/fraternite-politique.chemin-neuf.org\\\/hu\\\/#\\\/schema\\\/logo\\\/image\\\/\"},\"sameAs\":[\"https:\\\/\\\/www.facebook.com\\\/fratpolitiqueccn\",\"https:\\\/\\\/instagram.com\\\/fratpo\",\"https:\\\/\\\/www.youtube.com\\\/channel\\\/UC6YodqkqOIniLyqOfjMLojw\"]}]}<\/script>\n<!-- \/ Yoast SEO plugin. -->","yoast_head_json":{"title":"Elk\u00f6telez\u0151d\u00e9s a Politikai Testv\u00e9ris\u00e9gben - Politics Fraternity Chemin Neuf Community","description":"Ha csatlakozol a Politikai Testv\u00e9ris\u00e9ghez, az\u00e9rt tedd, mert Krisztust akarod a K\u00f6zj\u00f3 ir\u00e1nti szolg\u00e1latod k\u00f6z\u00e9ppontj\u00e1ba helyezni, \u00e9s hogy m\u00e1sokkal egy\u00fctt","robots":{"index":"index","follow":"follow","max-snippet":"max-snippet:-1","max-image-preview":"max-image-preview:large","max-video-preview":"max-video-preview:-1"},"canonical":"https:\/\/fraternite-politique.chemin-neuf.org\/hu\/csatlakozz-hozzank\/elkotelezodes\/","og_locale":"hu_HU","og_type":"article","og_title":"Elk\u00f6telez\u0151d\u00e9s a Politikai Testv\u00e9ris\u00e9gben - Politics Fraternity Chemin Neuf Community","og_description":"Ha csatlakozol a Politikai Testv\u00e9ris\u00e9ghez, az\u00e9rt tedd, mert Krisztust akarod a K\u00f6zj\u00f3 ir\u00e1nti szolg\u00e1latod k\u00f6z\u00e9ppontj\u00e1ba helyezni, \u00e9s hogy m\u00e1sokkal egy\u00fctt","og_url":"https:\/\/fraternite-politique.chemin-neuf.org\/hu\/csatlakozz-hozzank\/elkotelezodes\/","og_site_name":"Politics Fraternity Chemin Neuf Community","article_publisher":"https:\/\/www.facebook.com\/fratpolitiqueccn","article_modified_time":"2022-03-02T16:15:53+00:00","og_image":[{"width":1800,"height":1043,"url":"https:\/\/fraternite-politique.chemin-neuf.org\/wp-content\/uploads\/2021\/02\/57c54ba0245640c3018d13ceFraternite-politique.jpg","type":"image\/jpeg"}],"twitter_card":"summary_large_image","twitter_misc":{"Becs\u00fclt olvas\u00e1si id\u0151":"3 perc"},"schema":{"@context":"https:\/\/schema.org","@graph":[{"@type":"WebPage","@id":"https:\/\/fraternite-politique.chemin-neuf.org\/hu\/csatlakozz-hozzank\/elkotelezodes\/","url":"https:\/\/fraternite-politique.chemin-neuf.org\/hu\/csatlakozz-hozzank\/elkotelezodes\/","name":"Elk\u00f6telez\u0151d\u00e9s a Politikai Testv\u00e9ris\u00e9gben - Politics Fraternity Chemin Neuf Community","isPartOf":{"@id":"https:\/\/fraternite-politique.chemin-neuf.org\/hu\/#website"},"primaryImageOfPage":{"@id":"https:\/\/fraternite-politique.chemin-neuf.org\/hu\/csatlakozz-hozzank\/elkotelezodes\/#primaryimage"},"image":{"@id":"https:\/\/fraternite-politique.chemin-neuf.org\/hu\/csatlakozz-hozzank\/elkotelezodes\/#primaryimage"},"thumbnailUrl":"https:\/\/fraternite-politique.chemin-neuf.org\/wp-content\/uploads\/2021\/02\/57c54ba0245640c3018d13ceFraternite-politique.jpg","datePublished":"2021-02-07T14:00:15+00:00","dateModified":"2022-03-02T16:15:53+00:00","description":"Ha csatlakozol a Politikai Testv\u00e9ris\u00e9ghez, az\u00e9rt tedd, mert Krisztust akarod a K\u00f6zj\u00f3 ir\u00e1nti szolg\u00e1latod k\u00f6z\u00e9ppontj\u00e1ba helyezni, \u00e9s hogy m\u00e1sokkal egy\u00fctt","breadcrumb":{"@id":"https:\/\/fraternite-politique.chemin-neuf.org\/hu\/csatlakozz-hozzank\/elkotelezodes\/#breadcrumb"},"inLanguage":"hu","potentialAction":[{"@type":"ReadAction","target":["https:\/\/fraternite-politique.chemin-neuf.org\/hu\/csatlakozz-hozzank\/elkotelezodes\/"]}]},{"@type":"ImageObject","inLanguage":"hu","@id":"https:\/\/fraternite-politique.chemin-neuf.org\/hu\/csatlakozz-hozzank\/elkotelezodes\/#primaryimage","url":"https:\/\/fraternite-politique.chemin-neuf.org\/wp-content\/uploads\/2021\/02\/57c54ba0245640c3018d13ceFraternite-politique.jpg","contentUrl":"https:\/\/fraternite-politique.chemin-neuf.org\/wp-content\/uploads\/2021\/02\/57c54ba0245640c3018d13ceFraternite-politique.jpg","width":1800,"height":1043},{"@type":"BreadcrumbList","@id":"https:\/\/fraternite-politique.chemin-neuf.org\/hu\/csatlakozz-hozzank\/elkotelezodes\/#breadcrumb","itemListElement":[{"@type":"ListItem","position":1,"name":"Home","item":"https:\/\/fraternite-politique.chemin-neuf.org\/hu\/"},{"@type":"ListItem","position":2,"name":"CSATLAKOZZ HOZZ\u00c1NK","item":"https:\/\/fraternite-politique.chemin-neuf.org\/hu\/csatlakozz-hozzank\/"},{"@type":"ListItem","position":3,"name":"Elk\u00f6telez\u0151d\u00e9s a Politikai Testv\u00e9ris\u00e9gben"}]},{"@type":"WebSite","@id":"https:\/\/fraternite-politique.chemin-neuf.org\/hu\/#website","url":"https:\/\/fraternite-politique.chemin-neuf.org\/hu\/","name":"Politics Fraternity Chemin Neuf Community","description":"Politics Fraternity of Chemin Neuf Community","publisher":{"@id":"https:\/\/fraternite-politique.chemin-neuf.org\/hu\/#organization"},"potentialAction":[{"@type":"SearchAction","target":{"@type":"EntryPoint","urlTemplate":"https:\/\/fraternite-politique.chemin-neuf.org\/hu\/?s={search_term_string}"},"query-input":{"@type":"PropertyValueSpecification","valueRequired":true,"valueName":"search_term_string"}}],"inLanguage":"hu"},{"@type":"Organization","@id":"https:\/\/fraternite-politique.chemin-neuf.org\/hu\/#organization","name":"Fraternit\u00e9 Politique Communaut\u00e9 du Chemin Neuf","url":"https:\/\/fraternite-politique.chemin-neuf.org\/hu\/","logo":{"@type":"ImageObject","inLanguage":"hu","@id":"https:\/\/fraternite-politique.chemin-neuf.org\/hu\/#\/schema\/logo\/image\/","url":"https:\/\/fraternite-politique.chemin-neuf.org\/wp-content\/uploads\/2021\/02\/cropped-ccn-png-onglet-site-v3-large.png","contentUrl":"https:\/\/fraternite-politique.chemin-neuf.org\/wp-content\/uploads\/2021\/02\/cropped-ccn-png-onglet-site-v3-large.png","width":512,"height":512,"caption":"Fraternit\u00e9 Politique Communaut\u00e9 du Chemin Neuf"},"image":{"@id":"https:\/\/fraternite-politique.chemin-neuf.org\/hu\/#\/schema\/logo\/image\/"},"sameAs":["https:\/\/www.facebook.com\/fratpolitiqueccn","https:\/\/instagram.com\/fratpo","https:\/\/www.youtube.com\/channel\/UC6YodqkqOIniLyqOfjMLojw"]}]}},"_links":{"self":[{"href":"https:\/\/fraternite-politique.chemin-neuf.org\/hu\/wp-json\/wp\/v2\/pages\/5662","targetHints":{"allow":["GET"]}}],"collection":[{"href":"https:\/\/fraternite-politique.chemin-neuf.org\/hu\/wp-json\/wp\/v2\/pages"}],"about":[{"href":"https:\/\/fraternite-politique.chemin-neuf.org\/hu\/wp-json\/wp\/v2\/types\/page"}],"author":[{"embeddable":true,"href":"https:\/\/fraternite-politique.chemin-neuf.org\/hu\/wp-json\/wp\/v2\/users\/6"}],"replies":[{"embeddable":true,"href":"https:\/\/fraternite-politique.chemin-neuf.org\/hu\/wp-json\/wp\/v2\/comments?post=5662"}],"version-history":[{"count":2,"href":"https:\/\/fraternite-politique.chemin-neuf.org\/hu\/wp-json\/wp\/v2\/pages\/5662\/revisions"}],"predecessor-version":[{"id":5668,"href":"https:\/\/fraternite-politique.chemin-neuf.org\/hu\/wp-json\/wp\/v2\/pages\/5662\/revisions\/5668"}],"up":[{"embeddable":true,"href":"https:\/\/fraternite-politique.chemin-neuf.org\/hu\/wp-json\/wp\/v2\/pages\/5635"}],"wp:featuredmedia":[{"embeddable":true,"href":"https:\/\/fraternite-politique.chemin-neuf.org\/hu\/wp-json\/wp\/v2\/media\/5431"}],"wp:attachment":[{"href":"https:\/\/fraternite-politique.chemin-neuf.org\/hu\/wp-json\/wp\/v2\/media?parent=5662"}],"curies":[{"name":"wp","href":"https:\/\/api.w.org\/{rel}","templated":true}]}}