{"id":5637,"date":"2021-02-07T14:50:48","date_gmt":"2021-02-07T13:50:48","guid":{"rendered":"https:\/\/fraternite-politique.chemin-neuf.org\/?page_id=5637"},"modified":"2022-03-02T17:12:22","modified_gmt":"2022-03-02T16:12:22","slug":"kinek-szol","status":"publish","type":"page","link":"https:\/\/fraternite-politique.chemin-neuf.org\/hu\/csatlakozz-hozzank\/kinek-szol\/","title":{"rendered":"Kinek sz\u00f3l a Politikai Testv\u00e9ris\u00e9g?"},"content":{"rendered":"\n<p class=\"has-normal-font-size\"><mark style=\"background-color:rgba(0, 0, 0, 0)\" class=\"has-inline-color has-orange-color\">Elk\u00f6telezett vagy a politika ir\u00e1nt?<\/mark> <br>A Politikai Testv\u00e9ris\u00e9g a meg\u00fajul\u00e1s \u00e9s a m\u00e1s fiatal kereszt\u00e9nyekkel val\u00f3 megoszt\u00e1s helye.<\/p>\n\n\n\n<p class=\"has-normal-font-size\"><mark style=\"background-color:rgba(0, 0, 0, 0)\" class=\"has-inline-color has-orange-color\">V\u00e1gysz a K\u00f6zj\u00f3 szolg\u00e1lat\u00e1ra?<\/mark><br>A &#8222;FratPo&#8221; a megk\u00fcl\u00f6nb\u00f6ztet\u00e9s \u00e9s a tal\u00e1lkoz\u00e1s helye, ahol sokf\u00e9le m\u00f3dj\u00e1t megismerheted annak, hogyan szolg\u00e1lhatod a vil\u00e1got, \u00e9s meghallhatod Isten szem\u00e9lyes h\u00edv\u00e1s\u00e1t sz\u00e1modra.<\/p>\n\n\n\n<p class=\"has-normal-font-size\"><mark style=\"background-color:rgba(0, 0, 0, 0)\" class=\"has-inline-color has-orange-color\">A politikai t\u00e9m\u00e1k ir\u00e1nt \u00e9rdekl\u0151dsz?<\/mark><br>A &#8222;FratPo&#8221; eg\u00e9sz \u00e9vben k\u00e9pz\u00e9sekkel \u00e9s elemz\u0151 kurzusokkal v\u00e1r.<\/p>\n\n\n\n<div class=\"wp-block-buttons is-horizontal is-content-justification-center is-layout-flex wp-container-core-buttons-is-layout-499968f5 wp-block-buttons-is-layout-flex\">\n<div class=\"wp-block-button is-style-outline is-style-outline--1\"><a class=\"wp-block-button__link has-white-color has-orange-background-color has-text-color has-background\" href=\"https:\/\/fraternite-politique.chemin-neuf.org\/hu\/csatlakozz-hozzank\/elkotelezodes\/\">Ezt keresem!<\/a><\/div>\n<\/div>\n\n\n\n<p><\/p>\n","protected":false},"excerpt":{"rendered":"<p>Elk\u00f6telezett vagy a politika ir\u00e1nt? A Politikai Testv\u00e9ris\u00e9g a meg\u00fajul\u00e1s \u00e9s a m\u00e1s fiatal kereszt\u00e9nyekkel val\u00f3 megoszt\u00e1s helye. V\u00e1gysz a K\u00f6zj\u00f3 szolg\u00e1lat\u00e1ra?A &#8222;FratPo&#8221; a megk\u00fcl\u00f6nb\u00f6ztet\u00e9s \u00e9s a tal\u00e1lkoz\u00e1s helye, ahol sokf\u00e9le m\u00f3dj\u00e1t megismerheted annak, hogyan szolg\u00e1lhatod a vil\u00e1got, \u00e9s meghallhatod Isten szem\u00e9lyes h\u00edv\u00e1s\u00e1t sz\u00e1modra. A politikai t\u00e9m\u00e1k ir\u00e1nt \u00e9rdekl\u0151dsz?A &#8222;FratPo&#8221; eg\u00e9sz \u00e9vben k\u00e9pz\u00e9sekkel \u00e9s elemz\u0151 [&hellip;]<\/p>\n","protected":false},"author":6,"featured_media":5441,"parent":5635,"menu_order":0,"comment_status":"closed","ping_status":"closed","template":"","meta":{"_acf_changed":false,"footnotes":""},"class_list":["post-5637","page","type-page","status-publish","has-post-thumbnail","hentry"],"acf":[],"yoast_head":"<!-- This site is optimized with the Yoast SEO plugin v27.5 - https:\/\/yoast.com\/product\/yoast-seo-wordpress\/ -->\n<title>Kinek sz\u00f3l a Politikai Testv\u00e9ris\u00e9g? - Politics Fraternity Chemin Neuf Community<\/title>\n<meta name=\"description\" content=\"Elk\u00f6telezett vagy a politika ir\u00e1nt? A Politikai Testv\u00e9ris\u00e9g a meg\u00fajul\u00e1s \u00e9s a m\u00e1s fiatal kereszt\u00e9nyekkel val\u00f3 megoszt\u00e1s helye. V\u00e1gysz a K\u00f6zj\u00f3\" \/>\n<meta name=\"robots\" content=\"index, follow, max-snippet:-1, max-image-preview:large, max-video-preview:-1\" \/>\n<link rel=\"canonical\" href=\"https:\/\/fraternite-politique.chemin-neuf.org\/hu\/csatlakozz-hozzank\/kinek-szol\/\" \/>\n<meta property=\"og:locale\" content=\"hu_HU\" \/>\n<meta property=\"og:type\" content=\"article\" \/>\n<meta property=\"og:title\" content=\"Kinek sz\u00f3l a Politikai Testv\u00e9ris\u00e9g? - Politics Fraternity Chemin Neuf Community\" \/>\n<meta property=\"og:description\" content=\"Elk\u00f6telezett vagy a politika ir\u00e1nt? A Politikai Testv\u00e9ris\u00e9g a meg\u00fajul\u00e1s \u00e9s a m\u00e1s fiatal kereszt\u00e9nyekkel val\u00f3 megoszt\u00e1s helye. V\u00e1gysz a K\u00f6zj\u00f3\" \/>\n<meta property=\"og:url\" content=\"https:\/\/fraternite-politique.chemin-neuf.org\/hu\/csatlakozz-hozzank\/kinek-szol\/\" \/>\n<meta property=\"og:site_name\" content=\"Politics Fraternity Chemin Neuf Community\" \/>\n<meta property=\"article:publisher\" content=\"https:\/\/www.facebook.com\/fratpolitiqueccn\" \/>\n<meta property=\"article:modified_time\" content=\"2022-03-02T16:12:22+00:00\" \/>\n<meta property=\"og:image\" content=\"https:\/\/fraternite-politique.chemin-neuf.org\/wp-content\/uploads\/2021\/03\/youth-1.jpg\" \/>\n\t<meta property=\"og:image:width\" content=\"960\" \/>\n\t<meta property=\"og:image:height\" content=\"960\" \/>\n\t<meta property=\"og:image:type\" content=\"image\/jpeg\" \/>\n<meta name=\"twitter:card\" content=\"summary_large_image\" \/>\n<meta name=\"twitter:label1\" content=\"Becs\u00fclt olvas\u00e1si id\u0151\" \/>\n\t<meta name=\"twitter:data1\" content=\"1 perc\" \/>\n<script type=\"application\/ld+json\" class=\"yoast-schema-graph\">{\"@context\":\"https:\\\/\\\/schema.org\",\"@graph\":[{\"@type\":\"WebPage\",\"@id\":\"https:\\\/\\\/fraternite-politique.chemin-neuf.org\\\/hu\\\/csatlakozz-hozzank\\\/kinek-szol\\\/\",\"url\":\"https:\\\/\\\/fraternite-politique.chemin-neuf.org\\\/hu\\\/csatlakozz-hozzank\\\/kinek-szol\\\/\",\"name\":\"Kinek sz\u00f3l a Politikai Testv\u00e9ris\u00e9g? - Politics Fraternity Chemin Neuf Community\",\"isPartOf\":{\"@id\":\"https:\\\/\\\/fraternite-politique.chemin-neuf.org\\\/hu\\\/#website\"},\"primaryImageOfPage\":{\"@id\":\"https:\\\/\\\/fraternite-politique.chemin-neuf.org\\\/hu\\\/csatlakozz-hozzank\\\/kinek-szol\\\/#primaryimage\"},\"image\":{\"@id\":\"https:\\\/\\\/fraternite-politique.chemin-neuf.org\\\/hu\\\/csatlakozz-hozzank\\\/kinek-szol\\\/#primaryimage\"},\"thumbnailUrl\":\"https:\\\/\\\/fraternite-politique.chemin-neuf.org\\\/wp-content\\\/uploads\\\/2021\\\/03\\\/youth-1.jpg\",\"datePublished\":\"2021-02-07T13:50:48+00:00\",\"dateModified\":\"2022-03-02T16:12:22+00:00\",\"description\":\"Elk\u00f6telezett vagy a politika ir\u00e1nt? A Politikai Testv\u00e9ris\u00e9g a meg\u00fajul\u00e1s \u00e9s a m\u00e1s fiatal kereszt\u00e9nyekkel val\u00f3 megoszt\u00e1s helye. V\u00e1gysz a K\u00f6zj\u00f3\",\"breadcrumb\":{\"@id\":\"https:\\\/\\\/fraternite-politique.chemin-neuf.org\\\/hu\\\/csatlakozz-hozzank\\\/kinek-szol\\\/#breadcrumb\"},\"inLanguage\":\"hu\",\"potentialAction\":[{\"@type\":\"ReadAction\",\"target\":[\"https:\\\/\\\/fraternite-politique.chemin-neuf.org\\\/hu\\\/csatlakozz-hozzank\\\/kinek-szol\\\/\"]}]},{\"@type\":\"ImageObject\",\"inLanguage\":\"hu\",\"@id\":\"https:\\\/\\\/fraternite-politique.chemin-neuf.org\\\/hu\\\/csatlakozz-hozzank\\\/kinek-szol\\\/#primaryimage\",\"url\":\"https:\\\/\\\/fraternite-politique.chemin-neuf.org\\\/wp-content\\\/uploads\\\/2021\\\/03\\\/youth-1.jpg\",\"contentUrl\":\"https:\\\/\\\/fraternite-politique.chemin-neuf.org\\\/wp-content\\\/uploads\\\/2021\\\/03\\\/youth-1.jpg\",\"width\":960,\"height\":960},{\"@type\":\"BreadcrumbList\",\"@id\":\"https:\\\/\\\/fraternite-politique.chemin-neuf.org\\\/hu\\\/csatlakozz-hozzank\\\/kinek-szol\\\/#breadcrumb\",\"itemListElement\":[{\"@type\":\"ListItem\",\"position\":1,\"name\":\"Home\",\"item\":\"https:\\\/\\\/fraternite-politique.chemin-neuf.org\\\/hu\\\/\"},{\"@type\":\"ListItem\",\"position\":2,\"name\":\"CSATLAKOZZ HOZZ\u00c1NK\",\"item\":\"https:\\\/\\\/fraternite-politique.chemin-neuf.org\\\/hu\\\/csatlakozz-hozzank\\\/\"},{\"@type\":\"ListItem\",\"position\":3,\"name\":\"Kinek sz\u00f3l a Politikai Testv\u00e9ris\u00e9g?\"}]},{\"@type\":\"WebSite\",\"@id\":\"https:\\\/\\\/fraternite-politique.chemin-neuf.org\\\/hu\\\/#website\",\"url\":\"https:\\\/\\\/fraternite-politique.chemin-neuf.org\\\/hu\\\/\",\"name\":\"Politics Fraternity Chemin Neuf Community\",\"description\":\"Politics Fraternity of Chemin Neuf Community\",\"publisher\":{\"@id\":\"https:\\\/\\\/fraternite-politique.chemin-neuf.org\\\/hu\\\/#organization\"},\"potentialAction\":[{\"@type\":\"SearchAction\",\"target\":{\"@type\":\"EntryPoint\",\"urlTemplate\":\"https:\\\/\\\/fraternite-politique.chemin-neuf.org\\\/hu\\\/?s={search_term_string}\"},\"query-input\":{\"@type\":\"PropertyValueSpecification\",\"valueRequired\":true,\"valueName\":\"search_term_string\"}}],\"inLanguage\":\"hu\"},{\"@type\":\"Organization\",\"@id\":\"https:\\\/\\\/fraternite-politique.chemin-neuf.org\\\/hu\\\/#organization\",\"name\":\"Fraternit\u00e9 Politique Communaut\u00e9 du Chemin Neuf\",\"url\":\"https:\\\/\\\/fraternite-politique.chemin-neuf.org\\\/hu\\\/\",\"logo\":{\"@type\":\"ImageObject\",\"inLanguage\":\"hu\",\"@id\":\"https:\\\/\\\/fraternite-politique.chemin-neuf.org\\\/hu\\\/#\\\/schema\\\/logo\\\/image\\\/\",\"url\":\"https:\\\/\\\/fraternite-politique.chemin-neuf.org\\\/wp-content\\\/uploads\\\/2021\\\/02\\\/cropped-ccn-png-onglet-site-v3-large.png\",\"contentUrl\":\"https:\\\/\\\/fraternite-politique.chemin-neuf.org\\\/wp-content\\\/uploads\\\/2021\\\/02\\\/cropped-ccn-png-onglet-site-v3-large.png\",\"width\":512,\"height\":512,\"caption\":\"Fraternit\u00e9 Politique Communaut\u00e9 du Chemin Neuf\"},\"image\":{\"@id\":\"https:\\\/\\\/fraternite-politique.chemin-neuf.org\\\/hu\\\/#\\\/schema\\\/logo\\\/image\\\/\"},\"sameAs\":[\"https:\\\/\\\/www.facebook.com\\\/fratpolitiqueccn\",\"https:\\\/\\\/instagram.com\\\/fratpo\",\"https:\\\/\\\/www.youtube.com\\\/channel\\\/UC6YodqkqOIniLyqOfjMLojw\"]}]}<\/script>\n<!-- \/ Yoast SEO plugin. -->","yoast_head_json":{"title":"Kinek sz\u00f3l a Politikai Testv\u00e9ris\u00e9g? - Politics Fraternity Chemin Neuf Community","description":"Elk\u00f6telezett vagy a politika ir\u00e1nt? A Politikai Testv\u00e9ris\u00e9g a meg\u00fajul\u00e1s \u00e9s a m\u00e1s fiatal kereszt\u00e9nyekkel val\u00f3 megoszt\u00e1s helye. V\u00e1gysz a K\u00f6zj\u00f3","robots":{"index":"index","follow":"follow","max-snippet":"max-snippet:-1","max-image-preview":"max-image-preview:large","max-video-preview":"max-video-preview:-1"},"canonical":"https:\/\/fraternite-politique.chemin-neuf.org\/hu\/csatlakozz-hozzank\/kinek-szol\/","og_locale":"hu_HU","og_type":"article","og_title":"Kinek sz\u00f3l a Politikai Testv\u00e9ris\u00e9g? - Politics Fraternity Chemin Neuf Community","og_description":"Elk\u00f6telezett vagy a politika ir\u00e1nt? A Politikai Testv\u00e9ris\u00e9g a meg\u00fajul\u00e1s \u00e9s a m\u00e1s fiatal kereszt\u00e9nyekkel val\u00f3 megoszt\u00e1s helye. V\u00e1gysz a K\u00f6zj\u00f3","og_url":"https:\/\/fraternite-politique.chemin-neuf.org\/hu\/csatlakozz-hozzank\/kinek-szol\/","og_site_name":"Politics Fraternity Chemin Neuf Community","article_publisher":"https:\/\/www.facebook.com\/fratpolitiqueccn","article_modified_time":"2022-03-02T16:12:22+00:00","og_image":[{"width":960,"height":960,"url":"https:\/\/fraternite-politique.chemin-neuf.org\/wp-content\/uploads\/2021\/03\/youth-1.jpg","type":"image\/jpeg"}],"twitter_card":"summary_large_image","twitter_misc":{"Becs\u00fclt olvas\u00e1si id\u0151":"1 perc"},"schema":{"@context":"https:\/\/schema.org","@graph":[{"@type":"WebPage","@id":"https:\/\/fraternite-politique.chemin-neuf.org\/hu\/csatlakozz-hozzank\/kinek-szol\/","url":"https:\/\/fraternite-politique.chemin-neuf.org\/hu\/csatlakozz-hozzank\/kinek-szol\/","name":"Kinek sz\u00f3l a Politikai Testv\u00e9ris\u00e9g? - Politics Fraternity Chemin Neuf Community","isPartOf":{"@id":"https:\/\/fraternite-politique.chemin-neuf.org\/hu\/#website"},"primaryImageOfPage":{"@id":"https:\/\/fraternite-politique.chemin-neuf.org\/hu\/csatlakozz-hozzank\/kinek-szol\/#primaryimage"},"image":{"@id":"https:\/\/fraternite-politique.chemin-neuf.org\/hu\/csatlakozz-hozzank\/kinek-szol\/#primaryimage"},"thumbnailUrl":"https:\/\/fraternite-politique.chemin-neuf.org\/wp-content\/uploads\/2021\/03\/youth-1.jpg","datePublished":"2021-02-07T13:50:48+00:00","dateModified":"2022-03-02T16:12:22+00:00","description":"Elk\u00f6telezett vagy a politika ir\u00e1nt? A Politikai Testv\u00e9ris\u00e9g a meg\u00fajul\u00e1s \u00e9s a m\u00e1s fiatal kereszt\u00e9nyekkel val\u00f3 megoszt\u00e1s helye. V\u00e1gysz a K\u00f6zj\u00f3","breadcrumb":{"@id":"https:\/\/fraternite-politique.chemin-neuf.org\/hu\/csatlakozz-hozzank\/kinek-szol\/#breadcrumb"},"inLanguage":"hu","potentialAction":[{"@type":"ReadAction","target":["https:\/\/fraternite-politique.chemin-neuf.org\/hu\/csatlakozz-hozzank\/kinek-szol\/"]}]},{"@type":"ImageObject","inLanguage":"hu","@id":"https:\/\/fraternite-politique.chemin-neuf.org\/hu\/csatlakozz-hozzank\/kinek-szol\/#primaryimage","url":"https:\/\/fraternite-politique.chemin-neuf.org\/wp-content\/uploads\/2021\/03\/youth-1.jpg","contentUrl":"https:\/\/fraternite-politique.chemin-neuf.org\/wp-content\/uploads\/2021\/03\/youth-1.jpg","width":960,"height":960},{"@type":"BreadcrumbList","@id":"https:\/\/fraternite-politique.chemin-neuf.org\/hu\/csatlakozz-hozzank\/kinek-szol\/#breadcrumb","itemListElement":[{"@type":"ListItem","position":1,"name":"Home","item":"https:\/\/fraternite-politique.chemin-neuf.org\/hu\/"},{"@type":"ListItem","position":2,"name":"CSATLAKOZZ HOZZ\u00c1NK","item":"https:\/\/fraternite-politique.chemin-neuf.org\/hu\/csatlakozz-hozzank\/"},{"@type":"ListItem","position":3,"name":"Kinek sz\u00f3l a Politikai Testv\u00e9ris\u00e9g?"}]},{"@type":"WebSite","@id":"https:\/\/fraternite-politique.chemin-neuf.org\/hu\/#website","url":"https:\/\/fraternite-politique.chemin-neuf.org\/hu\/","name":"Politics Fraternity Chemin Neuf Community","description":"Politics Fraternity of Chemin Neuf Community","publisher":{"@id":"https:\/\/fraternite-politique.chemin-neuf.org\/hu\/#organization"},"potentialAction":[{"@type":"SearchAction","target":{"@type":"EntryPoint","urlTemplate":"https:\/\/fraternite-politique.chemin-neuf.org\/hu\/?s={search_term_string}"},"query-input":{"@type":"PropertyValueSpecification","valueRequired":true,"valueName":"search_term_string"}}],"inLanguage":"hu"},{"@type":"Organization","@id":"https:\/\/fraternite-politique.chemin-neuf.org\/hu\/#organization","name":"Fraternit\u00e9 Politique Communaut\u00e9 du Chemin Neuf","url":"https:\/\/fraternite-politique.chemin-neuf.org\/hu\/","logo":{"@type":"ImageObject","inLanguage":"hu","@id":"https:\/\/fraternite-politique.chemin-neuf.org\/hu\/#\/schema\/logo\/image\/","url":"https:\/\/fraternite-politique.chemin-neuf.org\/wp-content\/uploads\/2021\/02\/cropped-ccn-png-onglet-site-v3-large.png","contentUrl":"https:\/\/fraternite-politique.chemin-neuf.org\/wp-content\/uploads\/2021\/02\/cropped-ccn-png-onglet-site-v3-large.png","width":512,"height":512,"caption":"Fraternit\u00e9 Politique Communaut\u00e9 du Chemin Neuf"},"image":{"@id":"https:\/\/fraternite-politique.chemin-neuf.org\/hu\/#\/schema\/logo\/image\/"},"sameAs":["https:\/\/www.facebook.com\/fratpolitiqueccn","https:\/\/instagram.com\/fratpo","https:\/\/www.youtube.com\/channel\/UC6YodqkqOIniLyqOfjMLojw"]}]}},"_links":{"self":[{"href":"https:\/\/fraternite-politique.chemin-neuf.org\/hu\/wp-json\/wp\/v2\/pages\/5637","targetHints":{"allow":["GET"]}}],"collection":[{"href":"https:\/\/fraternite-politique.chemin-neuf.org\/hu\/wp-json\/wp\/v2\/pages"}],"about":[{"href":"https:\/\/fraternite-politique.chemin-neuf.org\/hu\/wp-json\/wp\/v2\/types\/page"}],"author":[{"embeddable":true,"href":"https:\/\/fraternite-politique.chemin-neuf.org\/hu\/wp-json\/wp\/v2\/users\/6"}],"replies":[{"embeddable":true,"href":"https:\/\/fraternite-politique.chemin-neuf.org\/hu\/wp-json\/wp\/v2\/comments?post=5637"}],"version-history":[{"count":2,"href":"https:\/\/fraternite-politique.chemin-neuf.org\/hu\/wp-json\/wp\/v2\/pages\/5637\/revisions"}],"predecessor-version":[{"id":5666,"href":"https:\/\/fraternite-politique.chemin-neuf.org\/hu\/wp-json\/wp\/v2\/pages\/5637\/revisions\/5666"}],"up":[{"embeddable":true,"href":"https:\/\/fraternite-politique.chemin-neuf.org\/hu\/wp-json\/wp\/v2\/pages\/5635"}],"wp:featuredmedia":[{"embeddable":true,"href":"https:\/\/fraternite-politique.chemin-neuf.org\/hu\/wp-json\/wp\/v2\/media\/5441"}],"wp:attachment":[{"href":"https:\/\/fraternite-politique.chemin-neuf.org\/hu\/wp-json\/wp\/v2\/media?parent=5637"}],"curies":[{"name":"wp","href":"https:\/\/api.w.org\/{rel}","templated":true}]}}