{"id":5624,"date":"2021-02-06T14:45:59","date_gmt":"2021-02-06T13:45:59","guid":{"rendered":"https:\/\/fraternite-politique.chemin-neuf.org\/?page_id=5624"},"modified":"2022-04-16T14:15:20","modified_gmt":"2022-04-16T12:15:20","slug":"kialtvany","status":"publish","type":"page","link":"https:\/\/fraternite-politique.chemin-neuf.org\/hu\/rolunk\/kialtvany\/","title":{"rendered":"A Politikai Testv\u00e9ris\u00e9g Ki\u00e1ltv\u00e1nya"},"content":{"rendered":"\n<p class=\"has-normal-font-size\">Mivel a politika a \u201eszeretet legmagasabb form\u00e1ja\u201d,<br>Mivel az igazs\u00e1gtalans\u00e1g felh\u00e1bor\u00edt, \u00e9s a k\u00f6z\u00f6mb\u00f6ss\u00e9g elszomor\u00edt minket,<br>Mivel ugyanazt a \u201epolitikai szenved\u00e9lyt\u201d \u00e9rezz\u00fck,<br><strong><mark style=\"background-color:rgba(0, 0, 0, 0)\" class=\"has-inline-color has-orange-color\">\u00c9let\u00fcnket adjuk az igazs\u00e1goss\u00e1g\u00e9rt \u00e9s a b\u00e9k\u00e9\u00e9rt a politikai elk\u00f6telez\u0151d\u00e9s \u00fatj\u00e1n.<\/mark><\/strong><\/p>\n\n\n\n<p class=\"has-normal-font-size\">Mivel a nagylelk\u0171 eszm\u00e9k a konkr\u00e9t megval\u00f3s\u00edt\u00e1son kereszt\u00fcl igazolhat\u00f3k,<br>Mivel nem f\u00e9l\u00fcnk a val\u00f3s\u00e1ggal val\u00f3 s\u00farl\u00f3d\u00e1st\u00f3l, \u00e9s att\u00f3l, hogy hib\u00e1zunk,<br><strong><mark style=\"background-color:rgba(0, 0, 0, 0)\" class=\"has-inline-color has-orange-color\">A mai napt\u00f3l, m\u00e1sok szolg\u00e1lat\u00e1ra szentelj\u00fck id\u0151nket, energi\u00e1nkat \u00e9s k\u00e9pess\u00e9geinket.<\/mark><\/strong><\/p>\n\n\n\n<p class=\"has-normal-font-size\">Mivel sz\u00fcks\u00e9g\u00fcnk van \u201eolyan politikusokra, akik val\u00f3ban a sz\u00edv\u00fck\u00f6n viselik a t\u00e1rsadalmat, <br>a n\u00e9pet, a szeg\u00e9nyek \u00e9let\u00e9t\u201d (Evangelii Gaudium 205),<br>Mivel a csal\u00e1d a t\u00e1rsadalom legjobb \u00f6sszetart\u00f3 ereje,<br><strong><mark style=\"background-color:rgba(0, 0, 0, 0)\" class=\"has-inline-color has-orange-color\">Els\u0151sorban a legszeg\u00e9nyebbeket \u00e9s a csal\u00e1dokat akarjuk szolg\u00e1lni.<\/mark><\/strong><\/p>\n\n\n\n<div class=\"wp-block-cover alignfull is-light has-parallax has-background-dim\" style=\"background-image:url(https:\/\/fraternite-politique.chemin-neuf.org\/wp-content\/uploads\/2021\/02\/57c54b91245640c3018d1340photo-1434296356255-2e4fbb81e1f1.jpg);min-height:249px;aspect-ratio:unset;\"><span aria-hidden=\"true\" class=\"has-background-dim-0 wp-block-cover__gradient-background has-background-dim\"><\/span><div class=\"wp-block-cover__inner-container is-layout-flow wp-block-cover-is-layout-flow\">\n<p class=\"has-text-align-center has-normal-font-size\">Mivel k\u00f6z\u00f6s otthonunk meg\u0151rz\u00e9se a mai id\u0151kben \u00e9let-hal\u00e1l k\u00e9rd\u00e9se,<br>Mivel a kevesebb fogyaszt\u00e1s \u00e9s az eg\u00e9szs\u00e9ges \u00e9let forradalmiv\u00e1 v\u00e1lt,<br>Mivel hat\u00e1rolt l\u00e9nyek vagyunk, \u00e9s ekk\u00e9nt boldogok,<br><strong>Nem v\u00e1runk tov\u00e1bb, hanem m\u00e9rs\u00e9kletes \u00e9s \u00f6r\u00f6mteli \u00e9letform\u00e1t v\u00e1lasztunk.<\/strong><\/p>\n<\/div><\/div>\n\n\n\n<p class=\"has-normal-font-size\">Mivel a t\u00e1rsadalomban a szellemi \u00fcress\u00e9g megnyitja az utat a legrosszabb el\u0151tt,<br>Mivel egy Ember form\u00e1l\u00f3d\u00e1s\u00e1hoz id\u0151 kell,<br>Mivel kultur\u00e1lis \u00f6r\u00f6ks\u00e9geinkre akarunk t\u00e1maszkodni, hogy ma kreat\u00edvak lehess\u00fcnk,<br><strong><mark style=\"background-color:rgba(0, 0, 0, 0)\" class=\"has-inline-color has-orange-color\">K\u00e9pezz\u00fck magunkat \u00e9s m\u00e1sok k\u00e9pz\u00e9s\u00e9n dolgozunk.<\/mark><\/strong><\/p>\n\n\n\n<p class=\"has-normal-font-size\">Mivel nem vagyunk mentesek a p\u00e9nz, a cs\u00e1b\u00edt\u00e1s \u00e9s a hatalom k\u00eds\u00e9rt\u00e9s\u00e9t\u0151l,<br>Mivel a rossz, amely ellen k\u00fczd\u00fcnk, benn\u00fcnk is gy\u00f6kerezik,<br><strong><mark style=\"background-color:rgba(0, 0, 0, 0)\" class=\"has-inline-color has-orange-color\">M\u00e9lyen kiengesztel\u0151d\u00fcnk \u00f6nmagunkkal.<\/mark><\/strong><\/p>\n\n\n\n<div class=\"wp-block-cover alignfull is-light has-parallax has-background-dim\" style=\"background-image:url(https:\/\/fraternite-politique.chemin-neuf.org\/wp-content\/uploads\/2021\/02\/57c54b92245640c3018d134a57aa038845bceb7f9c00009f.jpg);min-height:235px;aspect-ratio:unset;\"><span aria-hidden=\"true\" class=\"has-background-dim-0 wp-block-cover__gradient-background has-background-dim\"><\/span><div class=\"wp-block-cover__inner-container is-layout-flow wp-block-cover-is-layout-flow\">\n<p class=\"has-text-align-center has-normal-font-size\">Mivel az er\u0151szak er\u0151szakot sz\u00fcl,<br>Mivel ink\u00e1bb hidakat akarunk \u00e9p\u00edteni, mintsem falakat,<br><strong>Megtanulunk megbocs\u00e1jtani ellens\u00e9geinknek.<\/strong><\/p>\n<\/div><\/div>\n\n\n\n<p class=\"has-normal-font-size\">Mivel az azonnalis\u00e1g \u00e9s a virtualit\u00e1s elhat\u00e1rolnak minket,<br>Mivel sz\u00fcks\u00e9g\u00fcnk van egy helyre, ahol igazak lehet\u00fcnk \u00e9s b\u00edzhatunk,<br>Mivel egyed\u00fcl gyorsabban haladunk, de egy\u00fctt messzebbre jutunk,<br><strong><mark style=\"background-color:rgba(0, 0, 0, 0)\" class=\"has-inline-color has-orange-color\">Testv\u00e9ri \u00e9letet \u00e9l\u00fcnk.<\/mark><\/strong><\/p>\n\n\n\n<p class=\"has-normal-font-size\">Mivel kult\u00far\u00e1nk, v\u00e9lem\u00e9ny\u00fcnk, politikai ir\u00e1nyzataink nem abszol\u00fatak,<br>Mivel lehets\u00e9ges n\u00e9zetelt\u00e9r\u00e9seink b\u00e9k\u00e9s meg\u00e9l\u00e9se,<br>Mivel a m\u00e1sikkal val\u00f3 tal\u00e1lkoz\u00e1s b\u00f6lcsebb\u00e9 tesz minket,<br><strong><mark style=\"background-color:rgba(0, 0, 0, 0)\" class=\"has-inline-color has-orange-color\">K\u00fcl\u00f6nf\u00e9les\u00e9geinket testv\u00e9ris\u00e9g\u00fcnk alapj\u00e1v\u00e1 tessz\u00fck.<\/mark><\/strong><\/p>\n\n\n\n<blockquote class=\"wp-block-quote has-text-align-right is-style-large is-layout-flow wp-block-quote-is-layout-flow\"><p>EGY\u00dcTT HELYRE AKARJUK \u00c1LL\u00cdTANI A VIL\u00c1GOT<\/p><\/blockquote>\n\n\n\n<p class=\"has-text-align-right has-normal-font-size\"><em>Ezt a ki\u00e1ltv\u00e1nyt, amelyet a Politikai Testv\u00e9ris\u00e9g tagjai \u00edrtak, <br>2016. j\u00falius 24-\u00e9n, vas\u00e1rnap hirdett\u00e9k ki a l\u00f3dzi (Lengyelorsz\u00e1g) Atlas Ar\u00e9n\u00e1ban, <br>79 orsz\u00e1gb\u00f3l sz\u00e1rmaz\u00f3 8000 fiatal el\u0151tt, <br>akik r\u00e9szt vettek az Ifj\u00fas\u00e1gi Vil\u00e1gtal\u00e1lkoz\u00f3n.<\/em><\/p>\n","protected":false},"excerpt":{"rendered":"<p>Mivel a politika a \u201eszeretet legmagasabb form\u00e1ja\u201d,Mivel az igazs\u00e1gtalans\u00e1g felh\u00e1bor\u00edt, \u00e9s a k\u00f6z\u00f6mb\u00f6ss\u00e9g elszomor\u00edt minket,Mivel ugyanazt a \u201epolitikai szenved\u00e9lyt\u201d \u00e9rezz\u00fck,\u00c9let\u00fcnket adjuk az igazs\u00e1goss\u00e1g\u00e9rt \u00e9s a b\u00e9k\u00e9\u00e9rt a politikai elk\u00f6telez\u0151d\u00e9s \u00fatj\u00e1n. Mivel a nagylelk\u0171 eszm\u00e9k a konkr\u00e9t megval\u00f3s\u00edt\u00e1son kereszt\u00fcl igazolhat\u00f3k,Mivel nem f\u00e9l\u00fcnk a val\u00f3s\u00e1ggal val\u00f3 s\u00farl\u00f3d\u00e1st\u00f3l, \u00e9s att\u00f3l, hogy hib\u00e1zunk,A mai napt\u00f3l, m\u00e1sok szolg\u00e1lat\u00e1ra szentelj\u00fck id\u0151nket, [&hellip;]<\/p>\n","protected":false},"author":6,"featured_media":5260,"parent":5584,"menu_order":0,"comment_status":"closed","ping_status":"closed","template":"","meta":{"_acf_changed":false,"footnotes":""},"class_list":["post-5624","page","type-page","status-publish","has-post-thumbnail","hentry"],"acf":[],"yoast_head":"<!-- This site is optimized with the Yoast SEO plugin v27.5 - https:\/\/yoast.com\/product\/yoast-seo-wordpress\/ -->\n<title>A Politikai Testv\u00e9ris\u00e9g Ki\u00e1ltv\u00e1nya - Politics Fraternity Chemin Neuf Community<\/title>\n<meta name=\"description\" content=\"Mivel a politika a \u201eszeretet legmagasabb form\u00e1ja\u201d,Mivel az igazs\u00e1gtalans\u00e1g felh\u00e1bor\u00edt, \u00e9s a k\u00f6z\u00f6mb\u00f6ss\u00e9g elszomor\u00edt minket,Mivel ugyanazt a \u201epolitikai\" \/>\n<meta name=\"robots\" content=\"index, follow, max-snippet:-1, max-image-preview:large, max-video-preview:-1\" \/>\n<link rel=\"canonical\" href=\"https:\/\/fraternite-politique.chemin-neuf.org\/hu\/rolunk\/kialtvany\/\" \/>\n<meta property=\"og:locale\" content=\"hu_HU\" \/>\n<meta property=\"og:type\" content=\"article\" \/>\n<meta property=\"og:title\" content=\"A Politikai Testv\u00e9ris\u00e9g Ki\u00e1ltv\u00e1nya - Politics Fraternity Chemin Neuf Community\" \/>\n<meta property=\"og:description\" content=\"Mivel a politika a \u201eszeretet legmagasabb form\u00e1ja\u201d,Mivel az igazs\u00e1gtalans\u00e1g felh\u00e1bor\u00edt, \u00e9s a k\u00f6z\u00f6mb\u00f6ss\u00e9g elszomor\u00edt minket,Mivel ugyanazt a \u201epolitikai\" \/>\n<meta property=\"og:url\" content=\"https:\/\/fraternite-politique.chemin-neuf.org\/hu\/rolunk\/kialtvany\/\" \/>\n<meta property=\"og:site_name\" content=\"Politics Fraternity Chemin Neuf Community\" \/>\n<meta property=\"article:publisher\" content=\"https:\/\/www.facebook.com\/fratpolitiqueccn\" \/>\n<meta property=\"article:modified_time\" content=\"2022-04-16T12:15:20+00:00\" \/>\n<meta property=\"og:image\" content=\"https:\/\/fraternite-politique.chemin-neuf.org\/wp-content\/uploads\/2022\/02\/57c54b90245640c3018d1337open-book-1428428_1920.jpg\" \/>\n\t<meta property=\"og:image:width\" content=\"1800\" \/>\n\t<meta property=\"og:image:height\" content=\"1350\" \/>\n\t<meta property=\"og:image:type\" content=\"image\/jpeg\" \/>\n<meta name=\"twitter:card\" content=\"summary_large_image\" \/>\n<meta name=\"twitter:label1\" content=\"Becs\u00fclt olvas\u00e1si id\u0151\" \/>\n\t<meta name=\"twitter:data1\" content=\"2 perc\" \/>\n<script type=\"application\/ld+json\" class=\"yoast-schema-graph\">{\"@context\":\"https:\\\/\\\/schema.org\",\"@graph\":[{\"@type\":\"WebPage\",\"@id\":\"https:\\\/\\\/fraternite-politique.chemin-neuf.org\\\/hu\\\/rolunk\\\/kialtvany\\\/\",\"url\":\"https:\\\/\\\/fraternite-politique.chemin-neuf.org\\\/hu\\\/rolunk\\\/kialtvany\\\/\",\"name\":\"A Politikai Testv\u00e9ris\u00e9g Ki\u00e1ltv\u00e1nya - Politics Fraternity Chemin Neuf Community\",\"isPartOf\":{\"@id\":\"https:\\\/\\\/fraternite-politique.chemin-neuf.org\\\/hu\\\/#website\"},\"primaryImageOfPage\":{\"@id\":\"https:\\\/\\\/fraternite-politique.chemin-neuf.org\\\/hu\\\/rolunk\\\/kialtvany\\\/#primaryimage\"},\"image\":{\"@id\":\"https:\\\/\\\/fraternite-politique.chemin-neuf.org\\\/hu\\\/rolunk\\\/kialtvany\\\/#primaryimage\"},\"thumbnailUrl\":\"https:\\\/\\\/fraternite-politique.chemin-neuf.org\\\/wp-content\\\/uploads\\\/2022\\\/02\\\/57c54b90245640c3018d1337open-book-1428428_1920.jpg\",\"datePublished\":\"2021-02-06T13:45:59+00:00\",\"dateModified\":\"2022-04-16T12:15:20+00:00\",\"description\":\"Mivel a politika a \u201eszeretet legmagasabb form\u00e1ja\u201d,Mivel az igazs\u00e1gtalans\u00e1g felh\u00e1bor\u00edt, \u00e9s a k\u00f6z\u00f6mb\u00f6ss\u00e9g elszomor\u00edt minket,Mivel ugyanazt a \u201epolitikai\",\"breadcrumb\":{\"@id\":\"https:\\\/\\\/fraternite-politique.chemin-neuf.org\\\/hu\\\/rolunk\\\/kialtvany\\\/#breadcrumb\"},\"inLanguage\":\"hu\",\"potentialAction\":[{\"@type\":\"ReadAction\",\"target\":[\"https:\\\/\\\/fraternite-politique.chemin-neuf.org\\\/hu\\\/rolunk\\\/kialtvany\\\/\"]}]},{\"@type\":\"ImageObject\",\"inLanguage\":\"hu\",\"@id\":\"https:\\\/\\\/fraternite-politique.chemin-neuf.org\\\/hu\\\/rolunk\\\/kialtvany\\\/#primaryimage\",\"url\":\"https:\\\/\\\/fraternite-politique.chemin-neuf.org\\\/wp-content\\\/uploads\\\/2022\\\/02\\\/57c54b90245640c3018d1337open-book-1428428_1920.jpg\",\"contentUrl\":\"https:\\\/\\\/fraternite-politique.chemin-neuf.org\\\/wp-content\\\/uploads\\\/2022\\\/02\\\/57c54b90245640c3018d1337open-book-1428428_1920.jpg\",\"width\":1800,\"height\":1350},{\"@type\":\"BreadcrumbList\",\"@id\":\"https:\\\/\\\/fraternite-politique.chemin-neuf.org\\\/hu\\\/rolunk\\\/kialtvany\\\/#breadcrumb\",\"itemListElement\":[{\"@type\":\"ListItem\",\"position\":1,\"name\":\"Home\",\"item\":\"https:\\\/\\\/fraternite-politique.chemin-neuf.org\\\/hu\\\/\"},{\"@type\":\"ListItem\",\"position\":2,\"name\":\"R\u00d3LUNK\",\"item\":\"https:\\\/\\\/fraternite-politique.chemin-neuf.org\\\/hu\\\/rolunk\\\/\"},{\"@type\":\"ListItem\",\"position\":3,\"name\":\"A Politikai Testv\u00e9ris\u00e9g Ki\u00e1ltv\u00e1nya\"}]},{\"@type\":\"WebSite\",\"@id\":\"https:\\\/\\\/fraternite-politique.chemin-neuf.org\\\/hu\\\/#website\",\"url\":\"https:\\\/\\\/fraternite-politique.chemin-neuf.org\\\/hu\\\/\",\"name\":\"Politics Fraternity Chemin Neuf Community\",\"description\":\"Politics Fraternity of Chemin Neuf Community\",\"publisher\":{\"@id\":\"https:\\\/\\\/fraternite-politique.chemin-neuf.org\\\/hu\\\/#organization\"},\"potentialAction\":[{\"@type\":\"SearchAction\",\"target\":{\"@type\":\"EntryPoint\",\"urlTemplate\":\"https:\\\/\\\/fraternite-politique.chemin-neuf.org\\\/hu\\\/?s={search_term_string}\"},\"query-input\":{\"@type\":\"PropertyValueSpecification\",\"valueRequired\":true,\"valueName\":\"search_term_string\"}}],\"inLanguage\":\"hu\"},{\"@type\":\"Organization\",\"@id\":\"https:\\\/\\\/fraternite-politique.chemin-neuf.org\\\/hu\\\/#organization\",\"name\":\"Fraternit\u00e9 Politique Communaut\u00e9 du Chemin Neuf\",\"url\":\"https:\\\/\\\/fraternite-politique.chemin-neuf.org\\\/hu\\\/\",\"logo\":{\"@type\":\"ImageObject\",\"inLanguage\":\"hu\",\"@id\":\"https:\\\/\\\/fraternite-politique.chemin-neuf.org\\\/hu\\\/#\\\/schema\\\/logo\\\/image\\\/\",\"url\":\"https:\\\/\\\/fraternite-politique.chemin-neuf.org\\\/wp-content\\\/uploads\\\/2021\\\/02\\\/cropped-ccn-png-onglet-site-v3-large.png\",\"contentUrl\":\"https:\\\/\\\/fraternite-politique.chemin-neuf.org\\\/wp-content\\\/uploads\\\/2021\\\/02\\\/cropped-ccn-png-onglet-site-v3-large.png\",\"width\":512,\"height\":512,\"caption\":\"Fraternit\u00e9 Politique Communaut\u00e9 du Chemin Neuf\"},\"image\":{\"@id\":\"https:\\\/\\\/fraternite-politique.chemin-neuf.org\\\/hu\\\/#\\\/schema\\\/logo\\\/image\\\/\"},\"sameAs\":[\"https:\\\/\\\/www.facebook.com\\\/fratpolitiqueccn\",\"https:\\\/\\\/instagram.com\\\/fratpo\",\"https:\\\/\\\/www.youtube.com\\\/channel\\\/UC6YodqkqOIniLyqOfjMLojw\"]}]}<\/script>\n<!-- \/ Yoast SEO plugin. -->","yoast_head_json":{"title":"A Politikai Testv\u00e9ris\u00e9g Ki\u00e1ltv\u00e1nya - Politics Fraternity Chemin Neuf Community","description":"Mivel a politika a \u201eszeretet legmagasabb form\u00e1ja\u201d,Mivel az igazs\u00e1gtalans\u00e1g felh\u00e1bor\u00edt, \u00e9s a k\u00f6z\u00f6mb\u00f6ss\u00e9g elszomor\u00edt minket,Mivel ugyanazt a \u201epolitikai","robots":{"index":"index","follow":"follow","max-snippet":"max-snippet:-1","max-image-preview":"max-image-preview:large","max-video-preview":"max-video-preview:-1"},"canonical":"https:\/\/fraternite-politique.chemin-neuf.org\/hu\/rolunk\/kialtvany\/","og_locale":"hu_HU","og_type":"article","og_title":"A Politikai Testv\u00e9ris\u00e9g Ki\u00e1ltv\u00e1nya - Politics Fraternity Chemin Neuf Community","og_description":"Mivel a politika a \u201eszeretet legmagasabb form\u00e1ja\u201d,Mivel az igazs\u00e1gtalans\u00e1g felh\u00e1bor\u00edt, \u00e9s a k\u00f6z\u00f6mb\u00f6ss\u00e9g elszomor\u00edt minket,Mivel ugyanazt a \u201epolitikai","og_url":"https:\/\/fraternite-politique.chemin-neuf.org\/hu\/rolunk\/kialtvany\/","og_site_name":"Politics Fraternity Chemin Neuf Community","article_publisher":"https:\/\/www.facebook.com\/fratpolitiqueccn","article_modified_time":"2022-04-16T12:15:20+00:00","og_image":[{"width":1800,"height":1350,"url":"https:\/\/fraternite-politique.chemin-neuf.org\/wp-content\/uploads\/2022\/02\/57c54b90245640c3018d1337open-book-1428428_1920.jpg","type":"image\/jpeg"}],"twitter_card":"summary_large_image","twitter_misc":{"Becs\u00fclt olvas\u00e1si id\u0151":"2 perc"},"schema":{"@context":"https:\/\/schema.org","@graph":[{"@type":"WebPage","@id":"https:\/\/fraternite-politique.chemin-neuf.org\/hu\/rolunk\/kialtvany\/","url":"https:\/\/fraternite-politique.chemin-neuf.org\/hu\/rolunk\/kialtvany\/","name":"A Politikai Testv\u00e9ris\u00e9g Ki\u00e1ltv\u00e1nya - Politics Fraternity Chemin Neuf Community","isPartOf":{"@id":"https:\/\/fraternite-politique.chemin-neuf.org\/hu\/#website"},"primaryImageOfPage":{"@id":"https:\/\/fraternite-politique.chemin-neuf.org\/hu\/rolunk\/kialtvany\/#primaryimage"},"image":{"@id":"https:\/\/fraternite-politique.chemin-neuf.org\/hu\/rolunk\/kialtvany\/#primaryimage"},"thumbnailUrl":"https:\/\/fraternite-politique.chemin-neuf.org\/wp-content\/uploads\/2022\/02\/57c54b90245640c3018d1337open-book-1428428_1920.jpg","datePublished":"2021-02-06T13:45:59+00:00","dateModified":"2022-04-16T12:15:20+00:00","description":"Mivel a politika a \u201eszeretet legmagasabb form\u00e1ja\u201d,Mivel az igazs\u00e1gtalans\u00e1g felh\u00e1bor\u00edt, \u00e9s a k\u00f6z\u00f6mb\u00f6ss\u00e9g elszomor\u00edt minket,Mivel ugyanazt a \u201epolitikai","breadcrumb":{"@id":"https:\/\/fraternite-politique.chemin-neuf.org\/hu\/rolunk\/kialtvany\/#breadcrumb"},"inLanguage":"hu","potentialAction":[{"@type":"ReadAction","target":["https:\/\/fraternite-politique.chemin-neuf.org\/hu\/rolunk\/kialtvany\/"]}]},{"@type":"ImageObject","inLanguage":"hu","@id":"https:\/\/fraternite-politique.chemin-neuf.org\/hu\/rolunk\/kialtvany\/#primaryimage","url":"https:\/\/fraternite-politique.chemin-neuf.org\/wp-content\/uploads\/2022\/02\/57c54b90245640c3018d1337open-book-1428428_1920.jpg","contentUrl":"https:\/\/fraternite-politique.chemin-neuf.org\/wp-content\/uploads\/2022\/02\/57c54b90245640c3018d1337open-book-1428428_1920.jpg","width":1800,"height":1350},{"@type":"BreadcrumbList","@id":"https:\/\/fraternite-politique.chemin-neuf.org\/hu\/rolunk\/kialtvany\/#breadcrumb","itemListElement":[{"@type":"ListItem","position":1,"name":"Home","item":"https:\/\/fraternite-politique.chemin-neuf.org\/hu\/"},{"@type":"ListItem","position":2,"name":"R\u00d3LUNK","item":"https:\/\/fraternite-politique.chemin-neuf.org\/hu\/rolunk\/"},{"@type":"ListItem","position":3,"name":"A Politikai Testv\u00e9ris\u00e9g Ki\u00e1ltv\u00e1nya"}]},{"@type":"WebSite","@id":"https:\/\/fraternite-politique.chemin-neuf.org\/hu\/#website","url":"https:\/\/fraternite-politique.chemin-neuf.org\/hu\/","name":"Politics Fraternity Chemin Neuf Community","description":"Politics Fraternity of Chemin Neuf Community","publisher":{"@id":"https:\/\/fraternite-politique.chemin-neuf.org\/hu\/#organization"},"potentialAction":[{"@type":"SearchAction","target":{"@type":"EntryPoint","urlTemplate":"https:\/\/fraternite-politique.chemin-neuf.org\/hu\/?s={search_term_string}"},"query-input":{"@type":"PropertyValueSpecification","valueRequired":true,"valueName":"search_term_string"}}],"inLanguage":"hu"},{"@type":"Organization","@id":"https:\/\/fraternite-politique.chemin-neuf.org\/hu\/#organization","name":"Fraternit\u00e9 Politique Communaut\u00e9 du Chemin Neuf","url":"https:\/\/fraternite-politique.chemin-neuf.org\/hu\/","logo":{"@type":"ImageObject","inLanguage":"hu","@id":"https:\/\/fraternite-politique.chemin-neuf.org\/hu\/#\/schema\/logo\/image\/","url":"https:\/\/fraternite-politique.chemin-neuf.org\/wp-content\/uploads\/2021\/02\/cropped-ccn-png-onglet-site-v3-large.png","contentUrl":"https:\/\/fraternite-politique.chemin-neuf.org\/wp-content\/uploads\/2021\/02\/cropped-ccn-png-onglet-site-v3-large.png","width":512,"height":512,"caption":"Fraternit\u00e9 Politique Communaut\u00e9 du Chemin Neuf"},"image":{"@id":"https:\/\/fraternite-politique.chemin-neuf.org\/hu\/#\/schema\/logo\/image\/"},"sameAs":["https:\/\/www.facebook.com\/fratpolitiqueccn","https:\/\/instagram.com\/fratpo","https:\/\/www.youtube.com\/channel\/UC6YodqkqOIniLyqOfjMLojw"]}]}},"_links":{"self":[{"href":"https:\/\/fraternite-politique.chemin-neuf.org\/hu\/wp-json\/wp\/v2\/pages\/5624","targetHints":{"allow":["GET"]}}],"collection":[{"href":"https:\/\/fraternite-politique.chemin-neuf.org\/hu\/wp-json\/wp\/v2\/pages"}],"about":[{"href":"https:\/\/fraternite-politique.chemin-neuf.org\/hu\/wp-json\/wp\/v2\/types\/page"}],"author":[{"embeddable":true,"href":"https:\/\/fraternite-politique.chemin-neuf.org\/hu\/wp-json\/wp\/v2\/users\/6"}],"replies":[{"embeddable":true,"href":"https:\/\/fraternite-politique.chemin-neuf.org\/hu\/wp-json\/wp\/v2\/comments?post=5624"}],"version-history":[{"count":5,"href":"https:\/\/fraternite-politique.chemin-neuf.org\/hu\/wp-json\/wp\/v2\/pages\/5624\/revisions"}],"predecessor-version":[{"id":6752,"href":"https:\/\/fraternite-politique.chemin-neuf.org\/hu\/wp-json\/wp\/v2\/pages\/5624\/revisions\/6752"}],"up":[{"embeddable":true,"href":"https:\/\/fraternite-politique.chemin-neuf.org\/hu\/wp-json\/wp\/v2\/pages\/5584"}],"wp:featuredmedia":[{"embeddable":true,"href":"https:\/\/fraternite-politique.chemin-neuf.org\/hu\/wp-json\/wp\/v2\/media\/5260"}],"wp:attachment":[{"href":"https:\/\/fraternite-politique.chemin-neuf.org\/hu\/wp-json\/wp\/v2\/media?parent=5624"}],"curies":[{"name":"wp","href":"https:\/\/api.w.org\/{rel}","templated":true}]}}