{"id":5547,"date":"2021-03-11T16:44:52","date_gmt":"2021-03-11T15:44:52","guid":{"rendered":"https:\/\/fraternite-politique.chemin-neuf.org\/?page_id=5547"},"modified":"2022-04-05T18:14:58","modified_gmt":"2022-04-05T16:14:58","slug":"kapcsolat","status":"publish","type":"page","link":"https:\/\/fraternite-politique.chemin-neuf.org\/hu\/kapcsolat\/","title":{"rendered":"Vedd fel vel\u00fcnk a kapcsolatot"},"content":{"rendered":"\n<div class=\"wp-block-columns is-layout-flex wp-container-core-columns-is-layout-9d6595d7 wp-block-columns-is-layout-flex\">\n<div class=\"wp-block-column is-layout-flow wp-block-column-is-layout-flow\">\n<h3 class=\"has-text-align-center wp-block-heading\">\u00cdrj nek\u00fcnk! <br>\u00c9s hamarosan v\u00e1laszolunk!<\/h3>\n\n\n<div class=\"frm_forms  with_frm_style frm_style_chemin-neuf\" id=\"frm_form_21_container\" data-token=\"71817270d65ae77ca0789f4fa852fe6c\">\n<form enctype=\"multipart\/form-data\" method=\"post\" class=\"frm-show-form  frm_pro_form \" id=\"form_contact-form\" data-token=\"71817270d65ae77ca0789f4fa852fe6c\">\n<div class=\"frm_form_fields \">\n<fieldset>\n<legend class=\"frm_screen_reader\">Kapcsolatfelv\u00e9tel<\/legend>\r\n\r\n<div class=\"frm_fields_container\">\n<input type=\"hidden\" name=\"frm_action\" value=\"create\" \/>\n<input type=\"hidden\" name=\"form_id\" value=\"21\" \/>\n<input type=\"hidden\" name=\"frm_hide_fields_21\" id=\"frm_hide_fields_21\" value=\"\" \/>\n<input type=\"hidden\" name=\"form_key\" value=\"contact-form\" \/>\n<input type=\"hidden\" name=\"item_meta[0]\" value=\"\" \/>\n<input type=\"hidden\" id=\"frm_submit_entry_21\" name=\"frm_submit_entry_21\" value=\"c2dbdc6c69\" \/><input type=\"hidden\" name=\"_wp_http_referer\" value=\"\/hu\/wp-json\/wp\/v2\/pages\/5547\" \/><div id=\"frm_field_972_container\" class=\"frm_form_field form-field  frm_required_field frm_top_container frm_first frm_half\">\r\n    <label for=\"field_qh4icy2\" id=\"field_qh4icy2_label\" class=\"frm_primary_label\">Vezet\u00e9kn\u00e9v\r\n        <span class=\"frm_required\" aria-hidden=\"true\">*<\/span>\r\n    <\/label>\r\n    <input  type=\"text\" id=\"field_qh4icy2\" name=\"item_meta[972]\" value=\"\"  data-reqmsg=\"Ez a mez\u0151 nem lehet \u00fcres\" aria-required=\"true\" data-invmsg=\"A vezet\u00e9kn\u00e9v nem \u00e9rv\u00e9nyes\" aria-invalid=\"false\"   \/>\r\n    \r\n    \r\n<\/div>\n<div id=\"frm_field_973_container\" class=\"frm_form_field form-field  frm_required_field frm_hidden_container frm_half\">\r\n    <label for=\"field_ocfup12\" id=\"field_ocfup12_label\" class=\"frm_primary_label\">Keresztn\u00e9v\r\n        <span class=\"frm_required\" aria-hidden=\"true\">*<\/span>\r\n    <\/label>\r\n    <input  type=\"text\" id=\"field_ocfup12\" name=\"item_meta[973]\" value=\"\"  data-reqmsg=\"Ez a mez\u0151 nem lehet \u00fcres\" aria-required=\"true\" data-invmsg=\"A keresztn\u00e9v nem \u00e9rv\u00e9nyes\" aria-invalid=\"false\"   \/>\r\n    \r\n    \r\n<\/div>\n<div id=\"frm_field_974_container\" class=\"frm_form_field form-field  frm_required_field frm_top_container frm_full\">\r\n    <label for=\"field_29yf4d2\" id=\"field_29yf4d2_label\" class=\"frm_primary_label\">E-mail c\u00edm\r\n        <span class=\"frm_required\" aria-hidden=\"true\">*<\/span>\r\n    <\/label>\r\n    <input type=\"email\" id=\"field_29yf4d2\" name=\"item_meta[974]\" value=\"\"  data-reqmsg=\"Ez a mez\u0151 nem lehet \u00fcres\" aria-required=\"true\" data-invmsg=\"K\u00e9rj\u00fck \u00e9rv\u00e9nyes emailc\u00edmet adj meg!\" aria-invalid=\"false\"  \/>\r\n    \r\n    \r\n<\/div>\n<div id=\"frm_field_975_container\" class=\"frm_form_field form-field  frm_required_field frm_top_container frm_full\">\r\n    <label for=\"field_e6lis62\" id=\"field_e6lis62_label\" class=\"frm_primary_label\">T\u00e1rgy\r\n        <span class=\"frm_required\" aria-hidden=\"true\">*<\/span>\r\n    <\/label>\r\n    <input  type=\"text\" id=\"field_e6lis62\" name=\"item_meta[975]\" value=\"\"  data-reqmsg=\"Ez a mez\u0151 nem lehet \u00fcres\" aria-required=\"true\" data-invmsg=\"A bejegyz\u00e9s \u00e9rv\u00e9nytelen\" aria-invalid=\"false\"   \/>\r\n    \r\n    \r\n<\/div>\n<div id=\"frm_field_976_container\" class=\"frm_form_field form-field  frm_required_field frm_top_container frm_full\">\r\n    <label for=\"field_9jv0r12\" id=\"field_9jv0r12_label\" class=\"frm_primary_label\">\u00dczenet\r\n        <span class=\"frm_required\" aria-hidden=\"true\">*<\/span>\r\n    <\/label>\r\n    <textarea name=\"item_meta[976]\" id=\"field_9jv0r12\" rows=\"5\"  data-reqmsg=\"Ez a mez\u0151 nem lehet \u00fcres\" aria-required=\"true\" data-invmsg=\"\u00dczenet is invalid\" aria-invalid=\"false\"  ><\/textarea>\r\n    \r\n    \r\n<\/div>\n<div id=\"frm_field_977_container\" class=\"frm_form_field form-field  frm_required_field frm_top_container vertical_radio\">\r\n    <div  id=\"field_jd6dt_label\" class=\"frm_primary_label\">Adatv\u00e9delmi ir\u00e1nyelvek\r\n        <span class=\"frm_required\" aria-hidden=\"true\">*<\/span>\r\n    <\/div>\r\n    <div class=\"frm_opt_container\" aria-labelledby=\"field_jd6dt_label\" role=\"group\">\t\t<div class=\"frm_checkbox\" id=\"frm_checkbox_977-0\">\t\t\t<label  for=\"field_jd6dt-0\">\n\t\t\t<input type=\"checkbox\" name=\"item_meta[977][]\" id=\"field_jd6dt-0\" value=\"I agree with &lt;a href=&quot;https:\/\/dam.chemin-neuf.net\/politique-confidentialite-ccn-fr\/&quot; target=&quot;_blank&quot;&gt;the privacy politicy of the Chemin Neuf Communauty&lt;\/a&gt;\"  data-reqmsg=\"El kell fogadnod az adatv\u00e9delmi ir\u00e1nyelveket\" data-invmsg=\"Adatv\u00e9delmi ir\u00e1nyelvek is invalid\"   aria-required=\"true\"  \/> <a href=\"https:\/\/dam.chemin-neuf.net\/politique-confidentialite-ccn-fr\/\" target=\"_blank\">Elfogadom a Chemin Neuf K\u00f6z\u00f6ss\u00e9g<\/a> adatv\u00e9delmi ir\u00e1nyelveit.<\/label><\/div>\n<\/div>\r\n    \r\n    \r\n<\/div>\n<div id=\"frm_field_978_container\" class=\"frm_form_field form-field  frm_none_container\">\r\n    <label for=\"g-recaptcha-response\" id=\"field_2nv1u_label\" class=\"frm_primary_label\">reCAPTCHA\r\n        <span class=\"frm_required\" aria-hidden=\"true\"><\/span>\r\n    <\/label>\r\n    <div  id=\"field_2nv1u\" class=\"frm-g-recaptcha\" data-sitekey=\"6Lfq8HYaAAAAAMeyTWypYOSMzeX691gXEgjYYJM1\" data-size=\"invisible\" data-theme=\"light\"><\/div>\r\n    \r\n    \r\n<\/div>\n\t<input type=\"hidden\" name=\"item_key\" value=\"\" \/>\n\t\t\t<div id=\"frm_field_1316_container\">\n\t\t\t<label for=\"field_5sc45\" >\n\t\t\t\tIf you are human, leave this field blank.\t\t\t<\/label>\n\t\t\t<input  id=\"field_5sc45\" type=\"text\" class=\"frm_form_field form-field frm_verify\" name=\"item_meta[1316]\" value=\"\"  \/>\n\t\t<\/div>\n\t\t<input name=\"frm_state\" type=\"hidden\" value=\"9MCgHLBBXJr1MtAZ4oqy0ew2730tL\/nif4nEv1fyftR6NNedWQKF2JUSkbZmDeVF\" \/><div class=\"frm_submit\">\r\n\r\n<button class=\"frm_button_submit frm_final_submit\" type=\"submit\"   formnovalidate=\"formnovalidate\">Elk\u00fcld\u00e9s<\/button>\r\n\r\n<\/div><\/div>\n<\/fieldset>\n<\/div>\n\n<\/form>\n<\/div>\n<\/div>\n\n\n\n<div class=\"wp-block-column is-layout-flow wp-block-column-is-layout-flow\">\n<div class=\"wp-block-columns is-style-frame is-layout-flex wp-container-core-columns-is-layout-9d6595d7 wp-block-columns-is-layout-flex\">\n<div class=\"wp-block-column is-layout-flow wp-block-column-is-layout-flow\">\n<p class=\"has-normal-font-size\"><mark style=\"background-color:rgba(0, 0, 0, 0)\" class=\"has-inline-color has-orange-color\"><i class=\"fas fa-map-marker-alt ccn-fa-icon\" aria-hidden=\"true\"> <\/i>Postai c\u00edm<\/mark>:<\/p>\n\n\n\n<p class=\"has-normal-font-size\">Secr\u00e9tariat Fraternit\u00e9 Politique<br>Communaut\u00e9 du Chemin Neuf<br>Abbaye Notre-Dame de Melleray<br>44 520 La Meilleraye-de-Bretagne<br>FRANCIAORSZ\u00c1G<\/p>\n\n\n\n<hr class=\"wp-block-separator\"\/>\n<\/div>\n<\/div>\n<\/div>\n<\/div>\n","protected":false},"excerpt":{"rendered":"<p>\u00cdrj nek\u00fcnk! \u00c9s hamarosan v\u00e1laszolunk! Postai c\u00edm: Secr\u00e9tariat Fraternit\u00e9 PolitiqueCommunaut\u00e9 du Chemin NeufAbbaye Notre-Dame de Melleray44 520 La Meilleraye-de-BretagneFRANCIAORSZ\u00c1G<\/p>\n","protected":false},"author":6,"featured_media":5548,"parent":0,"menu_order":0,"comment_status":"closed","ping_status":"closed","template":"","meta":{"_acf_changed":false,"footnotes":""},"class_list":["post-5547","page","type-page","status-publish","has-post-thumbnail","hentry"],"acf":[],"yoast_head":"<!-- This site is optimized with the Yoast SEO plugin v27.5 - https:\/\/yoast.com\/product\/yoast-seo-wordpress\/ -->\n<title>Vedd fel vel\u00fcnk a kapcsolatot - Politics Fraternity Chemin Neuf Community<\/title>\n<meta name=\"description\" content=\"\u00cdrj nek\u00fcnk! \u00c9s hamarosan v\u00e1laszolunk! Postai c\u00edm: Secr\u00e9tariat Fraternit\u00e9 PolitiqueCommunaut\u00e9 du Chemin NeufAbbaye Notre-Dame de Melleray44 520 La\" \/>\n<meta name=\"robots\" content=\"index, follow, max-snippet:-1, max-image-preview:large, max-video-preview:-1\" \/>\n<link rel=\"canonical\" href=\"https:\/\/fraternite-politique.chemin-neuf.org\/hu\/kapcsolat\/\" \/>\n<meta property=\"og:locale\" content=\"hu_HU\" \/>\n<meta property=\"og:type\" content=\"article\" \/>\n<meta property=\"og:title\" content=\"Vedd fel vel\u00fcnk a kapcsolatot - Politics Fraternity Chemin Neuf Community\" \/>\n<meta property=\"og:description\" content=\"\u00cdrj nek\u00fcnk! \u00c9s hamarosan v\u00e1laszolunk! Postai c\u00edm: Secr\u00e9tariat Fraternit\u00e9 PolitiqueCommunaut\u00e9 du Chemin NeufAbbaye Notre-Dame de Melleray44 520 La\" \/>\n<meta property=\"og:url\" content=\"https:\/\/fraternite-politique.chemin-neuf.org\/hu\/kapcsolat\/\" \/>\n<meta property=\"og:site_name\" content=\"Politics Fraternity Chemin Neuf Community\" \/>\n<meta property=\"article:publisher\" content=\"https:\/\/www.facebook.com\/fratpolitiqueccn\" \/>\n<meta property=\"article:modified_time\" content=\"2022-04-05T16:14:58+00:00\" \/>\n<meta property=\"og:image\" content=\"https:\/\/fraternite-politique.chemin-neuf.org\/wp-content\/uploads\/2021\/01\/ordi-contact.jpeg\" \/>\n\t<meta property=\"og:image:width\" content=\"1920\" \/>\n\t<meta property=\"og:image:height\" content=\"1440\" \/>\n\t<meta property=\"og:image:type\" content=\"image\/jpeg\" \/>\n<meta name=\"twitter:card\" content=\"summary_large_image\" \/>\n<meta name=\"twitter:label1\" content=\"Becs\u00fclt olvas\u00e1si id\u0151\" \/>\n\t<meta name=\"twitter:data1\" content=\"1 perc\" \/>\n<script type=\"application\/ld+json\" class=\"yoast-schema-graph\">{\"@context\":\"https:\\\/\\\/schema.org\",\"@graph\":[{\"@type\":\"WebPage\",\"@id\":\"https:\\\/\\\/fraternite-politique.chemin-neuf.org\\\/hu\\\/kapcsolat\\\/\",\"url\":\"https:\\\/\\\/fraternite-politique.chemin-neuf.org\\\/hu\\\/kapcsolat\\\/\",\"name\":\"Vedd fel vel\u00fcnk a kapcsolatot - Politics Fraternity Chemin Neuf Community\",\"isPartOf\":{\"@id\":\"https:\\\/\\\/fraternite-politique.chemin-neuf.org\\\/hu\\\/#website\"},\"primaryImageOfPage\":{\"@id\":\"https:\\\/\\\/fraternite-politique.chemin-neuf.org\\\/hu\\\/kapcsolat\\\/#primaryimage\"},\"image\":{\"@id\":\"https:\\\/\\\/fraternite-politique.chemin-neuf.org\\\/hu\\\/kapcsolat\\\/#primaryimage\"},\"thumbnailUrl\":\"https:\\\/\\\/fraternite-politique.chemin-neuf.org\\\/wp-content\\\/uploads\\\/2021\\\/01\\\/ordi-contact.jpeg\",\"datePublished\":\"2021-03-11T15:44:52+00:00\",\"dateModified\":\"2022-04-05T16:14:58+00:00\",\"description\":\"\u00cdrj nek\u00fcnk! \u00c9s hamarosan v\u00e1laszolunk! Postai c\u00edm: Secr\u00e9tariat Fraternit\u00e9 PolitiqueCommunaut\u00e9 du Chemin NeufAbbaye Notre-Dame de Melleray44 520 La\",\"breadcrumb\":{\"@id\":\"https:\\\/\\\/fraternite-politique.chemin-neuf.org\\\/hu\\\/kapcsolat\\\/#breadcrumb\"},\"inLanguage\":\"hu\",\"potentialAction\":[{\"@type\":\"ReadAction\",\"target\":[\"https:\\\/\\\/fraternite-politique.chemin-neuf.org\\\/hu\\\/kapcsolat\\\/\"]}]},{\"@type\":\"ImageObject\",\"inLanguage\":\"hu\",\"@id\":\"https:\\\/\\\/fraternite-politique.chemin-neuf.org\\\/hu\\\/kapcsolat\\\/#primaryimage\",\"url\":\"https:\\\/\\\/fraternite-politique.chemin-neuf.org\\\/wp-content\\\/uploads\\\/2021\\\/01\\\/ordi-contact.jpeg\",\"contentUrl\":\"https:\\\/\\\/fraternite-politique.chemin-neuf.org\\\/wp-content\\\/uploads\\\/2021\\\/01\\\/ordi-contact.jpeg\",\"width\":1920,\"height\":1440},{\"@type\":\"BreadcrumbList\",\"@id\":\"https:\\\/\\\/fraternite-politique.chemin-neuf.org\\\/hu\\\/kapcsolat\\\/#breadcrumb\",\"itemListElement\":[{\"@type\":\"ListItem\",\"position\":1,\"name\":\"Home\",\"item\":\"https:\\\/\\\/fraternite-politique.chemin-neuf.org\\\/hu\\\/\"},{\"@type\":\"ListItem\",\"position\":2,\"name\":\"Vedd fel vel\u00fcnk a kapcsolatot\"}]},{\"@type\":\"WebSite\",\"@id\":\"https:\\\/\\\/fraternite-politique.chemin-neuf.org\\\/hu\\\/#website\",\"url\":\"https:\\\/\\\/fraternite-politique.chemin-neuf.org\\\/hu\\\/\",\"name\":\"Politics Fraternity Chemin Neuf Community\",\"description\":\"Politics Fraternity of Chemin Neuf Community\",\"publisher\":{\"@id\":\"https:\\\/\\\/fraternite-politique.chemin-neuf.org\\\/hu\\\/#organization\"},\"potentialAction\":[{\"@type\":\"SearchAction\",\"target\":{\"@type\":\"EntryPoint\",\"urlTemplate\":\"https:\\\/\\\/fraternite-politique.chemin-neuf.org\\\/hu\\\/?s={search_term_string}\"},\"query-input\":{\"@type\":\"PropertyValueSpecification\",\"valueRequired\":true,\"valueName\":\"search_term_string\"}}],\"inLanguage\":\"hu\"},{\"@type\":\"Organization\",\"@id\":\"https:\\\/\\\/fraternite-politique.chemin-neuf.org\\\/hu\\\/#organization\",\"name\":\"Fraternit\u00e9 Politique Communaut\u00e9 du Chemin Neuf\",\"url\":\"https:\\\/\\\/fraternite-politique.chemin-neuf.org\\\/hu\\\/\",\"logo\":{\"@type\":\"ImageObject\",\"inLanguage\":\"hu\",\"@id\":\"https:\\\/\\\/fraternite-politique.chemin-neuf.org\\\/hu\\\/#\\\/schema\\\/logo\\\/image\\\/\",\"url\":\"https:\\\/\\\/fraternite-politique.chemin-neuf.org\\\/wp-content\\\/uploads\\\/2021\\\/02\\\/cropped-ccn-png-onglet-site-v3-large.png\",\"contentUrl\":\"https:\\\/\\\/fraternite-politique.chemin-neuf.org\\\/wp-content\\\/uploads\\\/2021\\\/02\\\/cropped-ccn-png-onglet-site-v3-large.png\",\"width\":512,\"height\":512,\"caption\":\"Fraternit\u00e9 Politique Communaut\u00e9 du Chemin Neuf\"},\"image\":{\"@id\":\"https:\\\/\\\/fraternite-politique.chemin-neuf.org\\\/hu\\\/#\\\/schema\\\/logo\\\/image\\\/\"},\"sameAs\":[\"https:\\\/\\\/www.facebook.com\\\/fratpolitiqueccn\",\"https:\\\/\\\/instagram.com\\\/fratpo\",\"https:\\\/\\\/www.youtube.com\\\/channel\\\/UC6YodqkqOIniLyqOfjMLojw\"]}]}<\/script>\n<!-- \/ Yoast SEO plugin. -->","yoast_head_json":{"title":"Vedd fel vel\u00fcnk a kapcsolatot - Politics Fraternity Chemin Neuf Community","description":"\u00cdrj nek\u00fcnk! \u00c9s hamarosan v\u00e1laszolunk! Postai c\u00edm: Secr\u00e9tariat Fraternit\u00e9 PolitiqueCommunaut\u00e9 du Chemin NeufAbbaye Notre-Dame de Melleray44 520 La","robots":{"index":"index","follow":"follow","max-snippet":"max-snippet:-1","max-image-preview":"max-image-preview:large","max-video-preview":"max-video-preview:-1"},"canonical":"https:\/\/fraternite-politique.chemin-neuf.org\/hu\/kapcsolat\/","og_locale":"hu_HU","og_type":"article","og_title":"Vedd fel vel\u00fcnk a kapcsolatot - Politics Fraternity Chemin Neuf Community","og_description":"\u00cdrj nek\u00fcnk! \u00c9s hamarosan v\u00e1laszolunk! Postai c\u00edm: Secr\u00e9tariat Fraternit\u00e9 PolitiqueCommunaut\u00e9 du Chemin NeufAbbaye Notre-Dame de Melleray44 520 La","og_url":"https:\/\/fraternite-politique.chemin-neuf.org\/hu\/kapcsolat\/","og_site_name":"Politics Fraternity Chemin Neuf Community","article_publisher":"https:\/\/www.facebook.com\/fratpolitiqueccn","article_modified_time":"2022-04-05T16:14:58+00:00","og_image":[{"width":1920,"height":1440,"url":"https:\/\/fraternite-politique.chemin-neuf.org\/wp-content\/uploads\/2021\/01\/ordi-contact.jpeg","type":"image\/jpeg"}],"twitter_card":"summary_large_image","twitter_misc":{"Becs\u00fclt olvas\u00e1si id\u0151":"1 perc"},"schema":{"@context":"https:\/\/schema.org","@graph":[{"@type":"WebPage","@id":"https:\/\/fraternite-politique.chemin-neuf.org\/hu\/kapcsolat\/","url":"https:\/\/fraternite-politique.chemin-neuf.org\/hu\/kapcsolat\/","name":"Vedd fel vel\u00fcnk a kapcsolatot - Politics Fraternity Chemin Neuf Community","isPartOf":{"@id":"https:\/\/fraternite-politique.chemin-neuf.org\/hu\/#website"},"primaryImageOfPage":{"@id":"https:\/\/fraternite-politique.chemin-neuf.org\/hu\/kapcsolat\/#primaryimage"},"image":{"@id":"https:\/\/fraternite-politique.chemin-neuf.org\/hu\/kapcsolat\/#primaryimage"},"thumbnailUrl":"https:\/\/fraternite-politique.chemin-neuf.org\/wp-content\/uploads\/2021\/01\/ordi-contact.jpeg","datePublished":"2021-03-11T15:44:52+00:00","dateModified":"2022-04-05T16:14:58+00:00","description":"\u00cdrj nek\u00fcnk! \u00c9s hamarosan v\u00e1laszolunk! Postai c\u00edm: Secr\u00e9tariat Fraternit\u00e9 PolitiqueCommunaut\u00e9 du Chemin NeufAbbaye Notre-Dame de Melleray44 520 La","breadcrumb":{"@id":"https:\/\/fraternite-politique.chemin-neuf.org\/hu\/kapcsolat\/#breadcrumb"},"inLanguage":"hu","potentialAction":[{"@type":"ReadAction","target":["https:\/\/fraternite-politique.chemin-neuf.org\/hu\/kapcsolat\/"]}]},{"@type":"ImageObject","inLanguage":"hu","@id":"https:\/\/fraternite-politique.chemin-neuf.org\/hu\/kapcsolat\/#primaryimage","url":"https:\/\/fraternite-politique.chemin-neuf.org\/wp-content\/uploads\/2021\/01\/ordi-contact.jpeg","contentUrl":"https:\/\/fraternite-politique.chemin-neuf.org\/wp-content\/uploads\/2021\/01\/ordi-contact.jpeg","width":1920,"height":1440},{"@type":"BreadcrumbList","@id":"https:\/\/fraternite-politique.chemin-neuf.org\/hu\/kapcsolat\/#breadcrumb","itemListElement":[{"@type":"ListItem","position":1,"name":"Home","item":"https:\/\/fraternite-politique.chemin-neuf.org\/hu\/"},{"@type":"ListItem","position":2,"name":"Vedd fel vel\u00fcnk a kapcsolatot"}]},{"@type":"WebSite","@id":"https:\/\/fraternite-politique.chemin-neuf.org\/hu\/#website","url":"https:\/\/fraternite-politique.chemin-neuf.org\/hu\/","name":"Politics Fraternity Chemin Neuf Community","description":"Politics Fraternity of Chemin Neuf Community","publisher":{"@id":"https:\/\/fraternite-politique.chemin-neuf.org\/hu\/#organization"},"potentialAction":[{"@type":"SearchAction","target":{"@type":"EntryPoint","urlTemplate":"https:\/\/fraternite-politique.chemin-neuf.org\/hu\/?s={search_term_string}"},"query-input":{"@type":"PropertyValueSpecification","valueRequired":true,"valueName":"search_term_string"}}],"inLanguage":"hu"},{"@type":"Organization","@id":"https:\/\/fraternite-politique.chemin-neuf.org\/hu\/#organization","name":"Fraternit\u00e9 Politique Communaut\u00e9 du Chemin Neuf","url":"https:\/\/fraternite-politique.chemin-neuf.org\/hu\/","logo":{"@type":"ImageObject","inLanguage":"hu","@id":"https:\/\/fraternite-politique.chemin-neuf.org\/hu\/#\/schema\/logo\/image\/","url":"https:\/\/fraternite-politique.chemin-neuf.org\/wp-content\/uploads\/2021\/02\/cropped-ccn-png-onglet-site-v3-large.png","contentUrl":"https:\/\/fraternite-politique.chemin-neuf.org\/wp-content\/uploads\/2021\/02\/cropped-ccn-png-onglet-site-v3-large.png","width":512,"height":512,"caption":"Fraternit\u00e9 Politique Communaut\u00e9 du Chemin Neuf"},"image":{"@id":"https:\/\/fraternite-politique.chemin-neuf.org\/hu\/#\/schema\/logo\/image\/"},"sameAs":["https:\/\/www.facebook.com\/fratpolitiqueccn","https:\/\/instagram.com\/fratpo","https:\/\/www.youtube.com\/channel\/UC6YodqkqOIniLyqOfjMLojw"]}]}},"_links":{"self":[{"href":"https:\/\/fraternite-politique.chemin-neuf.org\/hu\/wp-json\/wp\/v2\/pages\/5547","targetHints":{"allow":["GET"]}}],"collection":[{"href":"https:\/\/fraternite-politique.chemin-neuf.org\/hu\/wp-json\/wp\/v2\/pages"}],"about":[{"href":"https:\/\/fraternite-politique.chemin-neuf.org\/hu\/wp-json\/wp\/v2\/types\/page"}],"author":[{"embeddable":true,"href":"https:\/\/fraternite-politique.chemin-neuf.org\/hu\/wp-json\/wp\/v2\/users\/6"}],"replies":[{"embeddable":true,"href":"https:\/\/fraternite-politique.chemin-neuf.org\/hu\/wp-json\/wp\/v2\/comments?post=5547"}],"version-history":[{"count":3,"href":"https:\/\/fraternite-politique.chemin-neuf.org\/hu\/wp-json\/wp\/v2\/pages\/5547\/revisions"}],"predecessor-version":[{"id":6351,"href":"https:\/\/fraternite-politique.chemin-neuf.org\/hu\/wp-json\/wp\/v2\/pages\/5547\/revisions\/6351"}],"wp:featuredmedia":[{"embeddable":true,"href":"https:\/\/fraternite-politique.chemin-neuf.org\/hu\/wp-json\/wp\/v2\/media\/5548"}],"wp:attachment":[{"href":"https:\/\/fraternite-politique.chemin-neuf.org\/hu\/wp-json\/wp\/v2\/media?parent=5547"}],"curies":[{"name":"wp","href":"https:\/\/api.w.org\/{rel}","templated":true}]}}