{"id":7604,"date":"2022-10-15T18:26:57","date_gmt":"2022-10-15T16:26:57","guid":{"rendered":"https:\/\/fraternite-politique.chemin-neuf.org\/?post_type=proposition&#038;p=7604"},"modified":"2023-11-08T11:33:43","modified_gmt":"2023-11-08T10:33:43","slug":"egliseetpolitique-2023","status":"publish","type":"proposition","link":"https:\/\/fraternite-politique.chemin-neuf.org\/fr\/evenement\/egliseetpolitique-2023\/","title":{"rendered":"Eglise &#038; Politique"},"content":{"rendered":"\n<h2 class=\"wp-block-heading\" id=\"program\"><i class=\"fas fa-list ccn-fa-icon\"> <\/i>PROGRAMME<\/h2>\n\n\n\n<p>Du 24 au 26 novembre 2023, la Fraternit\u00e9 Politique du Chemin Neuf organise un week-end pour aborder la question de la relation entre l&rsquo;\u00c9glise et la Politique. <\/p>\n\n\n\n<p>Eglise et Politique. &nbsp;Deux notions qui recouvrent un vaste champ lexical. L\u2019Eglise, c\u2019est d\u2019abord le Peuple de Dieu, mais c\u2019est aussi une institution, r\u00e9gie par une organisation hi\u00e9rarchique. Quant au politique, on pourrait, partant des termes de Paul Ricoeur, dire qu\u2019elle vise la possibilit\u00e9 d\u2019 \u00ab&nbsp;une vie bonne, avec et pour autrui, dans des institutions justes&nbsp;\u00bb.<\/p>\n\n\n\n<p>Dans cette articulation entre Eglise et Politique, de nombreuses probl\u00e9matiques apparaissent \u2013 nous nous int\u00e9resserons aux trois suivantes.<\/p>\n\n\n\n<p>La question du pouvoir et de l\u2019autorit\u00e9. La la\u00efcit\u00e9 n\u2019a pas toujours \u00e9t\u00e9 le ma\u00eetre mot du rapport entre le religieux et le politique. Pendant longtemps en christianisme, l\u2019empereur a \u00e9t\u00e9 <em>lieu-tenant<\/em> du Christ. De quelle compr\u00e9hension du messianisme cela d\u00e9coulait-il&nbsp;? Depuis l\u2019av\u00e8nement du concept de la\u00efcit\u00e9, de quelle mani\u00e8re l\u2019Eglise se positionne-t-elle comme actrice politique&nbsp;? L\u2019Eglise doit-elle\/peut-elle chercher \u00e0 r\u00e9former les structures socio-politiques ou sa vocation est-elle d&rsquo;\u00eatre une voix proph\u00e9tique ext\u00e9rieure au syst\u00e8me ?&nbsp;<\/p>\n\n\n\n<p>Le politique vise de nombreux biens&nbsp;: paix, coh\u00e9sion, justice, libert\u00e9\u2026 Si l\u2019on s\u2019arr\u00eate un moment sur la question de la justice, on pourrait se demander quel type d&rsquo;action l&rsquo;Eglise, qui se reconna\u00eet dans la vocation d&rsquo;Isa\u00efe, reprise par J\u00e9sus en Luc 4, est-elle appel\u00e9e&nbsp;\u00e0 poser en faveur de la justice sociale ? Nous prendrons le temps de faire un focus sur la th\u00e9ologie de la lib\u00e9ration comme une des mani\u00e8res de penser une articulation entre Eglise et Politique.<\/p>\n\n\n\n<p>Enfin, s\u2019il est n\u00e9cessaire de mieux cerner la mani\u00e8re dont l\u2019Eglise-Institution peut se positionner, une question non moins essentielle demeure\u00a0: et moi dans tout \u00e7a\u00a0? Nous chercherons \u00e0 identifier des clefs pour naviguer la tension qui existe entre dimension syst\u00e9mique et \u00e9chelle personnelle pour\u00a0<a href=\"http:\/\/le.la\/\" target=\"_blank\" rel=\"noreferrer noopener\">le.la<\/a>\u00a0croyant.e ; ainsi que l&rsquo;articulation entre le peuple de Dieu et la hi\u00e9rarchie : libert\u00e9 de conscience, prise de position officielle&#8230;<\/p>\n\n\n\n<p>Ce weekend sera l&rsquo;occasion de r\u00e9fl\u00e9chir, d\u00e9battre, prier ensemble et grandir dans notre qu\u00eate du bien commun.<\/p>\n\n\n\n<h2 class=\"wp-block-heading\" id=\"dates\"><i class=\"fas fa-calendar-alt ccn-fa-icon\"> <\/i>DATES<\/h2>\n\n\n\n<p>Week-end du 24 au 26 novembre 2023.<br>Arriv\u00e9e le vendredi soir, \u00e0 partir de 18h.<br>Fin du weekend le dimanche vers 15h.<\/p>\n\n\n\n<h2 class=\"wp-block-heading\" id=\"transport\"><i class=\"fas fa-subway ccn-fa-icon\" aria-hidden=\"true\"> <\/i>TRANSPORT<\/h2>\n\n\n\n<p>Le rassemblement aura lieu au Carmel de Mehagne, \u00e0 Li\u00e8ge en Belgique.<\/p>\n\n\n\n<p>En train : viser la gare de Li\u00e8ge Guillemins (train direct depuis Bruxelles-Midi), puis bus de l&rsquo;agglom\u00e9ration de Li\u00e8ge :<\/p>\n\n\n\n<ul class=\"wp-block-list\">\n<li>Bus 30, direction \u00ab\u00a0Embourg caf\u00e9 Lacroix\u00a0\u00bb.<br>Descendre \u00e0 \u00ab\u00a0Embourg Rue de Henne\u00a0\u00bb (17min).<br>Marcher 8min jusqu\u2019au Carmel de Mehagne. Dernier bus \u00e0 23h20.<\/li>\n\n\n\n<li>Bus 65, direction \u00ab\u00a0Remouchamps Gare\u00a0\u00bb.<br>Descendre \u00e0 l\u2019arr\u00eat \u00ab\u00a0Embourg Rue Dieusaume\u00a0\u00bb (12 min).<br>Marcher 20min jusqu\u2019au Carmel de Mehagne. Dernier bus \u00e0 23h20.<\/li>\n<\/ul>\n\n\n\n<p>Possibilit\u00e9 de co-voiturage. <\/p>\n\n\n\n<h2 class=\"wp-block-heading\" id=\"finances\"><i class=\"fas fa-piggy-bank ccn-fa-icon\"> <\/i>FINANCES<\/h2>\n\n\n\n<p>Participation aux frais :<\/p>\n\n\n\n<ul class=\"wp-block-list\">\n<li>\u00c9tudiants : 65-90\u20ac<\/li>\n\n\n\n<li>Jeunes professionnels : 90-130\u20ac<\/li>\n<\/ul>\n\n\n\n<p><em>L&rsquo;argent ne doit pas \u00eatre un obstacle, contactez-nous en cas de difficult\u00e9<\/em><\/p>\n\n\n\n<h2 class=\"wp-block-heading\" id=\"info\"><i class=\"fas fa-question ccn-fa-icon\"> <\/i>INFOS PRATIQUES<\/h2>\n\n\n\n<p><i class=\"fas fa-globe ccn-fa-icon\" aria-hidden=\"true\"> <\/i> La rencontre aura lieu en fran\u00e7ais, et pourra \u00eatre traduite en anglais selon les besoins des participant.e.s. <\/p>\n\n\n\n<p><i class=\"fas fa-kit-medical ccn-fa-icon\"> <\/i> Pr\u00e9voyez votre carte europ\u00e9enne d\u2019assurance maladie !<\/p>\n\n\n\n<p><i class=\"fas fa-utensils ccn-fa-icon\" aria-hidden=\"true\"> <\/i> Pr\u00e9venez nous si vous avez un r\u00e9gime sp\u00e9cial<\/p>\n","protected":false},"excerpt":{"rendered":"<p>PROGRAMME Du 24 au 26 novembre 2023, la Fraternit\u00e9 Politique du Chemin Neuf organise un week-end pour aborder la question de la relation entre l&rsquo;\u00c9glise et la Politique. Eglise et Politique. &nbsp;Deux notions qui recouvrent un vaste champ lexical. L\u2019Eglise, c\u2019est d\u2019abord le Peuple de Dieu, mais c\u2019est aussi une institution, r\u00e9gie par une organisation [&hellip;]<\/p>\n","protected":false},"featured_media":9601,"menu_order":0,"template":"","meta":{"_acf_changed":false,"footnotes":""},"prop-category":[31],"prop-duration":[],"class_list":["post-7604","proposition","type-proposition","status-publish","has-post-thumbnail","hentry","prop-category-weekend-fr"],"acf":[],"yoast_head":"<!-- This site is optimized with the Yoast SEO plugin v27.5 - https:\/\/yoast.com\/product\/yoast-seo-wordpress\/ -->\n<title>Eglise &amp; Politique - Fraternit\u00e9 Politique de la Communaut\u00e9 du Chemin Neuf<\/title>\n<meta name=\"description\" content=\"Suivre les pas de Robert Schuman pour devenir acteur\/actrice de changement !\" \/>\n<meta name=\"robots\" content=\"index, follow, max-snippet:-1, max-image-preview:large, max-video-preview:-1\" \/>\n<link rel=\"canonical\" href=\"https:\/\/fraternite-politique.chemin-neuf.org\/fr\/evenement\/egliseetpolitique-2023\/\" \/>\n<meta property=\"og:locale\" content=\"fr_FR\" \/>\n<meta property=\"og:type\" content=\"article\" \/>\n<meta property=\"og:title\" content=\"Oser R\u00eaver Demain - Robert Schuman\" \/>\n<meta property=\"og:description\" content=\"Suivre les pas de Robert Schuman pour devenir acteur\/actrice de changement !\" \/>\n<meta property=\"og:url\" content=\"https:\/\/fraternite-politique.chemin-neuf.org\/fr\/evenement\/egliseetpolitique-2023\/\" \/>\n<meta property=\"og:site_name\" content=\"Fraternit\u00e9 Politique de la Communaut\u00e9 du Chemin Neuf\" \/>\n<meta property=\"article:publisher\" content=\"https:\/\/www.facebook.com\/fratpolitiqueccn\" \/>\n<meta property=\"article:modified_time\" content=\"2023-11-08T10:33:43+00:00\" \/>\n<meta property=\"og:image\" content=\"https:\/\/fraternite-politique.chemin-neuf.org\/wp-content\/uploads\/2022\/10\/Robert-Schuman-1953_web.jpg\" \/>\n\t<meta property=\"og:image:width\" content=\"920\" \/>\n\t<meta property=\"og:image:height\" content=\"526\" \/>\n\t<meta property=\"og:image:type\" content=\"image\/jpeg\" \/>\n<meta name=\"twitter:card\" content=\"summary_large_image\" \/>\n<meta name=\"twitter:title\" content=\"Oser R\u00eaver Demain - Robert Schuman\" \/>\n<meta name=\"twitter:image\" content=\"https:\/\/fraternite-politique.chemin-neuf.org\/wp-content\/uploads\/2022\/10\/Robert-Schuman-1953_web.jpg\" \/>\n<meta name=\"twitter:label1\" content=\"Dur\u00e9e de lecture estim\u00e9e\" \/>\n\t<meta name=\"twitter:data1\" content=\"3 minutes\" \/>\n<script type=\"application\/ld+json\" class=\"yoast-schema-graph\">{\"@context\":\"https:\\\/\\\/schema.org\",\"@graph\":[{\"@type\":\"WebPage\",\"@id\":\"https:\\\/\\\/fraternite-politique.chemin-neuf.org\\\/fr\\\/evenement\\\/egliseetpolitique-2023\\\/\",\"url\":\"https:\\\/\\\/fraternite-politique.chemin-neuf.org\\\/fr\\\/evenement\\\/egliseetpolitique-2023\\\/\",\"name\":\"Eglise & Politique - Fraternit\u00e9 Politique de la Communaut\u00e9 du Chemin Neuf\",\"isPartOf\":{\"@id\":\"https:\\\/\\\/fraternite-politique.chemin-neuf.org\\\/fr\\\/#website\"},\"primaryImageOfPage\":{\"@id\":\"https:\\\/\\\/fraternite-politique.chemin-neuf.org\\\/fr\\\/evenement\\\/egliseetpolitique-2023\\\/#primaryimage\"},\"image\":{\"@id\":\"https:\\\/\\\/fraternite-politique.chemin-neuf.org\\\/fr\\\/evenement\\\/egliseetpolitique-2023\\\/#primaryimage\"},\"thumbnailUrl\":\"https:\\\/\\\/fraternite-politique.chemin-neuf.org\\\/wp-content\\\/uploads\\\/2023\\\/10\\\/we-nov-1.jpg\",\"datePublished\":\"2022-10-15T16:26:57+00:00\",\"dateModified\":\"2023-11-08T10:33:43+00:00\",\"description\":\"Suivre les pas de Robert Schuman pour devenir acteur\\\/actrice de changement !\",\"breadcrumb\":{\"@id\":\"https:\\\/\\\/fraternite-politique.chemin-neuf.org\\\/fr\\\/evenement\\\/egliseetpolitique-2023\\\/#breadcrumb\"},\"inLanguage\":\"fr-FR\",\"potentialAction\":[{\"@type\":\"ReadAction\",\"target\":[\"https:\\\/\\\/fraternite-politique.chemin-neuf.org\\\/fr\\\/evenement\\\/egliseetpolitique-2023\\\/\"]}]},{\"@type\":\"ImageObject\",\"inLanguage\":\"fr-FR\",\"@id\":\"https:\\\/\\\/fraternite-politique.chemin-neuf.org\\\/fr\\\/evenement\\\/egliseetpolitique-2023\\\/#primaryimage\",\"url\":\"https:\\\/\\\/fraternite-politique.chemin-neuf.org\\\/wp-content\\\/uploads\\\/2023\\\/10\\\/we-nov-1.jpg\",\"contentUrl\":\"https:\\\/\\\/fraternite-politique.chemin-neuf.org\\\/wp-content\\\/uploads\\\/2023\\\/10\\\/we-nov-1.jpg\",\"width\":1920,\"height\":1920},{\"@type\":\"BreadcrumbList\",\"@id\":\"https:\\\/\\\/fraternite-politique.chemin-neuf.org\\\/fr\\\/evenement\\\/egliseetpolitique-2023\\\/#breadcrumb\",\"itemListElement\":[{\"@type\":\"ListItem\",\"position\":1,\"name\":\"Home\",\"item\":\"https:\\\/\\\/fraternite-politique.chemin-neuf.org\\\/fr\\\/\"},{\"@type\":\"ListItem\",\"position\":2,\"name\":\"Propositions\",\"item\":\"https:\\\/\\\/fraternite-politique.chemin-neuf.org\\\/fr\\\/evenement\\\/\"},{\"@type\":\"ListItem\",\"position\":3,\"name\":\"Eglise &#038; Politique\"}]},{\"@type\":\"WebSite\",\"@id\":\"https:\\\/\\\/fraternite-politique.chemin-neuf.org\\\/fr\\\/#website\",\"url\":\"https:\\\/\\\/fraternite-politique.chemin-neuf.org\\\/fr\\\/\",\"name\":\"Fraternit\u00e9 Politique de la Communaut\u00e9 du Chemin Neuf\",\"description\":\"La Fraternit\u00e9 Politique de la Communaut\u00e9 du Chemin Neuf\",\"publisher\":{\"@id\":\"https:\\\/\\\/fraternite-politique.chemin-neuf.org\\\/fr\\\/#organization\"},\"potentialAction\":[{\"@type\":\"SearchAction\",\"target\":{\"@type\":\"EntryPoint\",\"urlTemplate\":\"https:\\\/\\\/fraternite-politique.chemin-neuf.org\\\/fr\\\/?s={search_term_string}\"},\"query-input\":{\"@type\":\"PropertyValueSpecification\",\"valueRequired\":true,\"valueName\":\"search_term_string\"}}],\"inLanguage\":\"fr-FR\"},{\"@type\":\"Organization\",\"@id\":\"https:\\\/\\\/fraternite-politique.chemin-neuf.org\\\/fr\\\/#organization\",\"name\":\"Fraternit\u00e9 Politique Communaut\u00e9 du Chemin Neuf\",\"url\":\"https:\\\/\\\/fraternite-politique.chemin-neuf.org\\\/fr\\\/\",\"logo\":{\"@type\":\"ImageObject\",\"inLanguage\":\"fr-FR\",\"@id\":\"https:\\\/\\\/fraternite-politique.chemin-neuf.org\\\/fr\\\/#\\\/schema\\\/logo\\\/image\\\/\",\"url\":\"https:\\\/\\\/fraternite-politique.chemin-neuf.org\\\/wp-content\\\/uploads\\\/2021\\\/02\\\/cropped-ccn-png-onglet-site-v3-large.png\",\"contentUrl\":\"https:\\\/\\\/fraternite-politique.chemin-neuf.org\\\/wp-content\\\/uploads\\\/2021\\\/02\\\/cropped-ccn-png-onglet-site-v3-large.png\",\"width\":512,\"height\":512,\"caption\":\"Fraternit\u00e9 Politique Communaut\u00e9 du Chemin Neuf\"},\"image\":{\"@id\":\"https:\\\/\\\/fraternite-politique.chemin-neuf.org\\\/fr\\\/#\\\/schema\\\/logo\\\/image\\\/\"},\"sameAs\":[\"https:\\\/\\\/www.facebook.com\\\/fratpolitiqueccn\",\"https:\\\/\\\/instagram.com\\\/fratpo\",\"https:\\\/\\\/www.youtube.com\\\/channel\\\/UC6YodqkqOIniLyqOfjMLojw\"]}]}<\/script>\n<!-- \/ Yoast SEO plugin. -->","yoast_head_json":{"title":"Eglise & Politique - Fraternit\u00e9 Politique de la Communaut\u00e9 du Chemin Neuf","description":"Suivre les pas de Robert Schuman pour devenir acteur\/actrice de changement !","robots":{"index":"index","follow":"follow","max-snippet":"max-snippet:-1","max-image-preview":"max-image-preview:large","max-video-preview":"max-video-preview:-1"},"canonical":"https:\/\/fraternite-politique.chemin-neuf.org\/fr\/evenement\/egliseetpolitique-2023\/","og_locale":"fr_FR","og_type":"article","og_title":"Oser R\u00eaver Demain - Robert Schuman","og_description":"Suivre les pas de Robert Schuman pour devenir acteur\/actrice de changement !","og_url":"https:\/\/fraternite-politique.chemin-neuf.org\/fr\/evenement\/egliseetpolitique-2023\/","og_site_name":"Fraternit\u00e9 Politique de la Communaut\u00e9 du Chemin Neuf","article_publisher":"https:\/\/www.facebook.com\/fratpolitiqueccn","article_modified_time":"2023-11-08T10:33:43+00:00","og_image":[{"width":920,"height":526,"url":"https:\/\/fraternite-politique.chemin-neuf.org\/wp-content\/uploads\/2022\/10\/Robert-Schuman-1953_web.jpg","type":"image\/jpeg"}],"twitter_card":"summary_large_image","twitter_title":"Oser R\u00eaver Demain - Robert Schuman","twitter_image":"https:\/\/fraternite-politique.chemin-neuf.org\/wp-content\/uploads\/2022\/10\/Robert-Schuman-1953_web.jpg","twitter_misc":{"Dur\u00e9e de lecture estim\u00e9e":"3 minutes"},"schema":{"@context":"https:\/\/schema.org","@graph":[{"@type":"WebPage","@id":"https:\/\/fraternite-politique.chemin-neuf.org\/fr\/evenement\/egliseetpolitique-2023\/","url":"https:\/\/fraternite-politique.chemin-neuf.org\/fr\/evenement\/egliseetpolitique-2023\/","name":"Eglise & Politique - Fraternit\u00e9 Politique de la Communaut\u00e9 du Chemin Neuf","isPartOf":{"@id":"https:\/\/fraternite-politique.chemin-neuf.org\/fr\/#website"},"primaryImageOfPage":{"@id":"https:\/\/fraternite-politique.chemin-neuf.org\/fr\/evenement\/egliseetpolitique-2023\/#primaryimage"},"image":{"@id":"https:\/\/fraternite-politique.chemin-neuf.org\/fr\/evenement\/egliseetpolitique-2023\/#primaryimage"},"thumbnailUrl":"https:\/\/fraternite-politique.chemin-neuf.org\/wp-content\/uploads\/2023\/10\/we-nov-1.jpg","datePublished":"2022-10-15T16:26:57+00:00","dateModified":"2023-11-08T10:33:43+00:00","description":"Suivre les pas de Robert Schuman pour devenir acteur\/actrice de changement !","breadcrumb":{"@id":"https:\/\/fraternite-politique.chemin-neuf.org\/fr\/evenement\/egliseetpolitique-2023\/#breadcrumb"},"inLanguage":"fr-FR","potentialAction":[{"@type":"ReadAction","target":["https:\/\/fraternite-politique.chemin-neuf.org\/fr\/evenement\/egliseetpolitique-2023\/"]}]},{"@type":"ImageObject","inLanguage":"fr-FR","@id":"https:\/\/fraternite-politique.chemin-neuf.org\/fr\/evenement\/egliseetpolitique-2023\/#primaryimage","url":"https:\/\/fraternite-politique.chemin-neuf.org\/wp-content\/uploads\/2023\/10\/we-nov-1.jpg","contentUrl":"https:\/\/fraternite-politique.chemin-neuf.org\/wp-content\/uploads\/2023\/10\/we-nov-1.jpg","width":1920,"height":1920},{"@type":"BreadcrumbList","@id":"https:\/\/fraternite-politique.chemin-neuf.org\/fr\/evenement\/egliseetpolitique-2023\/#breadcrumb","itemListElement":[{"@type":"ListItem","position":1,"name":"Home","item":"https:\/\/fraternite-politique.chemin-neuf.org\/fr\/"},{"@type":"ListItem","position":2,"name":"Propositions","item":"https:\/\/fraternite-politique.chemin-neuf.org\/fr\/evenement\/"},{"@type":"ListItem","position":3,"name":"Eglise &#038; Politique"}]},{"@type":"WebSite","@id":"https:\/\/fraternite-politique.chemin-neuf.org\/fr\/#website","url":"https:\/\/fraternite-politique.chemin-neuf.org\/fr\/","name":"Fraternit\u00e9 Politique de la Communaut\u00e9 du Chemin Neuf","description":"La Fraternit\u00e9 Politique de la Communaut\u00e9 du Chemin Neuf","publisher":{"@id":"https:\/\/fraternite-politique.chemin-neuf.org\/fr\/#organization"},"potentialAction":[{"@type":"SearchAction","target":{"@type":"EntryPoint","urlTemplate":"https:\/\/fraternite-politique.chemin-neuf.org\/fr\/?s={search_term_string}"},"query-input":{"@type":"PropertyValueSpecification","valueRequired":true,"valueName":"search_term_string"}}],"inLanguage":"fr-FR"},{"@type":"Organization","@id":"https:\/\/fraternite-politique.chemin-neuf.org\/fr\/#organization","name":"Fraternit\u00e9 Politique Communaut\u00e9 du Chemin Neuf","url":"https:\/\/fraternite-politique.chemin-neuf.org\/fr\/","logo":{"@type":"ImageObject","inLanguage":"fr-FR","@id":"https:\/\/fraternite-politique.chemin-neuf.org\/fr\/#\/schema\/logo\/image\/","url":"https:\/\/fraternite-politique.chemin-neuf.org\/wp-content\/uploads\/2021\/02\/cropped-ccn-png-onglet-site-v3-large.png","contentUrl":"https:\/\/fraternite-politique.chemin-neuf.org\/wp-content\/uploads\/2021\/02\/cropped-ccn-png-onglet-site-v3-large.png","width":512,"height":512,"caption":"Fraternit\u00e9 Politique Communaut\u00e9 du Chemin Neuf"},"image":{"@id":"https:\/\/fraternite-politique.chemin-neuf.org\/fr\/#\/schema\/logo\/image\/"},"sameAs":["https:\/\/www.facebook.com\/fratpolitiqueccn","https:\/\/instagram.com\/fratpo","https:\/\/www.youtube.com\/channel\/UC6YodqkqOIniLyqOfjMLojw"]}]}},"_links":{"self":[{"href":"https:\/\/fraternite-politique.chemin-neuf.org\/fr\/wp-json\/wp\/v2\/proposition\/7604","targetHints":{"allow":["GET"]}}],"collection":[{"href":"https:\/\/fraternite-politique.chemin-neuf.org\/fr\/wp-json\/wp\/v2\/proposition"}],"about":[{"href":"https:\/\/fraternite-politique.chemin-neuf.org\/fr\/wp-json\/wp\/v2\/types\/proposition"}],"version-history":[{"count":27,"href":"https:\/\/fraternite-politique.chemin-neuf.org\/fr\/wp-json\/wp\/v2\/proposition\/7604\/revisions"}],"predecessor-version":[{"id":9677,"href":"https:\/\/fraternite-politique.chemin-neuf.org\/fr\/wp-json\/wp\/v2\/proposition\/7604\/revisions\/9677"}],"wp:featuredmedia":[{"embeddable":true,"href":"https:\/\/fraternite-politique.chemin-neuf.org\/fr\/wp-json\/wp\/v2\/media\/9601"}],"wp:attachment":[{"href":"https:\/\/fraternite-politique.chemin-neuf.org\/fr\/wp-json\/wp\/v2\/media?parent=7604"}],"wp:term":[{"taxonomy":"prop-category","embeddable":true,"href":"https:\/\/fraternite-politique.chemin-neuf.org\/fr\/wp-json\/wp\/v2\/prop-category?post=7604"},{"taxonomy":"prop-duration","embeddable":true,"href":"https:\/\/fraternite-politique.chemin-neuf.org\/fr\/wp-json\/wp\/v2\/prop-duration?post=7604"}],"curies":[{"name":"wp","href":"https:\/\/api.w.org\/{rel}","templated":true}]}}