{"id":1158,"date":"2021-02-07T15:00:15","date_gmt":"2021-02-07T14:00:15","guid":{"rendered":"https:\/\/next-frat-politique.chemin-neuf.fr\/?page_id=1158"},"modified":"2021-04-08T12:09:54","modified_gmt":"2021-04-08T10:09:54","slug":"engagement-annuel","status":"publish","type":"page","link":"https:\/\/fraternite-politique.chemin-neuf.org\/fr\/nous-rejoindre\/engagement-annuel\/","title":{"rendered":"L&rsquo;engagement dans la <br>Fraternit\u00e9 Politique"},"content":{"rendered":"\n<p>Si tu rejoins la Fraternit\u00e9 Politique, c&rsquo;est pour <strong>mettre le Christ au c\u0153ur<\/strong> de ton service du Bien Commun, et <strong>vivre avec d&rsquo;autres la fraternit\u00e9<\/strong> dont tu r\u00eaves pour le monde.<\/p>\n\n\n\n<p>Nous proposons \u00e0 ceux qui le souhaitent <strong>un engagement annuel<\/strong> pour soutenir et encourager leur chemin politique. Ce sont ces membres engag\u00e9s qui forment ensemble la Fraternit\u00e9 Politique.<\/p>\n\n\n\n<h2 class=\"wp-block-heading\">Les 5 piliers<\/h2>\n\n\n\n<p>L&rsquo;engagement dans la Fraternit\u00e9 Politique se d\u00e9cline selon les 5 axes qui suivent.<\/p>\n\n\n\n<h3 class=\"wp-block-heading\">Fraternit\u00e9<\/h3>\n\n\n\n<p>Des <strong>groupes de partage fraternel<\/strong> de 5 \u00e0 10 jeunes sont constitu\u00e9s, autant que possible <strong>dans ta ville<\/strong> ou ta r\u00e9gion, ou en visioconf\u00e9rence par langue.<br>Ces fraternit\u00e9s locales se r\u00e9unissent <strong>une fois par mois<\/strong>, pour prendre de la hauteur sur ce qui fait notre quotidien, pour relire et \u00e9couter la mani\u00e8re dont l&rsquo;Esprit Saint conduit nos engagements et nos existences, pour prier les uns pour les autres.<\/p>\n\n\n\n<p>Dans la diversit\u00e9 de nos exp\u00e9riences, de nos convictions et de nos cultures nationales ou eccl\u00e9siales, nous faisons ainsi l&rsquo;exp\u00e9rience concr\u00e8te de l&rsquo;unit\u00e9 que le Christ seul peut accomplir entre nous.<\/p>\n\n\n\n<div class=\"wp-block-buttons is-content-justification-center is-layout-flex wp-block-buttons-is-layout-flex\">\n<div class=\"wp-block-button\"><a class=\"wp-block-button__link has-white-color has-orange-background-color has-text-color has-background\" href=\"https:\/\/fraternite-politique.chemin-neuf.org\/fr\/contact\/\">Trouver une fraternit\u00e9<\/a><\/div>\n<\/div>\n\n\n\n<h3 class=\"wp-block-heading\">Intercession<\/h3>\n\n\n\n<p><em>\u00ab Si deux d\u2019entre vous sur la terre se mettent d\u2019accord pour demander quoi que ce soit, ils l\u2019obtiendront de mon P\u00e8re qui est aux cieux. En effet, quand deux ou trois sont r\u00e9unis en mon nom, je suis l\u00e0, au milieu d\u2019eux. \u00bb<\/em><\/p>\n\n\n\n<p>Nous croyons \u00e0 cette Parole du Christ !<br>Et nous savons que, s&rsquo;Il nous appelle pour servir, Lui seul peut sauver et faire des miracles.<\/p>\n\n\n\n<p>Tous les membres engag\u00e9s de la Fraternit\u00e9 Politique se retrouvent sur une Chapelle WhatsApp, <strong>chaque dimanche soir<\/strong>, pour un temps de pri\u00e8re d&rsquo;un quart d&rsquo;heure. A tour de r\u00f4le, chacun nous entra\u00eene, semaine apr\u00e8s semaine, \u00e0 <strong>interc\u00e9der pour les acteurs de la vie politique<\/strong> de son pays, pour les pauvres de notre monde, ou pour les protagonistes de l&rsquo;actualit\u00e9.<\/p>\n\n\n\n<h3 class=\"wp-block-heading\">Formation<\/h3>\n\n\n\n<p>Parce qu&rsquo;il est n\u00e9cessaire de <strong>comprendre ce monde<\/strong> o\u00f9 Dieu nous appelle, les membres de la Fraternit\u00e9 Politique s&rsquo;engagent \u00e0 se former. Jeunes chr\u00e9tiens, se former signifie aussi pour nous puiser aux sources de l\u2019\u00c9vangile et de l&rsquo;enseignement social de nos \u00c9glises : c&rsquo;est sans doute le tr\u00e9sor que nous avons \u00e0 apporter \u00e0 nos fr\u00e8res en humanit\u00e9, il est bon de le recevoir pour nous m\u00eames !<\/p>\n\n\n\n<p>Cette formation intellectuelle n&rsquo;aurait gu\u00e8re de sens sans <strong>une formation spirituelle solide<\/strong> : \u00ab\u00a0ayez les racines de vos branches\u00a0\u00bb ! Chacune de nos rencontres ouvre \u00e0 cet enracinement, par le partage de la spiritualit\u00e9 de la communaut\u00e9 du Chemin Neuf.<\/p>\n\n\n\n<p><strong>Dans l&rsquo;ann\u00e9e, 3 weekends th\u00e9matiques<\/strong> de formation sont organis\u00e9s, dans diff\u00e9rents pays. Ces rencontres internationales sont aussi l&rsquo;occasion de se retrouver plus largement que nos fraternit\u00e9s locales !<\/p>\n\n\n\n<h3 class=\"wp-block-heading\">Service<\/h3>\n\n\n\n<p>L&rsquo;engagement dans la Fraternit\u00e9 Politique n&rsquo;est pas un engagement politique en soi !<\/p>\n\n\n\n<p>Certains y trouvent un moyen d&rsquo;accompagner et de soutenir <strong>un engagement qu&rsquo;ils portent d\u00e9j\u00e0<\/strong> dans le monde. Ces jeunes apportent tout naturellement un fort t\u00e9moignage aupr\u00e8s des ceux qui nous rejoignent sans avoir encore de lieu d&rsquo;engagement concret.<\/p>\n\n\n\n<p>Pour ces derniers, qui nous rejoignent dans le but de discerner o\u00f9 se donner, nous demandons de <strong>choisir pour l&rsquo;ann\u00e9e un lieu d&rsquo;engagement concret<\/strong>. Ceci afin de pouvoir discerner \u00e0 partir du r\u00e9el, en ayant d\u00e9j\u00e0 franchi une \u00e9tape, celle de&#8230; se lancer ! Ce service peut prendre toute forme : militantisme, action sociale, lobbying, &#8230;<\/p>\n\n\n\n<h3 class=\"wp-block-heading\">T\u00e9moignage<\/h3>\n\n\n\n<p>La vie politique ne permet pas souvent d&rsquo;afficher ouvertement nos convictions de foi, quand bien m\u00eame elles soutiendraient substantiellement notre action. Toutefois, nous sommes t\u00e9moins d&rsquo;hommes et de femmes qui rayonnent d&rsquo;amour et de justice, de par leur <strong>recherche permanente de la volont\u00e9 de Dieu<\/strong>.<\/p>\n\n\n\n<p>Nous souhaitons donc <strong>vivre, de plus en plus, la coh\u00e9rence<\/strong> entre nos actes et le message de l\u2019\u00c9vangile. Cette conversion personnelle passe sans doute par un attachement quotidien au Christ, le soutien d&rsquo;un accompagnement spirituel r\u00e9gulier, ou encore le don d\u00e9sint\u00e9ress\u00e9 de notre temps et de nos talents.<\/p>\n","protected":false},"excerpt":{"rendered":"<p>Si tu rejoins la Fraternit\u00e9 Politique, c&rsquo;est pour mettre le Christ au c\u0153ur de ton service du Bien Commun, et vivre avec d&rsquo;autres la fraternit\u00e9 dont tu r\u00eaves pour le monde. Nous proposons \u00e0 ceux qui le souhaitent un engagement annuel pour soutenir et encourager leur chemin politique. Ce sont ces membres engag\u00e9s qui forment [&hellip;]<\/p>\n","protected":false},"author":6,"featured_media":1154,"parent":1156,"menu_order":0,"comment_status":"closed","ping_status":"closed","template":"","meta":{"_acf_changed":false,"footnotes":""},"class_list":["post-1158","page","type-page","status-publish","has-post-thumbnail","hentry"],"acf":[],"yoast_head":"<!-- This site is optimized with the Yoast SEO plugin v27.5 - https:\/\/yoast.com\/product\/yoast-seo-wordpress\/ -->\n<title>L&#039;engagement dans la Fraternit\u00e9 Politique - Fraternit\u00e9 Politique de la Communaut\u00e9 du Chemin Neuf<\/title>\n<meta name=\"description\" content=\"Si tu rejoins la Fraternit\u00e9 Politique, c&#039;est pour mettre le Christ au c\u0153ur de ton service du Bien Commun, et vivre avec d&#039;autres la fraternit\u00e9 dont tu\" \/>\n<meta name=\"robots\" content=\"index, follow, max-snippet:-1, max-image-preview:large, max-video-preview:-1\" \/>\n<link rel=\"canonical\" href=\"https:\/\/fraternite-politique.chemin-neuf.org\/fr\/nous-rejoindre\/engagement-annuel\/\" \/>\n<meta property=\"og:locale\" content=\"fr_FR\" \/>\n<meta property=\"og:type\" content=\"article\" \/>\n<meta property=\"og:title\" content=\"L&#039;engagement dans la Fraternit\u00e9 Politique - Fraternit\u00e9 Politique de la Communaut\u00e9 du Chemin Neuf\" \/>\n<meta property=\"og:description\" content=\"Si tu rejoins la Fraternit\u00e9 Politique, c&#039;est pour mettre le Christ au c\u0153ur de ton service du Bien Commun, et vivre avec d&#039;autres la fraternit\u00e9 dont tu\" \/>\n<meta property=\"og:url\" content=\"https:\/\/fraternite-politique.chemin-neuf.org\/fr\/nous-rejoindre\/engagement-annuel\/\" \/>\n<meta property=\"og:site_name\" content=\"Fraternit\u00e9 Politique de la Communaut\u00e9 du Chemin Neuf\" \/>\n<meta property=\"article:publisher\" content=\"https:\/\/www.facebook.com\/fratpolitiqueccn\" \/>\n<meta property=\"article:modified_time\" content=\"2021-04-08T10:09:54+00:00\" \/>\n<meta property=\"og:image\" content=\"https:\/\/fraternite-politique.chemin-neuf.org\/wp-content\/uploads\/2021\/02\/57c54ba0245640c3018d13ceFraternite-politique.jpg\" \/>\n\t<meta property=\"og:image:width\" content=\"1800\" \/>\n\t<meta property=\"og:image:height\" content=\"1043\" \/>\n\t<meta property=\"og:image:type\" content=\"image\/jpeg\" \/>\n<meta name=\"twitter:card\" content=\"summary_large_image\" \/>\n<meta name=\"twitter:label1\" content=\"Dur\u00e9e de lecture estim\u00e9e\" \/>\n\t<meta name=\"twitter:data1\" content=\"3 minutes\" \/>\n<script type=\"application\/ld+json\" class=\"yoast-schema-graph\">{\"@context\":\"https:\\\/\\\/schema.org\",\"@graph\":[{\"@type\":\"WebPage\",\"@id\":\"https:\\\/\\\/fraternite-politique.chemin-neuf.org\\\/fr\\\/nous-rejoindre\\\/engagement-annuel\\\/\",\"url\":\"https:\\\/\\\/fraternite-politique.chemin-neuf.org\\\/fr\\\/nous-rejoindre\\\/engagement-annuel\\\/\",\"name\":\"L'engagement dans la Fraternit\u00e9 Politique - Fraternit\u00e9 Politique de la Communaut\u00e9 du Chemin Neuf\",\"isPartOf\":{\"@id\":\"https:\\\/\\\/fraternite-politique.chemin-neuf.org\\\/fr\\\/#website\"},\"primaryImageOfPage\":{\"@id\":\"https:\\\/\\\/fraternite-politique.chemin-neuf.org\\\/fr\\\/nous-rejoindre\\\/engagement-annuel\\\/#primaryimage\"},\"image\":{\"@id\":\"https:\\\/\\\/fraternite-politique.chemin-neuf.org\\\/fr\\\/nous-rejoindre\\\/engagement-annuel\\\/#primaryimage\"},\"thumbnailUrl\":\"https:\\\/\\\/fraternite-politique.chemin-neuf.org\\\/wp-content\\\/uploads\\\/2021\\\/02\\\/57c54ba0245640c3018d13ceFraternite-politique.jpg\",\"datePublished\":\"2021-02-07T14:00:15+00:00\",\"dateModified\":\"2021-04-08T10:09:54+00:00\",\"description\":\"Si tu rejoins la Fraternit\u00e9 Politique, c'est pour mettre le Christ au c\u0153ur de ton service du Bien Commun, et vivre avec d'autres la fraternit\u00e9 dont tu\",\"breadcrumb\":{\"@id\":\"https:\\\/\\\/fraternite-politique.chemin-neuf.org\\\/fr\\\/nous-rejoindre\\\/engagement-annuel\\\/#breadcrumb\"},\"inLanguage\":\"fr-FR\",\"potentialAction\":[{\"@type\":\"ReadAction\",\"target\":[\"https:\\\/\\\/fraternite-politique.chemin-neuf.org\\\/fr\\\/nous-rejoindre\\\/engagement-annuel\\\/\"]}]},{\"@type\":\"ImageObject\",\"inLanguage\":\"fr-FR\",\"@id\":\"https:\\\/\\\/fraternite-politique.chemin-neuf.org\\\/fr\\\/nous-rejoindre\\\/engagement-annuel\\\/#primaryimage\",\"url\":\"https:\\\/\\\/fraternite-politique.chemin-neuf.org\\\/wp-content\\\/uploads\\\/2021\\\/02\\\/57c54ba0245640c3018d13ceFraternite-politique.jpg\",\"contentUrl\":\"https:\\\/\\\/fraternite-politique.chemin-neuf.org\\\/wp-content\\\/uploads\\\/2021\\\/02\\\/57c54ba0245640c3018d13ceFraternite-politique.jpg\",\"width\":1800,\"height\":1043},{\"@type\":\"BreadcrumbList\",\"@id\":\"https:\\\/\\\/fraternite-politique.chemin-neuf.org\\\/fr\\\/nous-rejoindre\\\/engagement-annuel\\\/#breadcrumb\",\"itemListElement\":[{\"@type\":\"ListItem\",\"position\":1,\"name\":\"Home\",\"item\":\"https:\\\/\\\/fraternite-politique.chemin-neuf.org\\\/fr\\\/\"},{\"@type\":\"ListItem\",\"position\":2,\"name\":\"Priv\u00e9\u00a0: NOUS REJOINDRE\",\"item\":\"https:\\\/\\\/fraternite-politique.chemin-neuf.org\\\/fr\\\/nous-rejoindre\\\/\"},{\"@type\":\"ListItem\",\"position\":3,\"name\":\"L&rsquo;engagement dans la Fraternit\u00e9 Politique\"}]},{\"@type\":\"WebSite\",\"@id\":\"https:\\\/\\\/fraternite-politique.chemin-neuf.org\\\/fr\\\/#website\",\"url\":\"https:\\\/\\\/fraternite-politique.chemin-neuf.org\\\/fr\\\/\",\"name\":\"Fraternit\u00e9 Politique de la Communaut\u00e9 du Chemin Neuf\",\"description\":\"La Fraternit\u00e9 Politique de la Communaut\u00e9 du Chemin Neuf\",\"publisher\":{\"@id\":\"https:\\\/\\\/fraternite-politique.chemin-neuf.org\\\/fr\\\/#organization\"},\"potentialAction\":[{\"@type\":\"SearchAction\",\"target\":{\"@type\":\"EntryPoint\",\"urlTemplate\":\"https:\\\/\\\/fraternite-politique.chemin-neuf.org\\\/fr\\\/?s={search_term_string}\"},\"query-input\":{\"@type\":\"PropertyValueSpecification\",\"valueRequired\":true,\"valueName\":\"search_term_string\"}}],\"inLanguage\":\"fr-FR\"},{\"@type\":\"Organization\",\"@id\":\"https:\\\/\\\/fraternite-politique.chemin-neuf.org\\\/fr\\\/#organization\",\"name\":\"Fraternit\u00e9 Politique Communaut\u00e9 du Chemin Neuf\",\"url\":\"https:\\\/\\\/fraternite-politique.chemin-neuf.org\\\/fr\\\/\",\"logo\":{\"@type\":\"ImageObject\",\"inLanguage\":\"fr-FR\",\"@id\":\"https:\\\/\\\/fraternite-politique.chemin-neuf.org\\\/fr\\\/#\\\/schema\\\/logo\\\/image\\\/\",\"url\":\"https:\\\/\\\/fraternite-politique.chemin-neuf.org\\\/wp-content\\\/uploads\\\/2021\\\/02\\\/cropped-ccn-png-onglet-site-v3-large.png\",\"contentUrl\":\"https:\\\/\\\/fraternite-politique.chemin-neuf.org\\\/wp-content\\\/uploads\\\/2021\\\/02\\\/cropped-ccn-png-onglet-site-v3-large.png\",\"width\":512,\"height\":512,\"caption\":\"Fraternit\u00e9 Politique Communaut\u00e9 du Chemin Neuf\"},\"image\":{\"@id\":\"https:\\\/\\\/fraternite-politique.chemin-neuf.org\\\/fr\\\/#\\\/schema\\\/logo\\\/image\\\/\"},\"sameAs\":[\"https:\\\/\\\/www.facebook.com\\\/fratpolitiqueccn\",\"https:\\\/\\\/instagram.com\\\/fratpo\",\"https:\\\/\\\/www.youtube.com\\\/channel\\\/UC6YodqkqOIniLyqOfjMLojw\"]}]}<\/script>\n<!-- \/ Yoast SEO plugin. -->","yoast_head_json":{"title":"L'engagement dans la Fraternit\u00e9 Politique - Fraternit\u00e9 Politique de la Communaut\u00e9 du Chemin Neuf","description":"Si tu rejoins la Fraternit\u00e9 Politique, c'est pour mettre le Christ au c\u0153ur de ton service du Bien Commun, et vivre avec d'autres la fraternit\u00e9 dont tu","robots":{"index":"index","follow":"follow","max-snippet":"max-snippet:-1","max-image-preview":"max-image-preview:large","max-video-preview":"max-video-preview:-1"},"canonical":"https:\/\/fraternite-politique.chemin-neuf.org\/fr\/nous-rejoindre\/engagement-annuel\/","og_locale":"fr_FR","og_type":"article","og_title":"L'engagement dans la Fraternit\u00e9 Politique - Fraternit\u00e9 Politique de la Communaut\u00e9 du Chemin Neuf","og_description":"Si tu rejoins la Fraternit\u00e9 Politique, c'est pour mettre le Christ au c\u0153ur de ton service du Bien Commun, et vivre avec d'autres la fraternit\u00e9 dont tu","og_url":"https:\/\/fraternite-politique.chemin-neuf.org\/fr\/nous-rejoindre\/engagement-annuel\/","og_site_name":"Fraternit\u00e9 Politique de la Communaut\u00e9 du Chemin Neuf","article_publisher":"https:\/\/www.facebook.com\/fratpolitiqueccn","article_modified_time":"2021-04-08T10:09:54+00:00","og_image":[{"width":1800,"height":1043,"url":"https:\/\/fraternite-politique.chemin-neuf.org\/wp-content\/uploads\/2021\/02\/57c54ba0245640c3018d13ceFraternite-politique.jpg","type":"image\/jpeg"}],"twitter_card":"summary_large_image","twitter_misc":{"Dur\u00e9e de lecture estim\u00e9e":"3 minutes"},"schema":{"@context":"https:\/\/schema.org","@graph":[{"@type":"WebPage","@id":"https:\/\/fraternite-politique.chemin-neuf.org\/fr\/nous-rejoindre\/engagement-annuel\/","url":"https:\/\/fraternite-politique.chemin-neuf.org\/fr\/nous-rejoindre\/engagement-annuel\/","name":"L'engagement dans la Fraternit\u00e9 Politique - Fraternit\u00e9 Politique de la Communaut\u00e9 du Chemin Neuf","isPartOf":{"@id":"https:\/\/fraternite-politique.chemin-neuf.org\/fr\/#website"},"primaryImageOfPage":{"@id":"https:\/\/fraternite-politique.chemin-neuf.org\/fr\/nous-rejoindre\/engagement-annuel\/#primaryimage"},"image":{"@id":"https:\/\/fraternite-politique.chemin-neuf.org\/fr\/nous-rejoindre\/engagement-annuel\/#primaryimage"},"thumbnailUrl":"https:\/\/fraternite-politique.chemin-neuf.org\/wp-content\/uploads\/2021\/02\/57c54ba0245640c3018d13ceFraternite-politique.jpg","datePublished":"2021-02-07T14:00:15+00:00","dateModified":"2021-04-08T10:09:54+00:00","description":"Si tu rejoins la Fraternit\u00e9 Politique, c'est pour mettre le Christ au c\u0153ur de ton service du Bien Commun, et vivre avec d'autres la fraternit\u00e9 dont tu","breadcrumb":{"@id":"https:\/\/fraternite-politique.chemin-neuf.org\/fr\/nous-rejoindre\/engagement-annuel\/#breadcrumb"},"inLanguage":"fr-FR","potentialAction":[{"@type":"ReadAction","target":["https:\/\/fraternite-politique.chemin-neuf.org\/fr\/nous-rejoindre\/engagement-annuel\/"]}]},{"@type":"ImageObject","inLanguage":"fr-FR","@id":"https:\/\/fraternite-politique.chemin-neuf.org\/fr\/nous-rejoindre\/engagement-annuel\/#primaryimage","url":"https:\/\/fraternite-politique.chemin-neuf.org\/wp-content\/uploads\/2021\/02\/57c54ba0245640c3018d13ceFraternite-politique.jpg","contentUrl":"https:\/\/fraternite-politique.chemin-neuf.org\/wp-content\/uploads\/2021\/02\/57c54ba0245640c3018d13ceFraternite-politique.jpg","width":1800,"height":1043},{"@type":"BreadcrumbList","@id":"https:\/\/fraternite-politique.chemin-neuf.org\/fr\/nous-rejoindre\/engagement-annuel\/#breadcrumb","itemListElement":[{"@type":"ListItem","position":1,"name":"Home","item":"https:\/\/fraternite-politique.chemin-neuf.org\/fr\/"},{"@type":"ListItem","position":2,"name":"Priv\u00e9\u00a0: NOUS REJOINDRE","item":"https:\/\/fraternite-politique.chemin-neuf.org\/fr\/nous-rejoindre\/"},{"@type":"ListItem","position":3,"name":"L&rsquo;engagement dans la Fraternit\u00e9 Politique"}]},{"@type":"WebSite","@id":"https:\/\/fraternite-politique.chemin-neuf.org\/fr\/#website","url":"https:\/\/fraternite-politique.chemin-neuf.org\/fr\/","name":"Fraternit\u00e9 Politique de la Communaut\u00e9 du Chemin Neuf","description":"La Fraternit\u00e9 Politique de la Communaut\u00e9 du Chemin Neuf","publisher":{"@id":"https:\/\/fraternite-politique.chemin-neuf.org\/fr\/#organization"},"potentialAction":[{"@type":"SearchAction","target":{"@type":"EntryPoint","urlTemplate":"https:\/\/fraternite-politique.chemin-neuf.org\/fr\/?s={search_term_string}"},"query-input":{"@type":"PropertyValueSpecification","valueRequired":true,"valueName":"search_term_string"}}],"inLanguage":"fr-FR"},{"@type":"Organization","@id":"https:\/\/fraternite-politique.chemin-neuf.org\/fr\/#organization","name":"Fraternit\u00e9 Politique Communaut\u00e9 du Chemin Neuf","url":"https:\/\/fraternite-politique.chemin-neuf.org\/fr\/","logo":{"@type":"ImageObject","inLanguage":"fr-FR","@id":"https:\/\/fraternite-politique.chemin-neuf.org\/fr\/#\/schema\/logo\/image\/","url":"https:\/\/fraternite-politique.chemin-neuf.org\/wp-content\/uploads\/2021\/02\/cropped-ccn-png-onglet-site-v3-large.png","contentUrl":"https:\/\/fraternite-politique.chemin-neuf.org\/wp-content\/uploads\/2021\/02\/cropped-ccn-png-onglet-site-v3-large.png","width":512,"height":512,"caption":"Fraternit\u00e9 Politique Communaut\u00e9 du Chemin Neuf"},"image":{"@id":"https:\/\/fraternite-politique.chemin-neuf.org\/fr\/#\/schema\/logo\/image\/"},"sameAs":["https:\/\/www.facebook.com\/fratpolitiqueccn","https:\/\/instagram.com\/fratpo","https:\/\/www.youtube.com\/channel\/UC6YodqkqOIniLyqOfjMLojw"]}]}},"_links":{"self":[{"href":"https:\/\/fraternite-politique.chemin-neuf.org\/fr\/wp-json\/wp\/v2\/pages\/1158","targetHints":{"allow":["GET"]}}],"collection":[{"href":"https:\/\/fraternite-politique.chemin-neuf.org\/fr\/wp-json\/wp\/v2\/pages"}],"about":[{"href":"https:\/\/fraternite-politique.chemin-neuf.org\/fr\/wp-json\/wp\/v2\/types\/page"}],"author":[{"embeddable":true,"href":"https:\/\/fraternite-politique.chemin-neuf.org\/fr\/wp-json\/wp\/v2\/users\/6"}],"replies":[{"embeddable":true,"href":"https:\/\/fraternite-politique.chemin-neuf.org\/fr\/wp-json\/wp\/v2\/comments?post=1158"}],"version-history":[{"count":8,"href":"https:\/\/fraternite-politique.chemin-neuf.org\/fr\/wp-json\/wp\/v2\/pages\/1158\/revisions"}],"predecessor-version":[{"id":2044,"href":"https:\/\/fraternite-politique.chemin-neuf.org\/fr\/wp-json\/wp\/v2\/pages\/1158\/revisions\/2044"}],"up":[{"embeddable":true,"href":"https:\/\/fraternite-politique.chemin-neuf.org\/fr\/wp-json\/wp\/v2\/pages\/1156"}],"wp:featuredmedia":[{"embeddable":true,"href":"https:\/\/fraternite-politique.chemin-neuf.org\/fr\/wp-json\/wp\/v2\/media\/1154"}],"wp:attachment":[{"href":"https:\/\/fraternite-politique.chemin-neuf.org\/fr\/wp-json\/wp\/v2\/media?parent=1158"}],"curies":[{"name":"wp","href":"https:\/\/api.w.org\/{rel}","templated":true}]}}