{"id":1153,"date":"2021-02-07T14:50:48","date_gmt":"2021-02-07T13:50:48","guid":{"rendered":"https:\/\/next-frat-politique.chemin-neuf.fr\/?page_id=1153"},"modified":"2021-03-11T16:19:16","modified_gmt":"2021-03-11T15:19:16","slug":"a-qui-s-adresse-la-fraternite-politique","status":"publish","type":"page","link":"https:\/\/fraternite-politique.chemin-neuf.org\/fr\/nous-rejoindre\/a-qui-s-adresse-la-fraternite-politique\/","title":{"rendered":"A qui s&rsquo;adresse la <br>Fraternit\u00e9 Politique ?"},"content":{"rendered":"\n<p class=\"has-normal-font-size\"><span class=\"has-inline-color has-orange-color\">Tu es engag\u00e9(e) en politique ?<\/span><br>La FratPo est lieu de <strong>ressourcement<\/strong> et de <strong>partage<\/strong> avec d&rsquo;autres jeunes chr\u00e9tiens.<\/p>\n\n\n\n<p class=\"has-normal-font-size\"><span class=\"has-inline-color has-orange-color\">Tu d\u00e9sires servir le Bien Commun ?<\/span><br>La FratPo est lieu de <strong>discernement<\/strong> et de <strong>rencontre<\/strong> avec diverses mani\u00e8res de servir le monde, pour se laisser appeler par Dieu.<\/p>\n\n\n\n<p class=\"has-normal-font-size\"><span class=\"has-inline-color has-orange-color\">Tu es int\u00e9ress\u00e9(e) par les sujets politiques ?<\/span><br>La FratPo offre des \u00e9v\u00e9nements de <strong>formation<\/strong> et de <strong>r\u00e9flexion<\/strong> tout au long de l&rsquo;ann\u00e9e.<\/p>\n\n\n\n<div class=\"wp-block-buttons is-content-justification-center is-layout-flex wp-block-buttons-is-layout-flex\">\n<div class=\"wp-block-button is-style-outline is-style-outline--1\"><a class=\"wp-block-button__link has-white-color has-orange-background-color has-text-color has-background no-border-radius\" href=\"https:\/\/fraternite-politique.chemin-neuf.org\/fr\/nous-rejoindre\/engagement-annuel\/\">C&rsquo;est ce que je cherche !<\/a><\/div>\n<\/div>\n\n\n\n<p><\/p>\n","protected":false},"excerpt":{"rendered":"<p>Tu es engag\u00e9(e) en politique ?La FratPo est lieu de ressourcement et de partage avec d&rsquo;autres jeunes chr\u00e9tiens. Tu d\u00e9sires servir le Bien Commun ?La FratPo est lieu de discernement et de rencontre avec diverses mani\u00e8res de servir le monde, pour se laisser appeler par Dieu. Tu es int\u00e9ress\u00e9(e) par les sujets politiques ?La FratPo [&hellip;]<\/p>\n","protected":false},"author":6,"featured_media":1526,"parent":1156,"menu_order":0,"comment_status":"closed","ping_status":"closed","template":"","meta":{"_acf_changed":false,"footnotes":""},"class_list":["post-1153","page","type-page","status-publish","has-post-thumbnail","hentry"],"acf":[],"yoast_head":"<!-- This site is optimized with the Yoast SEO plugin v27.5 - https:\/\/yoast.com\/product\/yoast-seo-wordpress\/ -->\n<title>A qui s&#039;adresse la Fraternit\u00e9 Politique ? - Fraternit\u00e9 Politique de la Communaut\u00e9 du Chemin Neuf<\/title>\n<meta name=\"description\" content=\"Tu es engag\u00e9(e) en politique ?La FratPo est lieu de ressourcement et de partage avec d&#039;autres jeunes chr\u00e9tiens. Tu d\u00e9sires servir le Bien Commun ?La\" \/>\n<meta name=\"robots\" content=\"index, follow, max-snippet:-1, max-image-preview:large, max-video-preview:-1\" \/>\n<link rel=\"canonical\" href=\"https:\/\/fraternite-politique.chemin-neuf.org\/fr\/nous-rejoindre\/a-qui-s-adresse-la-fraternite-politique\/\" \/>\n<meta property=\"og:locale\" content=\"fr_FR\" \/>\n<meta property=\"og:type\" content=\"article\" \/>\n<meta property=\"og:title\" content=\"A qui s&#039;adresse la Fraternit\u00e9 Politique ? - Fraternit\u00e9 Politique de la Communaut\u00e9 du Chemin Neuf\" \/>\n<meta property=\"og:description\" content=\"Tu es engag\u00e9(e) en politique ?La FratPo est lieu de ressourcement et de partage avec d&#039;autres jeunes chr\u00e9tiens. Tu d\u00e9sires servir le Bien Commun ?La\" \/>\n<meta property=\"og:url\" content=\"https:\/\/fraternite-politique.chemin-neuf.org\/fr\/nous-rejoindre\/a-qui-s-adresse-la-fraternite-politique\/\" \/>\n<meta property=\"og:site_name\" content=\"Fraternit\u00e9 Politique de la Communaut\u00e9 du Chemin Neuf\" \/>\n<meta property=\"article:publisher\" content=\"https:\/\/www.facebook.com\/fratpolitiqueccn\" \/>\n<meta property=\"article:modified_time\" content=\"2021-03-11T15:19:16+00:00\" \/>\n<meta property=\"og:image\" content=\"https:\/\/fraternite-politique.chemin-neuf.org\/wp-content\/uploads\/2021\/03\/youth-1.jpg\" \/>\n\t<meta property=\"og:image:width\" content=\"960\" \/>\n\t<meta property=\"og:image:height\" content=\"960\" \/>\n\t<meta property=\"og:image:type\" content=\"image\/jpeg\" \/>\n<meta name=\"twitter:card\" content=\"summary_large_image\" \/>\n<meta name=\"twitter:label1\" content=\"Dur\u00e9e de lecture estim\u00e9e\" \/>\n\t<meta name=\"twitter:data1\" content=\"1 minute\" \/>\n<script type=\"application\/ld+json\" class=\"yoast-schema-graph\">{\"@context\":\"https:\\\/\\\/schema.org\",\"@graph\":[{\"@type\":\"WebPage\",\"@id\":\"https:\\\/\\\/fraternite-politique.chemin-neuf.org\\\/fr\\\/nous-rejoindre\\\/a-qui-s-adresse-la-fraternite-politique\\\/\",\"url\":\"https:\\\/\\\/fraternite-politique.chemin-neuf.org\\\/fr\\\/nous-rejoindre\\\/a-qui-s-adresse-la-fraternite-politique\\\/\",\"name\":\"A qui s'adresse la Fraternit\u00e9 Politique ? - Fraternit\u00e9 Politique de la Communaut\u00e9 du Chemin Neuf\",\"isPartOf\":{\"@id\":\"https:\\\/\\\/fraternite-politique.chemin-neuf.org\\\/fr\\\/#website\"},\"primaryImageOfPage\":{\"@id\":\"https:\\\/\\\/fraternite-politique.chemin-neuf.org\\\/fr\\\/nous-rejoindre\\\/a-qui-s-adresse-la-fraternite-politique\\\/#primaryimage\"},\"image\":{\"@id\":\"https:\\\/\\\/fraternite-politique.chemin-neuf.org\\\/fr\\\/nous-rejoindre\\\/a-qui-s-adresse-la-fraternite-politique\\\/#primaryimage\"},\"thumbnailUrl\":\"https:\\\/\\\/fraternite-politique.chemin-neuf.org\\\/wp-content\\\/uploads\\\/2021\\\/03\\\/youth-1.jpg\",\"datePublished\":\"2021-02-07T13:50:48+00:00\",\"dateModified\":\"2021-03-11T15:19:16+00:00\",\"description\":\"Tu es engag\u00e9(e) en politique ?La FratPo est lieu de ressourcement et de partage avec d'autres jeunes chr\u00e9tiens. Tu d\u00e9sires servir le Bien Commun ?La\",\"breadcrumb\":{\"@id\":\"https:\\\/\\\/fraternite-politique.chemin-neuf.org\\\/fr\\\/nous-rejoindre\\\/a-qui-s-adresse-la-fraternite-politique\\\/#breadcrumb\"},\"inLanguage\":\"fr-FR\",\"potentialAction\":[{\"@type\":\"ReadAction\",\"target\":[\"https:\\\/\\\/fraternite-politique.chemin-neuf.org\\\/fr\\\/nous-rejoindre\\\/a-qui-s-adresse-la-fraternite-politique\\\/\"]}]},{\"@type\":\"ImageObject\",\"inLanguage\":\"fr-FR\",\"@id\":\"https:\\\/\\\/fraternite-politique.chemin-neuf.org\\\/fr\\\/nous-rejoindre\\\/a-qui-s-adresse-la-fraternite-politique\\\/#primaryimage\",\"url\":\"https:\\\/\\\/fraternite-politique.chemin-neuf.org\\\/wp-content\\\/uploads\\\/2021\\\/03\\\/youth-1.jpg\",\"contentUrl\":\"https:\\\/\\\/fraternite-politique.chemin-neuf.org\\\/wp-content\\\/uploads\\\/2021\\\/03\\\/youth-1.jpg\",\"width\":960,\"height\":960},{\"@type\":\"BreadcrumbList\",\"@id\":\"https:\\\/\\\/fraternite-politique.chemin-neuf.org\\\/fr\\\/nous-rejoindre\\\/a-qui-s-adresse-la-fraternite-politique\\\/#breadcrumb\",\"itemListElement\":[{\"@type\":\"ListItem\",\"position\":1,\"name\":\"Home\",\"item\":\"https:\\\/\\\/fraternite-politique.chemin-neuf.org\\\/fr\\\/\"},{\"@type\":\"ListItem\",\"position\":2,\"name\":\"Priv\u00e9\u00a0: NOUS REJOINDRE\",\"item\":\"https:\\\/\\\/fraternite-politique.chemin-neuf.org\\\/fr\\\/nous-rejoindre\\\/\"},{\"@type\":\"ListItem\",\"position\":3,\"name\":\"A qui s&rsquo;adresse la Fraternit\u00e9 Politique ?\"}]},{\"@type\":\"WebSite\",\"@id\":\"https:\\\/\\\/fraternite-politique.chemin-neuf.org\\\/fr\\\/#website\",\"url\":\"https:\\\/\\\/fraternite-politique.chemin-neuf.org\\\/fr\\\/\",\"name\":\"Fraternit\u00e9 Politique de la Communaut\u00e9 du Chemin Neuf\",\"description\":\"La Fraternit\u00e9 Politique de la Communaut\u00e9 du Chemin Neuf\",\"publisher\":{\"@id\":\"https:\\\/\\\/fraternite-politique.chemin-neuf.org\\\/fr\\\/#organization\"},\"potentialAction\":[{\"@type\":\"SearchAction\",\"target\":{\"@type\":\"EntryPoint\",\"urlTemplate\":\"https:\\\/\\\/fraternite-politique.chemin-neuf.org\\\/fr\\\/?s={search_term_string}\"},\"query-input\":{\"@type\":\"PropertyValueSpecification\",\"valueRequired\":true,\"valueName\":\"search_term_string\"}}],\"inLanguage\":\"fr-FR\"},{\"@type\":\"Organization\",\"@id\":\"https:\\\/\\\/fraternite-politique.chemin-neuf.org\\\/fr\\\/#organization\",\"name\":\"Fraternit\u00e9 Politique Communaut\u00e9 du Chemin Neuf\",\"url\":\"https:\\\/\\\/fraternite-politique.chemin-neuf.org\\\/fr\\\/\",\"logo\":{\"@type\":\"ImageObject\",\"inLanguage\":\"fr-FR\",\"@id\":\"https:\\\/\\\/fraternite-politique.chemin-neuf.org\\\/fr\\\/#\\\/schema\\\/logo\\\/image\\\/\",\"url\":\"https:\\\/\\\/fraternite-politique.chemin-neuf.org\\\/wp-content\\\/uploads\\\/2021\\\/02\\\/cropped-ccn-png-onglet-site-v3-large.png\",\"contentUrl\":\"https:\\\/\\\/fraternite-politique.chemin-neuf.org\\\/wp-content\\\/uploads\\\/2021\\\/02\\\/cropped-ccn-png-onglet-site-v3-large.png\",\"width\":512,\"height\":512,\"caption\":\"Fraternit\u00e9 Politique Communaut\u00e9 du Chemin Neuf\"},\"image\":{\"@id\":\"https:\\\/\\\/fraternite-politique.chemin-neuf.org\\\/fr\\\/#\\\/schema\\\/logo\\\/image\\\/\"},\"sameAs\":[\"https:\\\/\\\/www.facebook.com\\\/fratpolitiqueccn\",\"https:\\\/\\\/instagram.com\\\/fratpo\",\"https:\\\/\\\/www.youtube.com\\\/channel\\\/UC6YodqkqOIniLyqOfjMLojw\"]}]}<\/script>\n<!-- \/ Yoast SEO plugin. -->","yoast_head_json":{"title":"A qui s'adresse la Fraternit\u00e9 Politique ? - Fraternit\u00e9 Politique de la Communaut\u00e9 du Chemin Neuf","description":"Tu es engag\u00e9(e) en politique ?La FratPo est lieu de ressourcement et de partage avec d'autres jeunes chr\u00e9tiens. Tu d\u00e9sires servir le Bien Commun ?La","robots":{"index":"index","follow":"follow","max-snippet":"max-snippet:-1","max-image-preview":"max-image-preview:large","max-video-preview":"max-video-preview:-1"},"canonical":"https:\/\/fraternite-politique.chemin-neuf.org\/fr\/nous-rejoindre\/a-qui-s-adresse-la-fraternite-politique\/","og_locale":"fr_FR","og_type":"article","og_title":"A qui s'adresse la Fraternit\u00e9 Politique ? - Fraternit\u00e9 Politique de la Communaut\u00e9 du Chemin Neuf","og_description":"Tu es engag\u00e9(e) en politique ?La FratPo est lieu de ressourcement et de partage avec d'autres jeunes chr\u00e9tiens. Tu d\u00e9sires servir le Bien Commun ?La","og_url":"https:\/\/fraternite-politique.chemin-neuf.org\/fr\/nous-rejoindre\/a-qui-s-adresse-la-fraternite-politique\/","og_site_name":"Fraternit\u00e9 Politique de la Communaut\u00e9 du Chemin Neuf","article_publisher":"https:\/\/www.facebook.com\/fratpolitiqueccn","article_modified_time":"2021-03-11T15:19:16+00:00","og_image":[{"width":960,"height":960,"url":"https:\/\/fraternite-politique.chemin-neuf.org\/wp-content\/uploads\/2021\/03\/youth-1.jpg","type":"image\/jpeg"}],"twitter_card":"summary_large_image","twitter_misc":{"Dur\u00e9e de lecture estim\u00e9e":"1 minute"},"schema":{"@context":"https:\/\/schema.org","@graph":[{"@type":"WebPage","@id":"https:\/\/fraternite-politique.chemin-neuf.org\/fr\/nous-rejoindre\/a-qui-s-adresse-la-fraternite-politique\/","url":"https:\/\/fraternite-politique.chemin-neuf.org\/fr\/nous-rejoindre\/a-qui-s-adresse-la-fraternite-politique\/","name":"A qui s'adresse la Fraternit\u00e9 Politique ? - Fraternit\u00e9 Politique de la Communaut\u00e9 du Chemin Neuf","isPartOf":{"@id":"https:\/\/fraternite-politique.chemin-neuf.org\/fr\/#website"},"primaryImageOfPage":{"@id":"https:\/\/fraternite-politique.chemin-neuf.org\/fr\/nous-rejoindre\/a-qui-s-adresse-la-fraternite-politique\/#primaryimage"},"image":{"@id":"https:\/\/fraternite-politique.chemin-neuf.org\/fr\/nous-rejoindre\/a-qui-s-adresse-la-fraternite-politique\/#primaryimage"},"thumbnailUrl":"https:\/\/fraternite-politique.chemin-neuf.org\/wp-content\/uploads\/2021\/03\/youth-1.jpg","datePublished":"2021-02-07T13:50:48+00:00","dateModified":"2021-03-11T15:19:16+00:00","description":"Tu es engag\u00e9(e) en politique ?La FratPo est lieu de ressourcement et de partage avec d'autres jeunes chr\u00e9tiens. Tu d\u00e9sires servir le Bien Commun ?La","breadcrumb":{"@id":"https:\/\/fraternite-politique.chemin-neuf.org\/fr\/nous-rejoindre\/a-qui-s-adresse-la-fraternite-politique\/#breadcrumb"},"inLanguage":"fr-FR","potentialAction":[{"@type":"ReadAction","target":["https:\/\/fraternite-politique.chemin-neuf.org\/fr\/nous-rejoindre\/a-qui-s-adresse-la-fraternite-politique\/"]}]},{"@type":"ImageObject","inLanguage":"fr-FR","@id":"https:\/\/fraternite-politique.chemin-neuf.org\/fr\/nous-rejoindre\/a-qui-s-adresse-la-fraternite-politique\/#primaryimage","url":"https:\/\/fraternite-politique.chemin-neuf.org\/wp-content\/uploads\/2021\/03\/youth-1.jpg","contentUrl":"https:\/\/fraternite-politique.chemin-neuf.org\/wp-content\/uploads\/2021\/03\/youth-1.jpg","width":960,"height":960},{"@type":"BreadcrumbList","@id":"https:\/\/fraternite-politique.chemin-neuf.org\/fr\/nous-rejoindre\/a-qui-s-adresse-la-fraternite-politique\/#breadcrumb","itemListElement":[{"@type":"ListItem","position":1,"name":"Home","item":"https:\/\/fraternite-politique.chemin-neuf.org\/fr\/"},{"@type":"ListItem","position":2,"name":"Priv\u00e9\u00a0: NOUS REJOINDRE","item":"https:\/\/fraternite-politique.chemin-neuf.org\/fr\/nous-rejoindre\/"},{"@type":"ListItem","position":3,"name":"A qui s&rsquo;adresse la Fraternit\u00e9 Politique ?"}]},{"@type":"WebSite","@id":"https:\/\/fraternite-politique.chemin-neuf.org\/fr\/#website","url":"https:\/\/fraternite-politique.chemin-neuf.org\/fr\/","name":"Fraternit\u00e9 Politique de la Communaut\u00e9 du Chemin Neuf","description":"La Fraternit\u00e9 Politique de la Communaut\u00e9 du Chemin Neuf","publisher":{"@id":"https:\/\/fraternite-politique.chemin-neuf.org\/fr\/#organization"},"potentialAction":[{"@type":"SearchAction","target":{"@type":"EntryPoint","urlTemplate":"https:\/\/fraternite-politique.chemin-neuf.org\/fr\/?s={search_term_string}"},"query-input":{"@type":"PropertyValueSpecification","valueRequired":true,"valueName":"search_term_string"}}],"inLanguage":"fr-FR"},{"@type":"Organization","@id":"https:\/\/fraternite-politique.chemin-neuf.org\/fr\/#organization","name":"Fraternit\u00e9 Politique Communaut\u00e9 du Chemin Neuf","url":"https:\/\/fraternite-politique.chemin-neuf.org\/fr\/","logo":{"@type":"ImageObject","inLanguage":"fr-FR","@id":"https:\/\/fraternite-politique.chemin-neuf.org\/fr\/#\/schema\/logo\/image\/","url":"https:\/\/fraternite-politique.chemin-neuf.org\/wp-content\/uploads\/2021\/02\/cropped-ccn-png-onglet-site-v3-large.png","contentUrl":"https:\/\/fraternite-politique.chemin-neuf.org\/wp-content\/uploads\/2021\/02\/cropped-ccn-png-onglet-site-v3-large.png","width":512,"height":512,"caption":"Fraternit\u00e9 Politique Communaut\u00e9 du Chemin Neuf"},"image":{"@id":"https:\/\/fraternite-politique.chemin-neuf.org\/fr\/#\/schema\/logo\/image\/"},"sameAs":["https:\/\/www.facebook.com\/fratpolitiqueccn","https:\/\/instagram.com\/fratpo","https:\/\/www.youtube.com\/channel\/UC6YodqkqOIniLyqOfjMLojw"]}]}},"_links":{"self":[{"href":"https:\/\/fraternite-politique.chemin-neuf.org\/fr\/wp-json\/wp\/v2\/pages\/1153","targetHints":{"allow":["GET"]}}],"collection":[{"href":"https:\/\/fraternite-politique.chemin-neuf.org\/fr\/wp-json\/wp\/v2\/pages"}],"about":[{"href":"https:\/\/fraternite-politique.chemin-neuf.org\/fr\/wp-json\/wp\/v2\/types\/page"}],"author":[{"embeddable":true,"href":"https:\/\/fraternite-politique.chemin-neuf.org\/fr\/wp-json\/wp\/v2\/users\/6"}],"replies":[{"embeddable":true,"href":"https:\/\/fraternite-politique.chemin-neuf.org\/fr\/wp-json\/wp\/v2\/comments?post=1153"}],"version-history":[{"count":7,"href":"https:\/\/fraternite-politique.chemin-neuf.org\/fr\/wp-json\/wp\/v2\/pages\/1153\/revisions"}],"predecessor-version":[{"id":1770,"href":"https:\/\/fraternite-politique.chemin-neuf.org\/fr\/wp-json\/wp\/v2\/pages\/1153\/revisions\/1770"}],"up":[{"embeddable":true,"href":"https:\/\/fraternite-politique.chemin-neuf.org\/fr\/wp-json\/wp\/v2\/pages\/1156"}],"wp:featuredmedia":[{"embeddable":true,"href":"https:\/\/fraternite-politique.chemin-neuf.org\/fr\/wp-json\/wp\/v2\/media\/1526"}],"wp:attachment":[{"href":"https:\/\/fraternite-politique.chemin-neuf.org\/fr\/wp-json\/wp\/v2\/media?parent=1153"}],"curies":[{"name":"wp","href":"https:\/\/api.w.org\/{rel}","templated":true}]}}