{"id":1126,"date":"2021-02-06T14:45:59","date_gmt":"2021-02-06T14:45:59","guid":{"rendered":"https:\/\/next-frat-politique.chemin-neuf.fr\/?page_id=1126"},"modified":"2021-03-11T00:39:15","modified_gmt":"2021-03-10T23:39:15","slug":"manifeste","status":"publish","type":"page","link":"https:\/\/fraternite-politique.chemin-neuf.org\/fr\/qui-sommes-nous\/manifeste\/","title":{"rendered":"Manifeste de la <br>Fraternit\u00e9 Politique"},"content":{"rendered":"\n<p class=\"has-normal-font-size\">Parce que la politique est \u00ab la forme la plus haute de la charit\u00e9 \u00bb,<br>Parce que l\u2019injustice nous indigne et que l\u2019indiff\u00e9rence nous d\u00e9sole,<br>Parce que nous ressentons une m\u00eame \u00ab passion politique \u00bb,<br><strong><span class=\"has-inline-color has-orange-color\">Nous donnons nos vies pour la justice et la paix, \u00e0 travers un chemin d\u2019engagement&nbsp;politique.<\/span><\/strong><\/p>\n\n\n\n<p class=\"has-normal-font-size\">Parce que les grandes id\u00e9es g\u00e9n\u00e9reuses gagnent \u00e0 \u00eatre v\u00e9rifi\u00e9es par des r\u00e9alisations concr\u00e8tes,<br>Parce que nous n\u2019avons pas peur de nous frotter \u00e0 la r\u00e9alit\u00e9 et de nous tromper,<br><strong><span class=\"has-inline-color has-orange-color\">Nous engageons d\u00e8s aujourd\u2019hui notre temps, notre \u00e9nergie et nos talents au service des&nbsp;autres.<\/span><\/strong><\/p>\n\n\n\n<p class=\"has-normal-font-size\">Parce que nous avons besoin d\u2019\u00ab hommes politiques qui aient vraiment \u00e0 c\u0153ur la soci\u00e9t\u00e9, le&nbsp;peuple, la vie des pauvres \u00bb (Evangelii Gaudium 205),<br>Parce que la famille est le meilleur maillage de la soci\u00e9t\u00e9,<br><strong><span class=\"has-inline-color has-orange-color\">Nous nous mettons en priorit\u00e9 au service des plus pauvres et des familles.<\/span><\/strong><\/p>\n\n\n\n<div class=\"wp-block-cover alignfull has-background-dim has-parallax\" style=\"background-image:url(https:\/\/fraternite-politique.chemin-neuf.org\/wp-content\/uploads\/2021\/02\/57c54b91245640c3018d1340photo-1434296356255-2e4fbb81e1f1.jpg);min-height:249px;aspect-ratio:unset;\"><div class=\"wp-block-cover__inner-container is-layout-flow wp-block-cover-is-layout-flow\">\n<p class=\"has-text-align-center has-normal-font-size\">Parce que la sauvegarde de notre maison commune est aujourd\u2019hui <br>une question de vie ou de\u00a0mort,<br>Parce que consommer moins et vivre sainement <br>est devenu r\u00e9volutionnaire,<br>Parce que nous sommes des \u00eatres limit\u00e9s, et heureux de l\u2019\u00eatre,<br><strong>Sans plus attendre, <\/strong><br><strong>nous choisissons un mode de vie sobre et joyeux.<\/strong><\/p>\n<\/div><\/div>\n\n\n\n<p class=\"has-normal-font-size\">Parce que le vide spirituel d\u2019une soci\u00e9t\u00e9 ouvre la voie au pire,<br>Parce qu\u2019il faut du temps pour faire un Homme,<br>Parce que nous voulons nous appuyer sur nos h\u00e9ritages culturels pour \u00eatre cr\u00e9atifs aujourd\u2019hui,<br><strong><span class=\"has-inline-color has-orange-color\">Nous nous formons, et travaillons \u00e0 la formation des autres.<\/span><\/strong><\/p>\n\n\n\n<p class=\"has-normal-font-size\">Parce que nous ne sommes pas \u00e0 l\u2019abri des tentations de l\u2019argent, de la s\u00e9duction et du pouvoir,<br>Parce que le mal que nous combattons a aussi en nous ses racines,<br><strong><span class=\"has-inline-color has-orange-color\">Nous nous laissons nous-m\u00eames r\u00e9concilier profond\u00e9ment.<\/span><\/strong><\/p>\n\n\n\n<div class=\"wp-block-cover alignfull has-background-dim has-parallax\" style=\"background-image:url(https:\/\/fraternite-politique.chemin-neuf.org\/wp-content\/uploads\/2021\/02\/57c54b92245640c3018d134a57aa038845bceb7f9c00009f.jpg);min-height:235px;aspect-ratio:unset;\"><div class=\"wp-block-cover__inner-container is-layout-flow wp-block-cover-is-layout-flow\">\n<p class=\"has-text-align-center has-normal-font-size\">Parce que la violence engendre la violence,<br>Parce que nous voulons construire des ponts plut\u00f4t que des murs,<br><strong>Nous apprenons \u00e0 pardonner \u00e0 nos ennemis.<\/strong><\/p>\n<\/div><\/div>\n\n\n\n<p class=\"has-normal-font-size\">Parce que l\u2019imm\u00e9diat et le virtuel nous isolent,<br>Parce que nous avons besoin d\u2019un lieu pour \u00eatre vrais et faire confiance,<br>Parce que seul on va vite mais qu\u2019ensemble on va loin,<br><strong><span class=\"has-inline-color has-orange-color\">Nous vivons la fraternit\u00e9.<\/span><\/strong><\/p>\n\n\n\n<p class=\"has-normal-font-size\">Parce que nos cultures, opinions et courants politiques ne sont pas des absolus,<br>Parce qu\u2019il est possible de vivre paisiblement nos d\u00e9saccords,<br>Parce que la rencontre avec l\u2019autre diff\u00e9rent nous rend plus intelligents,<br><strong><span class=\"has-inline-color has-orange-color\">Nous faisons de notre diversit\u00e9 un fondement de notre fraternit\u00e9.<\/span><\/strong><\/p>\n\n\n\n<blockquote class=\"wp-block-quote has-text-align-center is-style-large is-layout-flow wp-block-quote-is-layout-flow\"><p>ENSEMBLE NOUS VOULONS TRANSFORMER LE MONDE<\/p><\/blockquote>\n\n\n\n<p class=\"has-text-align-right has-normal-font-size\"><em>Ce manifeste, \u00e9crit par les membres de la Fraternit\u00e9 Politique, <\/em><br><em>a \u00e9t\u00e9 proclam\u00e9 le dimanche 24 juillet 2016 \u00e0 l&rsquo;Atlas Arena de\u00a0L\u00f3dz\u00a0(Pologne), <\/em><br><em>devant 8 000 jeunes de 79 pays, <\/em><br><em>participant aux\u00a0Journ\u00e9es Mondiales de la Jeunesse.<\/em><\/p>\n","protected":false},"excerpt":{"rendered":"<p>Parce que la politique est \u00ab la forme la plus haute de la charit\u00e9 \u00bb,Parce que l\u2019injustice nous indigne et que l\u2019indiff\u00e9rence nous d\u00e9sole,Parce que nous ressentons une m\u00eame \u00ab passion politique \u00bb,Nous donnons nos vies pour la justice et la paix, \u00e0 travers un chemin d\u2019engagement&nbsp;politique. Parce que les grandes id\u00e9es g\u00e9n\u00e9reuses gagnent \u00e0 [&hellip;]<\/p>\n","protected":false},"author":6,"featured_media":1131,"parent":12,"menu_order":0,"comment_status":"closed","ping_status":"closed","template":"","meta":{"_acf_changed":false,"footnotes":""},"class_list":["post-1126","page","type-page","status-publish","has-post-thumbnail","hentry"],"acf":[],"yoast_head":"<!-- This site is optimized with the Yoast SEO plugin v27.5 - https:\/\/yoast.com\/product\/yoast-seo-wordpress\/ -->\n<title>Manifeste de la Fraternit\u00e9 Politique - Fraternit\u00e9 Politique de la Communaut\u00e9 du Chemin Neuf<\/title>\n<meta name=\"description\" content=\"Parce que la politique est \u00ab la forme la plus haute de la charit\u00e9 \u00bb,Parce que l\u2019injustice nous indigne et que l\u2019indiff\u00e9rence nous d\u00e9sole,Parce que nous\" \/>\n<meta name=\"robots\" content=\"index, follow, max-snippet:-1, max-image-preview:large, max-video-preview:-1\" \/>\n<link rel=\"canonical\" href=\"https:\/\/fraternite-politique.chemin-neuf.org\/fr\/qui-sommes-nous\/manifeste\/\" \/>\n<meta property=\"og:locale\" content=\"fr_FR\" \/>\n<meta property=\"og:type\" content=\"article\" \/>\n<meta property=\"og:title\" content=\"Manifeste de la Fraternit\u00e9 Politique - Fraternit\u00e9 Politique de la Communaut\u00e9 du Chemin Neuf\" \/>\n<meta property=\"og:description\" content=\"Parce que la politique est \u00ab la forme la plus haute de la charit\u00e9 \u00bb,Parce que l\u2019injustice nous indigne et que l\u2019indiff\u00e9rence nous d\u00e9sole,Parce que nous\" \/>\n<meta property=\"og:url\" content=\"https:\/\/fraternite-politique.chemin-neuf.org\/fr\/qui-sommes-nous\/manifeste\/\" \/>\n<meta property=\"og:site_name\" content=\"Fraternit\u00e9 Politique de la Communaut\u00e9 du Chemin Neuf\" \/>\n<meta property=\"article:publisher\" content=\"https:\/\/www.facebook.com\/fratpolitiqueccn\" \/>\n<meta property=\"article:modified_time\" content=\"2021-03-10T23:39:15+00:00\" \/>\n<meta property=\"og:image\" content=\"https:\/\/fraternite-politique.chemin-neuf.org\/wp-content\/uploads\/2021\/02\/57c54b90245640c3018d1337open-book-1428428_1920.jpg\" \/>\n\t<meta property=\"og:image:width\" content=\"1800\" \/>\n\t<meta property=\"og:image:height\" content=\"1350\" \/>\n\t<meta property=\"og:image:type\" content=\"image\/jpeg\" \/>\n<meta name=\"twitter:card\" content=\"summary_large_image\" \/>\n<meta name=\"twitter:label1\" content=\"Dur\u00e9e de lecture estim\u00e9e\" \/>\n\t<meta name=\"twitter:data1\" content=\"2 minutes\" \/>\n<script type=\"application\/ld+json\" class=\"yoast-schema-graph\">{\"@context\":\"https:\\\/\\\/schema.org\",\"@graph\":[{\"@type\":\"WebPage\",\"@id\":\"https:\\\/\\\/fraternite-politique.chemin-neuf.org\\\/fr\\\/qui-sommes-nous\\\/manifeste\\\/\",\"url\":\"https:\\\/\\\/fraternite-politique.chemin-neuf.org\\\/fr\\\/qui-sommes-nous\\\/manifeste\\\/\",\"name\":\"Manifeste de la Fraternit\u00e9 Politique - Fraternit\u00e9 Politique de la Communaut\u00e9 du Chemin Neuf\",\"isPartOf\":{\"@id\":\"https:\\\/\\\/fraternite-politique.chemin-neuf.org\\\/fr\\\/#website\"},\"primaryImageOfPage\":{\"@id\":\"https:\\\/\\\/fraternite-politique.chemin-neuf.org\\\/fr\\\/qui-sommes-nous\\\/manifeste\\\/#primaryimage\"},\"image\":{\"@id\":\"https:\\\/\\\/fraternite-politique.chemin-neuf.org\\\/fr\\\/qui-sommes-nous\\\/manifeste\\\/#primaryimage\"},\"thumbnailUrl\":\"https:\\\/\\\/fraternite-politique.chemin-neuf.org\\\/wp-content\\\/uploads\\\/2021\\\/02\\\/57c54b90245640c3018d1337open-book-1428428_1920.jpg\",\"datePublished\":\"2021-02-06T14:45:59+00:00\",\"dateModified\":\"2021-03-10T23:39:15+00:00\",\"description\":\"Parce que la politique est \u00ab la forme la plus haute de la charit\u00e9 \u00bb,Parce que l\u2019injustice nous indigne et que l\u2019indiff\u00e9rence nous d\u00e9sole,Parce que nous\",\"breadcrumb\":{\"@id\":\"https:\\\/\\\/fraternite-politique.chemin-neuf.org\\\/fr\\\/qui-sommes-nous\\\/manifeste\\\/#breadcrumb\"},\"inLanguage\":\"fr-FR\",\"potentialAction\":[{\"@type\":\"ReadAction\",\"target\":[\"https:\\\/\\\/fraternite-politique.chemin-neuf.org\\\/fr\\\/qui-sommes-nous\\\/manifeste\\\/\"]}]},{\"@type\":\"ImageObject\",\"inLanguage\":\"fr-FR\",\"@id\":\"https:\\\/\\\/fraternite-politique.chemin-neuf.org\\\/fr\\\/qui-sommes-nous\\\/manifeste\\\/#primaryimage\",\"url\":\"https:\\\/\\\/fraternite-politique.chemin-neuf.org\\\/wp-content\\\/uploads\\\/2021\\\/02\\\/57c54b90245640c3018d1337open-book-1428428_1920.jpg\",\"contentUrl\":\"https:\\\/\\\/fraternite-politique.chemin-neuf.org\\\/wp-content\\\/uploads\\\/2021\\\/02\\\/57c54b90245640c3018d1337open-book-1428428_1920.jpg\",\"width\":1800,\"height\":1350},{\"@type\":\"BreadcrumbList\",\"@id\":\"https:\\\/\\\/fraternite-politique.chemin-neuf.org\\\/fr\\\/qui-sommes-nous\\\/manifeste\\\/#breadcrumb\",\"itemListElement\":[{\"@type\":\"ListItem\",\"position\":1,\"name\":\"Home\",\"item\":\"https:\\\/\\\/fraternite-politique.chemin-neuf.org\\\/fr\\\/\"},{\"@type\":\"ListItem\",\"position\":2,\"name\":\"Priv\u00e9\u00a0: QUI SOMMES-NOUS ?\",\"item\":\"https:\\\/\\\/fraternite-politique.chemin-neuf.org\\\/fr\\\/qui-sommes-nous\\\/\"},{\"@type\":\"ListItem\",\"position\":3,\"name\":\"Manifeste de la Fraternit\u00e9 Politique\"}]},{\"@type\":\"WebSite\",\"@id\":\"https:\\\/\\\/fraternite-politique.chemin-neuf.org\\\/fr\\\/#website\",\"url\":\"https:\\\/\\\/fraternite-politique.chemin-neuf.org\\\/fr\\\/\",\"name\":\"Fraternit\u00e9 Politique de la Communaut\u00e9 du Chemin Neuf\",\"description\":\"La Fraternit\u00e9 Politique de la Communaut\u00e9 du Chemin Neuf\",\"publisher\":{\"@id\":\"https:\\\/\\\/fraternite-politique.chemin-neuf.org\\\/fr\\\/#organization\"},\"potentialAction\":[{\"@type\":\"SearchAction\",\"target\":{\"@type\":\"EntryPoint\",\"urlTemplate\":\"https:\\\/\\\/fraternite-politique.chemin-neuf.org\\\/fr\\\/?s={search_term_string}\"},\"query-input\":{\"@type\":\"PropertyValueSpecification\",\"valueRequired\":true,\"valueName\":\"search_term_string\"}}],\"inLanguage\":\"fr-FR\"},{\"@type\":\"Organization\",\"@id\":\"https:\\\/\\\/fraternite-politique.chemin-neuf.org\\\/fr\\\/#organization\",\"name\":\"Fraternit\u00e9 Politique Communaut\u00e9 du Chemin Neuf\",\"url\":\"https:\\\/\\\/fraternite-politique.chemin-neuf.org\\\/fr\\\/\",\"logo\":{\"@type\":\"ImageObject\",\"inLanguage\":\"fr-FR\",\"@id\":\"https:\\\/\\\/fraternite-politique.chemin-neuf.org\\\/fr\\\/#\\\/schema\\\/logo\\\/image\\\/\",\"url\":\"https:\\\/\\\/fraternite-politique.chemin-neuf.org\\\/wp-content\\\/uploads\\\/2021\\\/02\\\/cropped-ccn-png-onglet-site-v3-large.png\",\"contentUrl\":\"https:\\\/\\\/fraternite-politique.chemin-neuf.org\\\/wp-content\\\/uploads\\\/2021\\\/02\\\/cropped-ccn-png-onglet-site-v3-large.png\",\"width\":512,\"height\":512,\"caption\":\"Fraternit\u00e9 Politique Communaut\u00e9 du Chemin Neuf\"},\"image\":{\"@id\":\"https:\\\/\\\/fraternite-politique.chemin-neuf.org\\\/fr\\\/#\\\/schema\\\/logo\\\/image\\\/\"},\"sameAs\":[\"https:\\\/\\\/www.facebook.com\\\/fratpolitiqueccn\",\"https:\\\/\\\/instagram.com\\\/fratpo\",\"https:\\\/\\\/www.youtube.com\\\/channel\\\/UC6YodqkqOIniLyqOfjMLojw\"]}]}<\/script>\n<!-- \/ Yoast SEO plugin. -->","yoast_head_json":{"title":"Manifeste de la Fraternit\u00e9 Politique - Fraternit\u00e9 Politique de la Communaut\u00e9 du Chemin Neuf","description":"Parce que la politique est \u00ab la forme la plus haute de la charit\u00e9 \u00bb,Parce que l\u2019injustice nous indigne et que l\u2019indiff\u00e9rence nous d\u00e9sole,Parce que nous","robots":{"index":"index","follow":"follow","max-snippet":"max-snippet:-1","max-image-preview":"max-image-preview:large","max-video-preview":"max-video-preview:-1"},"canonical":"https:\/\/fraternite-politique.chemin-neuf.org\/fr\/qui-sommes-nous\/manifeste\/","og_locale":"fr_FR","og_type":"article","og_title":"Manifeste de la Fraternit\u00e9 Politique - Fraternit\u00e9 Politique de la Communaut\u00e9 du Chemin Neuf","og_description":"Parce que la politique est \u00ab la forme la plus haute de la charit\u00e9 \u00bb,Parce que l\u2019injustice nous indigne et que l\u2019indiff\u00e9rence nous d\u00e9sole,Parce que nous","og_url":"https:\/\/fraternite-politique.chemin-neuf.org\/fr\/qui-sommes-nous\/manifeste\/","og_site_name":"Fraternit\u00e9 Politique de la Communaut\u00e9 du Chemin Neuf","article_publisher":"https:\/\/www.facebook.com\/fratpolitiqueccn","article_modified_time":"2021-03-10T23:39:15+00:00","og_image":[{"width":1800,"height":1350,"url":"https:\/\/fraternite-politique.chemin-neuf.org\/wp-content\/uploads\/2021\/02\/57c54b90245640c3018d1337open-book-1428428_1920.jpg","type":"image\/jpeg"}],"twitter_card":"summary_large_image","twitter_misc":{"Dur\u00e9e de lecture estim\u00e9e":"2 minutes"},"schema":{"@context":"https:\/\/schema.org","@graph":[{"@type":"WebPage","@id":"https:\/\/fraternite-politique.chemin-neuf.org\/fr\/qui-sommes-nous\/manifeste\/","url":"https:\/\/fraternite-politique.chemin-neuf.org\/fr\/qui-sommes-nous\/manifeste\/","name":"Manifeste de la Fraternit\u00e9 Politique - Fraternit\u00e9 Politique de la Communaut\u00e9 du Chemin Neuf","isPartOf":{"@id":"https:\/\/fraternite-politique.chemin-neuf.org\/fr\/#website"},"primaryImageOfPage":{"@id":"https:\/\/fraternite-politique.chemin-neuf.org\/fr\/qui-sommes-nous\/manifeste\/#primaryimage"},"image":{"@id":"https:\/\/fraternite-politique.chemin-neuf.org\/fr\/qui-sommes-nous\/manifeste\/#primaryimage"},"thumbnailUrl":"https:\/\/fraternite-politique.chemin-neuf.org\/wp-content\/uploads\/2021\/02\/57c54b90245640c3018d1337open-book-1428428_1920.jpg","datePublished":"2021-02-06T14:45:59+00:00","dateModified":"2021-03-10T23:39:15+00:00","description":"Parce que la politique est \u00ab la forme la plus haute de la charit\u00e9 \u00bb,Parce que l\u2019injustice nous indigne et que l\u2019indiff\u00e9rence nous d\u00e9sole,Parce que nous","breadcrumb":{"@id":"https:\/\/fraternite-politique.chemin-neuf.org\/fr\/qui-sommes-nous\/manifeste\/#breadcrumb"},"inLanguage":"fr-FR","potentialAction":[{"@type":"ReadAction","target":["https:\/\/fraternite-politique.chemin-neuf.org\/fr\/qui-sommes-nous\/manifeste\/"]}]},{"@type":"ImageObject","inLanguage":"fr-FR","@id":"https:\/\/fraternite-politique.chemin-neuf.org\/fr\/qui-sommes-nous\/manifeste\/#primaryimage","url":"https:\/\/fraternite-politique.chemin-neuf.org\/wp-content\/uploads\/2021\/02\/57c54b90245640c3018d1337open-book-1428428_1920.jpg","contentUrl":"https:\/\/fraternite-politique.chemin-neuf.org\/wp-content\/uploads\/2021\/02\/57c54b90245640c3018d1337open-book-1428428_1920.jpg","width":1800,"height":1350},{"@type":"BreadcrumbList","@id":"https:\/\/fraternite-politique.chemin-neuf.org\/fr\/qui-sommes-nous\/manifeste\/#breadcrumb","itemListElement":[{"@type":"ListItem","position":1,"name":"Home","item":"https:\/\/fraternite-politique.chemin-neuf.org\/fr\/"},{"@type":"ListItem","position":2,"name":"Priv\u00e9\u00a0: QUI SOMMES-NOUS ?","item":"https:\/\/fraternite-politique.chemin-neuf.org\/fr\/qui-sommes-nous\/"},{"@type":"ListItem","position":3,"name":"Manifeste de la Fraternit\u00e9 Politique"}]},{"@type":"WebSite","@id":"https:\/\/fraternite-politique.chemin-neuf.org\/fr\/#website","url":"https:\/\/fraternite-politique.chemin-neuf.org\/fr\/","name":"Fraternit\u00e9 Politique de la Communaut\u00e9 du Chemin Neuf","description":"La Fraternit\u00e9 Politique de la Communaut\u00e9 du Chemin Neuf","publisher":{"@id":"https:\/\/fraternite-politique.chemin-neuf.org\/fr\/#organization"},"potentialAction":[{"@type":"SearchAction","target":{"@type":"EntryPoint","urlTemplate":"https:\/\/fraternite-politique.chemin-neuf.org\/fr\/?s={search_term_string}"},"query-input":{"@type":"PropertyValueSpecification","valueRequired":true,"valueName":"search_term_string"}}],"inLanguage":"fr-FR"},{"@type":"Organization","@id":"https:\/\/fraternite-politique.chemin-neuf.org\/fr\/#organization","name":"Fraternit\u00e9 Politique Communaut\u00e9 du Chemin Neuf","url":"https:\/\/fraternite-politique.chemin-neuf.org\/fr\/","logo":{"@type":"ImageObject","inLanguage":"fr-FR","@id":"https:\/\/fraternite-politique.chemin-neuf.org\/fr\/#\/schema\/logo\/image\/","url":"https:\/\/fraternite-politique.chemin-neuf.org\/wp-content\/uploads\/2021\/02\/cropped-ccn-png-onglet-site-v3-large.png","contentUrl":"https:\/\/fraternite-politique.chemin-neuf.org\/wp-content\/uploads\/2021\/02\/cropped-ccn-png-onglet-site-v3-large.png","width":512,"height":512,"caption":"Fraternit\u00e9 Politique Communaut\u00e9 du Chemin Neuf"},"image":{"@id":"https:\/\/fraternite-politique.chemin-neuf.org\/fr\/#\/schema\/logo\/image\/"},"sameAs":["https:\/\/www.facebook.com\/fratpolitiqueccn","https:\/\/instagram.com\/fratpo","https:\/\/www.youtube.com\/channel\/UC6YodqkqOIniLyqOfjMLojw"]}]}},"_links":{"self":[{"href":"https:\/\/fraternite-politique.chemin-neuf.org\/fr\/wp-json\/wp\/v2\/pages\/1126","targetHints":{"allow":["GET"]}}],"collection":[{"href":"https:\/\/fraternite-politique.chemin-neuf.org\/fr\/wp-json\/wp\/v2\/pages"}],"about":[{"href":"https:\/\/fraternite-politique.chemin-neuf.org\/fr\/wp-json\/wp\/v2\/types\/page"}],"author":[{"embeddable":true,"href":"https:\/\/fraternite-politique.chemin-neuf.org\/fr\/wp-json\/wp\/v2\/users\/6"}],"replies":[{"embeddable":true,"href":"https:\/\/fraternite-politique.chemin-neuf.org\/fr\/wp-json\/wp\/v2\/comments?post=1126"}],"version-history":[{"count":26,"href":"https:\/\/fraternite-politique.chemin-neuf.org\/fr\/wp-json\/wp\/v2\/pages\/1126\/revisions"}],"predecessor-version":[{"id":1762,"href":"https:\/\/fraternite-politique.chemin-neuf.org\/fr\/wp-json\/wp\/v2\/pages\/1126\/revisions\/1762"}],"up":[{"embeddable":true,"href":"https:\/\/fraternite-politique.chemin-neuf.org\/fr\/wp-json\/wp\/v2\/pages\/12"}],"wp:featuredmedia":[{"embeddable":true,"href":"https:\/\/fraternite-politique.chemin-neuf.org\/fr\/wp-json\/wp\/v2\/media\/1131"}],"wp:attachment":[{"href":"https:\/\/fraternite-politique.chemin-neuf.org\/fr\/wp-json\/wp\/v2\/media?parent=1126"}],"curies":[{"name":"wp","href":"https:\/\/api.w.org\/{rel}","templated":true}]}}