{"id":1119,"date":"2021-02-06T14:37:45","date_gmt":"2021-02-06T13:37:45","guid":{"rendered":"https:\/\/next-frat-politique.chemin-neuf.fr\/?page_id=1119"},"modified":"2021-03-11T16:17:03","modified_gmt":"2021-03-11T15:17:03","slug":"la-fraternite-politique","status":"publish","type":"page","link":"https:\/\/fraternite-politique.chemin-neuf.org\/fr\/qui-sommes-nous\/la-fraternite-politique\/","title":{"rendered":"Fraternit\u00e9 Politique <br>du Chemin Neuf"},"content":{"rendered":"\n<div class=\"wp-block-columns is-style-default is-layout-flex wp-container-core-columns-is-layout-9d6595d7 wp-block-columns-is-layout-flex\">\n<div class=\"wp-block-column is-vertically-aligned-center is-layout-flow wp-block-column-is-layout-flow\">\n<div style=\"height:5px\" aria-hidden=\"true\" class=\"wp-block-spacer\"><\/div>\n\n\n\n<p class=\"has-large-font-size\">La Fraternit\u00e9 Politique du Chemin Neuf regroupe des jeunes de 18 \u00e0 35 ans, de diff\u00e9rents pays et cultures politiques, anim\u00e9s d\u2019une m\u00eame passion pour le Bien commun et les pauvres, et d\u00e9sireux d\u2019agir en politique selon le c\u0153ur de Dieu.<\/p>\n<\/div>\n\n\n\n<div class=\"wp-block-column is-layout-flow wp-block-column-is-layout-flow\">\n<figure class=\"wp-block-embed is-type-video is-provider-youtube wp-block-embed-youtube wp-embed-aspect-16-9 wp-has-aspect-ratio\"><div class=\"wp-block-embed__wrapper\">\n<iframe loading=\"lazy\" title=\"Teaser Fraternite\u0301 politique\" width=\"500\" height=\"281\" src=\"https:\/\/www.youtube.com\/embed\/2ffHpTpUDjg?feature=oembed\" frameborder=\"0\" allow=\"accelerometer; autoplay; clipboard-write; encrypted-media; gyroscope; picture-in-picture; web-share\" referrerpolicy=\"strict-origin-when-cross-origin\" allowfullscreen><\/iframe>\n<\/div><\/figure>\n\n\n\n<p><\/p>\n<\/div>\n<\/div>\n\n\n\n<div class=\"wp-block-columns is-layout-flex wp-container-core-columns-is-layout-9d6595d7 wp-block-columns-is-layout-flex\">\n<div class=\"wp-block-column is-layout-flow wp-block-column-is-layout-flow\">\n<h5 class=\"alignfull has-large-font-size wp-block-heading\">Un alliage entre trois \u00e9l\u00e9ments<\/h5>\n<\/div>\n<\/div>\n\n\n\n<div class=\"wp-block-columns are-vertically-aligned-center is-layout-flex wp-container-core-columns-is-layout-9d6595d7 wp-block-columns-is-layout-flex\">\n<div class=\"wp-block-column is-vertically-aligned-center is-layout-flow wp-block-column-is-layout-flow\">\n<div class=\"wp-block-columns is-layout-flex wp-container-core-columns-is-layout-9d6595d7 wp-block-columns-is-layout-flex\">\n<div class=\"wp-block-column is-vertically-aligned-center is-layout-flow wp-block-column-is-layout-flow\" style=\"flex-basis:33.33%\">\n<div class=\"wp-block-image\"><figure class=\"aligncenter size-large is-resized\"><img decoding=\"async\" src=\"https:\/\/fraternite-politique.chemin-neuf.org\/wp-content\/uploads\/2021\/03\/ccn-rectangle-ignace-edited.jpg\" alt=\"\" class=\"wp-image-1715\" width=\"200\" height=\"200\" srcset=\"https:\/\/fraternite-politique.chemin-neuf.org\/wp-content\/uploads\/2021\/03\/ccn-rectangle-ignace-edited.jpg 400w, https:\/\/fraternite-politique.chemin-neuf.org\/wp-content\/uploads\/2021\/03\/ccn-rectangle-ignace-edited-300x300.jpg 300w, https:\/\/fraternite-politique.chemin-neuf.org\/wp-content\/uploads\/2021\/03\/ccn-rectangle-ignace-edited-150x150.jpg 150w\" sizes=\"(max-width: 200px) 100vw, 200px\" \/><\/figure><\/div>\n<\/div>\n\n\n\n<div class=\"wp-block-column is-vertically-aligned-center is-layout-flow wp-block-column-is-layout-flow\" style=\"flex-basis:66.66%\">\n<p class=\"has-text-align-center has-large-font-size\">La <em><strong>spiritualit\u00e9 ignatienne<\/strong><\/em> <br>et sa solide tradition <br>de formation, de relecture <br>et de discernement,<\/p>\n<\/div>\n<\/div>\n<\/div>\n\n\n\n<div class=\"wp-block-column is-vertically-aligned-center is-layout-flow wp-block-column-is-layout-flow\">\n<div class=\"wp-block-columns is-layout-flex wp-container-core-columns-is-layout-9d6595d7 wp-block-columns-is-layout-flex\">\n<div class=\"wp-block-column is-vertically-aligned-center is-layout-flow wp-block-column-is-layout-flow\" style=\"flex-basis:33.33%\">\n<div class=\"wp-block-image\"><figure class=\"aligncenter size-large is-resized\"><img decoding=\"async\" src=\"https:\/\/fraternite-politique.chemin-neuf.org\/wp-content\/uploads\/2021\/03\/ccn-rectangle-lumiere-2-edited.jpg\" alt=\"\" class=\"wp-image-1717\" width=\"200\" height=\"200\" srcset=\"https:\/\/fraternite-politique.chemin-neuf.org\/wp-content\/uploads\/2021\/03\/ccn-rectangle-lumiere-2-edited.jpg 400w, https:\/\/fraternite-politique.chemin-neuf.org\/wp-content\/uploads\/2021\/03\/ccn-rectangle-lumiere-2-edited-300x300.jpg 300w, https:\/\/fraternite-politique.chemin-neuf.org\/wp-content\/uploads\/2021\/03\/ccn-rectangle-lumiere-2-edited-150x150.jpg 150w\" sizes=\"(max-width: 200px) 100vw, 200px\" \/><\/figure><\/div>\n<\/div>\n\n\n\n<div class=\"wp-block-column is-vertically-aligned-center is-layout-flow wp-block-column-is-layout-flow\" style=\"flex-basis:66.66%\">\n<p class=\"has-text-align-center has-large-font-size\">La <em><strong>vie dans l&rsquo;Esprit Saint<\/strong><\/em>, <br>cr\u00e9ateur de nouveaut\u00e9 <br>qui nous pousse \u00e0 agir,<\/p>\n<\/div>\n<\/div>\n<\/div>\n<\/div>\n\n\n\n<div class=\"wp-block-columns is-layout-flex wp-container-core-columns-is-layout-9d6595d7 wp-block-columns-is-layout-flex\">\n<div class=\"wp-block-column is-layout-flow wp-block-column-is-layout-flow\" style=\"flex-basis:20%\"><\/div>\n\n\n\n<div class=\"wp-block-column is-layout-flow wp-block-column-is-layout-flow\" style=\"flex-basis:60%\">\n<div class=\"wp-block-columns is-layout-flex wp-container-core-columns-is-layout-9d6595d7 wp-block-columns-is-layout-flex\">\n<div class=\"wp-block-column is-vertically-aligned-center is-layout-flow wp-block-column-is-layout-flow\" style=\"flex-basis:33.33%\">\n<div class=\"wp-block-image\"><figure class=\"aligncenter size-large is-resized\"><img decoding=\"async\" src=\"https:\/\/fraternite-politique.chemin-neuf.org\/wp-content\/uploads\/2021\/03\/5f622d6c396588bb3e9de2c0KeepInTouch-142-edited.jpg\" alt=\"\" class=\"wp-image-1719\" width=\"200\" height=\"200\" srcset=\"https:\/\/fraternite-politique.chemin-neuf.org\/wp-content\/uploads\/2021\/03\/5f622d6c396588bb3e9de2c0KeepInTouch-142-edited.jpg 480w, https:\/\/fraternite-politique.chemin-neuf.org\/wp-content\/uploads\/2021\/03\/5f622d6c396588bb3e9de2c0KeepInTouch-142-edited-300x300.jpg 300w, https:\/\/fraternite-politique.chemin-neuf.org\/wp-content\/uploads\/2021\/03\/5f622d6c396588bb3e9de2c0KeepInTouch-142-edited-150x150.jpg 150w\" sizes=\"(max-width: 200px) 100vw, 200px\" \/><\/figure><\/div>\n<\/div>\n\n\n\n<div class=\"wp-block-column is-vertically-aligned-center is-layout-flow wp-block-column-is-layout-flow\" style=\"flex-basis:66.66%\">\n<p class=\"has-text-align-center has-large-font-size\">La <em><strong>fraternit\u00e9<\/strong><\/em>, <br>lieu de v\u00e9rit\u00e9, d\u2019humilit\u00e9 et de joie, <br>terreau d\u2019un engagement vrai et durable <br>\u00e0 la suite du Christ.<\/p>\n<\/div>\n<\/div>\n<\/div>\n\n\n\n<div class=\"wp-block-column is-layout-flow wp-block-column-is-layout-flow\" style=\"flex-basis:20%\"><\/div>\n<\/div>\n\n\n\n<div class=\"wp-block-buttons is-content-justification-center is-layout-flex wp-block-buttons-is-layout-flex\">\n<div class=\"wp-block-button is-style-outline is-style-outline--1\"><a class=\"wp-block-button__link has-black-color has-white-background-color has-text-color has-background no-border-radius\" href=\"https:\/\/fraternite-politique.chemin-neuf.org\/fr\/qui-sommes-nous\/manifeste\/\">Lire le Manifeste<\/a><\/div>\n<\/div>\n\n\n\n<div style=\"height:100px\" aria-hidden=\"true\" class=\"wp-block-spacer\"><\/div>\n","protected":false},"excerpt":{"rendered":"<p>La Fraternit\u00e9 Politique du Chemin Neuf regroupe des jeunes de 18 \u00e0 35 ans, de diff\u00e9rents pays et cultures politiques, anim\u00e9s d\u2019une m\u00eame passion pour le Bien commun et les pauvres, et d\u00e9sireux d\u2019agir en politique selon le c\u0153ur de Dieu. Un alliage entre trois \u00e9l\u00e9ments La spiritualit\u00e9 ignatienne et sa solide tradition de formation, [&hellip;]<\/p>\n","protected":false},"author":6,"featured_media":1712,"parent":12,"menu_order":0,"comment_status":"closed","ping_status":"closed","template":"","meta":{"_acf_changed":false,"footnotes":""},"class_list":["post-1119","page","type-page","status-publish","has-post-thumbnail","hentry"],"acf":[],"yoast_head":"<!-- This site is optimized with the Yoast SEO plugin v27.5 - https:\/\/yoast.com\/product\/yoast-seo-wordpress\/ -->\n<title>Fraternit\u00e9 Politique du Chemin Neuf - Fraternit\u00e9 Politique de la Communaut\u00e9 du Chemin Neuf<\/title>\n<meta name=\"description\" content=\"La Fraternit\u00e9 Politique du Chemin Neuf regroupe des jeunes de 18 \u00e0 35 ans, de diff\u00e9rents pays et cultures politiques, anim\u00e9s d\u2019une m\u00eame passion pour le\" \/>\n<meta name=\"robots\" content=\"index, follow, max-snippet:-1, max-image-preview:large, max-video-preview:-1\" \/>\n<link rel=\"canonical\" href=\"https:\/\/fraternite-politique.chemin-neuf.org\/fr\/qui-sommes-nous\/la-fraternite-politique\/\" \/>\n<meta property=\"og:locale\" content=\"fr_FR\" \/>\n<meta property=\"og:type\" content=\"article\" \/>\n<meta property=\"og:title\" content=\"Fraternit\u00e9 Politique du Chemin Neuf - Fraternit\u00e9 Politique de la Communaut\u00e9 du Chemin Neuf\" \/>\n<meta property=\"og:description\" content=\"La Fraternit\u00e9 Politique du Chemin Neuf regroupe des jeunes de 18 \u00e0 35 ans, de diff\u00e9rents pays et cultures politiques, anim\u00e9s d\u2019une m\u00eame passion pour le\" \/>\n<meta property=\"og:url\" content=\"https:\/\/fraternite-politique.chemin-neuf.org\/fr\/qui-sommes-nous\/la-fraternite-politique\/\" \/>\n<meta property=\"og:site_name\" content=\"Fraternit\u00e9 Politique de la Communaut\u00e9 du Chemin Neuf\" \/>\n<meta property=\"article:publisher\" content=\"https:\/\/www.facebook.com\/fratpolitiqueccn\" \/>\n<meta property=\"article:modified_time\" content=\"2021-03-11T15:17:03+00:00\" \/>\n<meta property=\"og:image\" content=\"https:\/\/fraternite-politique.chemin-neuf.org\/wp-content\/uploads\/2021\/03\/5cooysxilsw-scaled.jpg\" \/>\n\t<meta property=\"og:image:width\" content=\"2560\" \/>\n\t<meta property=\"og:image:height\" content=\"1706\" \/>\n\t<meta property=\"og:image:type\" content=\"image\/jpeg\" \/>\n<meta name=\"twitter:card\" content=\"summary_large_image\" \/>\n<meta name=\"twitter:label1\" content=\"Dur\u00e9e de lecture estim\u00e9e\" \/>\n\t<meta name=\"twitter:data1\" content=\"2 minutes\" \/>\n<script type=\"application\/ld+json\" class=\"yoast-schema-graph\">{\"@context\":\"https:\\\/\\\/schema.org\",\"@graph\":[{\"@type\":\"WebPage\",\"@id\":\"https:\\\/\\\/fraternite-politique.chemin-neuf.org\\\/fr\\\/qui-sommes-nous\\\/la-fraternite-politique\\\/\",\"url\":\"https:\\\/\\\/fraternite-politique.chemin-neuf.org\\\/fr\\\/qui-sommes-nous\\\/la-fraternite-politique\\\/\",\"name\":\"Fraternit\u00e9 Politique du Chemin Neuf - Fraternit\u00e9 Politique de la Communaut\u00e9 du Chemin Neuf\",\"isPartOf\":{\"@id\":\"https:\\\/\\\/fraternite-politique.chemin-neuf.org\\\/fr\\\/#website\"},\"primaryImageOfPage\":{\"@id\":\"https:\\\/\\\/fraternite-politique.chemin-neuf.org\\\/fr\\\/qui-sommes-nous\\\/la-fraternite-politique\\\/#primaryimage\"},\"image\":{\"@id\":\"https:\\\/\\\/fraternite-politique.chemin-neuf.org\\\/fr\\\/qui-sommes-nous\\\/la-fraternite-politique\\\/#primaryimage\"},\"thumbnailUrl\":\"https:\\\/\\\/fraternite-politique.chemin-neuf.org\\\/wp-content\\\/uploads\\\/2021\\\/03\\\/5cooysxilsw-scaled.jpg\",\"datePublished\":\"2021-02-06T13:37:45+00:00\",\"dateModified\":\"2021-03-11T15:17:03+00:00\",\"description\":\"La Fraternit\u00e9 Politique du Chemin Neuf regroupe des jeunes de 18 \u00e0 35 ans, de diff\u00e9rents pays et cultures politiques, anim\u00e9s d\u2019une m\u00eame passion pour le\",\"breadcrumb\":{\"@id\":\"https:\\\/\\\/fraternite-politique.chemin-neuf.org\\\/fr\\\/qui-sommes-nous\\\/la-fraternite-politique\\\/#breadcrumb\"},\"inLanguage\":\"fr-FR\",\"potentialAction\":[{\"@type\":\"ReadAction\",\"target\":[\"https:\\\/\\\/fraternite-politique.chemin-neuf.org\\\/fr\\\/qui-sommes-nous\\\/la-fraternite-politique\\\/\"]}]},{\"@type\":\"ImageObject\",\"inLanguage\":\"fr-FR\",\"@id\":\"https:\\\/\\\/fraternite-politique.chemin-neuf.org\\\/fr\\\/qui-sommes-nous\\\/la-fraternite-politique\\\/#primaryimage\",\"url\":\"https:\\\/\\\/fraternite-politique.chemin-neuf.org\\\/wp-content\\\/uploads\\\/2021\\\/03\\\/5cooysxilsw-scaled.jpg\",\"contentUrl\":\"https:\\\/\\\/fraternite-politique.chemin-neuf.org\\\/wp-content\\\/uploads\\\/2021\\\/03\\\/5cooysxilsw-scaled.jpg\",\"width\":2560,\"height\":1706,\"caption\":\"person holding white machine on top of white table\"},{\"@type\":\"BreadcrumbList\",\"@id\":\"https:\\\/\\\/fraternite-politique.chemin-neuf.org\\\/fr\\\/qui-sommes-nous\\\/la-fraternite-politique\\\/#breadcrumb\",\"itemListElement\":[{\"@type\":\"ListItem\",\"position\":1,\"name\":\"Home\",\"item\":\"https:\\\/\\\/fraternite-politique.chemin-neuf.org\\\/fr\\\/\"},{\"@type\":\"ListItem\",\"position\":2,\"name\":\"Priv\u00e9\u00a0: QUI SOMMES-NOUS ?\",\"item\":\"https:\\\/\\\/fraternite-politique.chemin-neuf.org\\\/fr\\\/qui-sommes-nous\\\/\"},{\"@type\":\"ListItem\",\"position\":3,\"name\":\"Fraternit\u00e9 Politique du Chemin Neuf\"}]},{\"@type\":\"WebSite\",\"@id\":\"https:\\\/\\\/fraternite-politique.chemin-neuf.org\\\/fr\\\/#website\",\"url\":\"https:\\\/\\\/fraternite-politique.chemin-neuf.org\\\/fr\\\/\",\"name\":\"Fraternit\u00e9 Politique de la Communaut\u00e9 du Chemin Neuf\",\"description\":\"La Fraternit\u00e9 Politique de la Communaut\u00e9 du Chemin Neuf\",\"publisher\":{\"@id\":\"https:\\\/\\\/fraternite-politique.chemin-neuf.org\\\/fr\\\/#organization\"},\"potentialAction\":[{\"@type\":\"SearchAction\",\"target\":{\"@type\":\"EntryPoint\",\"urlTemplate\":\"https:\\\/\\\/fraternite-politique.chemin-neuf.org\\\/fr\\\/?s={search_term_string}\"},\"query-input\":{\"@type\":\"PropertyValueSpecification\",\"valueRequired\":true,\"valueName\":\"search_term_string\"}}],\"inLanguage\":\"fr-FR\"},{\"@type\":\"Organization\",\"@id\":\"https:\\\/\\\/fraternite-politique.chemin-neuf.org\\\/fr\\\/#organization\",\"name\":\"Fraternit\u00e9 Politique Communaut\u00e9 du Chemin Neuf\",\"url\":\"https:\\\/\\\/fraternite-politique.chemin-neuf.org\\\/fr\\\/\",\"logo\":{\"@type\":\"ImageObject\",\"inLanguage\":\"fr-FR\",\"@id\":\"https:\\\/\\\/fraternite-politique.chemin-neuf.org\\\/fr\\\/#\\\/schema\\\/logo\\\/image\\\/\",\"url\":\"https:\\\/\\\/fraternite-politique.chemin-neuf.org\\\/wp-content\\\/uploads\\\/2021\\\/02\\\/cropped-ccn-png-onglet-site-v3-large.png\",\"contentUrl\":\"https:\\\/\\\/fraternite-politique.chemin-neuf.org\\\/wp-content\\\/uploads\\\/2021\\\/02\\\/cropped-ccn-png-onglet-site-v3-large.png\",\"width\":512,\"height\":512,\"caption\":\"Fraternit\u00e9 Politique Communaut\u00e9 du Chemin Neuf\"},\"image\":{\"@id\":\"https:\\\/\\\/fraternite-politique.chemin-neuf.org\\\/fr\\\/#\\\/schema\\\/logo\\\/image\\\/\"},\"sameAs\":[\"https:\\\/\\\/www.facebook.com\\\/fratpolitiqueccn\",\"https:\\\/\\\/instagram.com\\\/fratpo\",\"https:\\\/\\\/www.youtube.com\\\/channel\\\/UC6YodqkqOIniLyqOfjMLojw\"]}]}<\/script>\n<!-- \/ Yoast SEO plugin. -->","yoast_head_json":{"title":"Fraternit\u00e9 Politique du Chemin Neuf - Fraternit\u00e9 Politique de la Communaut\u00e9 du Chemin Neuf","description":"La Fraternit\u00e9 Politique du Chemin Neuf regroupe des jeunes de 18 \u00e0 35 ans, de diff\u00e9rents pays et cultures politiques, anim\u00e9s d\u2019une m\u00eame passion pour le","robots":{"index":"index","follow":"follow","max-snippet":"max-snippet:-1","max-image-preview":"max-image-preview:large","max-video-preview":"max-video-preview:-1"},"canonical":"https:\/\/fraternite-politique.chemin-neuf.org\/fr\/qui-sommes-nous\/la-fraternite-politique\/","og_locale":"fr_FR","og_type":"article","og_title":"Fraternit\u00e9 Politique du Chemin Neuf - Fraternit\u00e9 Politique de la Communaut\u00e9 du Chemin Neuf","og_description":"La Fraternit\u00e9 Politique du Chemin Neuf regroupe des jeunes de 18 \u00e0 35 ans, de diff\u00e9rents pays et cultures politiques, anim\u00e9s d\u2019une m\u00eame passion pour le","og_url":"https:\/\/fraternite-politique.chemin-neuf.org\/fr\/qui-sommes-nous\/la-fraternite-politique\/","og_site_name":"Fraternit\u00e9 Politique de la Communaut\u00e9 du Chemin Neuf","article_publisher":"https:\/\/www.facebook.com\/fratpolitiqueccn","article_modified_time":"2021-03-11T15:17:03+00:00","og_image":[{"width":2560,"height":1706,"url":"https:\/\/fraternite-politique.chemin-neuf.org\/wp-content\/uploads\/2021\/03\/5cooysxilsw-scaled.jpg","type":"image\/jpeg"}],"twitter_card":"summary_large_image","twitter_misc":{"Dur\u00e9e de lecture estim\u00e9e":"2 minutes"},"schema":{"@context":"https:\/\/schema.org","@graph":[{"@type":"WebPage","@id":"https:\/\/fraternite-politique.chemin-neuf.org\/fr\/qui-sommes-nous\/la-fraternite-politique\/","url":"https:\/\/fraternite-politique.chemin-neuf.org\/fr\/qui-sommes-nous\/la-fraternite-politique\/","name":"Fraternit\u00e9 Politique du Chemin Neuf - Fraternit\u00e9 Politique de la Communaut\u00e9 du Chemin Neuf","isPartOf":{"@id":"https:\/\/fraternite-politique.chemin-neuf.org\/fr\/#website"},"primaryImageOfPage":{"@id":"https:\/\/fraternite-politique.chemin-neuf.org\/fr\/qui-sommes-nous\/la-fraternite-politique\/#primaryimage"},"image":{"@id":"https:\/\/fraternite-politique.chemin-neuf.org\/fr\/qui-sommes-nous\/la-fraternite-politique\/#primaryimage"},"thumbnailUrl":"https:\/\/fraternite-politique.chemin-neuf.org\/wp-content\/uploads\/2021\/03\/5cooysxilsw-scaled.jpg","datePublished":"2021-02-06T13:37:45+00:00","dateModified":"2021-03-11T15:17:03+00:00","description":"La Fraternit\u00e9 Politique du Chemin Neuf regroupe des jeunes de 18 \u00e0 35 ans, de diff\u00e9rents pays et cultures politiques, anim\u00e9s d\u2019une m\u00eame passion pour le","breadcrumb":{"@id":"https:\/\/fraternite-politique.chemin-neuf.org\/fr\/qui-sommes-nous\/la-fraternite-politique\/#breadcrumb"},"inLanguage":"fr-FR","potentialAction":[{"@type":"ReadAction","target":["https:\/\/fraternite-politique.chemin-neuf.org\/fr\/qui-sommes-nous\/la-fraternite-politique\/"]}]},{"@type":"ImageObject","inLanguage":"fr-FR","@id":"https:\/\/fraternite-politique.chemin-neuf.org\/fr\/qui-sommes-nous\/la-fraternite-politique\/#primaryimage","url":"https:\/\/fraternite-politique.chemin-neuf.org\/wp-content\/uploads\/2021\/03\/5cooysxilsw-scaled.jpg","contentUrl":"https:\/\/fraternite-politique.chemin-neuf.org\/wp-content\/uploads\/2021\/03\/5cooysxilsw-scaled.jpg","width":2560,"height":1706,"caption":"person holding white machine on top of white table"},{"@type":"BreadcrumbList","@id":"https:\/\/fraternite-politique.chemin-neuf.org\/fr\/qui-sommes-nous\/la-fraternite-politique\/#breadcrumb","itemListElement":[{"@type":"ListItem","position":1,"name":"Home","item":"https:\/\/fraternite-politique.chemin-neuf.org\/fr\/"},{"@type":"ListItem","position":2,"name":"Priv\u00e9\u00a0: QUI SOMMES-NOUS ?","item":"https:\/\/fraternite-politique.chemin-neuf.org\/fr\/qui-sommes-nous\/"},{"@type":"ListItem","position":3,"name":"Fraternit\u00e9 Politique du Chemin Neuf"}]},{"@type":"WebSite","@id":"https:\/\/fraternite-politique.chemin-neuf.org\/fr\/#website","url":"https:\/\/fraternite-politique.chemin-neuf.org\/fr\/","name":"Fraternit\u00e9 Politique de la Communaut\u00e9 du Chemin Neuf","description":"La Fraternit\u00e9 Politique de la Communaut\u00e9 du Chemin Neuf","publisher":{"@id":"https:\/\/fraternite-politique.chemin-neuf.org\/fr\/#organization"},"potentialAction":[{"@type":"SearchAction","target":{"@type":"EntryPoint","urlTemplate":"https:\/\/fraternite-politique.chemin-neuf.org\/fr\/?s={search_term_string}"},"query-input":{"@type":"PropertyValueSpecification","valueRequired":true,"valueName":"search_term_string"}}],"inLanguage":"fr-FR"},{"@type":"Organization","@id":"https:\/\/fraternite-politique.chemin-neuf.org\/fr\/#organization","name":"Fraternit\u00e9 Politique Communaut\u00e9 du Chemin Neuf","url":"https:\/\/fraternite-politique.chemin-neuf.org\/fr\/","logo":{"@type":"ImageObject","inLanguage":"fr-FR","@id":"https:\/\/fraternite-politique.chemin-neuf.org\/fr\/#\/schema\/logo\/image\/","url":"https:\/\/fraternite-politique.chemin-neuf.org\/wp-content\/uploads\/2021\/02\/cropped-ccn-png-onglet-site-v3-large.png","contentUrl":"https:\/\/fraternite-politique.chemin-neuf.org\/wp-content\/uploads\/2021\/02\/cropped-ccn-png-onglet-site-v3-large.png","width":512,"height":512,"caption":"Fraternit\u00e9 Politique Communaut\u00e9 du Chemin Neuf"},"image":{"@id":"https:\/\/fraternite-politique.chemin-neuf.org\/fr\/#\/schema\/logo\/image\/"},"sameAs":["https:\/\/www.facebook.com\/fratpolitiqueccn","https:\/\/instagram.com\/fratpo","https:\/\/www.youtube.com\/channel\/UC6YodqkqOIniLyqOfjMLojw"]}]}},"_links":{"self":[{"href":"https:\/\/fraternite-politique.chemin-neuf.org\/fr\/wp-json\/wp\/v2\/pages\/1119","targetHints":{"allow":["GET"]}}],"collection":[{"href":"https:\/\/fraternite-politique.chemin-neuf.org\/fr\/wp-json\/wp\/v2\/pages"}],"about":[{"href":"https:\/\/fraternite-politique.chemin-neuf.org\/fr\/wp-json\/wp\/v2\/types\/page"}],"author":[{"embeddable":true,"href":"https:\/\/fraternite-politique.chemin-neuf.org\/fr\/wp-json\/wp\/v2\/users\/6"}],"replies":[{"embeddable":true,"href":"https:\/\/fraternite-politique.chemin-neuf.org\/fr\/wp-json\/wp\/v2\/comments?post=1119"}],"version-history":[{"count":20,"href":"https:\/\/fraternite-politique.chemin-neuf.org\/fr\/wp-json\/wp\/v2\/pages\/1119\/revisions"}],"predecessor-version":[{"id":1769,"href":"https:\/\/fraternite-politique.chemin-neuf.org\/fr\/wp-json\/wp\/v2\/pages\/1119\/revisions\/1769"}],"up":[{"embeddable":true,"href":"https:\/\/fraternite-politique.chemin-neuf.org\/fr\/wp-json\/wp\/v2\/pages\/12"}],"wp:featuredmedia":[{"embeddable":true,"href":"https:\/\/fraternite-politique.chemin-neuf.org\/fr\/wp-json\/wp\/v2\/media\/1712"}],"wp:attachment":[{"href":"https:\/\/fraternite-politique.chemin-neuf.org\/fr\/wp-json\/wp\/v2\/media?parent=1119"}],"curies":[{"name":"wp","href":"https:\/\/api.w.org\/{rel}","templated":true}]}}