{"id":10777,"date":"2024-06-10T15:14:09","date_gmt":"2024-06-10T13:14:09","guid":{"rendered":"https:\/\/fraternite-politique.chemin-neuf.org\/prevention-lutte-abus\/"},"modified":"2026-04-22T16:13:18","modified_gmt":"2026-04-22T14:13:18","slug":"prevention-lutte-abus","status":"publish","type":"page","link":"https:\/\/fraternite-politique.chemin-neuf.org\/fr\/prevention-lutte-abus\/","title":{"rendered":"Pr\u00e9vention et lutte contre toutes les formes d\u2019abus\u200b"},"content":{"rendered":"\n<div class=\"wp-block-columns is-layout-flex wp-container-core-columns-is-layout-9d6595d7 wp-block-columns-is-layout-flex\">\n<div class=\"wp-block-column is-layout-flow wp-block-column-is-layout-flow\">\n<h4 class=\"wp-block-heading\">Dans le contexte de la CIASE et de la d\u00e9nonciation des abus de tous types qui peuvent survenir&nbsp;dans un contexte eccl\u00e9sial<strong>, la Communaut\u00e9 du Chemin Neuf s\u2019engage, \u00e0 travers l&rsquo;Equipe de&nbsp;Pr\u00e9vention et de Lutte contre les Abus (EPLA)<\/strong> :\u200b <\/h4>\n\n\n\n<ul class=\"wp-block-list\">\n<li>\u00e0 lutter sans aucune r\u00e9serve contre&nbsp;toutes les formes d\u2019abus (de pouvoir, de conscience, physiques et sexuels), en particulier lorsque ils&nbsp;sont perp\u00e9tr\u00e9s sur des mineurs ou des personnes vuln\u00e9rables,<\/li>\n\n\n\n<li>\u00e0 observer les l\u00e9gislations civiles nationales et internationales et les lois eccl\u00e9siastiques en&nbsp;vigueur,\u200b<\/li>\n\n\n\n<li>\u00e0 proposer aux victimes d\u2019abus toute l\u2019attention, l\u2019\u00e9coute et l\u2019accompagnement requis,\u200b<\/li>\n\n\n\n<li>\u00e0 former ses acteurs pastoraux et \u00e0 mettre en \u0153uvre des mesures de pr\u00e9vention afin que&nbsp;chacun puisse trouver dans la Communaut\u00e9 du Chemin Neuf une&nbsp;\u00ab&nbsp;<em>maison s\u00fbre<\/em>&nbsp;\u00bb o\u00f9 il puisse grandir en humanit\u00e9 comme dans la foi.&nbsp; <\/li>\n<\/ul>\n<\/div>\n<\/div>\n\n\n\n<div class=\"wp-block-columns is-style-default is-layout-flex wp-container-core-columns-is-layout-abbe5815 wp-block-columns-is-layout-flex\" style=\"padding-top:0;padding-right:0;padding-bottom:0;padding-left:0\">\n<div class=\"wp-block-column is-layout-flow wp-block-column-is-layout-flow\" style=\"padding-top:0;padding-right:0;padding-bottom:0;padding-left:0\">\n<div class=\"wp-block-cover is-light is-style-standard\" style=\"padding-top:0;padding-right:var(--wp--preset--spacing--50);padding-bottom:0;padding-left:var(--wp--preset--spacing--50);min-height:250px;aspect-ratio:unset;\"><img decoding=\"async\" class=\"wp-block-cover__image-background wp-image-120679\" alt=\"\" src=\"https:\/\/www.chemin-neuf.fr\/wp-content\/uploads\/2024\/06\/Site-EPLA-6.jpg\" data-object-fit=\"cover\"\/><span aria-hidden=\"true\" class=\"wp-block-cover__background has-background-dim-0 has-background-dim\" style=\"background-color:#f7fcf9\"><\/span><div class=\"wp-block-cover__inner-container is-layout-constrained wp-container-core-cover-is-layout-1f8016a7 wp-block-cover-is-layout-constrained\">\n<p class=\"has-text-align-center has-gray-color has-text-color has-link-color has-small-font-size wp-elements-f9e987f8d5362867fbe1d68336bea941\" style=\"padding-top:0;padding-bottom:0\"><em>\u00ab Je suis certain qu\u2019ensemble, et sous la conduite de l\u2019Esprit Saint, vous trouverez les moyens de rendre hommage aux victimes et de les consoler ; d\u2019exhorter tous les croyants \u00e0 la p\u00e9nitence et \u00e0 la conversion des c\u0153urs ; de prendre toutes les mesures n\u00e9cessaires afin que l\u2019\u00c9glise soit une maison s\u00fbre pour tous [\u2026]. \u00bb&nbsp;<\/em><\/p>\n\n\n\n<p class=\"has-text-align-center has-gray-color has-text-color has-link-color has-extra-small-font-size wp-elements-0e496eb59a89e3130e2a66423b843543\">Pape Fran\u00e7ois, Lettre au Pr\u00e9sident de la Conf\u00e9rence des \u00e9v\u00eaques de France, 14 octobre 2021.<\/p>\n<\/div><\/div>\n\n\n\n<div class=\"wp-block-cover is-light is-style-standard\" style=\"padding-top:0;padding-right:var(--wp--preset--spacing--50);padding-bottom:0;padding-left:var(--wp--preset--spacing--50);min-height:250px;aspect-ratio:unset;\"><img decoding=\"async\" class=\"wp-block-cover__image-background wp-image-120679\" alt=\"\" src=\"https:\/\/www.chemin-neuf.fr\/wp-content\/uploads\/2024\/06\/Site-EPLA-6.jpg\" data-object-fit=\"cover\"\/><span aria-hidden=\"true\" class=\"wp-block-cover__background has-background-dim-0 has-background-dim\" style=\"background-color:#f7fcf9\"><\/span><div class=\"wp-block-cover__inner-container is-layout-constrained wp-container-core-cover-is-layout-1f8016a7 wp-block-cover-is-layout-constrained\">\n<p class=\"has-text-align-center has-gray-color has-text-color has-link-color has-extra-large-font-size wp-elements-73947a69a9b93c3467bb78d0d35c2f82\" style=\"padding-top:0;padding-bottom:0\">Bilan d&rsquo;activit\u00e9 de l&rsquo;EPLA<\/p>\n\n\n\n<div class=\"wp-block-buttons is-content-justification-center is-layout-flex wp-container-core-buttons-is-layout-16018d1d wp-block-buttons-is-layout-flex\">\n<div class=\"wp-block-button\"><a class=\"wp-block-button__link wp-element-button\" href=\"https:\/\/www.chemin-neuf.fr\/wp-content\/uploads\/2026\/04\/bilan-dactivite-EPLA-avril-2026.pdf\">Acc\u00e9der au bilan 2024-2026<\/a><\/div>\n<\/div>\n<\/div><\/div>\n<\/div>\n<\/div>\n\n\n\n<div class=\"wp-block-columns is-layout-flex wp-container-core-columns-is-layout-9d6595d7 wp-block-columns-is-layout-flex\">\n<div class=\"wp-block-column is-layout-flow wp-block-column-is-layout-flow\">\n<div class=\"wp-block-cover is-light\"><img decoding=\"async\" class=\"wp-block-cover__image-background wp-image-120656\" alt=\"\" src=\"https:\/\/www.chemin-neuf.fr\/wp-content\/uploads\/2024\/06\/1-2.jpg\" data-object-fit=\"cover\"\/><span aria-hidden=\"true\" class=\"wp-block-cover__background has-background-dim-0 has-background-dim\" style=\"background-color:#49b987\"><\/span><div class=\"wp-block-cover__inner-container is-layout-constrained wp-block-cover-is-layout-constrained\">\n<p class=\"has-text-align-center has-dark-gray-color has-text-color has-link-color has-extra-large-font-size wp-elements-040d984a66db106e5ce562d609351968\">S&rsquo;informer sur les moyens de pr\u00e9vention<\/p>\n\n\n\n<div class=\"wp-block-buttons is-content-justification-center is-layout-flex wp-container-core-buttons-is-layout-16018d1d wp-block-buttons-is-layout-flex\">\n<div class=\"wp-block-button has-custom-width wp-block-button__width-100\"><a class=\"wp-block-button__link wp-element-button\" href=\"https:\/\/www.chemin-neuf.fr\/wp-content\/uploads\/2024\/10\/Presentation-de-lEPLA.-Web-Oct-24.pdf\" target=\"_blank\" rel=\"noreferrer noopener\">Pr\u00e9sentation de l&rsquo;EPLA<\/a><\/div>\n<\/div>\n\n\n\n<div class=\"wp-block-buttons is-content-justification-center is-layout-flex wp-container-core-buttons-is-layout-16018d1d wp-block-buttons-is-layout-flex\">\n<div class=\"wp-block-button has-custom-width wp-block-button__width-100\"><a class=\"wp-block-button__link wp-element-button\" href=\"https:\/\/www.chemin-neuf.fr\/wp-content\/uploads\/2026\/04\/Formation-initiale-des-acteurs-pastoraux-Web-avril26-1.pdf\" target=\"_blank\" rel=\"noreferrer noopener\">Formation des acteurs pastoraux<\/a><\/div>\n<\/div>\n<\/div><\/div>\n<\/div>\n\n\n\n<div class=\"wp-block-column is-layout-flow wp-block-column-is-layout-flow\">\n<div class=\"wp-block-cover is-light\"><img decoding=\"async\" class=\"wp-block-cover__image-background wp-image-120657\" alt=\"\" src=\"https:\/\/www.chemin-neuf.fr\/wp-content\/uploads\/2024\/06\/2-1.jpg\" data-object-fit=\"cover\"\/><span aria-hidden=\"true\" class=\"wp-block-cover__background has-background-dim-0 has-background-dim\" style=\"background-color:#97cfa1\"><\/span><div class=\"wp-block-cover__inner-container is-layout-constrained wp-block-cover-is-layout-constrained\">\n<p class=\"has-text-align-center has-dark-gray-color has-text-color has-link-color has-extra-large-font-size wp-elements-618a3a49ce338063075a7c0df0810752\">Signaler une situation \u00e0 la Communaut\u00e9 du Chemin Neuf<\/p>\n\n\n\n<div class=\"wp-block-buttons is-content-justification-center is-layout-flex wp-container-core-buttons-is-layout-16018d1d wp-block-buttons-is-layout-flex\">\n<div class=\"wp-block-button has-custom-width wp-block-button__width-100\"><a class=\"wp-block-button__link wp-element-button\" href=\"https:\/\/www.chemin-neuf.fr\/contacter-la-cellule-ecoute\/\">Ecrire \u00e0 la cellule d&rsquo;\u00e9coute<\/a><\/div>\n<\/div>\n\n\n\n<div class=\"wp-block-buttons is-content-justification-center is-layout-flex wp-container-core-buttons-is-layout-16018d1d wp-block-buttons-is-layout-flex\">\n<div class=\"wp-block-button has-custom-width wp-block-button__width-100\"><a class=\"wp-block-button__link wp-element-button\" href=\"https:\/\/www.chemin-neuf.fr\/wp-content\/uploads\/2024\/06\/EPLA_Protocole-signalement.-Web-Juin-24.pdf\" target=\"_blank\" rel=\"noreferrer noopener\">Protocole de signalement<\/a><\/div>\n<\/div>\n<\/div><\/div>\n<\/div>\n<\/div>\n\n\n\n<div class=\"wp-block-columns is-layout-flex wp-container-core-columns-is-layout-9d6595d7 wp-block-columns-is-layout-flex\">\n<div class=\"wp-block-column is-layout-flow wp-block-column-is-layout-flow\">\n<h5 class=\"wp-block-heading\"><strong>AUTRES ORGANISMES A VOTRE \u00c9COUTE POUR UN CONSEIL OU UN SIGNALEMENT<\/strong> : \u200b<\/h5>\n\n\n\n<p>Au sein de l\u2019Eglise Catholique :\u200b<\/p>\n\n\n\n<ul class=\"wp-block-list\">\n<li><a href=\"https:\/\/www.reconnaissancereparation.org\/\" target=\"_blank\" rel=\"noreferrer noopener\"><strong>Commission Reconnaissance et R\u00e9paration<\/strong><\/a>&nbsp;(CRR), instance ind\u00e9pendante cr\u00e9\u00e9e par la Conf\u00e9rence des&nbsp;Religieux et Religieuses de France (CORREF) pour les communaut\u00e9s religieuses et communaut\u00e9s de vie : appeler le 09 73 88 25 71 ou \u00e9crire \u00e0 la CRR via le site web,<\/li>\n\n\n\n<li>&nbsp;<a href=\"https:\/\/luttercontrelapedophilie.catholique.fr\/\" target=\"_blank\" rel=\"noreferrer noopener\"><strong>Cellule d\u2019\u00e9coute de l\u2019Eglise au niveau de votre dioc\u00e8se<\/strong><\/a>\u200b<\/li>\n\n\n\n<li>&nbsp;<a href=\"https:\/\/eglise.catholique.fr\/conference-des-eveques-de-france\/cef\/autres-services-et-instances\/418017-derives-sectaires-dans-des-communautes-catholiques\/\" target=\"_blank\" rel=\"noreferrer noopener\"><strong>Accueil Conseil Conciliation, emprise et d\u00e9rives sectaires<\/strong><\/a>&nbsp;dans l\u2019Eglise Catholique, instance nationale de la Conf\u00e9rence des Ev\u00eaques de France : \u00e9crire \u00e0 <strong><a href=\"mailto:cced@cef.fr\">cced@cef.fr<\/a><\/strong>.<\/li>\n<\/ul>\n\n\n\n<p>Aupr\u00e8s d&rsquo;organismes ind\u00e9pendants de l\u2019Eglise Catholique :\u200b<\/p>\n\n\n\n<ul class=\"wp-block-list\">\n<li>Le&nbsp;<strong><a href=\"https:\/\/www.onpe.gouv.fr\/snated\">Service National d\u2019Accueil T\u00e9l\u00e9phonique de l\u2019Enfance en Danger<\/a><\/strong>&nbsp;(SNATED) : appeler le 119&nbsp;ou se rendre sur le site <a href=\"https:\/\/www.allo119.gouv.fr\/\" target=\"_blank\" rel=\"noreferrer noopener\">allo.119.gouv.fr<\/a>.&nbsp;\u200b<\/li>\n\n\n\n<li><a href=\"https:\/\/france-victimes.fr\/\" target=\"_blank\" rel=\"noreferrer noopener\"><strong>France Victimes<\/strong><\/a>&nbsp;: une association nationale d\u2019aide aux victimes : appeler le 116 006 ou \u00e9crire \u00e0 <a href=\"mailto:victimes@france-victimes.fr\" target=\"_blank\" rel=\"noreferrer noopener\">victimes@france-victimes.fr<\/a>\u200b&nbsp;<br>\u200b<\/li>\n<\/ul>\n<\/div>\n<\/div>\n","protected":false},"excerpt":{"rendered":"<p>Dans le contexte de la CIASE et de la d\u00e9nonciation des abus de tous types qui peuvent survenir&nbsp;dans un contexte eccl\u00e9sial, la Communaut\u00e9 du Chemin Neuf s\u2019engage, \u00e0 travers l&rsquo;Equipe de&nbsp;Pr\u00e9vention et de Lutte contre les Abus (EPLA) :\u200b AUTRES ORGANISMES A VOTRE \u00c9COUTE POUR UN CONSEIL OU UN SIGNALEMENT : \u200b Au sein de [&hellip;]<\/p>\n","protected":false},"author":1,"featured_media":10797,"parent":0,"menu_order":0,"comment_status":"closed","ping_status":"closed","template":"","meta":{"_acf_changed":false,"footnotes":""},"class_list":["post-10777","page","type-page","status-publish","has-post-thumbnail","hentry"],"acf":[],"yoast_head":"<!-- This site is optimized with the Yoast SEO plugin v27.5 - https:\/\/yoast.com\/product\/yoast-seo-wordpress\/ -->\n<title>Pr\u00e9vention et lutte contre toutes les formes d\u2019abus\u200b - Fraternit\u00e9 Politique de la Communaut\u00e9 du Chemin Neuf<\/title>\n<meta name=\"description\" content=\"Dans le contexte de la CIASE et de la d\u00e9nonciation des abus de tous types qui peuvent survenir&nbsp;dans un contexte eccl\u00e9sial, la Communaut\u00e9 du Chemin\" \/>\n<meta name=\"robots\" content=\"index, follow, max-snippet:-1, max-image-preview:large, max-video-preview:-1\" \/>\n<link rel=\"canonical\" href=\"https:\/\/fraternite-politique.chemin-neuf.org\/fr\/prevention-lutte-abus\/\" \/>\n<meta property=\"og:locale\" content=\"fr_FR\" \/>\n<meta property=\"og:type\" content=\"article\" \/>\n<meta property=\"og:title\" content=\"Pr\u00e9vention et lutte contre toutes les formes d\u2019abus\u200b - Fraternit\u00e9 Politique de la Communaut\u00e9 du Chemin Neuf\" \/>\n<meta property=\"og:description\" content=\"Dans le contexte de la CIASE et de la d\u00e9nonciation des abus de tous types qui peuvent survenir&nbsp;dans un contexte eccl\u00e9sial, la Communaut\u00e9 du Chemin\" \/>\n<meta property=\"og:url\" content=\"https:\/\/fraternite-politique.chemin-neuf.org\/fr\/prevention-lutte-abus\/\" \/>\n<meta property=\"og:site_name\" content=\"Fraternit\u00e9 Politique de la Communaut\u00e9 du Chemin Neuf\" \/>\n<meta property=\"article:publisher\" content=\"https:\/\/www.facebook.com\/fratpolitiqueccn\" \/>\n<meta property=\"article:modified_time\" content=\"2026-04-22T14:13:18+00:00\" \/>\n<meta property=\"og:image\" content=\"https:\/\/fraternite-politique.chemin-neuf.org\/wp-content\/uploads\/2024\/06\/httpswww.chemin-neuf.frwp-contentuploads2024061-Grande.jpeg\" \/>\n\t<meta property=\"og:image:width\" content=\"1280\" \/>\n\t<meta property=\"og:image:height\" content=\"905\" \/>\n\t<meta property=\"og:image:type\" content=\"image\/jpeg\" \/>\n<meta name=\"twitter:card\" content=\"summary_large_image\" \/>\n<meta name=\"twitter:label1\" content=\"Dur\u00e9e de lecture estim\u00e9e\" \/>\n\t<meta name=\"twitter:data1\" content=\"3 minutes\" \/>\n<script type=\"application\/ld+json\" class=\"yoast-schema-graph\">{\"@context\":\"https:\\\/\\\/schema.org\",\"@graph\":[{\"@type\":\"WebPage\",\"@id\":\"https:\\\/\\\/fraternite-politique.chemin-neuf.org\\\/fr\\\/prevention-lutte-abus\\\/\",\"url\":\"https:\\\/\\\/fraternite-politique.chemin-neuf.org\\\/fr\\\/prevention-lutte-abus\\\/\",\"name\":\"Pr\u00e9vention et lutte contre toutes les formes d\u2019abus\u200b - Fraternit\u00e9 Politique de la Communaut\u00e9 du Chemin Neuf\",\"isPartOf\":{\"@id\":\"https:\\\/\\\/fraternite-politique.chemin-neuf.org\\\/fr\\\/#website\"},\"primaryImageOfPage\":{\"@id\":\"https:\\\/\\\/fraternite-politique.chemin-neuf.org\\\/fr\\\/prevention-lutte-abus\\\/#primaryimage\"},\"image\":{\"@id\":\"https:\\\/\\\/fraternite-politique.chemin-neuf.org\\\/fr\\\/prevention-lutte-abus\\\/#primaryimage\"},\"thumbnailUrl\":\"https:\\\/\\\/fraternite-politique.chemin-neuf.org\\\/wp-content\\\/uploads\\\/2024\\\/06\\\/httpswww.chemin-neuf.frwp-contentuploads2024061-Grande.jpeg\",\"datePublished\":\"2024-06-10T13:14:09+00:00\",\"dateModified\":\"2026-04-22T14:13:18+00:00\",\"description\":\"Dans le contexte de la CIASE et de la d\u00e9nonciation des abus de tous types qui peuvent survenir&nbsp;dans un contexte eccl\u00e9sial, la Communaut\u00e9 du Chemin\",\"breadcrumb\":{\"@id\":\"https:\\\/\\\/fraternite-politique.chemin-neuf.org\\\/fr\\\/prevention-lutte-abus\\\/#breadcrumb\"},\"inLanguage\":\"fr-FR\",\"potentialAction\":[{\"@type\":\"ReadAction\",\"target\":[\"https:\\\/\\\/fraternite-politique.chemin-neuf.org\\\/fr\\\/prevention-lutte-abus\\\/\"]}]},{\"@type\":\"ImageObject\",\"inLanguage\":\"fr-FR\",\"@id\":\"https:\\\/\\\/fraternite-politique.chemin-neuf.org\\\/fr\\\/prevention-lutte-abus\\\/#primaryimage\",\"url\":\"https:\\\/\\\/fraternite-politique.chemin-neuf.org\\\/wp-content\\\/uploads\\\/2024\\\/06\\\/httpswww.chemin-neuf.frwp-contentuploads2024061-Grande.jpeg\",\"contentUrl\":\"https:\\\/\\\/fraternite-politique.chemin-neuf.org\\\/wp-content\\\/uploads\\\/2024\\\/06\\\/httpswww.chemin-neuf.frwp-contentuploads2024061-Grande.jpeg\",\"width\":1280,\"height\":905},{\"@type\":\"BreadcrumbList\",\"@id\":\"https:\\\/\\\/fraternite-politique.chemin-neuf.org\\\/fr\\\/prevention-lutte-abus\\\/#breadcrumb\",\"itemListElement\":[{\"@type\":\"ListItem\",\"position\":1,\"name\":\"Home\",\"item\":\"https:\\\/\\\/fraternite-politique.chemin-neuf.org\\\/fr\\\/\"},{\"@type\":\"ListItem\",\"position\":2,\"name\":\"Pr\u00e9vention et lutte contre toutes les formes d\u2019abus\u200b\"}]},{\"@type\":\"WebSite\",\"@id\":\"https:\\\/\\\/fraternite-politique.chemin-neuf.org\\\/fr\\\/#website\",\"url\":\"https:\\\/\\\/fraternite-politique.chemin-neuf.org\\\/fr\\\/\",\"name\":\"Fraternit\u00e9 Politique de la Communaut\u00e9 du Chemin Neuf\",\"description\":\"La Fraternit\u00e9 Politique de la Communaut\u00e9 du Chemin Neuf\",\"publisher\":{\"@id\":\"https:\\\/\\\/fraternite-politique.chemin-neuf.org\\\/fr\\\/#organization\"},\"potentialAction\":[{\"@type\":\"SearchAction\",\"target\":{\"@type\":\"EntryPoint\",\"urlTemplate\":\"https:\\\/\\\/fraternite-politique.chemin-neuf.org\\\/fr\\\/?s={search_term_string}\"},\"query-input\":{\"@type\":\"PropertyValueSpecification\",\"valueRequired\":true,\"valueName\":\"search_term_string\"}}],\"inLanguage\":\"fr-FR\"},{\"@type\":\"Organization\",\"@id\":\"https:\\\/\\\/fraternite-politique.chemin-neuf.org\\\/fr\\\/#organization\",\"name\":\"Fraternit\u00e9 Politique Communaut\u00e9 du Chemin Neuf\",\"url\":\"https:\\\/\\\/fraternite-politique.chemin-neuf.org\\\/fr\\\/\",\"logo\":{\"@type\":\"ImageObject\",\"inLanguage\":\"fr-FR\",\"@id\":\"https:\\\/\\\/fraternite-politique.chemin-neuf.org\\\/fr\\\/#\\\/schema\\\/logo\\\/image\\\/\",\"url\":\"https:\\\/\\\/fraternite-politique.chemin-neuf.org\\\/wp-content\\\/uploads\\\/2021\\\/02\\\/cropped-ccn-png-onglet-site-v3-large.png\",\"contentUrl\":\"https:\\\/\\\/fraternite-politique.chemin-neuf.org\\\/wp-content\\\/uploads\\\/2021\\\/02\\\/cropped-ccn-png-onglet-site-v3-large.png\",\"width\":512,\"height\":512,\"caption\":\"Fraternit\u00e9 Politique Communaut\u00e9 du Chemin Neuf\"},\"image\":{\"@id\":\"https:\\\/\\\/fraternite-politique.chemin-neuf.org\\\/fr\\\/#\\\/schema\\\/logo\\\/image\\\/\"},\"sameAs\":[\"https:\\\/\\\/www.facebook.com\\\/fratpolitiqueccn\",\"https:\\\/\\\/instagram.com\\\/fratpo\",\"https:\\\/\\\/www.youtube.com\\\/channel\\\/UC6YodqkqOIniLyqOfjMLojw\"]}]}<\/script>\n<!-- \/ Yoast SEO plugin. -->","yoast_head_json":{"title":"Pr\u00e9vention et lutte contre toutes les formes d\u2019abus\u200b - Fraternit\u00e9 Politique de la Communaut\u00e9 du Chemin Neuf","description":"Dans le contexte de la CIASE et de la d\u00e9nonciation des abus de tous types qui peuvent survenir&nbsp;dans un contexte eccl\u00e9sial, la Communaut\u00e9 du Chemin","robots":{"index":"index","follow":"follow","max-snippet":"max-snippet:-1","max-image-preview":"max-image-preview:large","max-video-preview":"max-video-preview:-1"},"canonical":"https:\/\/fraternite-politique.chemin-neuf.org\/fr\/prevention-lutte-abus\/","og_locale":"fr_FR","og_type":"article","og_title":"Pr\u00e9vention et lutte contre toutes les formes d\u2019abus\u200b - Fraternit\u00e9 Politique de la Communaut\u00e9 du Chemin Neuf","og_description":"Dans le contexte de la CIASE et de la d\u00e9nonciation des abus de tous types qui peuvent survenir&nbsp;dans un contexte eccl\u00e9sial, la Communaut\u00e9 du Chemin","og_url":"https:\/\/fraternite-politique.chemin-neuf.org\/fr\/prevention-lutte-abus\/","og_site_name":"Fraternit\u00e9 Politique de la Communaut\u00e9 du Chemin Neuf","article_publisher":"https:\/\/www.facebook.com\/fratpolitiqueccn","article_modified_time":"2026-04-22T14:13:18+00:00","og_image":[{"width":1280,"height":905,"url":"https:\/\/fraternite-politique.chemin-neuf.org\/wp-content\/uploads\/2024\/06\/httpswww.chemin-neuf.frwp-contentuploads2024061-Grande.jpeg","type":"image\/jpeg"}],"twitter_card":"summary_large_image","twitter_misc":{"Dur\u00e9e de lecture estim\u00e9e":"3 minutes"},"schema":{"@context":"https:\/\/schema.org","@graph":[{"@type":"WebPage","@id":"https:\/\/fraternite-politique.chemin-neuf.org\/fr\/prevention-lutte-abus\/","url":"https:\/\/fraternite-politique.chemin-neuf.org\/fr\/prevention-lutte-abus\/","name":"Pr\u00e9vention et lutte contre toutes les formes d\u2019abus\u200b - Fraternit\u00e9 Politique de la Communaut\u00e9 du Chemin Neuf","isPartOf":{"@id":"https:\/\/fraternite-politique.chemin-neuf.org\/fr\/#website"},"primaryImageOfPage":{"@id":"https:\/\/fraternite-politique.chemin-neuf.org\/fr\/prevention-lutte-abus\/#primaryimage"},"image":{"@id":"https:\/\/fraternite-politique.chemin-neuf.org\/fr\/prevention-lutte-abus\/#primaryimage"},"thumbnailUrl":"https:\/\/fraternite-politique.chemin-neuf.org\/wp-content\/uploads\/2024\/06\/httpswww.chemin-neuf.frwp-contentuploads2024061-Grande.jpeg","datePublished":"2024-06-10T13:14:09+00:00","dateModified":"2026-04-22T14:13:18+00:00","description":"Dans le contexte de la CIASE et de la d\u00e9nonciation des abus de tous types qui peuvent survenir&nbsp;dans un contexte eccl\u00e9sial, la Communaut\u00e9 du Chemin","breadcrumb":{"@id":"https:\/\/fraternite-politique.chemin-neuf.org\/fr\/prevention-lutte-abus\/#breadcrumb"},"inLanguage":"fr-FR","potentialAction":[{"@type":"ReadAction","target":["https:\/\/fraternite-politique.chemin-neuf.org\/fr\/prevention-lutte-abus\/"]}]},{"@type":"ImageObject","inLanguage":"fr-FR","@id":"https:\/\/fraternite-politique.chemin-neuf.org\/fr\/prevention-lutte-abus\/#primaryimage","url":"https:\/\/fraternite-politique.chemin-neuf.org\/wp-content\/uploads\/2024\/06\/httpswww.chemin-neuf.frwp-contentuploads2024061-Grande.jpeg","contentUrl":"https:\/\/fraternite-politique.chemin-neuf.org\/wp-content\/uploads\/2024\/06\/httpswww.chemin-neuf.frwp-contentuploads2024061-Grande.jpeg","width":1280,"height":905},{"@type":"BreadcrumbList","@id":"https:\/\/fraternite-politique.chemin-neuf.org\/fr\/prevention-lutte-abus\/#breadcrumb","itemListElement":[{"@type":"ListItem","position":1,"name":"Home","item":"https:\/\/fraternite-politique.chemin-neuf.org\/fr\/"},{"@type":"ListItem","position":2,"name":"Pr\u00e9vention et lutte contre toutes les formes d\u2019abus\u200b"}]},{"@type":"WebSite","@id":"https:\/\/fraternite-politique.chemin-neuf.org\/fr\/#website","url":"https:\/\/fraternite-politique.chemin-neuf.org\/fr\/","name":"Fraternit\u00e9 Politique de la Communaut\u00e9 du Chemin Neuf","description":"La Fraternit\u00e9 Politique de la Communaut\u00e9 du Chemin Neuf","publisher":{"@id":"https:\/\/fraternite-politique.chemin-neuf.org\/fr\/#organization"},"potentialAction":[{"@type":"SearchAction","target":{"@type":"EntryPoint","urlTemplate":"https:\/\/fraternite-politique.chemin-neuf.org\/fr\/?s={search_term_string}"},"query-input":{"@type":"PropertyValueSpecification","valueRequired":true,"valueName":"search_term_string"}}],"inLanguage":"fr-FR"},{"@type":"Organization","@id":"https:\/\/fraternite-politique.chemin-neuf.org\/fr\/#organization","name":"Fraternit\u00e9 Politique Communaut\u00e9 du Chemin Neuf","url":"https:\/\/fraternite-politique.chemin-neuf.org\/fr\/","logo":{"@type":"ImageObject","inLanguage":"fr-FR","@id":"https:\/\/fraternite-politique.chemin-neuf.org\/fr\/#\/schema\/logo\/image\/","url":"https:\/\/fraternite-politique.chemin-neuf.org\/wp-content\/uploads\/2021\/02\/cropped-ccn-png-onglet-site-v3-large.png","contentUrl":"https:\/\/fraternite-politique.chemin-neuf.org\/wp-content\/uploads\/2021\/02\/cropped-ccn-png-onglet-site-v3-large.png","width":512,"height":512,"caption":"Fraternit\u00e9 Politique Communaut\u00e9 du Chemin Neuf"},"image":{"@id":"https:\/\/fraternite-politique.chemin-neuf.org\/fr\/#\/schema\/logo\/image\/"},"sameAs":["https:\/\/www.facebook.com\/fratpolitiqueccn","https:\/\/instagram.com\/fratpo","https:\/\/www.youtube.com\/channel\/UC6YodqkqOIniLyqOfjMLojw"]}]}},"_links":{"self":[{"href":"https:\/\/fraternite-politique.chemin-neuf.org\/fr\/wp-json\/wp\/v2\/pages\/10777","targetHints":{"allow":["GET"]}}],"collection":[{"href":"https:\/\/fraternite-politique.chemin-neuf.org\/fr\/wp-json\/wp\/v2\/pages"}],"about":[{"href":"https:\/\/fraternite-politique.chemin-neuf.org\/fr\/wp-json\/wp\/v2\/types\/page"}],"author":[{"embeddable":true,"href":"https:\/\/fraternite-politique.chemin-neuf.org\/fr\/wp-json\/wp\/v2\/users\/1"}],"replies":[{"embeddable":true,"href":"https:\/\/fraternite-politique.chemin-neuf.org\/fr\/wp-json\/wp\/v2\/comments?post=10777"}],"version-history":[{"count":10,"href":"https:\/\/fraternite-politique.chemin-neuf.org\/fr\/wp-json\/wp\/v2\/pages\/10777\/revisions"}],"predecessor-version":[{"id":12342,"href":"https:\/\/fraternite-politique.chemin-neuf.org\/fr\/wp-json\/wp\/v2\/pages\/10777\/revisions\/12342"}],"wp:featuredmedia":[{"embeddable":true,"href":"https:\/\/fraternite-politique.chemin-neuf.org\/fr\/wp-json\/wp\/v2\/media\/10797"}],"wp:attachment":[{"href":"https:\/\/fraternite-politique.chemin-neuf.org\/fr\/wp-json\/wp\/v2\/media?parent=10777"}],"curies":[{"name":"wp","href":"https:\/\/api.w.org\/{rel}","templated":true}]}}