{"id":6096,"date":"2021-01-14T15:41:52","date_gmt":"2021-01-14T14:41:52","guid":{"rendered":"https:\/\/fraternite-politique.chemin-neuf.org\/?post_type=proposition&#038;p=6096"},"modified":"2022-05-05T22:22:27","modified_gmt":"2022-05-05T20:22:27","slug":"2022-rome","status":"publish","type":"proposition","link":"https:\/\/fraternite-politique.chemin-neuf.org\/es\/evento\/2022-rome\/","title":{"rendered":"Europa &#038; La Migraci\u00f3n"},"content":{"rendered":"\n<h2 class=\"wp-block-heading\" id=\"program\"><i class=\"fas fa-list ccn-fa-icon\" aria-hidden=\"true\"> <\/i>PROGRAMA<\/h2>\n\n\n\n<p>La Fraternidad Pol\u00edtica te invita a Roma para el encuentro internacional de la primavera del 2022!<\/p>\n\n\n\n<p>Hablaremos de <strong>migraci\u00f3n<\/strong>, <strong>fraternidad y amistad social<\/strong>, de la <strong>Europa dividida<\/strong> y las <strong>tendencias pol\u00edticas en Italia.<\/strong><\/p>\n\n\n\n<ul class=\"wp-block-list\"><li>Qui\u00e9nes son aquellos que llaman a nuestra puerta?<\/li><li>C\u00f3mo el extranjero viene a dar un empujon a nuestras identidades nacionales?<\/li><li>C\u00f3mo puede la crisis migratoria afectar la solidaridad dentro de la Uni\u00f3n Europea?<\/li><li>Qu\u00e9 es lo que esto nos dice sobre nuestra visi\u00f3n Cristiana de los hombres y de la hermandad com\u00fan y universal?<\/li><\/ul>\n\n\n\n<p>Aunque las preguntas relacionadas con <strong>la migraci\u00f3n atraviesan a todos los pa\u00edses de Europa<\/strong>, Italia concentra las tensiones y los desafios de una manera muy particular. Por lo tanto, estamos yendo al coraz\u00f3n de este verdadero <strong>laboratorio de fraternidad<\/strong> para enfrentarnos a nosotros mismos a una realidad que hoy divide nuestas opiniones y nos apela en nuestra caridad.<\/p>\n\n\n\n<p>Nuestra programaci\u00f3n contar\u00e1 con variedad de paneles,visitas, conferencias, acciones sobre el terreno, testimonios,enriquecimientos espirituales y&#8230; sorpresas!<\/p>\n\n\n\n<h2 class=\"wp-block-heading\" id=\"dates\"><i class=\"fas fa-calendar-alt ccn-fa-icon\" aria-hidden=\"true\"> <\/i>FECHAS<\/h2>\n\n\n\n<p>Desde las 10h00 del viernes 13 de Mayo del 2022, hasta el domingo 16 de Mayo a las 15h00.<\/p>\n\n\n\n<p>La casa de acogida puede acomodar antes o despu\u00e9s, dependiendo de la disponibilidad de habitaciones (30 Euros por cada noche extra).<\/p>\n\n\n\n<h2 class=\"wp-block-heading\" id=\"transport\"><i class=\"fas fa-subway ccn-fa-icon\" aria-hidden=\"true\"> <\/i>TRANSPORTE<\/h2>\n\n\n\n<p>Direcci\u00f3n de la Casa de Acogida: VIA ANGELO POLIZIANO, 38 \u2013 00184 ROMA<\/p>\n\n\n\n<ul class=\"wp-block-list\"><li>En <strong>tren<\/strong>, la estaci\u00f3n Termini est\u00e1 a 15 minutos a p\u00ede de la casa de acogida. Eso te da la oportunidad de dar un primer paseo en Roma!<\/li><\/ul>\n\n\n\n<div style=\"height:20px\" aria-hidden=\"true\" class=\"wp-block-spacer\"><\/div>\n\n\n\n<ul class=\"wp-block-list\"><li>En <strong>bus<\/strong>, vas a llegar posiblemente a la estaci\u00f3n de Tiburtina. Es a 20 minutos en metro desde la casa de acogida.<\/li><\/ul>\n\n\n\n<div style=\"height:20px\" aria-hidden=\"true\" class=\"wp-block-spacer\"><\/div>\n\n\n\n<ul class=\"wp-block-list\"><li>Recomendaciones para combinaciones de tren\/autob\u00fas en toda Europa: <a href=\"https:\/\/www.thetrainline.com\">https:\/\/www.thetrainline.com<\/a>.<\/li><\/ul>\n\n\n\n<div style=\"height:20px\" aria-hidden=\"true\" class=\"wp-block-spacer\"><\/div>\n\n\n\n<ul class=\"wp-block-list\"><li><strong>Compartiendo coche<\/strong>, proponemos recopilar la informaci\u00f3n sobre las solicitudes y las ofertas para ayudarlos a organizarce en su viaje.<br>Toma nota, la casa comunitar\u00eda no posee parqueadero privado, lo que significa que tendr\u00e1s que pagar un parking (aproximadamente 25 Euros por d\u00eda, precio que podra ser dividido entre aquellos que est\u00e1n compartiendo)<\/li><\/ul>\n\n\n\n<div style=\"height:20px\" aria-hidden=\"true\" class=\"wp-block-spacer\"><\/div>\n\n\n\n<ul class=\"wp-block-list\"><li>En <strong>avi\u00f3n<\/strong>, Toma cerca de una hora llegar a la casa de acogida. Encuentre el servicio de autob\u00fas desde los aeropuertos hasta la estaci\u00f3n de Termini aqu\u00ed: <a href=\"https:\/\/www.sitbusshuttle.com\" target=\"_blank\" rel=\"noreferrer noopener\">https:\/\/www.sitbusshuttle.com<\/a>.<\/li><\/ul>\n\n\n\n<h2 class=\"wp-block-heading\" id=\"finances\"><i class=\"fas fa-piggy-bank ccn-fa-icon\" aria-hidden=\"true\"> <\/i>FINANZAS<\/h2>\n\n\n\n<p>De acuerdo a las circustancias personales, los participantes estan invitados a contribuir el costo dentro de un rango de :<\/p>\n\n\n\n<ul class=\"wp-block-list\"><li>\u20ac100-\u20ac140 para los estudiantes,<\/li><li>\u20ac120-\u20ac160 para los j\u00f3venes profesionales<\/li><\/ul>\n\n\n\n<p>La casa de acogida pide 30 Euros por cada noche extra.<\/p>\n\n\n\n<p><em>El dinero no debe ser un obst\u00e1culo, contactanos en caso de dificultades.<\/em><\/p>\n\n\n\n<h2 class=\"wp-block-heading\" id=\"info\"><i class=\"fas fa-question ccn-fa-icon\"> <\/i>INFO<\/h2>\n\n\n\n<p><i class=\"fas fa-globe ccn-fa-icon\" aria-hidden=\"true\"> <\/i> La reuni\u00f3n ser\u00e1 traducida en Italiano, Ingl\u00e9s y Franc\u00e9s, seg\u00fan las necesidades.<\/p>\n","protected":false},"excerpt":{"rendered":"<p>Italia, un laboratorio de la fraternidad?<\/p>\n","protected":false},"featured_media":1348,"menu_order":0,"template":"","meta":{"_acf_changed":false,"footnotes":""},"prop-category":[106],"prop-duration":[],"class_list":["post-6096","proposition","type-proposition","status-publish","has-post-thumbnail","hentry","prop-category-fin-de-semana"],"acf":[],"yoast_head":"<!-- This site is optimized with the Yoast SEO plugin v27.5 - https:\/\/yoast.com\/product\/yoast-seo-wordpress\/ -->\n<title>Europa &amp; La Migraci\u00f3n - Politics Fraternity Chemin Neuf Community<\/title>\n<meta name=\"description\" content=\"Italia, un laboratorio de la fraternidad?\" \/>\n<meta name=\"robots\" content=\"index, follow, max-snippet:-1, max-image-preview:large, max-video-preview:-1\" \/>\n<link rel=\"canonical\" href=\"https:\/\/fraternite-politique.chemin-neuf.org\/es\/evento\/2022-rome\/\" \/>\n<meta property=\"og:locale\" content=\"es_ES\" \/>\n<meta property=\"og:type\" content=\"article\" \/>\n<meta property=\"og:title\" content=\"Europa &amp; La Migraci\u00f3n - Politics Fraternity Chemin Neuf Community\" \/>\n<meta property=\"og:description\" content=\"Italia, un laboratorio de la fraternidad?\" \/>\n<meta property=\"og:url\" content=\"https:\/\/fraternite-politique.chemin-neuf.org\/es\/evento\/2022-rome\/\" \/>\n<meta property=\"og:site_name\" content=\"Politics Fraternity Chemin Neuf Community\" \/>\n<meta property=\"article:publisher\" content=\"https:\/\/www.facebook.com\/fratpolitiqueccn\" \/>\n<meta property=\"article:modified_time\" content=\"2022-05-05T20:22:27+00:00\" \/>\n<meta property=\"og:image\" content=\"https:\/\/fraternite-politique.chemin-neuf.org\/wp-content\/uploads\/2021\/01\/WERome.jpeg\" \/>\n\t<meta property=\"og:image:width\" content=\"1280\" \/>\n\t<meta property=\"og:image:height\" content=\"619\" \/>\n\t<meta property=\"og:image:type\" content=\"image\/jpeg\" \/>\n<meta name=\"twitter:card\" content=\"summary_large_image\" \/>\n<meta name=\"twitter:label1\" content=\"Tiempo de lectura\" \/>\n\t<meta name=\"twitter:data1\" content=\"2 minutos\" \/>\n<script type=\"application\/ld+json\" class=\"yoast-schema-graph\">{\"@context\":\"https:\\\/\\\/schema.org\",\"@graph\":[{\"@type\":\"WebPage\",\"@id\":\"https:\\\/\\\/fraternite-politique.chemin-neuf.org\\\/es\\\/evento\\\/2022-rome\\\/\",\"url\":\"https:\\\/\\\/fraternite-politique.chemin-neuf.org\\\/es\\\/evento\\\/2022-rome\\\/\",\"name\":\"Europa & La Migraci\u00f3n - Politics Fraternity Chemin Neuf Community\",\"isPartOf\":{\"@id\":\"https:\\\/\\\/fraternite-politique.chemin-neuf.org\\\/es\\\/#website\"},\"primaryImageOfPage\":{\"@id\":\"https:\\\/\\\/fraternite-politique.chemin-neuf.org\\\/es\\\/evento\\\/2022-rome\\\/#primaryimage\"},\"image\":{\"@id\":\"https:\\\/\\\/fraternite-politique.chemin-neuf.org\\\/es\\\/evento\\\/2022-rome\\\/#primaryimage\"},\"thumbnailUrl\":\"https:\\\/\\\/fraternite-politique.chemin-neuf.org\\\/wp-content\\\/uploads\\\/2021\\\/01\\\/WERome.jpeg\",\"datePublished\":\"2021-01-14T14:41:52+00:00\",\"dateModified\":\"2022-05-05T20:22:27+00:00\",\"description\":\"Italia, un laboratorio de la fraternidad?\",\"breadcrumb\":{\"@id\":\"https:\\\/\\\/fraternite-politique.chemin-neuf.org\\\/es\\\/evento\\\/2022-rome\\\/#breadcrumb\"},\"inLanguage\":\"es\",\"potentialAction\":[{\"@type\":\"ReadAction\",\"target\":[\"https:\\\/\\\/fraternite-politique.chemin-neuf.org\\\/es\\\/evento\\\/2022-rome\\\/\"]}]},{\"@type\":\"ImageObject\",\"inLanguage\":\"es\",\"@id\":\"https:\\\/\\\/fraternite-politique.chemin-neuf.org\\\/es\\\/evento\\\/2022-rome\\\/#primaryimage\",\"url\":\"https:\\\/\\\/fraternite-politique.chemin-neuf.org\\\/wp-content\\\/uploads\\\/2021\\\/01\\\/WERome.jpeg\",\"contentUrl\":\"https:\\\/\\\/fraternite-politique.chemin-neuf.org\\\/wp-content\\\/uploads\\\/2021\\\/01\\\/WERome.jpeg\",\"width\":1280,\"height\":619},{\"@type\":\"BreadcrumbList\",\"@id\":\"https:\\\/\\\/fraternite-politique.chemin-neuf.org\\\/es\\\/evento\\\/2022-rome\\\/#breadcrumb\",\"itemListElement\":[{\"@type\":\"ListItem\",\"position\":1,\"name\":\"Home\",\"item\":\"https:\\\/\\\/fraternite-politique.chemin-neuf.org\\\/es\\\/\"},{\"@type\":\"ListItem\",\"position\":2,\"name\":\"Propuestas\",\"item\":\"https:\\\/\\\/fraternite-politique.chemin-neuf.org\\\/es\\\/evento\\\/\"},{\"@type\":\"ListItem\",\"position\":3,\"name\":\"Europa &#038; La Migraci\u00f3n\"}]},{\"@type\":\"WebSite\",\"@id\":\"https:\\\/\\\/fraternite-politique.chemin-neuf.org\\\/es\\\/#website\",\"url\":\"https:\\\/\\\/fraternite-politique.chemin-neuf.org\\\/es\\\/\",\"name\":\"Politics Fraternity Chemin Neuf Community\",\"description\":\"Politics Fraternity of Chemin Neuf Community\",\"publisher\":{\"@id\":\"https:\\\/\\\/fraternite-politique.chemin-neuf.org\\\/es\\\/#organization\"},\"potentialAction\":[{\"@type\":\"SearchAction\",\"target\":{\"@type\":\"EntryPoint\",\"urlTemplate\":\"https:\\\/\\\/fraternite-politique.chemin-neuf.org\\\/es\\\/?s={search_term_string}\"},\"query-input\":{\"@type\":\"PropertyValueSpecification\",\"valueRequired\":true,\"valueName\":\"search_term_string\"}}],\"inLanguage\":\"es\"},{\"@type\":\"Organization\",\"@id\":\"https:\\\/\\\/fraternite-politique.chemin-neuf.org\\\/es\\\/#organization\",\"name\":\"Fraternit\u00e9 Politique Communaut\u00e9 du Chemin Neuf\",\"url\":\"https:\\\/\\\/fraternite-politique.chemin-neuf.org\\\/es\\\/\",\"logo\":{\"@type\":\"ImageObject\",\"inLanguage\":\"es\",\"@id\":\"https:\\\/\\\/fraternite-politique.chemin-neuf.org\\\/es\\\/#\\\/schema\\\/logo\\\/image\\\/\",\"url\":\"https:\\\/\\\/fraternite-politique.chemin-neuf.org\\\/wp-content\\\/uploads\\\/2021\\\/02\\\/cropped-ccn-png-onglet-site-v3-large.png\",\"contentUrl\":\"https:\\\/\\\/fraternite-politique.chemin-neuf.org\\\/wp-content\\\/uploads\\\/2021\\\/02\\\/cropped-ccn-png-onglet-site-v3-large.png\",\"width\":512,\"height\":512,\"caption\":\"Fraternit\u00e9 Politique Communaut\u00e9 du Chemin Neuf\"},\"image\":{\"@id\":\"https:\\\/\\\/fraternite-politique.chemin-neuf.org\\\/es\\\/#\\\/schema\\\/logo\\\/image\\\/\"},\"sameAs\":[\"https:\\\/\\\/www.facebook.com\\\/fratpolitiqueccn\",\"https:\\\/\\\/instagram.com\\\/fratpo\",\"https:\\\/\\\/www.youtube.com\\\/channel\\\/UC6YodqkqOIniLyqOfjMLojw\"]}]}<\/script>\n<!-- \/ Yoast SEO plugin. -->","yoast_head_json":{"title":"Europa & La Migraci\u00f3n - Politics Fraternity Chemin Neuf Community","description":"Italia, un laboratorio de la fraternidad?","robots":{"index":"index","follow":"follow","max-snippet":"max-snippet:-1","max-image-preview":"max-image-preview:large","max-video-preview":"max-video-preview:-1"},"canonical":"https:\/\/fraternite-politique.chemin-neuf.org\/es\/evento\/2022-rome\/","og_locale":"es_ES","og_type":"article","og_title":"Europa & La Migraci\u00f3n - Politics Fraternity Chemin Neuf Community","og_description":"Italia, un laboratorio de la fraternidad?","og_url":"https:\/\/fraternite-politique.chemin-neuf.org\/es\/evento\/2022-rome\/","og_site_name":"Politics Fraternity Chemin Neuf Community","article_publisher":"https:\/\/www.facebook.com\/fratpolitiqueccn","article_modified_time":"2022-05-05T20:22:27+00:00","og_image":[{"width":1280,"height":619,"url":"https:\/\/fraternite-politique.chemin-neuf.org\/wp-content\/uploads\/2021\/01\/WERome.jpeg","type":"image\/jpeg"}],"twitter_card":"summary_large_image","twitter_misc":{"Tiempo de lectura":"2 minutos"},"schema":{"@context":"https:\/\/schema.org","@graph":[{"@type":"WebPage","@id":"https:\/\/fraternite-politique.chemin-neuf.org\/es\/evento\/2022-rome\/","url":"https:\/\/fraternite-politique.chemin-neuf.org\/es\/evento\/2022-rome\/","name":"Europa & La Migraci\u00f3n - Politics Fraternity Chemin Neuf Community","isPartOf":{"@id":"https:\/\/fraternite-politique.chemin-neuf.org\/es\/#website"},"primaryImageOfPage":{"@id":"https:\/\/fraternite-politique.chemin-neuf.org\/es\/evento\/2022-rome\/#primaryimage"},"image":{"@id":"https:\/\/fraternite-politique.chemin-neuf.org\/es\/evento\/2022-rome\/#primaryimage"},"thumbnailUrl":"https:\/\/fraternite-politique.chemin-neuf.org\/wp-content\/uploads\/2021\/01\/WERome.jpeg","datePublished":"2021-01-14T14:41:52+00:00","dateModified":"2022-05-05T20:22:27+00:00","description":"Italia, un laboratorio de la fraternidad?","breadcrumb":{"@id":"https:\/\/fraternite-politique.chemin-neuf.org\/es\/evento\/2022-rome\/#breadcrumb"},"inLanguage":"es","potentialAction":[{"@type":"ReadAction","target":["https:\/\/fraternite-politique.chemin-neuf.org\/es\/evento\/2022-rome\/"]}]},{"@type":"ImageObject","inLanguage":"es","@id":"https:\/\/fraternite-politique.chemin-neuf.org\/es\/evento\/2022-rome\/#primaryimage","url":"https:\/\/fraternite-politique.chemin-neuf.org\/wp-content\/uploads\/2021\/01\/WERome.jpeg","contentUrl":"https:\/\/fraternite-politique.chemin-neuf.org\/wp-content\/uploads\/2021\/01\/WERome.jpeg","width":1280,"height":619},{"@type":"BreadcrumbList","@id":"https:\/\/fraternite-politique.chemin-neuf.org\/es\/evento\/2022-rome\/#breadcrumb","itemListElement":[{"@type":"ListItem","position":1,"name":"Home","item":"https:\/\/fraternite-politique.chemin-neuf.org\/es\/"},{"@type":"ListItem","position":2,"name":"Propuestas","item":"https:\/\/fraternite-politique.chemin-neuf.org\/es\/evento\/"},{"@type":"ListItem","position":3,"name":"Europa &#038; La Migraci\u00f3n"}]},{"@type":"WebSite","@id":"https:\/\/fraternite-politique.chemin-neuf.org\/es\/#website","url":"https:\/\/fraternite-politique.chemin-neuf.org\/es\/","name":"Politics Fraternity Chemin Neuf Community","description":"Politics Fraternity of Chemin Neuf Community","publisher":{"@id":"https:\/\/fraternite-politique.chemin-neuf.org\/es\/#organization"},"potentialAction":[{"@type":"SearchAction","target":{"@type":"EntryPoint","urlTemplate":"https:\/\/fraternite-politique.chemin-neuf.org\/es\/?s={search_term_string}"},"query-input":{"@type":"PropertyValueSpecification","valueRequired":true,"valueName":"search_term_string"}}],"inLanguage":"es"},{"@type":"Organization","@id":"https:\/\/fraternite-politique.chemin-neuf.org\/es\/#organization","name":"Fraternit\u00e9 Politique Communaut\u00e9 du Chemin Neuf","url":"https:\/\/fraternite-politique.chemin-neuf.org\/es\/","logo":{"@type":"ImageObject","inLanguage":"es","@id":"https:\/\/fraternite-politique.chemin-neuf.org\/es\/#\/schema\/logo\/image\/","url":"https:\/\/fraternite-politique.chemin-neuf.org\/wp-content\/uploads\/2021\/02\/cropped-ccn-png-onglet-site-v3-large.png","contentUrl":"https:\/\/fraternite-politique.chemin-neuf.org\/wp-content\/uploads\/2021\/02\/cropped-ccn-png-onglet-site-v3-large.png","width":512,"height":512,"caption":"Fraternit\u00e9 Politique Communaut\u00e9 du Chemin Neuf"},"image":{"@id":"https:\/\/fraternite-politique.chemin-neuf.org\/es\/#\/schema\/logo\/image\/"},"sameAs":["https:\/\/www.facebook.com\/fratpolitiqueccn","https:\/\/instagram.com\/fratpo","https:\/\/www.youtube.com\/channel\/UC6YodqkqOIniLyqOfjMLojw"]}]}},"_links":{"self":[{"href":"https:\/\/fraternite-politique.chemin-neuf.org\/es\/wp-json\/wp\/v2\/proposition\/6096","targetHints":{"allow":["GET"]}}],"collection":[{"href":"https:\/\/fraternite-politique.chemin-neuf.org\/es\/wp-json\/wp\/v2\/proposition"}],"about":[{"href":"https:\/\/fraternite-politique.chemin-neuf.org\/es\/wp-json\/wp\/v2\/types\/proposition"}],"version-history":[{"count":5,"href":"https:\/\/fraternite-politique.chemin-neuf.org\/es\/wp-json\/wp\/v2\/proposition\/6096\/revisions"}],"predecessor-version":[{"id":6888,"href":"https:\/\/fraternite-politique.chemin-neuf.org\/es\/wp-json\/wp\/v2\/proposition\/6096\/revisions\/6888"}],"wp:featuredmedia":[{"embeddable":true,"href":"https:\/\/fraternite-politique.chemin-neuf.org\/es\/wp-json\/wp\/v2\/media\/1348"}],"wp:attachment":[{"href":"https:\/\/fraternite-politique.chemin-neuf.org\/es\/wp-json\/wp\/v2\/media?parent=6096"}],"wp:term":[{"taxonomy":"prop-category","embeddable":true,"href":"https:\/\/fraternite-politique.chemin-neuf.org\/es\/wp-json\/wp\/v2\/prop-category?post=6096"},{"taxonomy":"prop-duration","embeddable":true,"href":"https:\/\/fraternite-politique.chemin-neuf.org\/es\/wp-json\/wp\/v2\/prop-duration?post=6096"}],"curies":[{"name":"wp","href":"https:\/\/api.w.org\/{rel}","templated":true}]}}