{"id":5450,"date":"2021-02-07T15:00:15","date_gmt":"2021-02-07T14:00:15","guid":{"rendered":"https:\/\/fraternite-politique.chemin-neuf.org\/?page_id=5450"},"modified":"2022-03-12T23:19:52","modified_gmt":"2022-03-12T22:19:52","slug":"los-acuerdos-anual","status":"publish","type":"page","link":"https:\/\/fraternite-politique.chemin-neuf.org\/es\/unete\/los-acuerdos-anual\/","title":{"rendered":"Los acuerdos anual en la Fratenidad Pol\u00edtica"},"content":{"rendered":"\n<p>Uniendote a la Frat politica <strong>pones a Cristo como el centro<\/strong> de tu servicio dirigido al bien com\u00fan, y <strong>vives con otros la vida fraternal<\/strong> que deseas para el mundo.<\/p>\n\n\n\n<p>Les proponemos a todos aquellos que deseen <strong>comprometerse anualmente<\/strong> para apoyarse y animarse en el camino politico que han elegido. Esos son los miembros comprometidos que juntos forma la Fraternidad Pol\u00edtica.<\/p>\n\n\n\n<h2 class=\"wp-block-heading\">Los 5 pilares<\/h2>\n\n\n\n<p>El compromiso dentro de la Fraternidad Pol\u00edtica tiene 5 puntos principales, que son los siguientes.<\/p>\n\n\n\n<h3 class=\"wp-block-heading\">Fraternidad<\/h3>\n\n\n\n<p><strong>Grupos de compartir fraterno<\/strong> de 5 a 10 j\u00f3venes son constituidos, si es posible <strong>en tu ciudad<\/strong>, regi\u00f3n o sino a trav\u00e9s de video conferencia seg\u00fan el idioma.<br>Las fraternidades locales se reunen <strong>una vez por mes<\/strong>, para hacer un repaso de lo que est\u00e1 pasando en nuestra vida diar\u00eda, para orar por cada uno, y releer y escuchar la manera en la que el Espiritu Santo nos esta gu\u00edando a nosotros y a nuestra vida en cada una de nuestras responsabilidades.<\/p>\n\n\n\n<p>En la diversidad de nuestras experiencias, convicciones y nuestras culturas nacionales o escleciales,experimentamos de manera concreta la unidad que solamente Cristo puede llevar acabo en medio de nosotros.<\/p>\n\n\n\n<div class=\"wp-block-buttons is-horizontal is-content-justification-center is-layout-flex wp-container-core-buttons-is-layout-499968f5 wp-block-buttons-is-layout-flex\">\n<div class=\"wp-block-button\"><a class=\"wp-block-button__link has-white-color has-orange-background-color has-text-color has-background\" href=\"https:\/\/fraternite-politique.chemin-neuf.org\/es\/contact\/\">Encontrar una Fraternidad<\/a><\/div>\n<\/div>\n\n\n\n<h3 class=\"wp-block-heading\">Intercesi\u00f3n<\/h3>\n\n\n\n<p><em>\u00ab Si dos de ustedes en la tierra se ponen de acuerdo sobre cualquier cosa que pidan, les ser\u00e1 concedida por mi Padre que est\u00e1 en el cielo. Porque donde dos o tres se re\u00fanen en mi nombre, all\u00ed estoy yo en medio de ellos. \u00bb<\/em> (Mateo 18,19-20)<\/p>\n\n\n\n<p>Creemos en esta palabra de Cristo!<br>Y sabemos que si el nos llama para servir, solamente el puede salvar y realizar milagros.<\/p>\n\n\n\n<p>Todos los miembros comprometidos en la Fraternidad Politica se encuentran en una Capilla Whatsapp, <strong>cada domingo<\/strong> para un tiempo de oraci\u00f3n de quince minutos. Uno despues del otro, semana tras semana, cada uno nos motivamos a <strong>interceder por los actores de la vida politica<\/strong> de su pa\u00eds, por los pobres de nuestro mundo, o por los protagonistas de la actualidad.<\/p>\n\n\n\n<h3 class=\"wp-block-heading\">Formaci\u00f3n<\/h3>\n\n\n\n<p>Es necesario <strong>entender que en este mundo<\/strong> a donde Dios nos llama, los miembros de la fraternidad politica se comprometen a formarse. Y formarse as\u00ed mismos como jovenes cristianos, tambien significa sumergirse en las fuentes del evangelio y la ense\u00f1anza social de nuestras iglesias. Sin lugar a duda, eso es probablemente el tesoro que tenemos que entregarle a nuestros hermanos en la humanidad, y tambien es bueno recibirlo para nosotros mismos !<\/p>\n\n\n\n<p>Esta formaci\u00f3n intelectual no tendr\u00eda ningun sentido sin <strong>una formaci\u00f3n espiritual solida<\/strong> \u00bb tener las raicez de sus ramas\u00bb! Cada uno de nuestros encuentros da apertura a esas raices, a traves de la espiritualidad de la Comunidad de Chemin Neuf.<\/p>\n\n\n\n<p><strong>Durante el a\u00f1o, 3 fines de semana tem\u00e1ticos<\/strong> de formaci\u00f3n son organizados en diferentes pa\u00edses. Estos rencuentros internacionales son tambien la ocasi\u00f3n para reunirnos de una manera m\u00e1s amplia que con las fraternidades locales.<\/p>\n\n\n\n<h3 class=\"wp-block-heading\">Servicio<\/h3>\n\n\n\n<p>El compromiso en la Fraternidad Pol\u00edtica no es un compromiso pol\u00edtico en s\u00ed mismo!<\/p>\n\n\n\n<p>Algunos encuentran una manera de acompa\u00f1ar y <strong>apoyar un compromiso que ellos tiene ya dentro del mundo<\/strong>. Y estas personas naturalmente llevan consigo un fuerte testimonio a aquellos que se unen a nosotros sin tener todavia un lugar de compromiso concreto.<\/p>\n\n\n\n<p>Para aquellos que esperan unirse a nosotros para poder discernir hacia donde tienen que ir, les pedimos que <strong>escojan un compromiso concreto<\/strong> por un a\u00f1o. Y haciendo esto, estaran disponibles para discernir, despues de haber hecho ya este primer paso&#8230;<\/p>\n\n\n\n<h3 class=\"wp-block-heading\">Testimonios<\/h3>\n\n\n\n<p>La vida pol\u00edtica no siempre nos permite expresar libremente nuestras convicciones en la f\u00e9, aunque ella sostendra substancialmente nuestras acciones. Sin embargo, somos testigos de hombres y de mujeres que irradian amor y justicia en su <strong>busqueda permanente de la voluntad de Dios<\/strong>.<\/p>\n\n\n\n<p>Deseamos entonces <strong>vivir cada vez m\u00e1s la coherencia<\/strong> entre nuestros actos y el mensaje del evangelio. Esta conversi\u00f3n personal pasa sin duda alguna por una relaci\u00f3n diar\u00eda con Cristo, el apoyo de un acompa\u00f1amiento espiritual de manera regular, o tambien la entrega desinteresada de nuestro tiempo y nuestros talentos.<\/p>\n","protected":false},"excerpt":{"rendered":"<p>Uniendote a la Frat politica pones a Cristo como el centro de tu servicio dirigido al bien com\u00fan, y vives con otros la vida fraternal que deseas para el mundo. Les proponemos a todos aquellos que deseen comprometerse anualmente para apoyarse y animarse en el camino politico que han elegido. Esos son los miembros comprometidos [&hellip;]<\/p>\n","protected":false},"author":6,"featured_media":5365,"parent":5421,"menu_order":0,"comment_status":"closed","ping_status":"closed","template":"","meta":{"_acf_changed":false,"footnotes":""},"class_list":["post-5450","page","type-page","status-publish","has-post-thumbnail","hentry"],"acf":[],"yoast_head":"<!-- This site is optimized with the Yoast SEO plugin v27.5 - https:\/\/yoast.com\/product\/yoast-seo-wordpress\/ -->\n<title>Los acuerdos anual en la Fratenidad Pol\u00edtica - Politics Fraternity Chemin Neuf Community<\/title>\n<meta name=\"description\" content=\"Uniendote a la Frat politica pones a Cristo como el centro de tu servicio dirigido al bien com\u00fan, y vives con otros la vida fraternal que deseas para el\" \/>\n<meta name=\"robots\" content=\"index, follow, max-snippet:-1, max-image-preview:large, max-video-preview:-1\" \/>\n<link rel=\"canonical\" href=\"https:\/\/fraternite-politique.chemin-neuf.org\/es\/unete\/los-acuerdos-anual\/\" \/>\n<meta property=\"og:locale\" content=\"es_ES\" \/>\n<meta property=\"og:type\" content=\"article\" \/>\n<meta property=\"og:title\" content=\"Los acuerdos anual en la Fratenidad Pol\u00edtica - Politics Fraternity Chemin Neuf Community\" \/>\n<meta property=\"og:description\" content=\"Uniendote a la Frat politica pones a Cristo como el centro de tu servicio dirigido al bien com\u00fan, y vives con otros la vida fraternal que deseas para el\" \/>\n<meta property=\"og:url\" content=\"https:\/\/fraternite-politique.chemin-neuf.org\/es\/unete\/los-acuerdos-anual\/\" \/>\n<meta property=\"og:site_name\" content=\"Politics Fraternity Chemin Neuf Community\" \/>\n<meta property=\"article:publisher\" content=\"https:\/\/www.facebook.com\/fratpolitiqueccn\" \/>\n<meta property=\"article:modified_time\" content=\"2022-03-12T22:19:52+00:00\" \/>\n<meta property=\"og:image\" content=\"https:\/\/fraternite-politique.chemin-neuf.org\/wp-content\/uploads\/2021\/02\/57c54ba0245640c3018d13ceFraternite-politique.jpg\" \/>\n\t<meta property=\"og:image:width\" content=\"1800\" \/>\n\t<meta property=\"og:image:height\" content=\"1043\" \/>\n\t<meta property=\"og:image:type\" content=\"image\/jpeg\" \/>\n<meta name=\"twitter:card\" content=\"summary_large_image\" \/>\n<meta name=\"twitter:label1\" content=\"Tiempo de lectura\" \/>\n\t<meta name=\"twitter:data1\" content=\"3 minutos\" \/>\n<script type=\"application\/ld+json\" class=\"yoast-schema-graph\">{\"@context\":\"https:\\\/\\\/schema.org\",\"@graph\":[{\"@type\":\"WebPage\",\"@id\":\"https:\\\/\\\/fraternite-politique.chemin-neuf.org\\\/es\\\/unete\\\/los-acuerdos-anual\\\/\",\"url\":\"https:\\\/\\\/fraternite-politique.chemin-neuf.org\\\/es\\\/unete\\\/los-acuerdos-anual\\\/\",\"name\":\"Los acuerdos anual en la Fratenidad Pol\u00edtica - Politics Fraternity Chemin Neuf Community\",\"isPartOf\":{\"@id\":\"https:\\\/\\\/fraternite-politique.chemin-neuf.org\\\/es\\\/#website\"},\"primaryImageOfPage\":{\"@id\":\"https:\\\/\\\/fraternite-politique.chemin-neuf.org\\\/es\\\/unete\\\/los-acuerdos-anual\\\/#primaryimage\"},\"image\":{\"@id\":\"https:\\\/\\\/fraternite-politique.chemin-neuf.org\\\/es\\\/unete\\\/los-acuerdos-anual\\\/#primaryimage\"},\"thumbnailUrl\":\"https:\\\/\\\/fraternite-politique.chemin-neuf.org\\\/wp-content\\\/uploads\\\/2021\\\/02\\\/57c54ba0245640c3018d13ceFraternite-politique.jpg\",\"datePublished\":\"2021-02-07T14:00:15+00:00\",\"dateModified\":\"2022-03-12T22:19:52+00:00\",\"description\":\"Uniendote a la Frat politica pones a Cristo como el centro de tu servicio dirigido al bien com\u00fan, y vives con otros la vida fraternal que deseas para el\",\"breadcrumb\":{\"@id\":\"https:\\\/\\\/fraternite-politique.chemin-neuf.org\\\/es\\\/unete\\\/los-acuerdos-anual\\\/#breadcrumb\"},\"inLanguage\":\"es\",\"potentialAction\":[{\"@type\":\"ReadAction\",\"target\":[\"https:\\\/\\\/fraternite-politique.chemin-neuf.org\\\/es\\\/unete\\\/los-acuerdos-anual\\\/\"]}]},{\"@type\":\"ImageObject\",\"inLanguage\":\"es\",\"@id\":\"https:\\\/\\\/fraternite-politique.chemin-neuf.org\\\/es\\\/unete\\\/los-acuerdos-anual\\\/#primaryimage\",\"url\":\"https:\\\/\\\/fraternite-politique.chemin-neuf.org\\\/wp-content\\\/uploads\\\/2021\\\/02\\\/57c54ba0245640c3018d13ceFraternite-politique.jpg\",\"contentUrl\":\"https:\\\/\\\/fraternite-politique.chemin-neuf.org\\\/wp-content\\\/uploads\\\/2021\\\/02\\\/57c54ba0245640c3018d13ceFraternite-politique.jpg\",\"width\":1800,\"height\":1043},{\"@type\":\"BreadcrumbList\",\"@id\":\"https:\\\/\\\/fraternite-politique.chemin-neuf.org\\\/es\\\/unete\\\/los-acuerdos-anual\\\/#breadcrumb\",\"itemListElement\":[{\"@type\":\"ListItem\",\"position\":1,\"name\":\"Home\",\"item\":\"https:\\\/\\\/fraternite-politique.chemin-neuf.org\\\/es\\\/\"},{\"@type\":\"ListItem\",\"position\":2,\"name\":\"UNETE\",\"item\":\"https:\\\/\\\/fraternite-politique.chemin-neuf.org\\\/es\\\/unete\\\/\"},{\"@type\":\"ListItem\",\"position\":3,\"name\":\"Los acuerdos anual en la Fratenidad Pol\u00edtica\"}]},{\"@type\":\"WebSite\",\"@id\":\"https:\\\/\\\/fraternite-politique.chemin-neuf.org\\\/es\\\/#website\",\"url\":\"https:\\\/\\\/fraternite-politique.chemin-neuf.org\\\/es\\\/\",\"name\":\"Politics Fraternity Chemin Neuf Community\",\"description\":\"Politics Fraternity of Chemin Neuf Community\",\"publisher\":{\"@id\":\"https:\\\/\\\/fraternite-politique.chemin-neuf.org\\\/es\\\/#organization\"},\"potentialAction\":[{\"@type\":\"SearchAction\",\"target\":{\"@type\":\"EntryPoint\",\"urlTemplate\":\"https:\\\/\\\/fraternite-politique.chemin-neuf.org\\\/es\\\/?s={search_term_string}\"},\"query-input\":{\"@type\":\"PropertyValueSpecification\",\"valueRequired\":true,\"valueName\":\"search_term_string\"}}],\"inLanguage\":\"es\"},{\"@type\":\"Organization\",\"@id\":\"https:\\\/\\\/fraternite-politique.chemin-neuf.org\\\/es\\\/#organization\",\"name\":\"Fraternit\u00e9 Politique Communaut\u00e9 du Chemin Neuf\",\"url\":\"https:\\\/\\\/fraternite-politique.chemin-neuf.org\\\/es\\\/\",\"logo\":{\"@type\":\"ImageObject\",\"inLanguage\":\"es\",\"@id\":\"https:\\\/\\\/fraternite-politique.chemin-neuf.org\\\/es\\\/#\\\/schema\\\/logo\\\/image\\\/\",\"url\":\"https:\\\/\\\/fraternite-politique.chemin-neuf.org\\\/wp-content\\\/uploads\\\/2021\\\/02\\\/cropped-ccn-png-onglet-site-v3-large.png\",\"contentUrl\":\"https:\\\/\\\/fraternite-politique.chemin-neuf.org\\\/wp-content\\\/uploads\\\/2021\\\/02\\\/cropped-ccn-png-onglet-site-v3-large.png\",\"width\":512,\"height\":512,\"caption\":\"Fraternit\u00e9 Politique Communaut\u00e9 du Chemin Neuf\"},\"image\":{\"@id\":\"https:\\\/\\\/fraternite-politique.chemin-neuf.org\\\/es\\\/#\\\/schema\\\/logo\\\/image\\\/\"},\"sameAs\":[\"https:\\\/\\\/www.facebook.com\\\/fratpolitiqueccn\",\"https:\\\/\\\/instagram.com\\\/fratpo\",\"https:\\\/\\\/www.youtube.com\\\/channel\\\/UC6YodqkqOIniLyqOfjMLojw\"]}]}<\/script>\n<!-- \/ Yoast SEO plugin. -->","yoast_head_json":{"title":"Los acuerdos anual en la Fratenidad Pol\u00edtica - Politics Fraternity Chemin Neuf Community","description":"Uniendote a la Frat politica pones a Cristo como el centro de tu servicio dirigido al bien com\u00fan, y vives con otros la vida fraternal que deseas para el","robots":{"index":"index","follow":"follow","max-snippet":"max-snippet:-1","max-image-preview":"max-image-preview:large","max-video-preview":"max-video-preview:-1"},"canonical":"https:\/\/fraternite-politique.chemin-neuf.org\/es\/unete\/los-acuerdos-anual\/","og_locale":"es_ES","og_type":"article","og_title":"Los acuerdos anual en la Fratenidad Pol\u00edtica - Politics Fraternity Chemin Neuf Community","og_description":"Uniendote a la Frat politica pones a Cristo como el centro de tu servicio dirigido al bien com\u00fan, y vives con otros la vida fraternal que deseas para el","og_url":"https:\/\/fraternite-politique.chemin-neuf.org\/es\/unete\/los-acuerdos-anual\/","og_site_name":"Politics Fraternity Chemin Neuf Community","article_publisher":"https:\/\/www.facebook.com\/fratpolitiqueccn","article_modified_time":"2022-03-12T22:19:52+00:00","og_image":[{"width":1800,"height":1043,"url":"https:\/\/fraternite-politique.chemin-neuf.org\/wp-content\/uploads\/2021\/02\/57c54ba0245640c3018d13ceFraternite-politique.jpg","type":"image\/jpeg"}],"twitter_card":"summary_large_image","twitter_misc":{"Tiempo de lectura":"3 minutos"},"schema":{"@context":"https:\/\/schema.org","@graph":[{"@type":"WebPage","@id":"https:\/\/fraternite-politique.chemin-neuf.org\/es\/unete\/los-acuerdos-anual\/","url":"https:\/\/fraternite-politique.chemin-neuf.org\/es\/unete\/los-acuerdos-anual\/","name":"Los acuerdos anual en la Fratenidad Pol\u00edtica - Politics Fraternity Chemin Neuf Community","isPartOf":{"@id":"https:\/\/fraternite-politique.chemin-neuf.org\/es\/#website"},"primaryImageOfPage":{"@id":"https:\/\/fraternite-politique.chemin-neuf.org\/es\/unete\/los-acuerdos-anual\/#primaryimage"},"image":{"@id":"https:\/\/fraternite-politique.chemin-neuf.org\/es\/unete\/los-acuerdos-anual\/#primaryimage"},"thumbnailUrl":"https:\/\/fraternite-politique.chemin-neuf.org\/wp-content\/uploads\/2021\/02\/57c54ba0245640c3018d13ceFraternite-politique.jpg","datePublished":"2021-02-07T14:00:15+00:00","dateModified":"2022-03-12T22:19:52+00:00","description":"Uniendote a la Frat politica pones a Cristo como el centro de tu servicio dirigido al bien com\u00fan, y vives con otros la vida fraternal que deseas para el","breadcrumb":{"@id":"https:\/\/fraternite-politique.chemin-neuf.org\/es\/unete\/los-acuerdos-anual\/#breadcrumb"},"inLanguage":"es","potentialAction":[{"@type":"ReadAction","target":["https:\/\/fraternite-politique.chemin-neuf.org\/es\/unete\/los-acuerdos-anual\/"]}]},{"@type":"ImageObject","inLanguage":"es","@id":"https:\/\/fraternite-politique.chemin-neuf.org\/es\/unete\/los-acuerdos-anual\/#primaryimage","url":"https:\/\/fraternite-politique.chemin-neuf.org\/wp-content\/uploads\/2021\/02\/57c54ba0245640c3018d13ceFraternite-politique.jpg","contentUrl":"https:\/\/fraternite-politique.chemin-neuf.org\/wp-content\/uploads\/2021\/02\/57c54ba0245640c3018d13ceFraternite-politique.jpg","width":1800,"height":1043},{"@type":"BreadcrumbList","@id":"https:\/\/fraternite-politique.chemin-neuf.org\/es\/unete\/los-acuerdos-anual\/#breadcrumb","itemListElement":[{"@type":"ListItem","position":1,"name":"Home","item":"https:\/\/fraternite-politique.chemin-neuf.org\/es\/"},{"@type":"ListItem","position":2,"name":"UNETE","item":"https:\/\/fraternite-politique.chemin-neuf.org\/es\/unete\/"},{"@type":"ListItem","position":3,"name":"Los acuerdos anual en la Fratenidad Pol\u00edtica"}]},{"@type":"WebSite","@id":"https:\/\/fraternite-politique.chemin-neuf.org\/es\/#website","url":"https:\/\/fraternite-politique.chemin-neuf.org\/es\/","name":"Politics Fraternity Chemin Neuf Community","description":"Politics Fraternity of Chemin Neuf Community","publisher":{"@id":"https:\/\/fraternite-politique.chemin-neuf.org\/es\/#organization"},"potentialAction":[{"@type":"SearchAction","target":{"@type":"EntryPoint","urlTemplate":"https:\/\/fraternite-politique.chemin-neuf.org\/es\/?s={search_term_string}"},"query-input":{"@type":"PropertyValueSpecification","valueRequired":true,"valueName":"search_term_string"}}],"inLanguage":"es"},{"@type":"Organization","@id":"https:\/\/fraternite-politique.chemin-neuf.org\/es\/#organization","name":"Fraternit\u00e9 Politique Communaut\u00e9 du Chemin Neuf","url":"https:\/\/fraternite-politique.chemin-neuf.org\/es\/","logo":{"@type":"ImageObject","inLanguage":"es","@id":"https:\/\/fraternite-politique.chemin-neuf.org\/es\/#\/schema\/logo\/image\/","url":"https:\/\/fraternite-politique.chemin-neuf.org\/wp-content\/uploads\/2021\/02\/cropped-ccn-png-onglet-site-v3-large.png","contentUrl":"https:\/\/fraternite-politique.chemin-neuf.org\/wp-content\/uploads\/2021\/02\/cropped-ccn-png-onglet-site-v3-large.png","width":512,"height":512,"caption":"Fraternit\u00e9 Politique Communaut\u00e9 du Chemin Neuf"},"image":{"@id":"https:\/\/fraternite-politique.chemin-neuf.org\/es\/#\/schema\/logo\/image\/"},"sameAs":["https:\/\/www.facebook.com\/fratpolitiqueccn","https:\/\/instagram.com\/fratpo","https:\/\/www.youtube.com\/channel\/UC6YodqkqOIniLyqOfjMLojw"]}]}},"_links":{"self":[{"href":"https:\/\/fraternite-politique.chemin-neuf.org\/es\/wp-json\/wp\/v2\/pages\/5450","targetHints":{"allow":["GET"]}}],"collection":[{"href":"https:\/\/fraternite-politique.chemin-neuf.org\/es\/wp-json\/wp\/v2\/pages"}],"about":[{"href":"https:\/\/fraternite-politique.chemin-neuf.org\/es\/wp-json\/wp\/v2\/types\/page"}],"author":[{"embeddable":true,"href":"https:\/\/fraternite-politique.chemin-neuf.org\/es\/wp-json\/wp\/v2\/users\/6"}],"replies":[{"embeddable":true,"href":"https:\/\/fraternite-politique.chemin-neuf.org\/es\/wp-json\/wp\/v2\/comments?post=5450"}],"version-history":[{"count":3,"href":"https:\/\/fraternite-politique.chemin-neuf.org\/es\/wp-json\/wp\/v2\/pages\/5450\/revisions"}],"predecessor-version":[{"id":6116,"href":"https:\/\/fraternite-politique.chemin-neuf.org\/es\/wp-json\/wp\/v2\/pages\/5450\/revisions\/6116"}],"up":[{"embeddable":true,"href":"https:\/\/fraternite-politique.chemin-neuf.org\/es\/wp-json\/wp\/v2\/pages\/5421"}],"wp:featuredmedia":[{"embeddable":true,"href":"https:\/\/fraternite-politique.chemin-neuf.org\/es\/wp-json\/wp\/v2\/media\/5365"}],"wp:attachment":[{"href":"https:\/\/fraternite-politique.chemin-neuf.org\/es\/wp-json\/wp\/v2\/media?parent=5450"}],"curies":[{"name":"wp","href":"https:\/\/api.w.org\/{rel}","templated":true}]}}