{"id":5425,"date":"2021-02-07T14:50:48","date_gmt":"2021-02-07T13:50:48","guid":{"rendered":"https:\/\/fraternite-politique.chemin-neuf.org\/?page_id=5425"},"modified":"2022-02-26T16:13:35","modified_gmt":"2022-02-26T15:13:35","slug":"a-quienes-esta-dirigida","status":"publish","type":"page","link":"https:\/\/fraternite-politique.chemin-neuf.org\/es\/unete\/a-quienes-esta-dirigida\/","title":{"rendered":"A qui\u00e9nes est\u00e1 dirigida la Fraternidad Pol\u00edtica?"},"content":{"rendered":"\n<p class=\"has-normal-font-size\"><mark style=\"background-color:rgba(0, 0, 0, 0)\" class=\"has-inline-color has-orange-color\">Estas comprometido con politica? <\/mark><br>La Fraternidad Pol\u00edtica es el lugar donde puedes <strong>recargar <\/strong>tus baterias y <strong>compartir <\/strong>con otros jovenes cristianos.<\/p>\n\n\n\n<p class=\"has-normal-font-size\"><mark style=\"background-color:rgba(0, 0, 0, 0)\" class=\"has-inline-color has-orange-color\">Deseas servir al Bien Com\u00fan?<\/mark><br>La Fraternidad Pol\u00edtica es un lugar de <strong>discernimiento <\/strong>y de <strong>rencuentro <\/strong>con diversas maneras de servirle al mundo y de escuchar el llamado que Dios tiene para ti.<\/p>\n\n\n\n<p class=\"has-normal-font-size\"><mark style=\"background-color:rgba(0, 0, 0, 0)\" class=\"has-inline-color has-orange-color\">Estas interesado por temas pol\u00edticos?<\/mark><br>La Fraternidad Pol\u00edtica ofrece espacios de <strong>formaci\u00f3n <\/strong>y eventos a lo largo de todo el a\u00f1o.<\/p>\n\n\n\n<div class=\"wp-block-buttons is-horizontal is-content-justification-center is-layout-flex wp-container-core-buttons-is-layout-499968f5 wp-block-buttons-is-layout-flex\">\n<div class=\"wp-block-button is-style-outline is-style-outline--1\"><a class=\"wp-block-button__link has-white-color has-orange-background-color has-text-color has-background\" href=\"https:\/\/fraternite-politique.chemin-neuf.org\/es\/unete\/los-acuerdos-anual\/\">Eso es lo que estoy buscando!<\/a><\/div>\n<\/div>\n\n\n\n<p><\/p>\n","protected":false},"excerpt":{"rendered":"<p>Estas comprometido con politica? La Fraternidad Pol\u00edtica es el lugar donde puedes recargar tus baterias y compartir con otros jovenes cristianos. Deseas servir al Bien Com\u00fan?La Fraternidad Pol\u00edtica es un lugar de discernimiento y de rencuentro con diversas maneras de servirle al mundo y de escuchar el llamado que Dios tiene para ti. Estas interesado [&hellip;]<\/p>\n","protected":false},"author":6,"featured_media":5426,"parent":5421,"menu_order":0,"comment_status":"closed","ping_status":"closed","template":"","meta":{"_acf_changed":false,"footnotes":""},"class_list":["post-5425","page","type-page","status-publish","has-post-thumbnail","hentry"],"acf":[],"yoast_head":"<!-- This site is optimized with the Yoast SEO plugin v27.5 - https:\/\/yoast.com\/product\/yoast-seo-wordpress\/ -->\n<title>A qui\u00e9nes est\u00e1 dirigida la Fraternidad Pol\u00edtica? - Politics Fraternity Chemin Neuf Community<\/title>\n<meta name=\"description\" content=\"Estas comprometido con politica? La Fraternidad Pol\u00edtica es el lugar donde puedes recargar tus baterias y compartir con otros jovenes cristianos. Deseas\" \/>\n<meta name=\"robots\" content=\"index, follow, max-snippet:-1, max-image-preview:large, max-video-preview:-1\" \/>\n<link rel=\"canonical\" href=\"https:\/\/fraternite-politique.chemin-neuf.org\/es\/unete\/a-quienes-esta-dirigida\/\" \/>\n<meta property=\"og:locale\" content=\"es_ES\" \/>\n<meta property=\"og:type\" content=\"article\" \/>\n<meta property=\"og:title\" content=\"A qui\u00e9nes est\u00e1 dirigida la Fraternidad Pol\u00edtica? - Politics Fraternity Chemin Neuf Community\" \/>\n<meta property=\"og:description\" content=\"Estas comprometido con politica? La Fraternidad Pol\u00edtica es el lugar donde puedes recargar tus baterias y compartir con otros jovenes cristianos. Deseas\" \/>\n<meta property=\"og:url\" content=\"https:\/\/fraternite-politique.chemin-neuf.org\/es\/unete\/a-quienes-esta-dirigida\/\" \/>\n<meta property=\"og:site_name\" content=\"Politics Fraternity Chemin Neuf Community\" \/>\n<meta property=\"article:publisher\" content=\"https:\/\/www.facebook.com\/fratpolitiqueccn\" \/>\n<meta property=\"article:modified_time\" content=\"2022-02-26T15:13:35+00:00\" \/>\n<meta property=\"og:image\" content=\"https:\/\/fraternite-politique.chemin-neuf.org\/wp-content\/uploads\/2021\/03\/youth-1.jpg\" \/>\n\t<meta property=\"og:image:width\" content=\"960\" \/>\n\t<meta property=\"og:image:height\" content=\"960\" \/>\n\t<meta property=\"og:image:type\" content=\"image\/jpeg\" \/>\n<meta name=\"twitter:card\" content=\"summary_large_image\" \/>\n<meta name=\"twitter:label1\" content=\"Tiempo de lectura\" \/>\n\t<meta name=\"twitter:data1\" content=\"1 minuto\" \/>\n<script type=\"application\/ld+json\" class=\"yoast-schema-graph\">{\"@context\":\"https:\\\/\\\/schema.org\",\"@graph\":[{\"@type\":\"WebPage\",\"@id\":\"https:\\\/\\\/fraternite-politique.chemin-neuf.org\\\/es\\\/unete\\\/a-quienes-esta-dirigida\\\/\",\"url\":\"https:\\\/\\\/fraternite-politique.chemin-neuf.org\\\/es\\\/unete\\\/a-quienes-esta-dirigida\\\/\",\"name\":\"A qui\u00e9nes est\u00e1 dirigida la Fraternidad Pol\u00edtica? - Politics Fraternity Chemin Neuf Community\",\"isPartOf\":{\"@id\":\"https:\\\/\\\/fraternite-politique.chemin-neuf.org\\\/es\\\/#website\"},\"primaryImageOfPage\":{\"@id\":\"https:\\\/\\\/fraternite-politique.chemin-neuf.org\\\/es\\\/unete\\\/a-quienes-esta-dirigida\\\/#primaryimage\"},\"image\":{\"@id\":\"https:\\\/\\\/fraternite-politique.chemin-neuf.org\\\/es\\\/unete\\\/a-quienes-esta-dirigida\\\/#primaryimage\"},\"thumbnailUrl\":\"https:\\\/\\\/fraternite-politique.chemin-neuf.org\\\/wp-content\\\/uploads\\\/2021\\\/03\\\/youth-1.jpg\",\"datePublished\":\"2021-02-07T13:50:48+00:00\",\"dateModified\":\"2022-02-26T15:13:35+00:00\",\"description\":\"Estas comprometido con politica? La Fraternidad Pol\u00edtica es el lugar donde puedes recargar tus baterias y compartir con otros jovenes cristianos. Deseas\",\"breadcrumb\":{\"@id\":\"https:\\\/\\\/fraternite-politique.chemin-neuf.org\\\/es\\\/unete\\\/a-quienes-esta-dirigida\\\/#breadcrumb\"},\"inLanguage\":\"es\",\"potentialAction\":[{\"@type\":\"ReadAction\",\"target\":[\"https:\\\/\\\/fraternite-politique.chemin-neuf.org\\\/es\\\/unete\\\/a-quienes-esta-dirigida\\\/\"]}]},{\"@type\":\"ImageObject\",\"inLanguage\":\"es\",\"@id\":\"https:\\\/\\\/fraternite-politique.chemin-neuf.org\\\/es\\\/unete\\\/a-quienes-esta-dirigida\\\/#primaryimage\",\"url\":\"https:\\\/\\\/fraternite-politique.chemin-neuf.org\\\/wp-content\\\/uploads\\\/2021\\\/03\\\/youth-1.jpg\",\"contentUrl\":\"https:\\\/\\\/fraternite-politique.chemin-neuf.org\\\/wp-content\\\/uploads\\\/2021\\\/03\\\/youth-1.jpg\",\"width\":960,\"height\":960},{\"@type\":\"BreadcrumbList\",\"@id\":\"https:\\\/\\\/fraternite-politique.chemin-neuf.org\\\/es\\\/unete\\\/a-quienes-esta-dirigida\\\/#breadcrumb\",\"itemListElement\":[{\"@type\":\"ListItem\",\"position\":1,\"name\":\"Home\",\"item\":\"https:\\\/\\\/fraternite-politique.chemin-neuf.org\\\/es\\\/\"},{\"@type\":\"ListItem\",\"position\":2,\"name\":\"UNETE\",\"item\":\"https:\\\/\\\/fraternite-politique.chemin-neuf.org\\\/es\\\/unete\\\/\"},{\"@type\":\"ListItem\",\"position\":3,\"name\":\"A qui\u00e9nes est\u00e1 dirigida la Fraternidad Pol\u00edtica?\"}]},{\"@type\":\"WebSite\",\"@id\":\"https:\\\/\\\/fraternite-politique.chemin-neuf.org\\\/es\\\/#website\",\"url\":\"https:\\\/\\\/fraternite-politique.chemin-neuf.org\\\/es\\\/\",\"name\":\"Politics Fraternity Chemin Neuf Community\",\"description\":\"Politics Fraternity of Chemin Neuf Community\",\"publisher\":{\"@id\":\"https:\\\/\\\/fraternite-politique.chemin-neuf.org\\\/es\\\/#organization\"},\"potentialAction\":[{\"@type\":\"SearchAction\",\"target\":{\"@type\":\"EntryPoint\",\"urlTemplate\":\"https:\\\/\\\/fraternite-politique.chemin-neuf.org\\\/es\\\/?s={search_term_string}\"},\"query-input\":{\"@type\":\"PropertyValueSpecification\",\"valueRequired\":true,\"valueName\":\"search_term_string\"}}],\"inLanguage\":\"es\"},{\"@type\":\"Organization\",\"@id\":\"https:\\\/\\\/fraternite-politique.chemin-neuf.org\\\/es\\\/#organization\",\"name\":\"Fraternit\u00e9 Politique Communaut\u00e9 du Chemin Neuf\",\"url\":\"https:\\\/\\\/fraternite-politique.chemin-neuf.org\\\/es\\\/\",\"logo\":{\"@type\":\"ImageObject\",\"inLanguage\":\"es\",\"@id\":\"https:\\\/\\\/fraternite-politique.chemin-neuf.org\\\/es\\\/#\\\/schema\\\/logo\\\/image\\\/\",\"url\":\"https:\\\/\\\/fraternite-politique.chemin-neuf.org\\\/wp-content\\\/uploads\\\/2021\\\/02\\\/cropped-ccn-png-onglet-site-v3-large.png\",\"contentUrl\":\"https:\\\/\\\/fraternite-politique.chemin-neuf.org\\\/wp-content\\\/uploads\\\/2021\\\/02\\\/cropped-ccn-png-onglet-site-v3-large.png\",\"width\":512,\"height\":512,\"caption\":\"Fraternit\u00e9 Politique Communaut\u00e9 du Chemin Neuf\"},\"image\":{\"@id\":\"https:\\\/\\\/fraternite-politique.chemin-neuf.org\\\/es\\\/#\\\/schema\\\/logo\\\/image\\\/\"},\"sameAs\":[\"https:\\\/\\\/www.facebook.com\\\/fratpolitiqueccn\",\"https:\\\/\\\/instagram.com\\\/fratpo\",\"https:\\\/\\\/www.youtube.com\\\/channel\\\/UC6YodqkqOIniLyqOfjMLojw\"]}]}<\/script>\n<!-- \/ Yoast SEO plugin. -->","yoast_head_json":{"title":"A qui\u00e9nes est\u00e1 dirigida la Fraternidad Pol\u00edtica? - Politics Fraternity Chemin Neuf Community","description":"Estas comprometido con politica? La Fraternidad Pol\u00edtica es el lugar donde puedes recargar tus baterias y compartir con otros jovenes cristianos. Deseas","robots":{"index":"index","follow":"follow","max-snippet":"max-snippet:-1","max-image-preview":"max-image-preview:large","max-video-preview":"max-video-preview:-1"},"canonical":"https:\/\/fraternite-politique.chemin-neuf.org\/es\/unete\/a-quienes-esta-dirigida\/","og_locale":"es_ES","og_type":"article","og_title":"A qui\u00e9nes est\u00e1 dirigida la Fraternidad Pol\u00edtica? - Politics Fraternity Chemin Neuf Community","og_description":"Estas comprometido con politica? La Fraternidad Pol\u00edtica es el lugar donde puedes recargar tus baterias y compartir con otros jovenes cristianos. Deseas","og_url":"https:\/\/fraternite-politique.chemin-neuf.org\/es\/unete\/a-quienes-esta-dirigida\/","og_site_name":"Politics Fraternity Chemin Neuf Community","article_publisher":"https:\/\/www.facebook.com\/fratpolitiqueccn","article_modified_time":"2022-02-26T15:13:35+00:00","og_image":[{"width":960,"height":960,"url":"https:\/\/fraternite-politique.chemin-neuf.org\/wp-content\/uploads\/2021\/03\/youth-1.jpg","type":"image\/jpeg"}],"twitter_card":"summary_large_image","twitter_misc":{"Tiempo de lectura":"1 minuto"},"schema":{"@context":"https:\/\/schema.org","@graph":[{"@type":"WebPage","@id":"https:\/\/fraternite-politique.chemin-neuf.org\/es\/unete\/a-quienes-esta-dirigida\/","url":"https:\/\/fraternite-politique.chemin-neuf.org\/es\/unete\/a-quienes-esta-dirigida\/","name":"A qui\u00e9nes est\u00e1 dirigida la Fraternidad Pol\u00edtica? - Politics Fraternity Chemin Neuf Community","isPartOf":{"@id":"https:\/\/fraternite-politique.chemin-neuf.org\/es\/#website"},"primaryImageOfPage":{"@id":"https:\/\/fraternite-politique.chemin-neuf.org\/es\/unete\/a-quienes-esta-dirigida\/#primaryimage"},"image":{"@id":"https:\/\/fraternite-politique.chemin-neuf.org\/es\/unete\/a-quienes-esta-dirigida\/#primaryimage"},"thumbnailUrl":"https:\/\/fraternite-politique.chemin-neuf.org\/wp-content\/uploads\/2021\/03\/youth-1.jpg","datePublished":"2021-02-07T13:50:48+00:00","dateModified":"2022-02-26T15:13:35+00:00","description":"Estas comprometido con politica? La Fraternidad Pol\u00edtica es el lugar donde puedes recargar tus baterias y compartir con otros jovenes cristianos. Deseas","breadcrumb":{"@id":"https:\/\/fraternite-politique.chemin-neuf.org\/es\/unete\/a-quienes-esta-dirigida\/#breadcrumb"},"inLanguage":"es","potentialAction":[{"@type":"ReadAction","target":["https:\/\/fraternite-politique.chemin-neuf.org\/es\/unete\/a-quienes-esta-dirigida\/"]}]},{"@type":"ImageObject","inLanguage":"es","@id":"https:\/\/fraternite-politique.chemin-neuf.org\/es\/unete\/a-quienes-esta-dirigida\/#primaryimage","url":"https:\/\/fraternite-politique.chemin-neuf.org\/wp-content\/uploads\/2021\/03\/youth-1.jpg","contentUrl":"https:\/\/fraternite-politique.chemin-neuf.org\/wp-content\/uploads\/2021\/03\/youth-1.jpg","width":960,"height":960},{"@type":"BreadcrumbList","@id":"https:\/\/fraternite-politique.chemin-neuf.org\/es\/unete\/a-quienes-esta-dirigida\/#breadcrumb","itemListElement":[{"@type":"ListItem","position":1,"name":"Home","item":"https:\/\/fraternite-politique.chemin-neuf.org\/es\/"},{"@type":"ListItem","position":2,"name":"UNETE","item":"https:\/\/fraternite-politique.chemin-neuf.org\/es\/unete\/"},{"@type":"ListItem","position":3,"name":"A qui\u00e9nes est\u00e1 dirigida la Fraternidad Pol\u00edtica?"}]},{"@type":"WebSite","@id":"https:\/\/fraternite-politique.chemin-neuf.org\/es\/#website","url":"https:\/\/fraternite-politique.chemin-neuf.org\/es\/","name":"Politics Fraternity Chemin Neuf Community","description":"Politics Fraternity of Chemin Neuf Community","publisher":{"@id":"https:\/\/fraternite-politique.chemin-neuf.org\/es\/#organization"},"potentialAction":[{"@type":"SearchAction","target":{"@type":"EntryPoint","urlTemplate":"https:\/\/fraternite-politique.chemin-neuf.org\/es\/?s={search_term_string}"},"query-input":{"@type":"PropertyValueSpecification","valueRequired":true,"valueName":"search_term_string"}}],"inLanguage":"es"},{"@type":"Organization","@id":"https:\/\/fraternite-politique.chemin-neuf.org\/es\/#organization","name":"Fraternit\u00e9 Politique Communaut\u00e9 du Chemin Neuf","url":"https:\/\/fraternite-politique.chemin-neuf.org\/es\/","logo":{"@type":"ImageObject","inLanguage":"es","@id":"https:\/\/fraternite-politique.chemin-neuf.org\/es\/#\/schema\/logo\/image\/","url":"https:\/\/fraternite-politique.chemin-neuf.org\/wp-content\/uploads\/2021\/02\/cropped-ccn-png-onglet-site-v3-large.png","contentUrl":"https:\/\/fraternite-politique.chemin-neuf.org\/wp-content\/uploads\/2021\/02\/cropped-ccn-png-onglet-site-v3-large.png","width":512,"height":512,"caption":"Fraternit\u00e9 Politique Communaut\u00e9 du Chemin Neuf"},"image":{"@id":"https:\/\/fraternite-politique.chemin-neuf.org\/es\/#\/schema\/logo\/image\/"},"sameAs":["https:\/\/www.facebook.com\/fratpolitiqueccn","https:\/\/instagram.com\/fratpo","https:\/\/www.youtube.com\/channel\/UC6YodqkqOIniLyqOfjMLojw"]}]}},"_links":{"self":[{"href":"https:\/\/fraternite-politique.chemin-neuf.org\/es\/wp-json\/wp\/v2\/pages\/5425","targetHints":{"allow":["GET"]}}],"collection":[{"href":"https:\/\/fraternite-politique.chemin-neuf.org\/es\/wp-json\/wp\/v2\/pages"}],"about":[{"href":"https:\/\/fraternite-politique.chemin-neuf.org\/es\/wp-json\/wp\/v2\/types\/page"}],"author":[{"embeddable":true,"href":"https:\/\/fraternite-politique.chemin-neuf.org\/es\/wp-json\/wp\/v2\/users\/6"}],"replies":[{"embeddable":true,"href":"https:\/\/fraternite-politique.chemin-neuf.org\/es\/wp-json\/wp\/v2\/comments?post=5425"}],"version-history":[{"count":3,"href":"https:\/\/fraternite-politique.chemin-neuf.org\/es\/wp-json\/wp\/v2\/pages\/5425\/revisions"}],"predecessor-version":[{"id":5466,"href":"https:\/\/fraternite-politique.chemin-neuf.org\/es\/wp-json\/wp\/v2\/pages\/5425\/revisions\/5466"}],"up":[{"embeddable":true,"href":"https:\/\/fraternite-politique.chemin-neuf.org\/es\/wp-json\/wp\/v2\/pages\/5421"}],"wp:featuredmedia":[{"embeddable":true,"href":"https:\/\/fraternite-politique.chemin-neuf.org\/es\/wp-json\/wp\/v2\/media\/5426"}],"wp:attachment":[{"href":"https:\/\/fraternite-politique.chemin-neuf.org\/es\/wp-json\/wp\/v2\/media?parent=5425"}],"curies":[{"name":"wp","href":"https:\/\/api.w.org\/{rel}","templated":true}]}}