{"id":5253,"date":"2021-02-06T14:45:59","date_gmt":"2021-02-06T13:45:59","guid":{"rendered":"https:\/\/fraternite-politique.chemin-neuf.org\/?page_id=5253"},"modified":"2022-04-06T18:40:26","modified_gmt":"2022-04-06T16:40:26","slug":"manifiesto","status":"publish","type":"page","link":"https:\/\/fraternite-politique.chemin-neuf.org\/es\/quienes-somos\/manifiesto\/","title":{"rendered":"Manifiesto<br>de la Fraternidad Politica"},"content":{"rendered":"\n<p class=\"has-normal-font-size\">Porque la pol\u00edtica es \u00abla m\u00e1s alta forma de caridad\u00bb,<br>Porque estamos indignados por la injusticia y desolados por la indiferencia,<br>Porque sentimos la misma \u00abpasi\u00f3n pol\u00edtica\u00bb,<br><strong><mark style=\"background-color:rgba(0, 0, 0, 0)\" class=\"has-inline-color has-orange-color\">Damos nuestras vidas por la justicia y la paz, a trav\u00e9s de un camino de compromiso pol\u00edtico.<\/mark><\/strong><\/p>\n\n\n\n<p class=\"has-normal-font-size\">Porque las grandes y generosas ideas ganan al ser verificadas por logros concretos,<br>Porque no tenemos miedo de enfrentar la realidad y cometer errores,<br><strong><mark style=\"background-color:rgba(0, 0, 0, 0)\" class=\"has-inline-color has-orange-color\">Hoy estamos comprometiendo nuestro tiempo, energ\u00eda y talentos para servir a los dem\u00e1s.<\/mark><\/strong><\/p>\n\n\n\n<p class=\"has-normal-font-size\">Porque necesitamos \u00abpol\u00edticos que se preocupen verdaderamente <br>por la sociedad, por el pueblo, por la vida de los pobres\u00bb (Evangelii Gaudium 205),<br>Porque la familia es la mejor red de la sociedad,<br><strong><mark style=\"background-color:rgba(0, 0, 0, 0)\" class=\"has-inline-color has-orange-color\">Nuestra prioridad es servir a los m\u00e1s pobres y a las familias.<\/mark><\/strong><\/p>\n\n\n\n<div class=\"wp-block-cover alignfull is-light has-parallax has-background-dim\" style=\"background-image:url(https:\/\/fraternite-politique.chemin-neuf.org\/wp-content\/uploads\/2021\/02\/57c54b91245640c3018d1340photo-1434296356255-2e4fbb81e1f1.jpg);min-height:249px;aspect-ratio:unset;\"><span aria-hidden=\"true\" class=\"has-background-dim-0 wp-block-cover__gradient-background has-background-dim\"><\/span><div class=\"wp-block-cover__inner-container is-layout-flow wp-block-cover-is-layout-flow\">\n<p class=\"has-text-align-center has-small-font-size\">Porque la salvaguarda de nuestro hogar com\u00fan es hoy una cuesti\u00f3n de vida o muerte,<br>Porque consumir menos y vivir saludablemente se ha convertido en algo revolucionario,<br>Porque somos seres limitados, y felices de estar limitados,<br><strong>Without waiting any longer, we choose a moderate and joyful lifestyle<\/strong>.<\/p>\n<\/div><\/div>\n\n\n\n<p class=\"has-normal-font-size\">Porque el vac\u00edo espiritual de una sociedad prepara el camino para lo peor,<br>Porque lleva tiempo hacer un hombre,<br>Porque queremos construir sobre nuestros legados culturales para ser creativos hoy,<br><strong><mark style=\"background-color:rgba(0, 0, 0, 0)\" class=\"has-inline-color has-orange-color\"><strong>Nos formamos a nosotros mismos, y trabajamos para formar a los dem\u00e1s.<\/strong><\/mark><\/strong><\/p>\n\n\n\n<p class=\"has-normal-font-size\">Porque no somos inmunes a las tentaciones del dinero, la seducci\u00f3n y el poder,<br>Porque el mal que combatimos tambi\u00e9n tiene sus ra\u00edces en nosotros,<br><strong><mark style=\"background-color:rgba(0, 0, 0, 0)\" class=\"has-inline-color has-orange-color\">Nos dejamos reconciliar profundamente.<\/mark><\/strong><\/p>\n\n\n\n<div class=\"wp-block-cover alignfull is-light has-parallax has-background-dim\" style=\"background-image:url(https:\/\/fraternite-politique.chemin-neuf.org\/wp-content\/uploads\/2021\/02\/57c54b92245640c3018d134a57aa038845bceb7f9c00009f.jpg);min-height:221px;aspect-ratio:unset;\"><span aria-hidden=\"true\" class=\"has-background-dim-0 wp-block-cover__gradient-background has-background-dim\"><\/span><div class=\"wp-block-cover__inner-container is-layout-flow wp-block-cover-is-layout-flow\">\n<p class=\"has-text-align-center has-normal-font-size\">Porque la violencia genera violencia,<br>Porque queremos construir puentes en lugar de muros,<br><strong>Aprendemos a perdonar a nuestros enemigos.<\/strong><\/p>\n<\/div><\/div>\n\n\n\n<p class=\"has-normal-font-size\">Porque lo inmediato y lo virtual nos a\u00edslan,<br>Porque necesitamos un lugar para ser reales y confiar,<br>Porque solos vamos r\u00e1pido, pero juntos llegamos lejos,<br><strong><mark style=\"background-color:rgba(0, 0, 0, 0)\" class=\"has-inline-color has-orange-color\">Vivimos la fraternidad.<\/mark><\/strong><\/p>\n\n\n\n<p class=\"has-normal-font-size\">Porque nuestras culturas, opiniones y corrientes pol\u00edticas no son absolutas,<br>Porque es posible vivir nuestros desacuerdos pac\u00edficamente,<br>Porque el encuentro con otros que son diferentes nos hace m\u00e1s inteligentes,<br><mark style=\"background-color:rgba(0, 0, 0, 0)\" class=\"has-inline-color has-orange-color\">H<strong>acemos de nuestra diversidad un fundamento de nuestra fraternidad.<\/strong><\/mark><\/p>\n\n\n\n<blockquote class=\"wp-block-quote has-text-align-center is-style-large is-layout-flow wp-block-quote-is-layout-flow\"><p><strong>\u00a1JUNTOS QUEREMOS TRANSFORMAR EL MUNDO<strong>!<\/strong><\/strong><\/p><\/blockquote>\n\n\n\n<p class=\"has-text-align-right has-normal-font-size\"><em>Este manifiesto fue escrito por los miembros de la Fraternidad Pol\u00edtica<\/em>,<br><em>y proclamado el domingo 24 de julio del 2016 en el Atlas Arena de Lodz (Polonia),<\/em><br><em>frente a 8,000 j\u00f3venes de 79 pa\u00edses<\/em>,<br><em>participantes de la Jornada Mundial.<\/em><\/p>\n","protected":false},"excerpt":{"rendered":"<p>Porque la pol\u00edtica es \u00abla m\u00e1s alta forma de caridad\u00bb,Porque estamos indignados por la injusticia y desolados por la indiferencia,Porque sentimos la misma \u00abpasi\u00f3n pol\u00edtica\u00bb,Damos nuestras vidas por la justicia y la paz, a trav\u00e9s de un camino de compromiso pol\u00edtico. Porque las grandes y generosas ideas ganan al ser verificadas por logros concretos,Porque no [&hellip;]<\/p>\n","protected":false},"author":6,"featured_media":5254,"parent":5377,"menu_order":0,"comment_status":"closed","ping_status":"closed","template":"","meta":{"_acf_changed":false,"footnotes":""},"class_list":["post-5253","page","type-page","status-publish","has-post-thumbnail","hentry"],"acf":[],"yoast_head":"<!-- This site is optimized with the Yoast SEO plugin v27.5 - https:\/\/yoast.com\/product\/yoast-seo-wordpress\/ -->\n<title>Manifiestode la Fraternidad Politica - Politics Fraternity Chemin Neuf Community<\/title>\n<meta name=\"description\" content=\"Porque la pol\u00edtica es &quot;la m\u00e1s alta forma de caridad&quot;,Porque estamos indignados por la injusticia y desolados por la indiferencia,Porque sentimos la misma\" \/>\n<meta name=\"robots\" content=\"index, follow, max-snippet:-1, max-image-preview:large, max-video-preview:-1\" \/>\n<link rel=\"canonical\" href=\"https:\/\/fraternite-politique.chemin-neuf.org\/es\/quienes-somos\/manifiesto\/\" \/>\n<meta property=\"og:locale\" content=\"es_ES\" \/>\n<meta property=\"og:type\" content=\"article\" \/>\n<meta property=\"og:title\" content=\"Manifiestode la Fraternidad Politica - Politics Fraternity Chemin Neuf Community\" \/>\n<meta property=\"og:description\" content=\"Porque la pol\u00edtica es &quot;la m\u00e1s alta forma de caridad&quot;,Porque estamos indignados por la injusticia y desolados por la indiferencia,Porque sentimos la misma\" \/>\n<meta property=\"og:url\" content=\"https:\/\/fraternite-politique.chemin-neuf.org\/es\/quienes-somos\/manifiesto\/\" \/>\n<meta property=\"og:site_name\" content=\"Politics Fraternity Chemin Neuf Community\" \/>\n<meta property=\"article:publisher\" content=\"https:\/\/www.facebook.com\/fratpolitiqueccn\" \/>\n<meta property=\"article:modified_time\" content=\"2022-04-06T16:40:26+00:00\" \/>\n<meta property=\"og:image\" content=\"https:\/\/fraternite-politique.chemin-neuf.org\/wp-content\/uploads\/2022\/02\/57c54b90245640c3018d1337open-book-1428428_1920.jpg\" \/>\n\t<meta property=\"og:image:width\" content=\"1800\" \/>\n\t<meta property=\"og:image:height\" content=\"1350\" \/>\n\t<meta property=\"og:image:type\" content=\"image\/jpeg\" \/>\n<meta name=\"twitter:card\" content=\"summary_large_image\" \/>\n<meta name=\"twitter:label1\" content=\"Tiempo de lectura\" \/>\n\t<meta name=\"twitter:data1\" content=\"2 minutos\" \/>\n<script type=\"application\/ld+json\" class=\"yoast-schema-graph\">{\"@context\":\"https:\\\/\\\/schema.org\",\"@graph\":[{\"@type\":\"WebPage\",\"@id\":\"https:\\\/\\\/fraternite-politique.chemin-neuf.org\\\/es\\\/quienes-somos\\\/manifiesto\\\/\",\"url\":\"https:\\\/\\\/fraternite-politique.chemin-neuf.org\\\/es\\\/quienes-somos\\\/manifiesto\\\/\",\"name\":\"Manifiesto de la Fraternidad Politica - Politics Fraternity Chemin Neuf Community\",\"isPartOf\":{\"@id\":\"https:\\\/\\\/fraternite-politique.chemin-neuf.org\\\/es\\\/#website\"},\"primaryImageOfPage\":{\"@id\":\"https:\\\/\\\/fraternite-politique.chemin-neuf.org\\\/es\\\/quienes-somos\\\/manifiesto\\\/#primaryimage\"},\"image\":{\"@id\":\"https:\\\/\\\/fraternite-politique.chemin-neuf.org\\\/es\\\/quienes-somos\\\/manifiesto\\\/#primaryimage\"},\"thumbnailUrl\":\"https:\\\/\\\/fraternite-politique.chemin-neuf.org\\\/wp-content\\\/uploads\\\/2022\\\/02\\\/57c54b90245640c3018d1337open-book-1428428_1920.jpg\",\"datePublished\":\"2021-02-06T13:45:59+00:00\",\"dateModified\":\"2022-04-06T16:40:26+00:00\",\"description\":\"Porque la pol\u00edtica es \\\"la m\u00e1s alta forma de caridad\\\",Porque estamos indignados por la injusticia y desolados por la indiferencia,Porque sentimos la misma\",\"breadcrumb\":{\"@id\":\"https:\\\/\\\/fraternite-politique.chemin-neuf.org\\\/es\\\/quienes-somos\\\/manifiesto\\\/#breadcrumb\"},\"inLanguage\":\"es\",\"potentialAction\":[{\"@type\":\"ReadAction\",\"target\":[\"https:\\\/\\\/fraternite-politique.chemin-neuf.org\\\/es\\\/quienes-somos\\\/manifiesto\\\/\"]}]},{\"@type\":\"ImageObject\",\"inLanguage\":\"es\",\"@id\":\"https:\\\/\\\/fraternite-politique.chemin-neuf.org\\\/es\\\/quienes-somos\\\/manifiesto\\\/#primaryimage\",\"url\":\"https:\\\/\\\/fraternite-politique.chemin-neuf.org\\\/wp-content\\\/uploads\\\/2022\\\/02\\\/57c54b90245640c3018d1337open-book-1428428_1920.jpg\",\"contentUrl\":\"https:\\\/\\\/fraternite-politique.chemin-neuf.org\\\/wp-content\\\/uploads\\\/2022\\\/02\\\/57c54b90245640c3018d1337open-book-1428428_1920.jpg\",\"width\":1800,\"height\":1350},{\"@type\":\"BreadcrumbList\",\"@id\":\"https:\\\/\\\/fraternite-politique.chemin-neuf.org\\\/es\\\/quienes-somos\\\/manifiesto\\\/#breadcrumb\",\"itemListElement\":[{\"@type\":\"ListItem\",\"position\":1,\"name\":\"Home\",\"item\":\"https:\\\/\\\/fraternite-politique.chemin-neuf.org\\\/es\\\/\"},{\"@type\":\"ListItem\",\"position\":2,\"name\":\"QUIENES SOMOS?\",\"item\":\"https:\\\/\\\/fraternite-politique.chemin-neuf.org\\\/es\\\/quienes-somos\\\/\"},{\"@type\":\"ListItem\",\"position\":3,\"name\":\"Manifiestode la Fraternidad Politica\"}]},{\"@type\":\"WebSite\",\"@id\":\"https:\\\/\\\/fraternite-politique.chemin-neuf.org\\\/es\\\/#website\",\"url\":\"https:\\\/\\\/fraternite-politique.chemin-neuf.org\\\/es\\\/\",\"name\":\"Politics Fraternity Chemin Neuf Community\",\"description\":\"Politics Fraternity of Chemin Neuf Community\",\"publisher\":{\"@id\":\"https:\\\/\\\/fraternite-politique.chemin-neuf.org\\\/es\\\/#organization\"},\"potentialAction\":[{\"@type\":\"SearchAction\",\"target\":{\"@type\":\"EntryPoint\",\"urlTemplate\":\"https:\\\/\\\/fraternite-politique.chemin-neuf.org\\\/es\\\/?s={search_term_string}\"},\"query-input\":{\"@type\":\"PropertyValueSpecification\",\"valueRequired\":true,\"valueName\":\"search_term_string\"}}],\"inLanguage\":\"es\"},{\"@type\":\"Organization\",\"@id\":\"https:\\\/\\\/fraternite-politique.chemin-neuf.org\\\/es\\\/#organization\",\"name\":\"Fraternit\u00e9 Politique Communaut\u00e9 du Chemin Neuf\",\"url\":\"https:\\\/\\\/fraternite-politique.chemin-neuf.org\\\/es\\\/\",\"logo\":{\"@type\":\"ImageObject\",\"inLanguage\":\"es\",\"@id\":\"https:\\\/\\\/fraternite-politique.chemin-neuf.org\\\/es\\\/#\\\/schema\\\/logo\\\/image\\\/\",\"url\":\"https:\\\/\\\/fraternite-politique.chemin-neuf.org\\\/wp-content\\\/uploads\\\/2021\\\/02\\\/cropped-ccn-png-onglet-site-v3-large.png\",\"contentUrl\":\"https:\\\/\\\/fraternite-politique.chemin-neuf.org\\\/wp-content\\\/uploads\\\/2021\\\/02\\\/cropped-ccn-png-onglet-site-v3-large.png\",\"width\":512,\"height\":512,\"caption\":\"Fraternit\u00e9 Politique Communaut\u00e9 du Chemin Neuf\"},\"image\":{\"@id\":\"https:\\\/\\\/fraternite-politique.chemin-neuf.org\\\/es\\\/#\\\/schema\\\/logo\\\/image\\\/\"},\"sameAs\":[\"https:\\\/\\\/www.facebook.com\\\/fratpolitiqueccn\",\"https:\\\/\\\/instagram.com\\\/fratpo\",\"https:\\\/\\\/www.youtube.com\\\/channel\\\/UC6YodqkqOIniLyqOfjMLojw\"]}]}<\/script>\n<!-- \/ Yoast SEO plugin. -->","yoast_head_json":{"title":"Manifiestode la Fraternidad Politica - Politics Fraternity Chemin Neuf Community","description":"Porque la pol\u00edtica es \"la m\u00e1s alta forma de caridad\",Porque estamos indignados por la injusticia y desolados por la indiferencia,Porque sentimos la misma","robots":{"index":"index","follow":"follow","max-snippet":"max-snippet:-1","max-image-preview":"max-image-preview:large","max-video-preview":"max-video-preview:-1"},"canonical":"https:\/\/fraternite-politique.chemin-neuf.org\/es\/quienes-somos\/manifiesto\/","og_locale":"es_ES","og_type":"article","og_title":"Manifiestode la Fraternidad Politica - Politics Fraternity Chemin Neuf Community","og_description":"Porque la pol\u00edtica es \"la m\u00e1s alta forma de caridad\",Porque estamos indignados por la injusticia y desolados por la indiferencia,Porque sentimos la misma","og_url":"https:\/\/fraternite-politique.chemin-neuf.org\/es\/quienes-somos\/manifiesto\/","og_site_name":"Politics Fraternity Chemin Neuf Community","article_publisher":"https:\/\/www.facebook.com\/fratpolitiqueccn","article_modified_time":"2022-04-06T16:40:26+00:00","og_image":[{"width":1800,"height":1350,"url":"https:\/\/fraternite-politique.chemin-neuf.org\/wp-content\/uploads\/2022\/02\/57c54b90245640c3018d1337open-book-1428428_1920.jpg","type":"image\/jpeg"}],"twitter_card":"summary_large_image","twitter_misc":{"Tiempo de lectura":"2 minutos"},"schema":{"@context":"https:\/\/schema.org","@graph":[{"@type":"WebPage","@id":"https:\/\/fraternite-politique.chemin-neuf.org\/es\/quienes-somos\/manifiesto\/","url":"https:\/\/fraternite-politique.chemin-neuf.org\/es\/quienes-somos\/manifiesto\/","name":"Manifiesto de la Fraternidad Politica - Politics Fraternity Chemin Neuf Community","isPartOf":{"@id":"https:\/\/fraternite-politique.chemin-neuf.org\/es\/#website"},"primaryImageOfPage":{"@id":"https:\/\/fraternite-politique.chemin-neuf.org\/es\/quienes-somos\/manifiesto\/#primaryimage"},"image":{"@id":"https:\/\/fraternite-politique.chemin-neuf.org\/es\/quienes-somos\/manifiesto\/#primaryimage"},"thumbnailUrl":"https:\/\/fraternite-politique.chemin-neuf.org\/wp-content\/uploads\/2022\/02\/57c54b90245640c3018d1337open-book-1428428_1920.jpg","datePublished":"2021-02-06T13:45:59+00:00","dateModified":"2022-04-06T16:40:26+00:00","description":"Porque la pol\u00edtica es \"la m\u00e1s alta forma de caridad\",Porque estamos indignados por la injusticia y desolados por la indiferencia,Porque sentimos la misma","breadcrumb":{"@id":"https:\/\/fraternite-politique.chemin-neuf.org\/es\/quienes-somos\/manifiesto\/#breadcrumb"},"inLanguage":"es","potentialAction":[{"@type":"ReadAction","target":["https:\/\/fraternite-politique.chemin-neuf.org\/es\/quienes-somos\/manifiesto\/"]}]},{"@type":"ImageObject","inLanguage":"es","@id":"https:\/\/fraternite-politique.chemin-neuf.org\/es\/quienes-somos\/manifiesto\/#primaryimage","url":"https:\/\/fraternite-politique.chemin-neuf.org\/wp-content\/uploads\/2022\/02\/57c54b90245640c3018d1337open-book-1428428_1920.jpg","contentUrl":"https:\/\/fraternite-politique.chemin-neuf.org\/wp-content\/uploads\/2022\/02\/57c54b90245640c3018d1337open-book-1428428_1920.jpg","width":1800,"height":1350},{"@type":"BreadcrumbList","@id":"https:\/\/fraternite-politique.chemin-neuf.org\/es\/quienes-somos\/manifiesto\/#breadcrumb","itemListElement":[{"@type":"ListItem","position":1,"name":"Home","item":"https:\/\/fraternite-politique.chemin-neuf.org\/es\/"},{"@type":"ListItem","position":2,"name":"QUIENES SOMOS?","item":"https:\/\/fraternite-politique.chemin-neuf.org\/es\/quienes-somos\/"},{"@type":"ListItem","position":3,"name":"Manifiestode la Fraternidad Politica"}]},{"@type":"WebSite","@id":"https:\/\/fraternite-politique.chemin-neuf.org\/es\/#website","url":"https:\/\/fraternite-politique.chemin-neuf.org\/es\/","name":"Politics Fraternity Chemin Neuf Community","description":"Politics Fraternity of Chemin Neuf Community","publisher":{"@id":"https:\/\/fraternite-politique.chemin-neuf.org\/es\/#organization"},"potentialAction":[{"@type":"SearchAction","target":{"@type":"EntryPoint","urlTemplate":"https:\/\/fraternite-politique.chemin-neuf.org\/es\/?s={search_term_string}"},"query-input":{"@type":"PropertyValueSpecification","valueRequired":true,"valueName":"search_term_string"}}],"inLanguage":"es"},{"@type":"Organization","@id":"https:\/\/fraternite-politique.chemin-neuf.org\/es\/#organization","name":"Fraternit\u00e9 Politique Communaut\u00e9 du Chemin Neuf","url":"https:\/\/fraternite-politique.chemin-neuf.org\/es\/","logo":{"@type":"ImageObject","inLanguage":"es","@id":"https:\/\/fraternite-politique.chemin-neuf.org\/es\/#\/schema\/logo\/image\/","url":"https:\/\/fraternite-politique.chemin-neuf.org\/wp-content\/uploads\/2021\/02\/cropped-ccn-png-onglet-site-v3-large.png","contentUrl":"https:\/\/fraternite-politique.chemin-neuf.org\/wp-content\/uploads\/2021\/02\/cropped-ccn-png-onglet-site-v3-large.png","width":512,"height":512,"caption":"Fraternit\u00e9 Politique Communaut\u00e9 du Chemin Neuf"},"image":{"@id":"https:\/\/fraternite-politique.chemin-neuf.org\/es\/#\/schema\/logo\/image\/"},"sameAs":["https:\/\/www.facebook.com\/fratpolitiqueccn","https:\/\/instagram.com\/fratpo","https:\/\/www.youtube.com\/channel\/UC6YodqkqOIniLyqOfjMLojw"]}]}},"_links":{"self":[{"href":"https:\/\/fraternite-politique.chemin-neuf.org\/es\/wp-json\/wp\/v2\/pages\/5253","targetHints":{"allow":["GET"]}}],"collection":[{"href":"https:\/\/fraternite-politique.chemin-neuf.org\/es\/wp-json\/wp\/v2\/pages"}],"about":[{"href":"https:\/\/fraternite-politique.chemin-neuf.org\/es\/wp-json\/wp\/v2\/types\/page"}],"author":[{"embeddable":true,"href":"https:\/\/fraternite-politique.chemin-neuf.org\/es\/wp-json\/wp\/v2\/users\/6"}],"replies":[{"embeddable":true,"href":"https:\/\/fraternite-politique.chemin-neuf.org\/es\/wp-json\/wp\/v2\/comments?post=5253"}],"version-history":[{"count":13,"href":"https:\/\/fraternite-politique.chemin-neuf.org\/es\/wp-json\/wp\/v2\/pages\/5253\/revisions"}],"predecessor-version":[{"id":6487,"href":"https:\/\/fraternite-politique.chemin-neuf.org\/es\/wp-json\/wp\/v2\/pages\/5253\/revisions\/6487"}],"up":[{"embeddable":true,"href":"https:\/\/fraternite-politique.chemin-neuf.org\/es\/wp-json\/wp\/v2\/pages\/5377"}],"wp:featuredmedia":[{"embeddable":true,"href":"https:\/\/fraternite-politique.chemin-neuf.org\/es\/wp-json\/wp\/v2\/media\/5254"}],"wp:attachment":[{"href":"https:\/\/fraternite-politique.chemin-neuf.org\/es\/wp-json\/wp\/v2\/media?parent=5253"}],"curies":[{"name":"wp","href":"https:\/\/api.w.org\/{rel}","templated":true}]}}