{"id":5246,"date":"2021-02-06T14:37:45","date_gmt":"2021-02-06T13:37:45","guid":{"rendered":"https:\/\/fraternite-politique.chemin-neuf.org\/the-politics-fraternity\/"},"modified":"2022-03-12T23:12:43","modified_gmt":"2022-03-12T22:12:43","slug":"la-fraternidad-politica","status":"publish","type":"page","link":"https:\/\/fraternite-politique.chemin-neuf.org\/es\/quienes-somos\/la-fraternidad-politica\/","title":{"rendered":"La Fraternidad Pol\u00edtica <br>de Chemin Neuf"},"content":{"rendered":"\n<div class=\"wp-block-columns is-style-default is-layout-flex wp-container-core-columns-is-layout-9d6595d7 wp-block-columns-is-layout-flex\">\n<div class=\"wp-block-column is-vertically-aligned-center is-layout-flow wp-block-column-is-layout-flow\">\n<div style=\"height:5px\" aria-hidden=\"true\" class=\"wp-block-spacer\"><\/div>\n\n\n\n<p class=\"has-large-font-size\">La Fraternidad Pol\u00edtica de Chemin Neuf agrupa jovenes desde los 18 hasta los 35 a\u00f1os, provenientes de diferentes paises y culturas politicas, animados por una misma pasion; el bien comun y los pobres, y el deseo de actir en politica seg\u00fan el coraz\u00f3n de Dios.<\/p>\n<\/div>\n\n\n\n<div class=\"wp-block-column is-layout-flow wp-block-column-is-layout-flow\">\n<figure class=\"wp-block-embed is-type-video is-provider-youtube wp-block-embed-youtube wp-embed-aspect-16-9 wp-has-aspect-ratio\"><div class=\"wp-block-embed__wrapper\">\n<iframe loading=\"lazy\" title=\"The Chemin Neuf POLITICS FRATERNITY\" width=\"500\" height=\"281\" src=\"https:\/\/www.youtube.com\/embed\/HT5asY5BBAE?feature=oembed\" frameborder=\"0\" allow=\"accelerometer; autoplay; clipboard-write; encrypted-media; gyroscope; picture-in-picture; web-share\" referrerpolicy=\"strict-origin-when-cross-origin\" allowfullscreen><\/iframe>\n<\/div><\/figure>\n\n\n\n<p><\/p>\n<\/div>\n<\/div>\n\n\n\n<div class=\"wp-block-columns is-layout-flex wp-container-core-columns-is-layout-9d6595d7 wp-block-columns-is-layout-flex\">\n<div class=\"wp-block-column is-layout-flow wp-block-column-is-layout-flow\">\n<h5 class=\"alignfull has-large-font-size wp-block-heading\">Una alianza entre los tres elementos<\/h5>\n<\/div>\n<\/div>\n\n\n\n<div class=\"wp-block-columns are-vertically-aligned-center is-layout-flex wp-container-core-columns-is-layout-9d6595d7 wp-block-columns-is-layout-flex\">\n<div class=\"wp-block-column is-vertically-aligned-center is-layout-flow wp-block-column-is-layout-flow\">\n<div class=\"wp-block-columns is-layout-flex wp-container-core-columns-is-layout-9d6595d7 wp-block-columns-is-layout-flex\">\n<div class=\"wp-block-column is-vertically-aligned-center is-layout-flow wp-block-column-is-layout-flow\" style=\"flex-basis:33.33%\">\n<div class=\"wp-block-image\"><figure class=\"aligncenter size-large is-resized\"><img decoding=\"async\" src=\"https:\/\/fraternite-politique.chemin-neuf.org\/wp-content\/uploads\/2021\/03\/ccn-rectangle-ignace-edited.jpg\" alt=\"\" class=\"wp-image-1715\" width=\"200\" height=\"200\" srcset=\"https:\/\/fraternite-politique.chemin-neuf.org\/wp-content\/uploads\/2021\/03\/ccn-rectangle-ignace-edited.jpg 400w, https:\/\/fraternite-politique.chemin-neuf.org\/wp-content\/uploads\/2021\/03\/ccn-rectangle-ignace-edited-300x300.jpg 300w, https:\/\/fraternite-politique.chemin-neuf.org\/wp-content\/uploads\/2021\/03\/ccn-rectangle-ignace-edited-150x150.jpg 150w\" sizes=\"(max-width: 200px) 100vw, 200px\" \/><\/figure><\/div>\n<\/div>\n\n\n\n<div class=\"wp-block-column is-vertically-aligned-center is-layout-flow wp-block-column-is-layout-flow\" style=\"flex-basis:66.66%\">\n<p class=\"has-text-align-center has-large-font-size\">La <strong><em>espiritualidad ignaciana<\/em><\/strong> y su solida tradici\u00f3n de formaci\u00f3n, relectura y discernimiento,<\/p>\n<\/div>\n<\/div>\n<\/div>\n\n\n\n<div class=\"wp-block-column is-vertically-aligned-center is-layout-flow wp-block-column-is-layout-flow\">\n<div class=\"wp-block-columns is-layout-flex wp-container-core-columns-is-layout-9d6595d7 wp-block-columns-is-layout-flex\">\n<div class=\"wp-block-column is-vertically-aligned-center is-layout-flow wp-block-column-is-layout-flow\" style=\"flex-basis:33.33%\">\n<div class=\"wp-block-image\"><figure class=\"aligncenter size-large is-resized\"><img decoding=\"async\" src=\"https:\/\/fraternite-politique.chemin-neuf.org\/wp-content\/uploads\/2021\/03\/ccn-rectangle-lumiere-2-edited.jpg\" alt=\"\" class=\"wp-image-1717\" width=\"200\" height=\"200\" srcset=\"https:\/\/fraternite-politique.chemin-neuf.org\/wp-content\/uploads\/2021\/03\/ccn-rectangle-lumiere-2-edited.jpg 400w, https:\/\/fraternite-politique.chemin-neuf.org\/wp-content\/uploads\/2021\/03\/ccn-rectangle-lumiere-2-edited-300x300.jpg 300w, https:\/\/fraternite-politique.chemin-neuf.org\/wp-content\/uploads\/2021\/03\/ccn-rectangle-lumiere-2-edited-150x150.jpg 150w\" sizes=\"(max-width: 200px) 100vw, 200px\" \/><\/figure><\/div>\n<\/div>\n\n\n\n<div class=\"wp-block-column is-vertically-aligned-center is-layout-flow wp-block-column-is-layout-flow\" style=\"flex-basis:66.66%\">\n<p class=\"has-large-font-size\">La <strong><em>vida en el Espiritu Santo<\/em><\/strong> creador de todas las cosas nuevas, que nos impulsa a actuar,<\/p>\n<\/div>\n<\/div>\n<\/div>\n<\/div>\n\n\n\n<div class=\"wp-block-columns is-layout-flex wp-container-core-columns-is-layout-9d6595d7 wp-block-columns-is-layout-flex\">\n<div class=\"wp-block-column is-layout-flow wp-block-column-is-layout-flow\" style=\"flex-basis:20%\"><\/div>\n\n\n\n<div class=\"wp-block-column is-layout-flow wp-block-column-is-layout-flow\" style=\"flex-basis:60%\">\n<div class=\"wp-block-columns is-layout-flex wp-container-core-columns-is-layout-9d6595d7 wp-block-columns-is-layout-flex\">\n<div class=\"wp-block-column is-vertically-aligned-center is-layout-flow wp-block-column-is-layout-flow\" style=\"flex-basis:33.33%\">\n<div class=\"wp-block-image\"><figure class=\"aligncenter size-large is-resized\"><img decoding=\"async\" src=\"https:\/\/fraternite-politique.chemin-neuf.org\/wp-content\/uploads\/2021\/03\/5f622d6c396588bb3e9de2c0KeepInTouch-142-edited.jpg\" alt=\"\" class=\"wp-image-1719\" width=\"200\" height=\"200\" srcset=\"https:\/\/fraternite-politique.chemin-neuf.org\/wp-content\/uploads\/2021\/03\/5f622d6c396588bb3e9de2c0KeepInTouch-142-edited.jpg 480w, https:\/\/fraternite-politique.chemin-neuf.org\/wp-content\/uploads\/2021\/03\/5f622d6c396588bb3e9de2c0KeepInTouch-142-edited-300x300.jpg 300w, https:\/\/fraternite-politique.chemin-neuf.org\/wp-content\/uploads\/2021\/03\/5f622d6c396588bb3e9de2c0KeepInTouch-142-edited-150x150.jpg 150w\" sizes=\"(max-width: 200px) 100vw, 200px\" \/><\/figure><\/div>\n<\/div>\n\n\n\n<div class=\"wp-block-column is-vertically-aligned-center is-layout-flow wp-block-column-is-layout-flow\" style=\"flex-basis:66.66%\">\n<p class=\"has-text-align-center has-large-font-size\">La <strong><em>experiencia de la fraternidad<\/em><\/strong> como un lugar de verdad, humildad y alegria, un terreno de compromiso verdadero y duradero en el siguimiento de Cristo<strong><em>.<\/em><\/strong><\/p>\n<\/div>\n<\/div>\n<\/div>\n\n\n\n<div class=\"wp-block-column is-layout-flow wp-block-column-is-layout-flow\" style=\"flex-basis:20%\"><\/div>\n<\/div>\n\n\n\n<div class=\"wp-block-buttons is-horizontal is-content-justification-center is-layout-flex wp-container-core-buttons-is-layout-499968f5 wp-block-buttons-is-layout-flex\">\n<div class=\"wp-block-button is-style-outline is-style-outline--1\"><a class=\"wp-block-button__link has-black-color has-white-background-color has-text-color has-background\" href=\"https:\/\/fraternite-politique.chemin-neuf.org\/es\/quienes-somos\/manifiesto\/\">Leer el manifiesto<\/a><\/div>\n<\/div>\n\n\n\n<div style=\"height:100px\" aria-hidden=\"true\" class=\"wp-block-spacer\"><\/div>\n","protected":false},"excerpt":{"rendered":"<p>La Fraternidad Pol\u00edtica de Chemin Neuf agrupa jovenes desde los 18 hasta los 35 a\u00f1os, provenientes de diferentes paises y culturas politicas, animados por una misma pasion; el bien comun y los pobres, y el deseo de actir en politica seg\u00fan el coraz\u00f3n de Dios. Una alianza entre los tres elementos La espiritualidad ignaciana y [&hellip;]<\/p>\n","protected":false},"author":6,"featured_media":5247,"parent":5377,"menu_order":0,"comment_status":"closed","ping_status":"closed","template":"","meta":{"_acf_changed":false,"footnotes":""},"class_list":["post-5246","page","type-page","status-publish","has-post-thumbnail","hentry"],"acf":[],"yoast_head":"<!-- This site is optimized with the Yoast SEO plugin v27.5 - https:\/\/yoast.com\/product\/yoast-seo-wordpress\/ -->\n<title>La Fraternidad Pol\u00edtica de Chemin Neuf - Politics Fraternity Chemin Neuf Community<\/title>\n<meta name=\"description\" content=\"La Fraternidad Pol\u00edtica de Chemin Neuf agrupa jovenes desde los 18 hasta los 35 a\u00f1os, provenientes de diferentes paises y culturas politicas, animados por\" \/>\n<meta name=\"robots\" content=\"index, follow, max-snippet:-1, max-image-preview:large, max-video-preview:-1\" \/>\n<link rel=\"canonical\" href=\"https:\/\/fraternite-politique.chemin-neuf.org\/es\/quienes-somos\/la-fraternidad-politica\/\" \/>\n<meta property=\"og:locale\" content=\"es_ES\" \/>\n<meta property=\"og:type\" content=\"article\" \/>\n<meta property=\"og:title\" content=\"La Fraternidad Pol\u00edtica de Chemin Neuf - Politics Fraternity Chemin Neuf Community\" \/>\n<meta property=\"og:description\" content=\"La Fraternidad Pol\u00edtica de Chemin Neuf agrupa jovenes desde los 18 hasta los 35 a\u00f1os, provenientes de diferentes paises y culturas politicas, animados por\" \/>\n<meta property=\"og:url\" content=\"https:\/\/fraternite-politique.chemin-neuf.org\/es\/quienes-somos\/la-fraternidad-politica\/\" \/>\n<meta property=\"og:site_name\" content=\"Politics Fraternity Chemin Neuf Community\" \/>\n<meta property=\"article:publisher\" content=\"https:\/\/www.facebook.com\/fratpolitiqueccn\" \/>\n<meta property=\"article:modified_time\" content=\"2022-03-12T22:12:43+00:00\" \/>\n<meta property=\"og:image\" content=\"https:\/\/fraternite-politique.chemin-neuf.org\/wp-content\/uploads\/2021\/03\/5cooysxilsw-scaled.jpg\" \/>\n\t<meta property=\"og:image:width\" content=\"2560\" \/>\n\t<meta property=\"og:image:height\" content=\"1706\" \/>\n\t<meta property=\"og:image:type\" content=\"image\/jpeg\" \/>\n<meta name=\"twitter:card\" content=\"summary_large_image\" \/>\n<meta name=\"twitter:label1\" content=\"Tiempo de lectura\" \/>\n\t<meta name=\"twitter:data1\" content=\"2 minutos\" \/>\n<script type=\"application\/ld+json\" class=\"yoast-schema-graph\">{\"@context\":\"https:\\\/\\\/schema.org\",\"@graph\":[{\"@type\":\"WebPage\",\"@id\":\"https:\\\/\\\/fraternite-politique.chemin-neuf.org\\\/es\\\/quienes-somos\\\/la-fraternidad-politica\\\/\",\"url\":\"https:\\\/\\\/fraternite-politique.chemin-neuf.org\\\/es\\\/quienes-somos\\\/la-fraternidad-politica\\\/\",\"name\":\"La Fraternidad Pol\u00edtica de Chemin Neuf - Politics Fraternity Chemin Neuf Community\",\"isPartOf\":{\"@id\":\"https:\\\/\\\/fraternite-politique.chemin-neuf.org\\\/es\\\/#website\"},\"primaryImageOfPage\":{\"@id\":\"https:\\\/\\\/fraternite-politique.chemin-neuf.org\\\/es\\\/quienes-somos\\\/la-fraternidad-politica\\\/#primaryimage\"},\"image\":{\"@id\":\"https:\\\/\\\/fraternite-politique.chemin-neuf.org\\\/es\\\/quienes-somos\\\/la-fraternidad-politica\\\/#primaryimage\"},\"thumbnailUrl\":\"https:\\\/\\\/fraternite-politique.chemin-neuf.org\\\/wp-content\\\/uploads\\\/2021\\\/03\\\/5cooysxilsw-scaled.jpg\",\"datePublished\":\"2021-02-06T13:37:45+00:00\",\"dateModified\":\"2022-03-12T22:12:43+00:00\",\"description\":\"La Fraternidad Pol\u00edtica de Chemin Neuf agrupa jovenes desde los 18 hasta los 35 a\u00f1os, provenientes de diferentes paises y culturas politicas, animados por\",\"breadcrumb\":{\"@id\":\"https:\\\/\\\/fraternite-politique.chemin-neuf.org\\\/es\\\/quienes-somos\\\/la-fraternidad-politica\\\/#breadcrumb\"},\"inLanguage\":\"es\",\"potentialAction\":[{\"@type\":\"ReadAction\",\"target\":[\"https:\\\/\\\/fraternite-politique.chemin-neuf.org\\\/es\\\/quienes-somos\\\/la-fraternidad-politica\\\/\"]}]},{\"@type\":\"ImageObject\",\"inLanguage\":\"es\",\"@id\":\"https:\\\/\\\/fraternite-politique.chemin-neuf.org\\\/es\\\/quienes-somos\\\/la-fraternidad-politica\\\/#primaryimage\",\"url\":\"https:\\\/\\\/fraternite-politique.chemin-neuf.org\\\/wp-content\\\/uploads\\\/2021\\\/03\\\/5cooysxilsw-scaled.jpg\",\"contentUrl\":\"https:\\\/\\\/fraternite-politique.chemin-neuf.org\\\/wp-content\\\/uploads\\\/2021\\\/03\\\/5cooysxilsw-scaled.jpg\",\"width\":2560,\"height\":1706},{\"@type\":\"BreadcrumbList\",\"@id\":\"https:\\\/\\\/fraternite-politique.chemin-neuf.org\\\/es\\\/quienes-somos\\\/la-fraternidad-politica\\\/#breadcrumb\",\"itemListElement\":[{\"@type\":\"ListItem\",\"position\":1,\"name\":\"Home\",\"item\":\"https:\\\/\\\/fraternite-politique.chemin-neuf.org\\\/es\\\/\"},{\"@type\":\"ListItem\",\"position\":2,\"name\":\"QUIENES SOMOS?\",\"item\":\"https:\\\/\\\/fraternite-politique.chemin-neuf.org\\\/es\\\/quienes-somos\\\/\"},{\"@type\":\"ListItem\",\"position\":3,\"name\":\"La Fraternidad Pol\u00edtica de Chemin Neuf\"}]},{\"@type\":\"WebSite\",\"@id\":\"https:\\\/\\\/fraternite-politique.chemin-neuf.org\\\/es\\\/#website\",\"url\":\"https:\\\/\\\/fraternite-politique.chemin-neuf.org\\\/es\\\/\",\"name\":\"Politics Fraternity Chemin Neuf Community\",\"description\":\"Politics Fraternity of Chemin Neuf Community\",\"publisher\":{\"@id\":\"https:\\\/\\\/fraternite-politique.chemin-neuf.org\\\/es\\\/#organization\"},\"potentialAction\":[{\"@type\":\"SearchAction\",\"target\":{\"@type\":\"EntryPoint\",\"urlTemplate\":\"https:\\\/\\\/fraternite-politique.chemin-neuf.org\\\/es\\\/?s={search_term_string}\"},\"query-input\":{\"@type\":\"PropertyValueSpecification\",\"valueRequired\":true,\"valueName\":\"search_term_string\"}}],\"inLanguage\":\"es\"},{\"@type\":\"Organization\",\"@id\":\"https:\\\/\\\/fraternite-politique.chemin-neuf.org\\\/es\\\/#organization\",\"name\":\"Fraternit\u00e9 Politique Communaut\u00e9 du Chemin Neuf\",\"url\":\"https:\\\/\\\/fraternite-politique.chemin-neuf.org\\\/es\\\/\",\"logo\":{\"@type\":\"ImageObject\",\"inLanguage\":\"es\",\"@id\":\"https:\\\/\\\/fraternite-politique.chemin-neuf.org\\\/es\\\/#\\\/schema\\\/logo\\\/image\\\/\",\"url\":\"https:\\\/\\\/fraternite-politique.chemin-neuf.org\\\/wp-content\\\/uploads\\\/2021\\\/02\\\/cropped-ccn-png-onglet-site-v3-large.png\",\"contentUrl\":\"https:\\\/\\\/fraternite-politique.chemin-neuf.org\\\/wp-content\\\/uploads\\\/2021\\\/02\\\/cropped-ccn-png-onglet-site-v3-large.png\",\"width\":512,\"height\":512,\"caption\":\"Fraternit\u00e9 Politique Communaut\u00e9 du Chemin Neuf\"},\"image\":{\"@id\":\"https:\\\/\\\/fraternite-politique.chemin-neuf.org\\\/es\\\/#\\\/schema\\\/logo\\\/image\\\/\"},\"sameAs\":[\"https:\\\/\\\/www.facebook.com\\\/fratpolitiqueccn\",\"https:\\\/\\\/instagram.com\\\/fratpo\",\"https:\\\/\\\/www.youtube.com\\\/channel\\\/UC6YodqkqOIniLyqOfjMLojw\"]}]}<\/script>\n<!-- \/ Yoast SEO plugin. -->","yoast_head_json":{"title":"La Fraternidad Pol\u00edtica de Chemin Neuf - Politics Fraternity Chemin Neuf Community","description":"La Fraternidad Pol\u00edtica de Chemin Neuf agrupa jovenes desde los 18 hasta los 35 a\u00f1os, provenientes de diferentes paises y culturas politicas, animados por","robots":{"index":"index","follow":"follow","max-snippet":"max-snippet:-1","max-image-preview":"max-image-preview:large","max-video-preview":"max-video-preview:-1"},"canonical":"https:\/\/fraternite-politique.chemin-neuf.org\/es\/quienes-somos\/la-fraternidad-politica\/","og_locale":"es_ES","og_type":"article","og_title":"La Fraternidad Pol\u00edtica de Chemin Neuf - Politics Fraternity Chemin Neuf Community","og_description":"La Fraternidad Pol\u00edtica de Chemin Neuf agrupa jovenes desde los 18 hasta los 35 a\u00f1os, provenientes de diferentes paises y culturas politicas, animados por","og_url":"https:\/\/fraternite-politique.chemin-neuf.org\/es\/quienes-somos\/la-fraternidad-politica\/","og_site_name":"Politics Fraternity Chemin Neuf Community","article_publisher":"https:\/\/www.facebook.com\/fratpolitiqueccn","article_modified_time":"2022-03-12T22:12:43+00:00","og_image":[{"width":2560,"height":1706,"url":"https:\/\/fraternite-politique.chemin-neuf.org\/wp-content\/uploads\/2021\/03\/5cooysxilsw-scaled.jpg","type":"image\/jpeg"}],"twitter_card":"summary_large_image","twitter_misc":{"Tiempo de lectura":"2 minutos"},"schema":{"@context":"https:\/\/schema.org","@graph":[{"@type":"WebPage","@id":"https:\/\/fraternite-politique.chemin-neuf.org\/es\/quienes-somos\/la-fraternidad-politica\/","url":"https:\/\/fraternite-politique.chemin-neuf.org\/es\/quienes-somos\/la-fraternidad-politica\/","name":"La Fraternidad Pol\u00edtica de Chemin Neuf - Politics Fraternity Chemin Neuf Community","isPartOf":{"@id":"https:\/\/fraternite-politique.chemin-neuf.org\/es\/#website"},"primaryImageOfPage":{"@id":"https:\/\/fraternite-politique.chemin-neuf.org\/es\/quienes-somos\/la-fraternidad-politica\/#primaryimage"},"image":{"@id":"https:\/\/fraternite-politique.chemin-neuf.org\/es\/quienes-somos\/la-fraternidad-politica\/#primaryimage"},"thumbnailUrl":"https:\/\/fraternite-politique.chemin-neuf.org\/wp-content\/uploads\/2021\/03\/5cooysxilsw-scaled.jpg","datePublished":"2021-02-06T13:37:45+00:00","dateModified":"2022-03-12T22:12:43+00:00","description":"La Fraternidad Pol\u00edtica de Chemin Neuf agrupa jovenes desde los 18 hasta los 35 a\u00f1os, provenientes de diferentes paises y culturas politicas, animados por","breadcrumb":{"@id":"https:\/\/fraternite-politique.chemin-neuf.org\/es\/quienes-somos\/la-fraternidad-politica\/#breadcrumb"},"inLanguage":"es","potentialAction":[{"@type":"ReadAction","target":["https:\/\/fraternite-politique.chemin-neuf.org\/es\/quienes-somos\/la-fraternidad-politica\/"]}]},{"@type":"ImageObject","inLanguage":"es","@id":"https:\/\/fraternite-politique.chemin-neuf.org\/es\/quienes-somos\/la-fraternidad-politica\/#primaryimage","url":"https:\/\/fraternite-politique.chemin-neuf.org\/wp-content\/uploads\/2021\/03\/5cooysxilsw-scaled.jpg","contentUrl":"https:\/\/fraternite-politique.chemin-neuf.org\/wp-content\/uploads\/2021\/03\/5cooysxilsw-scaled.jpg","width":2560,"height":1706},{"@type":"BreadcrumbList","@id":"https:\/\/fraternite-politique.chemin-neuf.org\/es\/quienes-somos\/la-fraternidad-politica\/#breadcrumb","itemListElement":[{"@type":"ListItem","position":1,"name":"Home","item":"https:\/\/fraternite-politique.chemin-neuf.org\/es\/"},{"@type":"ListItem","position":2,"name":"QUIENES SOMOS?","item":"https:\/\/fraternite-politique.chemin-neuf.org\/es\/quienes-somos\/"},{"@type":"ListItem","position":3,"name":"La Fraternidad Pol\u00edtica de Chemin Neuf"}]},{"@type":"WebSite","@id":"https:\/\/fraternite-politique.chemin-neuf.org\/es\/#website","url":"https:\/\/fraternite-politique.chemin-neuf.org\/es\/","name":"Politics Fraternity Chemin Neuf Community","description":"Politics Fraternity of Chemin Neuf Community","publisher":{"@id":"https:\/\/fraternite-politique.chemin-neuf.org\/es\/#organization"},"potentialAction":[{"@type":"SearchAction","target":{"@type":"EntryPoint","urlTemplate":"https:\/\/fraternite-politique.chemin-neuf.org\/es\/?s={search_term_string}"},"query-input":{"@type":"PropertyValueSpecification","valueRequired":true,"valueName":"search_term_string"}}],"inLanguage":"es"},{"@type":"Organization","@id":"https:\/\/fraternite-politique.chemin-neuf.org\/es\/#organization","name":"Fraternit\u00e9 Politique Communaut\u00e9 du Chemin Neuf","url":"https:\/\/fraternite-politique.chemin-neuf.org\/es\/","logo":{"@type":"ImageObject","inLanguage":"es","@id":"https:\/\/fraternite-politique.chemin-neuf.org\/es\/#\/schema\/logo\/image\/","url":"https:\/\/fraternite-politique.chemin-neuf.org\/wp-content\/uploads\/2021\/02\/cropped-ccn-png-onglet-site-v3-large.png","contentUrl":"https:\/\/fraternite-politique.chemin-neuf.org\/wp-content\/uploads\/2021\/02\/cropped-ccn-png-onglet-site-v3-large.png","width":512,"height":512,"caption":"Fraternit\u00e9 Politique Communaut\u00e9 du Chemin Neuf"},"image":{"@id":"https:\/\/fraternite-politique.chemin-neuf.org\/es\/#\/schema\/logo\/image\/"},"sameAs":["https:\/\/www.facebook.com\/fratpolitiqueccn","https:\/\/instagram.com\/fratpo","https:\/\/www.youtube.com\/channel\/UC6YodqkqOIniLyqOfjMLojw"]}]}},"_links":{"self":[{"href":"https:\/\/fraternite-politique.chemin-neuf.org\/es\/wp-json\/wp\/v2\/pages\/5246","targetHints":{"allow":["GET"]}}],"collection":[{"href":"https:\/\/fraternite-politique.chemin-neuf.org\/es\/wp-json\/wp\/v2\/pages"}],"about":[{"href":"https:\/\/fraternite-politique.chemin-neuf.org\/es\/wp-json\/wp\/v2\/types\/page"}],"author":[{"embeddable":true,"href":"https:\/\/fraternite-politique.chemin-neuf.org\/es\/wp-json\/wp\/v2\/users\/6"}],"replies":[{"embeddable":true,"href":"https:\/\/fraternite-politique.chemin-neuf.org\/es\/wp-json\/wp\/v2\/comments?post=5246"}],"version-history":[{"count":3,"href":"https:\/\/fraternite-politique.chemin-neuf.org\/es\/wp-json\/wp\/v2\/pages\/5246\/revisions"}],"predecessor-version":[{"id":6114,"href":"https:\/\/fraternite-politique.chemin-neuf.org\/es\/wp-json\/wp\/v2\/pages\/5246\/revisions\/6114"}],"up":[{"embeddable":true,"href":"https:\/\/fraternite-politique.chemin-neuf.org\/es\/wp-json\/wp\/v2\/pages\/5377"}],"wp:featuredmedia":[{"embeddable":true,"href":"https:\/\/fraternite-politique.chemin-neuf.org\/es\/wp-json\/wp\/v2\/media\/5247"}],"wp:attachment":[{"href":"https:\/\/fraternite-politique.chemin-neuf.org\/es\/wp-json\/wp\/v2\/media?parent=5246"}],"curies":[{"name":"wp","href":"https:\/\/api.w.org\/{rel}","templated":true}]}}