{"id":6439,"date":"2022-02-21T22:42:00","date_gmt":"2022-02-21T21:42:00","guid":{"rendered":"https:\/\/fraternite-politique.chemin-neuf.org\/?page_id=6439"},"modified":"2022-04-06T12:14:46","modified_gmt":"2022-04-06T10:14:46","slug":"die-politics-fraternity","status":"publish","type":"page","link":"https:\/\/fraternite-politique.chemin-neuf.org\/de\/","title":{"rendered":"Die Politics Fraternity"},"content":{"rendered":"\n<div class=\"wp-block-columns is-style-default is-layout-flex wp-container-core-columns-is-layout-9d6595d7 wp-block-columns-is-layout-flex\">\n<div class=\"wp-block-column is-layout-flow wp-block-column-is-layout-flow\" style=\"flex-basis:35%\">\n<div style=\"height:5px\" aria-hidden=\"true\" class=\"wp-block-spacer\"><\/div>\n\n\n\n<p class=\"has-large-font-size\">Die Politics Fraternity verbindet junge Christinnen und Christen im Alter von 18 bis 35 Jahren, die sich aus unterschiedlichen L\u00e4ndern und mit verschiedenen politischen \u00dcberzeugungen zusammenfinden. Wir sind geeint in dem Wunsch, Gott und unserem N\u00e4chsten zu dienen. Wir wollen uns gesellschaftlich und politisch zum h\u00f6chsten Wohle aller, insbesondere der Armen und Benachteiligten, engagieren.<\/p>\n<\/div>\n\n\n\n<div class=\"wp-block-column is-layout-flow wp-block-column-is-layout-flow\"><!-- for each card -->\n<div class=\"cards-container columns columns-2 align-\">\n\n    <!-- scroll arrow left\/previous -->\n    \n\n    <div class=\"cards-list columns columns-2 align-\">\n\n\n                        \n            <!-- The card -->\n            <article class=\"card standard\" data-animate-onshow=\"show-card\">\n                \n                <!-- card link -->\n                <a href=\"https:\/\/fraternite-politique.chemin-neuf.org\/de\/vorschlag\/2022-rome\/\"\n                                        >\n\n                    <!-- card image -->\n                    <div class=\"card-image\" style=\"background: no-repeat center \/ cover url('https:\/\/fraternite-politique.chemin-neuf.org\/wp-content\/uploads\/2022\/02\/Rome-Vignette.jpg')\">\n                    <\/div>\n\n                    <!-- card title -->\n                    <div class=\"card-content\">\n                        <h3 class=\"card-title\">ROMA &#8211; MAI 2022<\/h3>\n                        <p class=\"card-subtitle\">N\u00e4chste internationale Veranstaltung<\/p>\n                    <\/div>\n                <\/a>\n\n                \n\n            <\/article>\n\n\n        \n    <\/div>\n\n\n    <!-- scroll arrow right\/next -->\n    \n\n<\/div>\n\n\n\n\n<div class=\"wp-block-buttons alignwide is-horizontal is-content-justification-center is-layout-flex wp-container-core-buttons-is-layout-499968f5 wp-block-buttons-is-layout-flex\">\n<div class=\"wp-block-button is-style-outline is-style-outline--1\"><a class=\"wp-block-button__link\" href=\"https:\/\/fraternite-politique.chemin-neuf.org\/de\/wer-sind-wir\/die-politics-fraternity\/\">Entdecke die Politics Fraternity<\/a><\/div>\n<\/div>\n<\/div>\n<\/div>\n\n\n\n<div class=\"wp-block-columns is-style-default is-layout-flex wp-container-core-columns-is-layout-9d6595d7 wp-block-columns-is-layout-flex\">\n<div class=\"wp-block-column is-layout-flow wp-block-column-is-layout-flow\" style=\"flex-basis:50%\">\n<div class=\"wp-block-cover aligncenter is-light is-style-click-link\" style=\"min-height:590px;aspect-ratio:unset;\"><span aria-hidden=\"true\" class=\"has-background-dim-10 wp-block-cover__gradient-background has-background-dim\"><\/span><img decoding=\"async\" width=\"2560\" height=\"1742\" class=\"wp-block-cover__image-background wp-image-1500\" alt=\"\" src=\"https:\/\/fraternite-politique.chemin-neuf.org\/wp-content\/uploads\/2021\/03\/old-map.jpg\" style=\"object-position:60% 50%\" data-object-fit=\"cover\" data-object-position=\"60% 50%\" srcset=\"https:\/\/fraternite-politique.chemin-neuf.org\/wp-content\/uploads\/2021\/03\/old-map.jpg 2560w, https:\/\/fraternite-politique.chemin-neuf.org\/wp-content\/uploads\/2021\/03\/old-map-300x204.jpg 300w, https:\/\/fraternite-politique.chemin-neuf.org\/wp-content\/uploads\/2021\/03\/old-map-1024x697.jpg 1024w, https:\/\/fraternite-politique.chemin-neuf.org\/wp-content\/uploads\/2021\/03\/old-map-768x523.jpg 768w, https:\/\/fraternite-politique.chemin-neuf.org\/wp-content\/uploads\/2021\/03\/old-map-1536x1045.jpg 1536w, https:\/\/fraternite-politique.chemin-neuf.org\/wp-content\/uploads\/2021\/03\/old-map-2048x1394.jpg 2048w\" sizes=\"(max-width: 2560px) 100vw, 2560px\" \/><div class=\"wp-block-cover__inner-container is-layout-flow wp-block-cover-is-layout-flow\">\n<p class=\"has-text-align-center has-extra-large-font-size\"><a href=\"https:\/\/fraternite-politique.chemin-neuf.org\/de\/veranstaltungen\/internationale-treffen\/\">INTERNATIONALE TREFFEN<\/a><\/p>\n<\/div><\/div>\n\n\n\n<p><\/p>\n<\/div>\n\n\n\n<div class=\"wp-block-column is-layout-flow wp-block-column-is-layout-flow\" style=\"flex-basis:50%\">\n<div class=\"wp-block-cover aligncenter is-light is-style-click-link\" style=\"min-height:180px;aspect-ratio:unset;\"><span aria-hidden=\"true\" class=\"has-background-dim-10 wp-block-cover__gradient-background has-background-dim\"><\/span><img decoding=\"async\" width=\"960\" height=\"720\" class=\"wp-block-cover__image-background wp-image-1176\" alt=\"\" src=\"https:\/\/fraternite-politique.chemin-neuf.org\/wp-content\/uploads\/2021\/02\/Webinar-desk.jpg\" style=\"object-position:55% 43%\" data-object-fit=\"cover\" data-object-position=\"55% 43%\" srcset=\"https:\/\/fraternite-politique.chemin-neuf.org\/wp-content\/uploads\/2021\/02\/Webinar-desk.jpg 960w, https:\/\/fraternite-politique.chemin-neuf.org\/wp-content\/uploads\/2021\/02\/Webinar-desk-300x225.jpg 300w, https:\/\/fraternite-politique.chemin-neuf.org\/wp-content\/uploads\/2021\/02\/Webinar-desk-768x576.jpg 768w\" sizes=\"(max-width: 960px) 100vw, 960px\" \/><div class=\"wp-block-cover__inner-container is-layout-flow wp-block-cover-is-layout-flow\">\n<p class=\"has-text-align-center has-extra-large-font-size\"><a href=\"https:\/\/fraternite-politique.chemin-neuf.org\/de\/veranstaltungen\/webinare-konferenzen\/\">WEBINARS &amp; CONFERENCES<\/a><\/p>\n<\/div><\/div>\n\n\n\n<div class=\"wp-block-cover aligncenter is-style-click-link\" style=\"min-height:180px;aspect-ratio:unset;\"><span aria-hidden=\"true\" class=\"has-background-dim-0 wp-block-cover__gradient-background has-background-dim\"><\/span><img decoding=\"async\" width=\"2560\" height=\"1714\" class=\"wp-block-cover__image-background wp-image-6463\" alt=\"\" src=\"https:\/\/fraternite-politique.chemin-neuf.org\/wp-content\/uploads\/2021\/03\/srxqoawrk6g-scaled.jpg\" data-object-fit=\"cover\" srcset=\"https:\/\/fraternite-politique.chemin-neuf.org\/wp-content\/uploads\/2021\/03\/srxqoawrk6g-scaled.jpg 2560w, https:\/\/fraternite-politique.chemin-neuf.org\/wp-content\/uploads\/2021\/03\/srxqoawrk6g-300x201.jpg 300w, https:\/\/fraternite-politique.chemin-neuf.org\/wp-content\/uploads\/2021\/03\/srxqoawrk6g-1024x685.jpg 1024w, https:\/\/fraternite-politique.chemin-neuf.org\/wp-content\/uploads\/2021\/03\/srxqoawrk6g-768x514.jpg 768w, https:\/\/fraternite-politique.chemin-neuf.org\/wp-content\/uploads\/2021\/03\/srxqoawrk6g-1536x1028.jpg 1536w, https:\/\/fraternite-politique.chemin-neuf.org\/wp-content\/uploads\/2021\/03\/srxqoawrk6g-2048x1371.jpg 2048w\" sizes=\"(max-width: 2560px) 100vw, 2560px\" \/><div class=\"wp-block-cover__inner-container is-layout-flow wp-block-cover-is-layout-flow\">\n<p class=\"has-text-align-center has-extra-large-font-size\"><a href=\"https:\/\/jeunes.chemin-neuf.fr\/jmj-2023\" target=\"_blank\" rel=\"noreferrer noopener\">CHANGEMAKERS WYD 2023<\/a><\/p>\n<\/div><\/div>\n\n\n\n<div class=\"wp-block-cover is-light is-style-click-link\" style=\"min-height:180px;aspect-ratio:unset;\"><span aria-hidden=\"true\" class=\"has-background-dim-10 wp-block-cover__gradient-background has-background-dim\"><\/span><img decoding=\"async\" width=\"960\" height=\"960\" class=\"wp-block-cover__image-background wp-image-5440\" alt=\"\" src=\"https:\/\/fraternite-politique.chemin-neuf.org\/wp-content\/uploads\/2021\/03\/youth-1.jpg\" style=\"object-position:51% 36%\" data-object-fit=\"cover\" data-object-position=\"51% 36%\" srcset=\"https:\/\/fraternite-politique.chemin-neuf.org\/wp-content\/uploads\/2021\/03\/youth-1.jpg 960w, https:\/\/fraternite-politique.chemin-neuf.org\/wp-content\/uploads\/2021\/03\/youth-1-300x300.jpg 300w, https:\/\/fraternite-politique.chemin-neuf.org\/wp-content\/uploads\/2021\/03\/youth-1-150x150.jpg 150w, https:\/\/fraternite-politique.chemin-neuf.org\/wp-content\/uploads\/2021\/03\/youth-1-768x768.jpg 768w\" sizes=\"(max-width: 960px) 100vw, 960px\" \/><div class=\"wp-block-cover__inner-container is-layout-flow wp-block-cover-is-layout-flow\">\n<p class=\"has-text-align-center has-extra-large-font-size\"><a href=\"https:\/\/fraternite-politique.chemin-neuf.org\/de\/werde-mitglied\/fur-wen-ist-es\/\">WERDE MITGLIED <\/a><br><a href=\"https:\/\/fraternite-politique.chemin-neuf.org\/de\/werde-mitglied\/fur-wen-ist-es\/\">DER POLITICS FRATERNITY<\/a><\/p>\n<\/div><\/div>\n<\/div>\n<\/div>\n","protected":false},"excerpt":{"rendered":"<p>Die Politics Fraternity verbindet junge Christinnen und Christen im Alter von 18 bis 35 Jahren, die sich aus unterschiedlichen L\u00e4ndern und mit verschiedenen politischen \u00dcberzeugungen zusammenfinden. Wir sind geeint in dem Wunsch, Gott und unserem N\u00e4chsten zu dienen. Wir wollen uns gesellschaftlich und politisch zum h\u00f6chsten Wohle aller, insbesondere der Armen und Benachteiligten, engagieren.<\/p>\n","protected":false},"author":6,"featured_media":9516,"parent":0,"menu_order":0,"comment_status":"closed","ping_status":"closed","template":"","meta":{"_acf_changed":false,"footnotes":""},"class_list":["post-6439","page","type-page","status-publish","has-post-thumbnail","hentry"],"acf":[],"yoast_head":"<!-- This site is optimized with the Yoast SEO plugin v27.5 - https:\/\/yoast.com\/product\/yoast-seo-wordpress\/ -->\n<title>Die Politics Fraternity - Politics Fraternity Chemin Neuf Community<\/title>\n<meta name=\"description\" content=\"Die Politics Fraternity verbindet junge Christinnen und Christen im Alter von 18 bis 35 Jahren, die sich aus unterschiedlichen L\u00e4ndern und mit\" \/>\n<meta name=\"robots\" content=\"index, follow, max-snippet:-1, max-image-preview:large, max-video-preview:-1\" \/>\n<link rel=\"canonical\" href=\"https:\/\/fraternite-politique.chemin-neuf.org\/de\/\" \/>\n<meta property=\"og:locale\" content=\"de_DE\" \/>\n<meta property=\"og:type\" content=\"article\" \/>\n<meta property=\"og:title\" content=\"Die Politics Fraternity - Politics Fraternity Chemin Neuf Community\" \/>\n<meta property=\"og:description\" content=\"Die Politics Fraternity verbindet junge Christinnen und Christen im Alter von 18 bis 35 Jahren, die sich aus unterschiedlichen L\u00e4ndern und mit\" \/>\n<meta property=\"og:url\" content=\"https:\/\/fraternite-politique.chemin-neuf.org\/de\/\" \/>\n<meta property=\"og:site_name\" content=\"Politics Fraternity Chemin Neuf Community\" \/>\n<meta property=\"article:publisher\" content=\"https:\/\/www.facebook.com\/fratpolitiqueccn\" \/>\n<meta property=\"article:modified_time\" content=\"2022-04-06T10:14:46+00:00\" \/>\n<meta property=\"og:image\" content=\"https:\/\/fraternite-politique.chemin-neuf.org\/wp-content\/uploads\/2021\/03\/un-0.tr_.jpg\" \/>\n\t<meta property=\"og:image:width\" content=\"1700\" \/>\n\t<meta property=\"og:image:height\" content=\"801\" \/>\n\t<meta property=\"og:image:type\" content=\"image\/jpeg\" \/>\n<meta name=\"twitter:card\" content=\"summary_large_image\" \/>\n<meta name=\"twitter:label1\" content=\"Gesch\u00e4tzte Lesezeit\" \/>\n\t<meta name=\"twitter:data1\" content=\"2\u00a0Minuten\" \/>\n<script type=\"application\/ld+json\" class=\"yoast-schema-graph\">{\"@context\":\"https:\\\/\\\/schema.org\",\"@graph\":[{\"@type\":\"WebPage\",\"@id\":\"https:\\\/\\\/fraternite-politique.chemin-neuf.org\\\/de\\\/\",\"url\":\"https:\\\/\\\/fraternite-politique.chemin-neuf.org\\\/de\\\/\",\"name\":\"Die Politics Fraternity - Politics Fraternity Chemin Neuf Community\",\"isPartOf\":{\"@id\":\"https:\\\/\\\/fraternite-politique.chemin-neuf.org\\\/de\\\/#website\"},\"primaryImageOfPage\":{\"@id\":\"https:\\\/\\\/fraternite-politique.chemin-neuf.org\\\/de\\\/#primaryimage\"},\"image\":{\"@id\":\"https:\\\/\\\/fraternite-politique.chemin-neuf.org\\\/de\\\/#primaryimage\"},\"thumbnailUrl\":\"https:\\\/\\\/fraternite-politique.chemin-neuf.org\\\/wp-content\\\/uploads\\\/2023\\\/10\\\/bandeau_anglais.jpg\",\"datePublished\":\"2022-02-21T21:42:00+00:00\",\"dateModified\":\"2022-04-06T10:14:46+00:00\",\"description\":\"Die Politics Fraternity verbindet junge Christinnen und Christen im Alter von 18 bis 35 Jahren, die sich aus unterschiedlichen L\u00e4ndern und mit\",\"breadcrumb\":{\"@id\":\"https:\\\/\\\/fraternite-politique.chemin-neuf.org\\\/de\\\/#breadcrumb\"},\"inLanguage\":\"de\",\"potentialAction\":[{\"@type\":\"ReadAction\",\"target\":[\"https:\\\/\\\/fraternite-politique.chemin-neuf.org\\\/de\\\/\"]}]},{\"@type\":\"ImageObject\",\"inLanguage\":\"de\",\"@id\":\"https:\\\/\\\/fraternite-politique.chemin-neuf.org\\\/de\\\/#primaryimage\",\"url\":\"https:\\\/\\\/fraternite-politique.chemin-neuf.org\\\/wp-content\\\/uploads\\\/2023\\\/10\\\/bandeau_anglais.jpg\",\"contentUrl\":\"https:\\\/\\\/fraternite-politique.chemin-neuf.org\\\/wp-content\\\/uploads\\\/2023\\\/10\\\/bandeau_anglais.jpg\",\"width\":1920,\"height\":1279},{\"@type\":\"BreadcrumbList\",\"@id\":\"https:\\\/\\\/fraternite-politique.chemin-neuf.org\\\/de\\\/#breadcrumb\",\"itemListElement\":[{\"@type\":\"ListItem\",\"position\":1,\"name\":\"Home\",\"item\":\"https:\\\/\\\/fraternite-politique.chemin-neuf.org\\\/de\\\/\"},{\"@type\":\"ListItem\",\"position\":2,\"name\":\"Die Politics Fraternity\"}]},{\"@type\":\"WebSite\",\"@id\":\"https:\\\/\\\/fraternite-politique.chemin-neuf.org\\\/de\\\/#website\",\"url\":\"https:\\\/\\\/fraternite-politique.chemin-neuf.org\\\/de\\\/\",\"name\":\"Politics Fraternity Chemin Neuf Community\",\"description\":\"Politics Fraternity of Chemin Neuf Community\",\"publisher\":{\"@id\":\"https:\\\/\\\/fraternite-politique.chemin-neuf.org\\\/de\\\/#organization\"},\"potentialAction\":[{\"@type\":\"SearchAction\",\"target\":{\"@type\":\"EntryPoint\",\"urlTemplate\":\"https:\\\/\\\/fraternite-politique.chemin-neuf.org\\\/de\\\/?s={search_term_string}\"},\"query-input\":{\"@type\":\"PropertyValueSpecification\",\"valueRequired\":true,\"valueName\":\"search_term_string\"}}],\"inLanguage\":\"de\"},{\"@type\":\"Organization\",\"@id\":\"https:\\\/\\\/fraternite-politique.chemin-neuf.org\\\/de\\\/#organization\",\"name\":\"Fraternit\u00e9 Politique Communaut\u00e9 du Chemin Neuf\",\"url\":\"https:\\\/\\\/fraternite-politique.chemin-neuf.org\\\/de\\\/\",\"logo\":{\"@type\":\"ImageObject\",\"inLanguage\":\"de\",\"@id\":\"https:\\\/\\\/fraternite-politique.chemin-neuf.org\\\/de\\\/#\\\/schema\\\/logo\\\/image\\\/\",\"url\":\"https:\\\/\\\/fraternite-politique.chemin-neuf.org\\\/wp-content\\\/uploads\\\/2021\\\/02\\\/cropped-ccn-png-onglet-site-v3-large.png\",\"contentUrl\":\"https:\\\/\\\/fraternite-politique.chemin-neuf.org\\\/wp-content\\\/uploads\\\/2021\\\/02\\\/cropped-ccn-png-onglet-site-v3-large.png\",\"width\":512,\"height\":512,\"caption\":\"Fraternit\u00e9 Politique Communaut\u00e9 du Chemin Neuf\"},\"image\":{\"@id\":\"https:\\\/\\\/fraternite-politique.chemin-neuf.org\\\/de\\\/#\\\/schema\\\/logo\\\/image\\\/\"},\"sameAs\":[\"https:\\\/\\\/www.facebook.com\\\/fratpolitiqueccn\",\"https:\\\/\\\/instagram.com\\\/fratpo\",\"https:\\\/\\\/www.youtube.com\\\/channel\\\/UC6YodqkqOIniLyqOfjMLojw\"]}]}<\/script>\n<!-- \/ Yoast SEO plugin. -->","yoast_head_json":{"title":"Die Politics Fraternity - Politics Fraternity Chemin Neuf Community","description":"Die Politics Fraternity verbindet junge Christinnen und Christen im Alter von 18 bis 35 Jahren, die sich aus unterschiedlichen L\u00e4ndern und mit","robots":{"index":"index","follow":"follow","max-snippet":"max-snippet:-1","max-image-preview":"max-image-preview:large","max-video-preview":"max-video-preview:-1"},"canonical":"https:\/\/fraternite-politique.chemin-neuf.org\/de\/","og_locale":"de_DE","og_type":"article","og_title":"Die Politics Fraternity - Politics Fraternity Chemin Neuf Community","og_description":"Die Politics Fraternity verbindet junge Christinnen und Christen im Alter von 18 bis 35 Jahren, die sich aus unterschiedlichen L\u00e4ndern und mit","og_url":"https:\/\/fraternite-politique.chemin-neuf.org\/de\/","og_site_name":"Politics Fraternity Chemin Neuf Community","article_publisher":"https:\/\/www.facebook.com\/fratpolitiqueccn","article_modified_time":"2022-04-06T10:14:46+00:00","og_image":[{"width":1700,"height":801,"url":"https:\/\/fraternite-politique.chemin-neuf.org\/wp-content\/uploads\/2021\/03\/un-0.tr_.jpg","type":"image\/jpeg"}],"twitter_card":"summary_large_image","twitter_misc":{"Gesch\u00e4tzte Lesezeit":"2\u00a0Minuten"},"schema":{"@context":"https:\/\/schema.org","@graph":[{"@type":"WebPage","@id":"https:\/\/fraternite-politique.chemin-neuf.org\/de\/","url":"https:\/\/fraternite-politique.chemin-neuf.org\/de\/","name":"Die Politics Fraternity - Politics Fraternity Chemin Neuf Community","isPartOf":{"@id":"https:\/\/fraternite-politique.chemin-neuf.org\/de\/#website"},"primaryImageOfPage":{"@id":"https:\/\/fraternite-politique.chemin-neuf.org\/de\/#primaryimage"},"image":{"@id":"https:\/\/fraternite-politique.chemin-neuf.org\/de\/#primaryimage"},"thumbnailUrl":"https:\/\/fraternite-politique.chemin-neuf.org\/wp-content\/uploads\/2023\/10\/bandeau_anglais.jpg","datePublished":"2022-02-21T21:42:00+00:00","dateModified":"2022-04-06T10:14:46+00:00","description":"Die Politics Fraternity verbindet junge Christinnen und Christen im Alter von 18 bis 35 Jahren, die sich aus unterschiedlichen L\u00e4ndern und mit","breadcrumb":{"@id":"https:\/\/fraternite-politique.chemin-neuf.org\/de\/#breadcrumb"},"inLanguage":"de","potentialAction":[{"@type":"ReadAction","target":["https:\/\/fraternite-politique.chemin-neuf.org\/de\/"]}]},{"@type":"ImageObject","inLanguage":"de","@id":"https:\/\/fraternite-politique.chemin-neuf.org\/de\/#primaryimage","url":"https:\/\/fraternite-politique.chemin-neuf.org\/wp-content\/uploads\/2023\/10\/bandeau_anglais.jpg","contentUrl":"https:\/\/fraternite-politique.chemin-neuf.org\/wp-content\/uploads\/2023\/10\/bandeau_anglais.jpg","width":1920,"height":1279},{"@type":"BreadcrumbList","@id":"https:\/\/fraternite-politique.chemin-neuf.org\/de\/#breadcrumb","itemListElement":[{"@type":"ListItem","position":1,"name":"Home","item":"https:\/\/fraternite-politique.chemin-neuf.org\/de\/"},{"@type":"ListItem","position":2,"name":"Die Politics Fraternity"}]},{"@type":"WebSite","@id":"https:\/\/fraternite-politique.chemin-neuf.org\/de\/#website","url":"https:\/\/fraternite-politique.chemin-neuf.org\/de\/","name":"Politics Fraternity Chemin Neuf Community","description":"Politics Fraternity of Chemin Neuf Community","publisher":{"@id":"https:\/\/fraternite-politique.chemin-neuf.org\/de\/#organization"},"potentialAction":[{"@type":"SearchAction","target":{"@type":"EntryPoint","urlTemplate":"https:\/\/fraternite-politique.chemin-neuf.org\/de\/?s={search_term_string}"},"query-input":{"@type":"PropertyValueSpecification","valueRequired":true,"valueName":"search_term_string"}}],"inLanguage":"de"},{"@type":"Organization","@id":"https:\/\/fraternite-politique.chemin-neuf.org\/de\/#organization","name":"Fraternit\u00e9 Politique Communaut\u00e9 du Chemin Neuf","url":"https:\/\/fraternite-politique.chemin-neuf.org\/de\/","logo":{"@type":"ImageObject","inLanguage":"de","@id":"https:\/\/fraternite-politique.chemin-neuf.org\/de\/#\/schema\/logo\/image\/","url":"https:\/\/fraternite-politique.chemin-neuf.org\/wp-content\/uploads\/2021\/02\/cropped-ccn-png-onglet-site-v3-large.png","contentUrl":"https:\/\/fraternite-politique.chemin-neuf.org\/wp-content\/uploads\/2021\/02\/cropped-ccn-png-onglet-site-v3-large.png","width":512,"height":512,"caption":"Fraternit\u00e9 Politique Communaut\u00e9 du Chemin Neuf"},"image":{"@id":"https:\/\/fraternite-politique.chemin-neuf.org\/de\/#\/schema\/logo\/image\/"},"sameAs":["https:\/\/www.facebook.com\/fratpolitiqueccn","https:\/\/instagram.com\/fratpo","https:\/\/www.youtube.com\/channel\/UC6YodqkqOIniLyqOfjMLojw"]}]}},"_links":{"self":[{"href":"https:\/\/fraternite-politique.chemin-neuf.org\/de\/wp-json\/wp\/v2\/pages\/6439","targetHints":{"allow":["GET"]}}],"collection":[{"href":"https:\/\/fraternite-politique.chemin-neuf.org\/de\/wp-json\/wp\/v2\/pages"}],"about":[{"href":"https:\/\/fraternite-politique.chemin-neuf.org\/de\/wp-json\/wp\/v2\/types\/page"}],"author":[{"embeddable":true,"href":"https:\/\/fraternite-politique.chemin-neuf.org\/de\/wp-json\/wp\/v2\/users\/6"}],"replies":[{"embeddable":true,"href":"https:\/\/fraternite-politique.chemin-neuf.org\/de\/wp-json\/wp\/v2\/comments?post=6439"}],"version-history":[{"count":2,"href":"https:\/\/fraternite-politique.chemin-neuf.org\/de\/wp-json\/wp\/v2\/pages\/6439\/revisions"}],"predecessor-version":[{"id":6441,"href":"https:\/\/fraternite-politique.chemin-neuf.org\/de\/wp-json\/wp\/v2\/pages\/6439\/revisions\/6441"}],"wp:featuredmedia":[{"embeddable":true,"href":"https:\/\/fraternite-politique.chemin-neuf.org\/de\/wp-json\/wp\/v2\/media\/9516"}],"wp:attachment":[{"href":"https:\/\/fraternite-politique.chemin-neuf.org\/de\/wp-json\/wp\/v2\/media?parent=6439"}],"curies":[{"name":"wp","href":"https:\/\/api.w.org\/{rel}","templated":true}]}}